{"id":107657,"date":"2024-12-17T16:02:07","date_gmt":"2024-12-17T15:02:07","guid":{"rendered":"https:\/\/letrame.com\/catalogo\/?post_type=product&#038;p=107657"},"modified":"2024-12-17T16:02:07","modified_gmt":"2024-12-17T15:02:07","slug":"hume-y-kant","status":"publish","type":"product","link":"https:\/\/letrame.com\/catalogo\/producto\/hume-y-kant\/","title":{"rendered":"Hume y Kant"},"content":{"rendered":"<p class=\"p1\"><b>ISBN: <\/b><span style=\"font-family: -apple-system, BlinkMacSystemFont, 'Segoe UI', Roboto, 'Helvetica Neue', Arial, 'Noto Sans', sans-serif, 'Apple Color Emoji', 'Segoe UI Emoji', 'Segoe UI Symbol', 'Noto Color Emoji';\">978-84-1089-264-4<\/span><\/p>\n<p class=\"p1\"><b>T\u00edtulo:\u00a0<\/b>Hume y Kant<\/p>\n<p class=\"p1\"><b>A\u00f1o:<\/b> 2024<\/p>\n<p class=\"p1\"><b>P\u00e1ginas:<\/b> 538<\/p>\n<p class=\"p1\"><b>SINOPSIS<\/b><\/p>\n<p>David Hume, cansado de ese cari\u00f1o reverencial y de respeto casi m\u00e1gico hacia las corrientes idealistas, la metaf\u00edsica y el racionalismo dominantes en los estamentos oficiales, se lanza a la arena filos\u00f3fica con un discurso lapidario, incendiario y destructivo que se revela en esta premisa: \u00abSi tomamos en la mano cualquier volumen de teolog\u00eda o de metaf\u00edsica escol\u00e1stica, por ejemplo, preguntemos: \u00bfcontiene alg\u00fan razonamiento abstracto sobre cantidad o n\u00famero? No. \u00bfContiene alg\u00fan razonamiento experimental concerniente a cuestiones hechos y existencia? No. Entonces, arr\u00f3jelo al fuego, pues no contiene m\u00e1s que sofister\u00eda e ilusi\u00f3n\u00bb. Hume defiende un empirismo cr\u00edtico, desprecia esos cielos pr\u00edstinos y ofrece el volver a la tierra con la experimentaci\u00f3n como fundamento para recuperar un verdadero esp\u00edritu cient\u00edfico en la filosof\u00eda. Con este m\u00e9todo se lanza a investigar todo el quehacer intelectual humano, negando el Yo, la causalidad, la religi\u00f3n e incluso los or\u00edgenes de la moralidad. Son tiempos revueltos y de revoluciones pol\u00edticas. Su \u00e9xito es moderado, pero despierta conciencias.<\/p>\n<p>Su mensaje llega a Kant, quien es conmovido y despertado de un largo sue\u00f1o racionalista dogm\u00e1tico. No se derrumba; acoge sus escritos con paciencia, sin esc\u00e1ndalo. En d\u00e9cadas de trabajo arduo y minucioso, consigue una reformulaci\u00f3n \u00fanica, da la vuelta como un guante a la filosof\u00eda de la \u00e9poca y a la antigua. El genio de Kant se convierte en una retroexcavadora intelectual que remueve toneladas de conocimiento acumulado en dos mil quinientos a\u00f1os de filosof\u00eda, construyendo un nuevo y elegante edificio. No desperdicia los fragmentos \u00fatiles de los escombros y lo llama: Idealismo trascendental. All\u00ed, se\u00f1ala claramente los l\u00edmites de la raz\u00f3n y el conocimiento, y pone a remojo cr\u00edtico todas las concepciones metaf\u00edsicas sobre el alma, Dios y el mundo elaboradas hasta la fecha. Y no solo eso, intenta dar un criterio definitivo y, para siempre, sobre los principios de la conducta \u00e9tica humana, libre de tonalidades teol\u00f3gicas.<\/p>\n","protected":false},"excerpt":{"rendered":"<p class=\"p1\"><b>ISBN: <\/b><span style=\"font-family: -apple-system, BlinkMacSystemFont, 'Segoe UI', Roboto, 'Helvetica Neue', Arial, 'Noto Sans', sans-serif, 'Apple Color Emoji', 'Segoe UI Emoji', 'Segoe UI Symbol', 'Noto Color Emoji';\">978-84-1089-264-4<\/span><\/p>\n<p class=\"p1\"><b>SINOPSIS<\/b><\/p>\n<p>David Hume, cansado de ese cari\u00f1o reverencial y de respeto casi m\u00e1gico hacia las corrientes idealistas, la metaf\u00edsica y el racionalismo dominantes en los estamentos oficiales, se lanza a la arena filos\u00f3fica con un discurso lapidario, incendiario y destructivo que se revela en esta premisa: \u00abSi tomamos en la mano cualquier volumen de teolog\u00eda o de metaf\u00edsica escol\u00e1stica, por ejemplo, preguntemos: \u00bfcontiene alg\u00fan razonamiento abstracto sobre cantidad o n\u00famero? No. \u00bfContiene alg\u00fan razonamiento experimental concerniente a cuestiones hechos y existencia? No. Entonces, arr\u00f3jelo al fuego, pues no contiene m\u00e1s que sofister\u00eda e ilusi\u00f3n\u00bb. Hume defiende un empirismo cr\u00edtico, desprecia esos cielos pr\u00edstinos y ofrece el volver a la tierra con la experimentaci\u00f3n como fundamento para recuperar un verdadero esp\u00edritu cient\u00edfico en la filosof\u00eda. Con este m\u00e9todo se lanza a investigar todo el quehacer intelectual humano, negando el Yo, la causalidad, la religi\u00f3n e incluso los or\u00edgenes de la moralidad. Son tiempos revueltos y de revoluciones pol\u00edticas. Su \u00e9xito es moderado, pero despierta conciencias.<\/p>\n<p>Su mensaje llega a Kant, quien es conmovido y despertado de un largo sue\u00f1o racionalista dogm\u00e1tico. No se derrumba; acoge sus escritos con paciencia, sin esc\u00e1ndalo. En d\u00e9cadas de trabajo arduo y minucioso, consigue una reformulaci\u00f3n \u00fanica, da la vuelta como un guante a la filosof\u00eda de la \u00e9poca y a la antigua. El genio de Kant se convierte en una retroexcavadora intelectual que remueve toneladas de conocimiento acumulado en dos mil quinientos a\u00f1os de filosof\u00eda, construyendo un nuevo y elegante edificio. No desperdicia los fragmentos \u00fatiles de los escombros y lo llama: Idealismo trascendental. All\u00ed, se\u00f1ala claramente los l\u00edmites de la raz\u00f3n y el conocimiento, y pone a remojo cr\u00edtico todas las concepciones metaf\u00edsicas sobre el alma, Dios y el mundo elaboradas hasta la fecha. Y no solo eso, intenta dar un criterio definitivo y, para siempre, sobre los principios de la conducta \u00e9tica humana, libre de tonalidades teol\u00f3gicas.<\/p>\n","protected":false},"featured_media":107660,"comment_status":"open","ping_status":"closed","template":"","meta":{"_acf_changed":false},"libro":[],"product_brand":[],"product_cat":[103],"product_tag":[],"class_list":{"0":"post-107657","1":"product","2":"type-product","3":"status-publish","4":"has-post-thumbnail","6":"product_cat-filosofia","8":"first","9":"instock","10":"shipping-taxable","11":"product-type-simple"},"acf":{"autor":[107656],"enlace_de_compra":"https:\/\/labrys.pe\/products\/letrame-hume-y-kant-dos-colosos-de-la-filosofia-moderna-9788410892644-41935f70d1584299b52c3b8c134350e7?srsltid=AfmBOooZaZpa11aRE8jzaUo4IMnkK1lOm1NCXW77lnPlnhRGHhTE1ihW"},"yoast_head":"<!-- This site is optimized with the Yoast SEO plugin v27.4 - https:\/\/yoast.com\/product\/yoast-seo-wordpress\/ -->\n<title>Hume y Kant - Catalogo | Letrame Grupo Editorial<\/title>\n<meta name=\"robots\" content=\"index, follow, max-snippet:-1, max-image-preview:large, max-video-preview:-1\" \/>\n<link rel=\"canonical\" href=\"https:\/\/letrame.com\/catalogo\/producto\/hume-y-kant\/\" \/>\n<meta property=\"og:locale\" content=\"es_ES\" \/>\n<meta property=\"og:type\" content=\"article\" \/>\n<meta property=\"og:title\" content=\"Hume y Kant - Catalogo | Letrame Grupo Editorial\" \/>\n<meta property=\"og:description\" content=\"ISBN: 978-84-1089-264-4 SINOPSIS David Hume, cansado de ese cari\u00f1o reverencial y de respeto casi m\u00e1gico hacia las corrientes idealistas, la metaf\u00edsica y el racionalismo dominantes en los estamentos oficiales, se lanza a la arena filos\u00f3fica con un discurso lapidario, incendiario y destructivo que se revela en esta premisa: \u00abSi tomamos en la mano cualquier volumen de teolog\u00eda o de metaf\u00edsica escol\u00e1stica, por ejemplo, preguntemos: \u00bfcontiene alg\u00fan razonamiento abstracto sobre cantidad o n\u00famero? No. \u00bfContiene alg\u00fan razonamiento experimental concerniente a cuestiones hechos y existencia? No. Entonces, arr\u00f3jelo al fuego, pues no contiene m\u00e1s que sofister\u00eda e ilusi\u00f3n\u00bb. Hume defiende un empirismo cr\u00edtico, desprecia esos cielos pr\u00edstinos y ofrece el volver a la tierra con la experimentaci\u00f3n como fundamento para recuperar un verdadero esp\u00edritu cient\u00edfico en la filosof\u00eda. Con este m\u00e9todo se lanza a investigar todo el quehacer intelectual humano, negando el Yo, la causalidad, la religi\u00f3n e incluso los or\u00edgenes de la moralidad. Son tiempos revueltos y de revoluciones pol\u00edticas. Su \u00e9xito es moderado, pero despierta conciencias.  Su mensaje llega a Kant, quien es conmovido y despertado de un largo sue\u00f1o racionalista dogm\u00e1tico. No se derrumba; acoge sus escritos con paciencia, sin esc\u00e1ndalo. En d\u00e9cadas de trabajo arduo y minucioso, consigue una reformulaci\u00f3n \u00fanica, da la vuelta como un guante a la filosof\u00eda de la \u00e9poca y a la antigua. El genio de Kant se convierte en una retroexcavadora intelectual que remueve toneladas de conocimiento acumulado en dos mil quinientos a\u00f1os de filosof\u00eda, construyendo un nuevo y elegante edificio. No desperdicia los fragmentos \u00fatiles de los escombros y lo llama: Idealismo trascendental. All\u00ed, se\u00f1ala claramente los l\u00edmites de la raz\u00f3n y el conocimiento, y pone a remojo cr\u00edtico todas las concepciones metaf\u00edsicas sobre el alma, Dios y el mundo elaboradas hasta la fecha. Y no solo eso, intenta dar un criterio definitivo y, para siempre, sobre los principios de la conducta \u00e9tica humana, libre de tonalidades teol\u00f3gicas.\" \/>\n<meta property=\"og:url\" content=\"https:\/\/letrame.com\/catalogo\/producto\/hume-y-kant\/\" \/>\n<meta property=\"og:site_name\" content=\"Catalogo | Letrame Grupo Editorial\" \/>\n<meta property=\"og:image\" content=\"https:\/\/letrame.com\/catalogo\/wp-content\/uploads\/2024\/12\/HumeyKant.jpg\" \/>\n\t<meta property=\"og:image:width\" content=\"385\" \/>\n\t<meta property=\"og:image:height\" content=\"550\" \/>\n\t<meta property=\"og:image:type\" content=\"image\/jpeg\" \/>\n<meta name=\"twitter:card\" content=\"summary_large_image\" \/>\n<meta name=\"twitter:label1\" content=\"Tiempo de lectura\" \/>\n\t<meta name=\"twitter:data1\" content=\"2 minutos\" \/>\n<script type=\"application\/ld+json\" class=\"yoast-schema-graph\">{\"@context\":\"https:\\\/\\\/schema.org\",\"@graph\":[{\"@type\":\"WebPage\",\"@id\":\"https:\\\/\\\/letrame.com\\\/catalogo\\\/producto\\\/hume-y-kant\\\/\",\"url\":\"https:\\\/\\\/letrame.com\\\/catalogo\\\/producto\\\/hume-y-kant\\\/\",\"name\":\"Hume y Kant - Catalogo | Letrame Grupo Editorial\",\"isPartOf\":{\"@id\":\"https:\\\/\\\/letrame.com\\\/catalogo\\\/#website\"},\"primaryImageOfPage\":{\"@id\":\"https:\\\/\\\/letrame.com\\\/catalogo\\\/producto\\\/hume-y-kant\\\/#primaryimage\"},\"image\":{\"@id\":\"https:\\\/\\\/letrame.com\\\/catalogo\\\/producto\\\/hume-y-kant\\\/#primaryimage\"},\"thumbnailUrl\":\"https:\\\/\\\/letrame.com\\\/catalogo\\\/wp-content\\\/uploads\\\/2024\\\/12\\\/HumeyKant.jpg\",\"datePublished\":\"2024-12-17T15:02:07+00:00\",\"breadcrumb\":{\"@id\":\"https:\\\/\\\/letrame.com\\\/catalogo\\\/producto\\\/hume-y-kant\\\/#breadcrumb\"},\"inLanguage\":\"es\",\"potentialAction\":[{\"@type\":\"ReadAction\",\"target\":[\"https:\\\/\\\/letrame.com\\\/catalogo\\\/producto\\\/hume-y-kant\\\/\"]}]},{\"@type\":\"ImageObject\",\"inLanguage\":\"es\",\"@id\":\"https:\\\/\\\/letrame.com\\\/catalogo\\\/producto\\\/hume-y-kant\\\/#primaryimage\",\"url\":\"https:\\\/\\\/letrame.com\\\/catalogo\\\/wp-content\\\/uploads\\\/2024\\\/12\\\/HumeyKant.jpg\",\"contentUrl\":\"https:\\\/\\\/letrame.com\\\/catalogo\\\/wp-content\\\/uploads\\\/2024\\\/12\\\/HumeyKant.jpg\",\"width\":385,\"height\":550},{\"@type\":\"BreadcrumbList\",\"@id\":\"https:\\\/\\\/letrame.com\\\/catalogo\\\/producto\\\/hume-y-kant\\\/#breadcrumb\",\"itemListElement\":[{\"@type\":\"ListItem\",\"position\":1,\"name\":\"Portada\",\"item\":\"https:\\\/\\\/letrame.com\\\/catalogo\\\/\"},{\"@type\":\"ListItem\",\"position\":2,\"name\":\"Cat\u00e1logo\",\"item\":\"https:\\\/\\\/letrame.com\\\/catalogo\\\/\"},{\"@type\":\"ListItem\",\"position\":3,\"name\":\"Hume y Kant\"}]},{\"@type\":\"WebSite\",\"@id\":\"https:\\\/\\\/letrame.com\\\/catalogo\\\/#website\",\"url\":\"https:\\\/\\\/letrame.com\\\/catalogo\\\/\",\"name\":\"Catalogo | Letrame Grupo Editorial\",\"description\":\"\",\"publisher\":{\"@id\":\"https:\\\/\\\/letrame.com\\\/catalogo\\\/#organization\"},\"potentialAction\":[{\"@type\":\"SearchAction\",\"target\":{\"@type\":\"EntryPoint\",\"urlTemplate\":\"https:\\\/\\\/letrame.com\\\/catalogo\\\/?s={search_term_string}\"},\"query-input\":{\"@type\":\"PropertyValueSpecification\",\"valueRequired\":true,\"valueName\":\"search_term_string\"}}],\"inLanguage\":\"es\"},{\"@type\":\"Organization\",\"@id\":\"https:\\\/\\\/letrame.com\\\/catalogo\\\/#organization\",\"name\":\"Catalogo | Letrame Grupo Editorial\",\"url\":\"https:\\\/\\\/letrame.com\\\/catalogo\\\/\",\"logo\":{\"@type\":\"ImageObject\",\"inLanguage\":\"es\",\"@id\":\"https:\\\/\\\/letrame.com\\\/catalogo\\\/#\\\/schema\\\/logo\\\/image\\\/\",\"url\":\"https:\\\/\\\/letrame.com\\\/catalogo\\\/wp-content\\\/uploads\\\/2024\\\/03\\\/logo2.webp\",\"contentUrl\":\"https:\\\/\\\/letrame.com\\\/catalogo\\\/wp-content\\\/uploads\\\/2024\\\/03\\\/logo2.webp\",\"width\":394,\"height\":128,\"caption\":\"Catalogo | Letrame Grupo Editorial\"},\"image\":{\"@id\":\"https:\\\/\\\/letrame.com\\\/catalogo\\\/#\\\/schema\\\/logo\\\/image\\\/\"}}]}<\/script>\n<!-- \/ Yoast SEO plugin. -->","yoast_head_json":{"title":"Hume y Kant - Catalogo | Letrame Grupo Editorial","robots":{"index":"index","follow":"follow","max-snippet":"max-snippet:-1","max-image-preview":"max-image-preview:large","max-video-preview":"max-video-preview:-1"},"canonical":"https:\/\/letrame.com\/catalogo\/producto\/hume-y-kant\/","og_locale":"es_ES","og_type":"article","og_title":"Hume y Kant - Catalogo | Letrame Grupo Editorial","og_description":"ISBN: 978-84-1089-264-4 SINOPSIS David Hume, cansado de ese cari\u00f1o reverencial y de respeto casi m\u00e1gico hacia las corrientes idealistas, la metaf\u00edsica y el racionalismo dominantes en los estamentos oficiales, se lanza a la arena filos\u00f3fica con un discurso lapidario, incendiario y destructivo que se revela en esta premisa: \u00abSi tomamos en la mano cualquier volumen de teolog\u00eda o de metaf\u00edsica escol\u00e1stica, por ejemplo, preguntemos: \u00bfcontiene alg\u00fan razonamiento abstracto sobre cantidad o n\u00famero? No. \u00bfContiene alg\u00fan razonamiento experimental concerniente a cuestiones hechos y existencia? No. Entonces, arr\u00f3jelo al fuego, pues no contiene m\u00e1s que sofister\u00eda e ilusi\u00f3n\u00bb. Hume defiende un empirismo cr\u00edtico, desprecia esos cielos pr\u00edstinos y ofrece el volver a la tierra con la experimentaci\u00f3n como fundamento para recuperar un verdadero esp\u00edritu cient\u00edfico en la filosof\u00eda. Con este m\u00e9todo se lanza a investigar todo el quehacer intelectual humano, negando el Yo, la causalidad, la religi\u00f3n e incluso los or\u00edgenes de la moralidad. Son tiempos revueltos y de revoluciones pol\u00edticas. Su \u00e9xito es moderado, pero despierta conciencias.  Su mensaje llega a Kant, quien es conmovido y despertado de un largo sue\u00f1o racionalista dogm\u00e1tico. No se derrumba; acoge sus escritos con paciencia, sin esc\u00e1ndalo. En d\u00e9cadas de trabajo arduo y minucioso, consigue una reformulaci\u00f3n \u00fanica, da la vuelta como un guante a la filosof\u00eda de la \u00e9poca y a la antigua. El genio de Kant se convierte en una retroexcavadora intelectual que remueve toneladas de conocimiento acumulado en dos mil quinientos a\u00f1os de filosof\u00eda, construyendo un nuevo y elegante edificio. No desperdicia los fragmentos \u00fatiles de los escombros y lo llama: Idealismo trascendental. All\u00ed, se\u00f1ala claramente los l\u00edmites de la raz\u00f3n y el conocimiento, y pone a remojo cr\u00edtico todas las concepciones metaf\u00edsicas sobre el alma, Dios y el mundo elaboradas hasta la fecha. Y no solo eso, intenta dar un criterio definitivo y, para siempre, sobre los principios de la conducta \u00e9tica humana, libre de tonalidades teol\u00f3gicas.","og_url":"https:\/\/letrame.com\/catalogo\/producto\/hume-y-kant\/","og_site_name":"Catalogo | Letrame Grupo Editorial","og_image":[{"width":385,"height":550,"url":"https:\/\/letrame.com\/catalogo\/wp-content\/uploads\/2024\/12\/HumeyKant.jpg","type":"image\/jpeg"}],"twitter_card":"summary_large_image","twitter_misc":{"Tiempo de lectura":"2 minutos"},"schema":{"@context":"https:\/\/schema.org","@graph":[{"@type":"WebPage","@id":"https:\/\/letrame.com\/catalogo\/producto\/hume-y-kant\/","url":"https:\/\/letrame.com\/catalogo\/producto\/hume-y-kant\/","name":"Hume y Kant - Catalogo | Letrame Grupo Editorial","isPartOf":{"@id":"https:\/\/letrame.com\/catalogo\/#website"},"primaryImageOfPage":{"@id":"https:\/\/letrame.com\/catalogo\/producto\/hume-y-kant\/#primaryimage"},"image":{"@id":"https:\/\/letrame.com\/catalogo\/producto\/hume-y-kant\/#primaryimage"},"thumbnailUrl":"https:\/\/letrame.com\/catalogo\/wp-content\/uploads\/2024\/12\/HumeyKant.jpg","datePublished":"2024-12-17T15:02:07+00:00","breadcrumb":{"@id":"https:\/\/letrame.com\/catalogo\/producto\/hume-y-kant\/#breadcrumb"},"inLanguage":"es","potentialAction":[{"@type":"ReadAction","target":["https:\/\/letrame.com\/catalogo\/producto\/hume-y-kant\/"]}]},{"@type":"ImageObject","inLanguage":"es","@id":"https:\/\/letrame.com\/catalogo\/producto\/hume-y-kant\/#primaryimage","url":"https:\/\/letrame.com\/catalogo\/wp-content\/uploads\/2024\/12\/HumeyKant.jpg","contentUrl":"https:\/\/letrame.com\/catalogo\/wp-content\/uploads\/2024\/12\/HumeyKant.jpg","width":385,"height":550},{"@type":"BreadcrumbList","@id":"https:\/\/letrame.com\/catalogo\/producto\/hume-y-kant\/#breadcrumb","itemListElement":[{"@type":"ListItem","position":1,"name":"Portada","item":"https:\/\/letrame.com\/catalogo\/"},{"@type":"ListItem","position":2,"name":"Cat\u00e1logo","item":"https:\/\/letrame.com\/catalogo\/"},{"@type":"ListItem","position":3,"name":"Hume y Kant"}]},{"@type":"WebSite","@id":"https:\/\/letrame.com\/catalogo\/#website","url":"https:\/\/letrame.com\/catalogo\/","name":"Catalogo | Letrame Grupo Editorial","description":"","publisher":{"@id":"https:\/\/letrame.com\/catalogo\/#organization"},"potentialAction":[{"@type":"SearchAction","target":{"@type":"EntryPoint","urlTemplate":"https:\/\/letrame.com\/catalogo\/?s={search_term_string}"},"query-input":{"@type":"PropertyValueSpecification","valueRequired":true,"valueName":"search_term_string"}}],"inLanguage":"es"},{"@type":"Organization","@id":"https:\/\/letrame.com\/catalogo\/#organization","name":"Catalogo | Letrame Grupo Editorial","url":"https:\/\/letrame.com\/catalogo\/","logo":{"@type":"ImageObject","inLanguage":"es","@id":"https:\/\/letrame.com\/catalogo\/#\/schema\/logo\/image\/","url":"https:\/\/letrame.com\/catalogo\/wp-content\/uploads\/2024\/03\/logo2.webp","contentUrl":"https:\/\/letrame.com\/catalogo\/wp-content\/uploads\/2024\/03\/logo2.webp","width":394,"height":128,"caption":"Catalogo | Letrame Grupo Editorial"},"image":{"@id":"https:\/\/letrame.com\/catalogo\/#\/schema\/logo\/image\/"}}]}},"_links":{"self":[{"href":"https:\/\/letrame.com\/catalogo\/wp-json\/wp\/v2\/product\/107657","targetHints":{"allow":["GET"]}}],"collection":[{"href":"https:\/\/letrame.com\/catalogo\/wp-json\/wp\/v2\/product"}],"about":[{"href":"https:\/\/letrame.com\/catalogo\/wp-json\/wp\/v2\/types\/product"}],"replies":[{"embeddable":true,"href":"https:\/\/letrame.com\/catalogo\/wp-json\/wp\/v2\/comments?post=107657"}],"acf:post":[{"embeddable":true,"href":"https:\/\/letrame.com\/catalogo\/wp-json\/wp\/v2\/author_book\/107656"}],"wp:featuredmedia":[{"embeddable":true,"href":"https:\/\/letrame.com\/catalogo\/wp-json\/wp\/v2\/media\/107660"}],"wp:attachment":[{"href":"https:\/\/letrame.com\/catalogo\/wp-json\/wp\/v2\/media?parent=107657"}],"wp:term":[{"taxonomy":"libro","embeddable":true,"href":"https:\/\/letrame.com\/catalogo\/wp-json\/wp\/v2\/libro?post=107657"},{"taxonomy":"product_brand","embeddable":true,"href":"https:\/\/letrame.com\/catalogo\/wp-json\/wp\/v2\/product_brand?post=107657"},{"taxonomy":"product_cat","embeddable":true,"href":"https:\/\/letrame.com\/catalogo\/wp-json\/wp\/v2\/product_cat?post=107657"},{"taxonomy":"product_tag","embeddable":true,"href":"https:\/\/letrame.com\/catalogo\/wp-json\/wp\/v2\/product_tag?post=107657"}],"curies":[{"name":"wp","href":"https:\/\/api.w.org\/{rel}","templated":true}]}}