{"id":107625,"date":"2024-12-16T16:18:33","date_gmt":"2024-12-16T15:18:33","guid":{"rendered":"https:\/\/letrame.com\/catalogo\/?post_type=product&#038;p=107625"},"modified":"2024-12-16T16:18:33","modified_gmt":"2024-12-16T15:18:33","slug":"sintergicamente-libre","status":"publish","type":"product","link":"https:\/\/letrame.com\/catalogo\/producto\/sintergicamente-libre\/","title":{"rendered":"Sinte\u0301rgicaMente libre"},"content":{"rendered":"<p class=\"p1\"><b>ISBN:\u00a0 <\/b>978-84-1089-226-2<\/p>\n<p class=\"p1\"><b>T\u00edtulo:\u00a0 <\/b>Sinte\u0301rgicaMente libre<\/p>\n<p class=\"p1\"><b>A\u00f1o:\u00a0<\/b>2024<\/p>\n<p class=\"p1\"><b>P\u00e1ginas:<\/b> 126<\/p>\n<p class=\"p1\"><b>SINOPSIS<\/b><\/p>\n<p>\u00abEl mundo ha sido creado por el sonido intencional que produce el verbo\u00bb, dice Hern\u00e1n Carre\u00f1o Amundaray en su obra. Una frase que nos invita a detenernos y pensar en c\u00f3mo nuestras palabras, pensamientos y emociones construyen, de manera tangible o invisible, la realidad en la que vivimos. El autor cuestiona lo que asumimos como cierto, acompa\u00f1\u00e1ndonos a mirar m\u00e1s ac\u00e1 de lo que vemos y o\u00edmos, hacia esa conexi\u00f3n profunda entre el ser y el universo.<\/p>\n<p><em>Sint\u00e9rgicamente LIBRE<\/em> no promete respuestas simples ni verdades absolutas. Al contrario, nos lleva a cuestionar las creencias que gu\u00edan nuestras acciones cotidianas, la manera en que interpretamos lo que nos rodea y c\u00f3mo el tiempo y la realidad se entrelazan en una danza que apenas comprendemos. Hern\u00e1n Carre\u00f1o Amundaray nos ofrece una mirada honesta sobre su propio proceso de autoconocimiento, tocando temas como la percepci\u00f3n, la migraci\u00f3n, la conciencia y la coherencia entre lo que sentimos, pensamos y hacemos.<\/p>\n<p>Lejos de ser un manual de autoayuda o una teor\u00eda cerrada, entre tus manos tienes una conversaci\u00f3n abierta sobre la experiencia humana. El autor no nos pide que sigamos un camino ya trazado, todo lo contrario. Nos impulsa a crear el nuestro, reconociendo que todo lo que necesitamos para transformar nuestra vida ya est\u00e1 en nosotros, en nuestra forma de pensar, hablar y ser. Este libro no te llevar\u00e1 a buscar fuera lo que no se ha perdido, te acompa\u00f1ar\u00e1 a descubrir lo que siempre ha estado dentro.<\/p>\n<p>\u00abEl libro que cambiar\u00e1 para siempre la vida humana en el planeta Tierra\u00bb.<\/p>\n<p>Yennimar Rivas Berm\u00fadez Venezolana, ingeniera en gas (UNEFA) y prologuista.<\/p>\n<p>\u00abLa experiencia nos muestra que somos los creadores de nuestro destino\u00bb.<\/p>\n<p>Marta Garc\u00eda<\/p>\n<p>Espa\u00f1ola, aut\u00f3noma y esteticista.<\/p>\n<p>\u00abEste libro nos ense\u00f1a cient\u00edficamente que toda experiencia inicia en la mente\u00bb.<\/p>\n<p>Marlon Heredia Despaigne<\/p>\n<p>Cubano, licenciado en rehabilitaci\u00f3n y fisioterapia.<\/p>\n","protected":false},"excerpt":{"rendered":"<p class=\"p1\"><b>ISBN:\u00a0 <\/b>978-84-1089-226-2<\/p>\n<p class=\"p1\"><b>SINOPSIS<\/b><\/p>\n<p>\u00abEl mundo ha sido creado por el sonido intencional que produce el verbo\u00bb, dice Hern\u00e1n Carre\u00f1o Amundaray en su obra. Una frase que nos invita a detenernos y pensar en c\u00f3mo nuestras palabras, pensamientos y emociones construyen, de manera tangible o invisible, la realidad en la que vivimos. El autor cuestiona lo que asumimos como cierto, acompa\u00f1\u00e1ndonos a mirar m\u00e1s ac\u00e1 de lo que vemos y o\u00edmos, hacia esa conexi\u00f3n profunda entre el ser y el universo.<\/p>\n<p><em>Sint\u00e9rgicamente LIBRE<\/em> no promete respuestas simples ni verdades absolutas. Al contrario, nos lleva a cuestionar las creencias que gu\u00edan nuestras acciones cotidianas, la manera en que interpretamos lo que nos rodea y c\u00f3mo el tiempo y la realidad se entrelazan en una danza que apenas comprendemos. Hern\u00e1n Carre\u00f1o Amundaray nos ofrece una mirada honesta sobre su propio proceso de autoconocimiento, tocando temas como la percepci\u00f3n, la migraci\u00f3n, la conciencia y la coherencia entre lo que sentimos, pensamos y hacemos.<\/p>\n<p>Lejos de ser un manual de autoayuda o una teor\u00eda cerrada, entre tus manos tienes una conversaci\u00f3n abierta sobre la experiencia humana. El autor no nos pide que sigamos un camino ya trazado, todo lo contrario. Nos impulsa a crear el nuestro, reconociendo que todo lo que necesitamos para transformar nuestra vida ya est\u00e1 en nosotros, en nuestra forma de pensar, hablar y ser. Este libro no te llevar\u00e1 a buscar fuera lo que no se ha perdido, te acompa\u00f1ar\u00e1 a descubrir lo que siempre ha estado dentro.<\/p>\n<p>\u00abEl libro que cambiar\u00e1 para siempre la vida humana en el planeta Tierra\u00bb.<\/p>\n<p>Yennimar Rivas Berm\u00fadez Venezolana, ingeniera en gas (UNEFA) y prologuista.<\/p>\n<p>\u00abLa experiencia nos muestra que somos los creadores de nuestro destino\u00bb.<\/p>\n<p>Marta Garc\u00eda<\/p>\n<p>Espa\u00f1ola, aut\u00f3noma y esteticista.<\/p>\n<p>\u00abEste libro nos ense\u00f1a cient\u00edficamente que toda experiencia inicia en la mente\u00bb.<\/p>\n<p>Marlon Heredia Despaigne<\/p>\n<p>Cubano, licenciado en rehabilitaci\u00f3n y fisioterapia.<\/p>\n","protected":false},"featured_media":107627,"comment_status":"open","ping_status":"closed","template":"","meta":{"_acf_changed":false},"libro":[],"product_brand":[],"product_cat":[30],"product_tag":[],"class_list":{"0":"post-107625","1":"product","2":"type-product","3":"status-publish","4":"has-post-thumbnail","6":"product_cat-desarrollo-personal-y-autoconocimiento","8":"first","9":"instock","10":"shipping-taxable","11":"product-type-simple"},"acf":{"autor":[107624],"enlace_de_compra":"https:\/\/amzn.to\/4iGNjGP"},"yoast_head":"<!-- This site is optimized with the Yoast SEO plugin v27.4 - https:\/\/yoast.com\/product\/yoast-seo-wordpress\/ -->\n<title>Sinte\u0301rgicaMente libre - Catalogo | Letrame Grupo Editorial<\/title>\n<meta name=\"robots\" content=\"index, follow, max-snippet:-1, max-image-preview:large, max-video-preview:-1\" \/>\n<link rel=\"canonical\" href=\"https:\/\/letrame.com\/catalogo\/producto\/sintergicamente-libre\/\" \/>\n<meta property=\"og:locale\" content=\"es_ES\" \/>\n<meta property=\"og:type\" content=\"article\" \/>\n<meta property=\"og:title\" content=\"Sinte\u0301rgicaMente libre - Catalogo | Letrame Grupo Editorial\" \/>\n<meta property=\"og:description\" content=\"ISBN:\u00a0 978-84-1089-226-2 SINOPSIS \u00abEl mundo ha sido creado por el sonido intencional que produce el verbo\u00bb, dice Hern\u00e1n Carre\u00f1o Amundaray en su obra. Una frase que nos invita a detenernos y pensar en c\u00f3mo nuestras palabras, pensamientos y emociones construyen, de manera tangible o invisible, la realidad en la que vivimos. El autor cuestiona lo que asumimos como cierto, acompa\u00f1\u00e1ndonos a mirar m\u00e1s ac\u00e1 de lo que vemos y o\u00edmos, hacia esa conexi\u00f3n profunda entre el ser y el universo.  Sint\u00e9rgicamente LIBRE no promete respuestas simples ni verdades absolutas. Al contrario, nos lleva a cuestionar las creencias que gu\u00edan nuestras acciones cotidianas, la manera en que interpretamos lo que nos rodea y c\u00f3mo el tiempo y la realidad se entrelazan en una danza que apenas comprendemos. Hern\u00e1n Carre\u00f1o Amundaray nos ofrece una mirada honesta sobre su propio proceso de autoconocimiento, tocando temas como la percepci\u00f3n, la migraci\u00f3n, la conciencia y la coherencia entre lo que sentimos, pensamos y hacemos.  Lejos de ser un manual de autoayuda o una teor\u00eda cerrada, entre tus manos tienes una conversaci\u00f3n abierta sobre la experiencia humana. El autor no nos pide que sigamos un camino ya trazado, todo lo contrario. Nos impulsa a crear el nuestro, reconociendo que todo lo que necesitamos para transformar nuestra vida ya est\u00e1 en nosotros, en nuestra forma de pensar, hablar y ser. Este libro no te llevar\u00e1 a buscar fuera lo que no se ha perdido, te acompa\u00f1ar\u00e1 a descubrir lo que siempre ha estado dentro.  \u00abEl libro que cambiar\u00e1 para siempre la vida humana en el planeta Tierra\u00bb.  Yennimar Rivas Berm\u00fadez Venezolana, ingeniera en gas (UNEFA) y prologuista.  \u00abLa experiencia nos muestra que somos los creadores de nuestro destino\u00bb.  Marta Garc\u00eda  Espa\u00f1ola, aut\u00f3noma y esteticista.  \u00abEste libro nos ense\u00f1a cient\u00edficamente que toda experiencia inicia en la mente\u00bb.  Marlon Heredia Despaigne  Cubano, licenciado en rehabilitaci\u00f3n y fisioterapia.\" \/>\n<meta property=\"og:url\" content=\"https:\/\/letrame.com\/catalogo\/producto\/sintergicamente-libre\/\" \/>\n<meta property=\"og:site_name\" content=\"Catalogo | Letrame Grupo Editorial\" \/>\n<meta property=\"og:image\" content=\"https:\/\/letrame.com\/catalogo\/wp-content\/uploads\/2024\/12\/sintergicamente-libre.jpg\" \/>\n\t<meta property=\"og:image:width\" content=\"525\" \/>\n\t<meta property=\"og:image:height\" content=\"735\" \/>\n\t<meta property=\"og:image:type\" content=\"image\/jpeg\" \/>\n<meta name=\"twitter:card\" content=\"summary_large_image\" \/>\n<meta name=\"twitter:label1\" content=\"Tiempo de lectura\" \/>\n\t<meta name=\"twitter:data1\" content=\"2 minutos\" \/>\n<script type=\"application\/ld+json\" class=\"yoast-schema-graph\">{\"@context\":\"https:\\\/\\\/schema.org\",\"@graph\":[{\"@type\":\"WebPage\",\"@id\":\"https:\\\/\\\/letrame.com\\\/catalogo\\\/producto\\\/sintergicamente-libre\\\/\",\"url\":\"https:\\\/\\\/letrame.com\\\/catalogo\\\/producto\\\/sintergicamente-libre\\\/\",\"name\":\"Sinte\u0301rgicaMente libre - Catalogo | Letrame Grupo Editorial\",\"isPartOf\":{\"@id\":\"https:\\\/\\\/letrame.com\\\/catalogo\\\/#website\"},\"primaryImageOfPage\":{\"@id\":\"https:\\\/\\\/letrame.com\\\/catalogo\\\/producto\\\/sintergicamente-libre\\\/#primaryimage\"},\"image\":{\"@id\":\"https:\\\/\\\/letrame.com\\\/catalogo\\\/producto\\\/sintergicamente-libre\\\/#primaryimage\"},\"thumbnailUrl\":\"https:\\\/\\\/letrame.com\\\/catalogo\\\/wp-content\\\/uploads\\\/2024\\\/12\\\/sintergicamente-libre.jpg\",\"datePublished\":\"2024-12-16T15:18:33+00:00\",\"breadcrumb\":{\"@id\":\"https:\\\/\\\/letrame.com\\\/catalogo\\\/producto\\\/sintergicamente-libre\\\/#breadcrumb\"},\"inLanguage\":\"es\",\"potentialAction\":[{\"@type\":\"ReadAction\",\"target\":[\"https:\\\/\\\/letrame.com\\\/catalogo\\\/producto\\\/sintergicamente-libre\\\/\"]}]},{\"@type\":\"ImageObject\",\"inLanguage\":\"es\",\"@id\":\"https:\\\/\\\/letrame.com\\\/catalogo\\\/producto\\\/sintergicamente-libre\\\/#primaryimage\",\"url\":\"https:\\\/\\\/letrame.com\\\/catalogo\\\/wp-content\\\/uploads\\\/2024\\\/12\\\/sintergicamente-libre.jpg\",\"contentUrl\":\"https:\\\/\\\/letrame.com\\\/catalogo\\\/wp-content\\\/uploads\\\/2024\\\/12\\\/sintergicamente-libre.jpg\",\"width\":525,\"height\":735},{\"@type\":\"BreadcrumbList\",\"@id\":\"https:\\\/\\\/letrame.com\\\/catalogo\\\/producto\\\/sintergicamente-libre\\\/#breadcrumb\",\"itemListElement\":[{\"@type\":\"ListItem\",\"position\":1,\"name\":\"Portada\",\"item\":\"https:\\\/\\\/letrame.com\\\/catalogo\\\/\"},{\"@type\":\"ListItem\",\"position\":2,\"name\":\"Cat\u00e1logo\",\"item\":\"https:\\\/\\\/letrame.com\\\/catalogo\\\/\"},{\"@type\":\"ListItem\",\"position\":3,\"name\":\"Sinte\u0301rgicaMente libre\"}]},{\"@type\":\"WebSite\",\"@id\":\"https:\\\/\\\/letrame.com\\\/catalogo\\\/#website\",\"url\":\"https:\\\/\\\/letrame.com\\\/catalogo\\\/\",\"name\":\"Catalogo | Letrame Grupo Editorial\",\"description\":\"\",\"publisher\":{\"@id\":\"https:\\\/\\\/letrame.com\\\/catalogo\\\/#organization\"},\"potentialAction\":[{\"@type\":\"SearchAction\",\"target\":{\"@type\":\"EntryPoint\",\"urlTemplate\":\"https:\\\/\\\/letrame.com\\\/catalogo\\\/?s={search_term_string}\"},\"query-input\":{\"@type\":\"PropertyValueSpecification\",\"valueRequired\":true,\"valueName\":\"search_term_string\"}}],\"inLanguage\":\"es\"},{\"@type\":\"Organization\",\"@id\":\"https:\\\/\\\/letrame.com\\\/catalogo\\\/#organization\",\"name\":\"Catalogo | Letrame Grupo Editorial\",\"url\":\"https:\\\/\\\/letrame.com\\\/catalogo\\\/\",\"logo\":{\"@type\":\"ImageObject\",\"inLanguage\":\"es\",\"@id\":\"https:\\\/\\\/letrame.com\\\/catalogo\\\/#\\\/schema\\\/logo\\\/image\\\/\",\"url\":\"https:\\\/\\\/letrame.com\\\/catalogo\\\/wp-content\\\/uploads\\\/2024\\\/03\\\/logo2.webp\",\"contentUrl\":\"https:\\\/\\\/letrame.com\\\/catalogo\\\/wp-content\\\/uploads\\\/2024\\\/03\\\/logo2.webp\",\"width\":394,\"height\":128,\"caption\":\"Catalogo | Letrame Grupo Editorial\"},\"image\":{\"@id\":\"https:\\\/\\\/letrame.com\\\/catalogo\\\/#\\\/schema\\\/logo\\\/image\\\/\"}}]}<\/script>\n<!-- \/ Yoast SEO plugin. -->","yoast_head_json":{"title":"Sinte\u0301rgicaMente libre - Catalogo | Letrame Grupo Editorial","robots":{"index":"index","follow":"follow","max-snippet":"max-snippet:-1","max-image-preview":"max-image-preview:large","max-video-preview":"max-video-preview:-1"},"canonical":"https:\/\/letrame.com\/catalogo\/producto\/sintergicamente-libre\/","og_locale":"es_ES","og_type":"article","og_title":"Sinte\u0301rgicaMente libre - Catalogo | Letrame Grupo Editorial","og_description":"ISBN:\u00a0 978-84-1089-226-2 SINOPSIS \u00abEl mundo ha sido creado por el sonido intencional que produce el verbo\u00bb, dice Hern\u00e1n Carre\u00f1o Amundaray en su obra. Una frase que nos invita a detenernos y pensar en c\u00f3mo nuestras palabras, pensamientos y emociones construyen, de manera tangible o invisible, la realidad en la que vivimos. El autor cuestiona lo que asumimos como cierto, acompa\u00f1\u00e1ndonos a mirar m\u00e1s ac\u00e1 de lo que vemos y o\u00edmos, hacia esa conexi\u00f3n profunda entre el ser y el universo.  Sint\u00e9rgicamente LIBRE no promete respuestas simples ni verdades absolutas. Al contrario, nos lleva a cuestionar las creencias que gu\u00edan nuestras acciones cotidianas, la manera en que interpretamos lo que nos rodea y c\u00f3mo el tiempo y la realidad se entrelazan en una danza que apenas comprendemos. Hern\u00e1n Carre\u00f1o Amundaray nos ofrece una mirada honesta sobre su propio proceso de autoconocimiento, tocando temas como la percepci\u00f3n, la migraci\u00f3n, la conciencia y la coherencia entre lo que sentimos, pensamos y hacemos.  Lejos de ser un manual de autoayuda o una teor\u00eda cerrada, entre tus manos tienes una conversaci\u00f3n abierta sobre la experiencia humana. El autor no nos pide que sigamos un camino ya trazado, todo lo contrario. Nos impulsa a crear el nuestro, reconociendo que todo lo que necesitamos para transformar nuestra vida ya est\u00e1 en nosotros, en nuestra forma de pensar, hablar y ser. Este libro no te llevar\u00e1 a buscar fuera lo que no se ha perdido, te acompa\u00f1ar\u00e1 a descubrir lo que siempre ha estado dentro.  \u00abEl libro que cambiar\u00e1 para siempre la vida humana en el planeta Tierra\u00bb.  Yennimar Rivas Berm\u00fadez Venezolana, ingeniera en gas (UNEFA) y prologuista.  \u00abLa experiencia nos muestra que somos los creadores de nuestro destino\u00bb.  Marta Garc\u00eda  Espa\u00f1ola, aut\u00f3noma y esteticista.  \u00abEste libro nos ense\u00f1a cient\u00edficamente que toda experiencia inicia en la mente\u00bb.  Marlon Heredia Despaigne  Cubano, licenciado en rehabilitaci\u00f3n y fisioterapia.","og_url":"https:\/\/letrame.com\/catalogo\/producto\/sintergicamente-libre\/","og_site_name":"Catalogo | Letrame Grupo Editorial","og_image":[{"width":525,"height":735,"url":"https:\/\/letrame.com\/catalogo\/wp-content\/uploads\/2024\/12\/sintergicamente-libre.jpg","type":"image\/jpeg"}],"twitter_card":"summary_large_image","twitter_misc":{"Tiempo de lectura":"2 minutos"},"schema":{"@context":"https:\/\/schema.org","@graph":[{"@type":"WebPage","@id":"https:\/\/letrame.com\/catalogo\/producto\/sintergicamente-libre\/","url":"https:\/\/letrame.com\/catalogo\/producto\/sintergicamente-libre\/","name":"Sinte\u0301rgicaMente libre - Catalogo | Letrame Grupo Editorial","isPartOf":{"@id":"https:\/\/letrame.com\/catalogo\/#website"},"primaryImageOfPage":{"@id":"https:\/\/letrame.com\/catalogo\/producto\/sintergicamente-libre\/#primaryimage"},"image":{"@id":"https:\/\/letrame.com\/catalogo\/producto\/sintergicamente-libre\/#primaryimage"},"thumbnailUrl":"https:\/\/letrame.com\/catalogo\/wp-content\/uploads\/2024\/12\/sintergicamente-libre.jpg","datePublished":"2024-12-16T15:18:33+00:00","breadcrumb":{"@id":"https:\/\/letrame.com\/catalogo\/producto\/sintergicamente-libre\/#breadcrumb"},"inLanguage":"es","potentialAction":[{"@type":"ReadAction","target":["https:\/\/letrame.com\/catalogo\/producto\/sintergicamente-libre\/"]}]},{"@type":"ImageObject","inLanguage":"es","@id":"https:\/\/letrame.com\/catalogo\/producto\/sintergicamente-libre\/#primaryimage","url":"https:\/\/letrame.com\/catalogo\/wp-content\/uploads\/2024\/12\/sintergicamente-libre.jpg","contentUrl":"https:\/\/letrame.com\/catalogo\/wp-content\/uploads\/2024\/12\/sintergicamente-libre.jpg","width":525,"height":735},{"@type":"BreadcrumbList","@id":"https:\/\/letrame.com\/catalogo\/producto\/sintergicamente-libre\/#breadcrumb","itemListElement":[{"@type":"ListItem","position":1,"name":"Portada","item":"https:\/\/letrame.com\/catalogo\/"},{"@type":"ListItem","position":2,"name":"Cat\u00e1logo","item":"https:\/\/letrame.com\/catalogo\/"},{"@type":"ListItem","position":3,"name":"Sinte\u0301rgicaMente libre"}]},{"@type":"WebSite","@id":"https:\/\/letrame.com\/catalogo\/#website","url":"https:\/\/letrame.com\/catalogo\/","name":"Catalogo | Letrame Grupo Editorial","description":"","publisher":{"@id":"https:\/\/letrame.com\/catalogo\/#organization"},"potentialAction":[{"@type":"SearchAction","target":{"@type":"EntryPoint","urlTemplate":"https:\/\/letrame.com\/catalogo\/?s={search_term_string}"},"query-input":{"@type":"PropertyValueSpecification","valueRequired":true,"valueName":"search_term_string"}}],"inLanguage":"es"},{"@type":"Organization","@id":"https:\/\/letrame.com\/catalogo\/#organization","name":"Catalogo | Letrame Grupo Editorial","url":"https:\/\/letrame.com\/catalogo\/","logo":{"@type":"ImageObject","inLanguage":"es","@id":"https:\/\/letrame.com\/catalogo\/#\/schema\/logo\/image\/","url":"https:\/\/letrame.com\/catalogo\/wp-content\/uploads\/2024\/03\/logo2.webp","contentUrl":"https:\/\/letrame.com\/catalogo\/wp-content\/uploads\/2024\/03\/logo2.webp","width":394,"height":128,"caption":"Catalogo | Letrame Grupo Editorial"},"image":{"@id":"https:\/\/letrame.com\/catalogo\/#\/schema\/logo\/image\/"}}]}},"_links":{"self":[{"href":"https:\/\/letrame.com\/catalogo\/wp-json\/wp\/v2\/product\/107625","targetHints":{"allow":["GET"]}}],"collection":[{"href":"https:\/\/letrame.com\/catalogo\/wp-json\/wp\/v2\/product"}],"about":[{"href":"https:\/\/letrame.com\/catalogo\/wp-json\/wp\/v2\/types\/product"}],"replies":[{"embeddable":true,"href":"https:\/\/letrame.com\/catalogo\/wp-json\/wp\/v2\/comments?post=107625"}],"acf:post":[{"embeddable":true,"href":"https:\/\/letrame.com\/catalogo\/wp-json\/wp\/v2\/author_book\/107624"}],"wp:featuredmedia":[{"embeddable":true,"href":"https:\/\/letrame.com\/catalogo\/wp-json\/wp\/v2\/media\/107627"}],"wp:attachment":[{"href":"https:\/\/letrame.com\/catalogo\/wp-json\/wp\/v2\/media?parent=107625"}],"wp:term":[{"taxonomy":"libro","embeddable":true,"href":"https:\/\/letrame.com\/catalogo\/wp-json\/wp\/v2\/libro?post=107625"},{"taxonomy":"product_brand","embeddable":true,"href":"https:\/\/letrame.com\/catalogo\/wp-json\/wp\/v2\/product_brand?post=107625"},{"taxonomy":"product_cat","embeddable":true,"href":"https:\/\/letrame.com\/catalogo\/wp-json\/wp\/v2\/product_cat?post=107625"},{"taxonomy":"product_tag","embeddable":true,"href":"https:\/\/letrame.com\/catalogo\/wp-json\/wp\/v2\/product_tag?post=107625"}],"curies":[{"name":"wp","href":"https:\/\/api.w.org\/{rel}","templated":true}]}}