{"id":107569,"date":"2024-12-16T13:53:09","date_gmt":"2024-12-16T12:53:09","guid":{"rendered":"https:\/\/letrame.com\/catalogo\/?post_type=product&#038;p=107569"},"modified":"2024-12-16T13:58:59","modified_gmt":"2024-12-16T12:58:59","slug":"una-aproximacion-a-la-semantica-clinica-para-comprender-la-psicopatologia-pastoral","status":"publish","type":"product","link":"https:\/\/letrame.com\/catalogo\/producto\/una-aproximacion-a-la-semantica-clinica-para-comprender-la-psicopatologia-pastoral\/","title":{"rendered":"Una aproximaci\u00f3n a la sem\u00e1ntica cl\u00ednica para comprender la psicopatolog\u00eda pastoral"},"content":{"rendered":"<p class=\"p1\"><b>ISBN:\u00a0 <\/b>978-84-1089-163-0<\/p>\n<p class=\"p1\"><b>T\u00edtulo:\u00a0<\/b>Una aproximaci\u00f3n a la sem\u00e1ntica cl\u00ednica para comprender la psicopatolog\u00eda pastoral<\/p>\n<p class=\"p1\"><b>A\u00f1o:<\/b> 2024<\/p>\n<p class=\"p1\"><b>P\u00e1ginas:<\/b> 534<\/p>\n<p class=\"p1\"><b>SINOPSIS<\/b><\/p>\n<p>El mundo necesita \u00a0tomar conciencia sobre el impacto que tiene el dolor mental en la vida de quienes lo sufren y las dificultades asociadas al hablar sobre \u00e9l,\u00a0 para acabar con el estigma que rodea a los problemas de salud mental.<\/p>\n<p>Necesitamos aceptar que la relaci\u00f3n entre la persona y sus problemas de salud mental son experiencias por las que pasan las personas, cada d\u00eda m\u00e1s frecuentes, pero que no determinan todo lo que somos como individuos.<\/p>\n<p>Urge promover la comprensi\u00f3n, el apoyo y la erradicaci\u00f3n del este estigma:<\/p>\n<p>&#8211; \u00bfDe qu\u00e9 manera?<\/p>\n<p>&#8211; \u00a1Conociendo los problemas, llegando hasta lo m\u00e1s profundo de los mismos \u00a0\u00a0para que esa experiencia, convertida en una parte negativa de la familia y su propia vida, deje de ser una \u00a0<strong>\u00a0<\/strong><strong>melancol\u00eda desprovista de encantos para gozar de \u00a0la seguridad \u00a0que brinda el contacto consigo mismo y otras personas, aspecto fundamental de la salud mental,\u00a0 b\u00e1sica \u00a0para una vida significativa y satisfactoria \u00a0pues,<\/strong> \u00a0las conexiones sociales, la empat\u00eda y la seguridad emocional son fundamentales para encontrar satisfacci\u00f3n en la \u00a0vida!<\/p>\n","protected":false},"excerpt":{"rendered":"<p class=\"p1\"><b>ISBN:\u00a0 <\/b>978-84-1089-163-0<\/p>\n<p class=\"p1\"><b>SINOPSIS<\/b><\/p>\n<p>El mundo necesita \u00a0tomar conciencia sobre el impacto que tiene el dolor mental en la vida de quienes lo sufren y las dificultades asociadas al hablar sobre \u00e9l,\u00a0 para acabar con el estigma que rodea a los problemas de salud mental.<\/p>\n<p>Necesitamos aceptar que la relaci\u00f3n entre la persona y sus problemas de salud mental son experiencias por las que pasan las personas, cada d\u00eda m\u00e1s frecuentes, pero que no determinan todo lo que somos como individuos.<\/p>\n<p>Urge promover la comprensi\u00f3n, el apoyo y la erradicaci\u00f3n del este estigma:<\/p>\n<p>&#8211; \u00bfDe qu\u00e9 manera?<\/p>\n<p>&#8211; \u00a1Conociendo los problemas, llegando hasta lo m\u00e1s profundo de los mismos \u00a0\u00a0para que esa experiencia, convertida en una parte negativa de la familia y su propia vida, deje de ser una \u00a0<strong>\u00a0<\/strong><strong>melancol\u00eda desprovista de encantos para gozar de \u00a0la seguridad \u00a0que brinda el contacto consigo mismo y otras personas, aspecto fundamental de la salud mental,\u00a0 b\u00e1sica \u00a0para una vida significativa y satisfactoria \u00a0pues,<\/strong> \u00a0las conexiones sociales, la empat\u00eda y la seguridad emocional son fundamentales para encontrar satisfacci\u00f3n en la \u00a0vida!<\/p>\n","protected":false},"featured_media":107575,"comment_status":"open","ping_status":"closed","template":"","meta":{"_acf_changed":false},"libro":[],"product_brand":[],"product_cat":[25],"product_tag":[],"class_list":{"0":"post-107569","1":"product","2":"type-product","3":"status-publish","4":"has-post-thumbnail","6":"product_cat-religion-y-espiritualidad","8":"first","9":"instock","10":"shipping-taxable","11":"product-type-simple"},"acf":{"autor":[107568,107572],"enlace_de_compra":""},"yoast_head":"<!-- This site is optimized with the Yoast SEO plugin v27.4 - https:\/\/yoast.com\/product\/yoast-seo-wordpress\/ -->\n<title>Una aproximaci\u00f3n a la sem\u00e1ntica cl\u00ednica para comprender la psicopatolog\u00eda pastoral - Catalogo | Letrame Grupo Editorial<\/title>\n<meta name=\"robots\" content=\"index, follow, max-snippet:-1, max-image-preview:large, max-video-preview:-1\" \/>\n<link rel=\"canonical\" href=\"https:\/\/letrame.com\/catalogo\/producto\/una-aproximacion-a-la-semantica-clinica-para-comprender-la-psicopatologia-pastoral\/\" \/>\n<meta property=\"og:locale\" content=\"es_ES\" \/>\n<meta property=\"og:type\" content=\"article\" \/>\n<meta property=\"og:title\" content=\"Una aproximaci\u00f3n a la sem\u00e1ntica cl\u00ednica para comprender la psicopatolog\u00eda pastoral - Catalogo | Letrame Grupo Editorial\" \/>\n<meta property=\"og:description\" content=\"ISBN:\u00a0 978-84-1089-163-0 SINOPSIS El mundo necesita \u00a0tomar conciencia sobre el impacto que tiene el dolor mental en la vida de quienes lo sufren y las dificultades asociadas al hablar sobre \u00e9l,\u00a0 para acabar con el estigma que rodea a los problemas de salud mental.  Necesitamos aceptar que la relaci\u00f3n entre la persona y sus problemas de salud mental son experiencias por las que pasan las personas, cada d\u00eda m\u00e1s frecuentes, pero que no determinan todo lo que somos como individuos.  Urge promover la comprensi\u00f3n, el apoyo y la erradicaci\u00f3n del este estigma:  - \u00bfDe qu\u00e9 manera?  - \u00a1Conociendo los problemas, llegando hasta lo m\u00e1s profundo de los mismos \u00a0\u00a0para que esa experiencia, convertida en una parte negativa de la familia y su propia vida, deje de ser una \u00a0\u00a0melancol\u00eda desprovista de encantos para gozar de \u00a0la seguridad \u00a0que brinda el contacto consigo mismo y otras personas, aspecto fundamental de la salud mental,\u00a0 b\u00e1sica \u00a0para una vida significativa y satisfactoria \u00a0pues, \u00a0las conexiones sociales, la empat\u00eda y la seguridad emocional son fundamentales para encontrar satisfacci\u00f3n en la \u00a0vida!\" \/>\n<meta property=\"og:url\" content=\"https:\/\/letrame.com\/catalogo\/producto\/una-aproximacion-a-la-semantica-clinica-para-comprender-la-psicopatologia-pastoral\/\" \/>\n<meta property=\"og:site_name\" content=\"Catalogo | Letrame Grupo Editorial\" \/>\n<meta property=\"article:modified_time\" content=\"2024-12-16T12:58:59+00:00\" \/>\n<meta property=\"og:image\" content=\"https:\/\/letrame.com\/catalogo\/wp-content\/uploads\/2024\/12\/una-aproximacion-a-la-semantica-clinica.jpg\" \/>\n\t<meta property=\"og:image:width\" content=\"450\" \/>\n\t<meta property=\"og:image:height\" content=\"690\" \/>\n\t<meta property=\"og:image:type\" content=\"image\/jpeg\" \/>\n<meta name=\"twitter:card\" content=\"summary_large_image\" \/>\n<meta name=\"twitter:label1\" content=\"Tiempo de lectura\" \/>\n\t<meta name=\"twitter:data1\" content=\"2 minutos\" \/>\n<script type=\"application\/ld+json\" class=\"yoast-schema-graph\">{\"@context\":\"https:\\\/\\\/schema.org\",\"@graph\":[{\"@type\":\"WebPage\",\"@id\":\"https:\\\/\\\/letrame.com\\\/catalogo\\\/producto\\\/una-aproximacion-a-la-semantica-clinica-para-comprender-la-psicopatologia-pastoral\\\/\",\"url\":\"https:\\\/\\\/letrame.com\\\/catalogo\\\/producto\\\/una-aproximacion-a-la-semantica-clinica-para-comprender-la-psicopatologia-pastoral\\\/\",\"name\":\"Una aproximaci\u00f3n a la sem\u00e1ntica cl\u00ednica para comprender la psicopatolog\u00eda pastoral - Catalogo | Letrame Grupo Editorial\",\"isPartOf\":{\"@id\":\"https:\\\/\\\/letrame.com\\\/catalogo\\\/#website\"},\"primaryImageOfPage\":{\"@id\":\"https:\\\/\\\/letrame.com\\\/catalogo\\\/producto\\\/una-aproximacion-a-la-semantica-clinica-para-comprender-la-psicopatologia-pastoral\\\/#primaryimage\"},\"image\":{\"@id\":\"https:\\\/\\\/letrame.com\\\/catalogo\\\/producto\\\/una-aproximacion-a-la-semantica-clinica-para-comprender-la-psicopatologia-pastoral\\\/#primaryimage\"},\"thumbnailUrl\":\"https:\\\/\\\/letrame.com\\\/catalogo\\\/wp-content\\\/uploads\\\/2024\\\/12\\\/una-aproximacion-a-la-semantica-clinica.jpg\",\"datePublished\":\"2024-12-16T12:53:09+00:00\",\"dateModified\":\"2024-12-16T12:58:59+00:00\",\"breadcrumb\":{\"@id\":\"https:\\\/\\\/letrame.com\\\/catalogo\\\/producto\\\/una-aproximacion-a-la-semantica-clinica-para-comprender-la-psicopatologia-pastoral\\\/#breadcrumb\"},\"inLanguage\":\"es\",\"potentialAction\":[{\"@type\":\"ReadAction\",\"target\":[\"https:\\\/\\\/letrame.com\\\/catalogo\\\/producto\\\/una-aproximacion-a-la-semantica-clinica-para-comprender-la-psicopatologia-pastoral\\\/\"]}]},{\"@type\":\"ImageObject\",\"inLanguage\":\"es\",\"@id\":\"https:\\\/\\\/letrame.com\\\/catalogo\\\/producto\\\/una-aproximacion-a-la-semantica-clinica-para-comprender-la-psicopatologia-pastoral\\\/#primaryimage\",\"url\":\"https:\\\/\\\/letrame.com\\\/catalogo\\\/wp-content\\\/uploads\\\/2024\\\/12\\\/una-aproximacion-a-la-semantica-clinica.jpg\",\"contentUrl\":\"https:\\\/\\\/letrame.com\\\/catalogo\\\/wp-content\\\/uploads\\\/2024\\\/12\\\/una-aproximacion-a-la-semantica-clinica.jpg\",\"width\":450,\"height\":690},{\"@type\":\"BreadcrumbList\",\"@id\":\"https:\\\/\\\/letrame.com\\\/catalogo\\\/producto\\\/una-aproximacion-a-la-semantica-clinica-para-comprender-la-psicopatologia-pastoral\\\/#breadcrumb\",\"itemListElement\":[{\"@type\":\"ListItem\",\"position\":1,\"name\":\"Portada\",\"item\":\"https:\\\/\\\/letrame.com\\\/catalogo\\\/\"},{\"@type\":\"ListItem\",\"position\":2,\"name\":\"Cat\u00e1logo\",\"item\":\"https:\\\/\\\/letrame.com\\\/catalogo\\\/\"},{\"@type\":\"ListItem\",\"position\":3,\"name\":\"Una aproximaci\u00f3n a la sem\u00e1ntica cl\u00ednica para comprender la psicopatolog\u00eda pastoral\"}]},{\"@type\":\"WebSite\",\"@id\":\"https:\\\/\\\/letrame.com\\\/catalogo\\\/#website\",\"url\":\"https:\\\/\\\/letrame.com\\\/catalogo\\\/\",\"name\":\"Catalogo | Letrame Grupo Editorial\",\"description\":\"\",\"publisher\":{\"@id\":\"https:\\\/\\\/letrame.com\\\/catalogo\\\/#organization\"},\"potentialAction\":[{\"@type\":\"SearchAction\",\"target\":{\"@type\":\"EntryPoint\",\"urlTemplate\":\"https:\\\/\\\/letrame.com\\\/catalogo\\\/?s={search_term_string}\"},\"query-input\":{\"@type\":\"PropertyValueSpecification\",\"valueRequired\":true,\"valueName\":\"search_term_string\"}}],\"inLanguage\":\"es\"},{\"@type\":\"Organization\",\"@id\":\"https:\\\/\\\/letrame.com\\\/catalogo\\\/#organization\",\"name\":\"Catalogo | Letrame Grupo Editorial\",\"url\":\"https:\\\/\\\/letrame.com\\\/catalogo\\\/\",\"logo\":{\"@type\":\"ImageObject\",\"inLanguage\":\"es\",\"@id\":\"https:\\\/\\\/letrame.com\\\/catalogo\\\/#\\\/schema\\\/logo\\\/image\\\/\",\"url\":\"https:\\\/\\\/letrame.com\\\/catalogo\\\/wp-content\\\/uploads\\\/2024\\\/03\\\/logo2.webp\",\"contentUrl\":\"https:\\\/\\\/letrame.com\\\/catalogo\\\/wp-content\\\/uploads\\\/2024\\\/03\\\/logo2.webp\",\"width\":394,\"height\":128,\"caption\":\"Catalogo | Letrame Grupo Editorial\"},\"image\":{\"@id\":\"https:\\\/\\\/letrame.com\\\/catalogo\\\/#\\\/schema\\\/logo\\\/image\\\/\"}}]}<\/script>\n<!-- \/ Yoast SEO plugin. -->","yoast_head_json":{"title":"Una aproximaci\u00f3n a la sem\u00e1ntica cl\u00ednica para comprender la psicopatolog\u00eda pastoral - Catalogo | Letrame Grupo Editorial","robots":{"index":"index","follow":"follow","max-snippet":"max-snippet:-1","max-image-preview":"max-image-preview:large","max-video-preview":"max-video-preview:-1"},"canonical":"https:\/\/letrame.com\/catalogo\/producto\/una-aproximacion-a-la-semantica-clinica-para-comprender-la-psicopatologia-pastoral\/","og_locale":"es_ES","og_type":"article","og_title":"Una aproximaci\u00f3n a la sem\u00e1ntica cl\u00ednica para comprender la psicopatolog\u00eda pastoral - Catalogo | Letrame Grupo Editorial","og_description":"ISBN:\u00a0 978-84-1089-163-0 SINOPSIS El mundo necesita \u00a0tomar conciencia sobre el impacto que tiene el dolor mental en la vida de quienes lo sufren y las dificultades asociadas al hablar sobre \u00e9l,\u00a0 para acabar con el estigma que rodea a los problemas de salud mental.  Necesitamos aceptar que la relaci\u00f3n entre la persona y sus problemas de salud mental son experiencias por las que pasan las personas, cada d\u00eda m\u00e1s frecuentes, pero que no determinan todo lo que somos como individuos.  Urge promover la comprensi\u00f3n, el apoyo y la erradicaci\u00f3n del este estigma:  - \u00bfDe qu\u00e9 manera?  - \u00a1Conociendo los problemas, llegando hasta lo m\u00e1s profundo de los mismos \u00a0\u00a0para que esa experiencia, convertida en una parte negativa de la familia y su propia vida, deje de ser una \u00a0\u00a0melancol\u00eda desprovista de encantos para gozar de \u00a0la seguridad \u00a0que brinda el contacto consigo mismo y otras personas, aspecto fundamental de la salud mental,\u00a0 b\u00e1sica \u00a0para una vida significativa y satisfactoria \u00a0pues, \u00a0las conexiones sociales, la empat\u00eda y la seguridad emocional son fundamentales para encontrar satisfacci\u00f3n en la \u00a0vida!","og_url":"https:\/\/letrame.com\/catalogo\/producto\/una-aproximacion-a-la-semantica-clinica-para-comprender-la-psicopatologia-pastoral\/","og_site_name":"Catalogo | Letrame Grupo Editorial","article_modified_time":"2024-12-16T12:58:59+00:00","og_image":[{"width":450,"height":690,"url":"https:\/\/letrame.com\/catalogo\/wp-content\/uploads\/2024\/12\/una-aproximacion-a-la-semantica-clinica.jpg","type":"image\/jpeg"}],"twitter_card":"summary_large_image","twitter_misc":{"Tiempo de lectura":"2 minutos"},"schema":{"@context":"https:\/\/schema.org","@graph":[{"@type":"WebPage","@id":"https:\/\/letrame.com\/catalogo\/producto\/una-aproximacion-a-la-semantica-clinica-para-comprender-la-psicopatologia-pastoral\/","url":"https:\/\/letrame.com\/catalogo\/producto\/una-aproximacion-a-la-semantica-clinica-para-comprender-la-psicopatologia-pastoral\/","name":"Una aproximaci\u00f3n a la sem\u00e1ntica cl\u00ednica para comprender la psicopatolog\u00eda pastoral - Catalogo | Letrame Grupo Editorial","isPartOf":{"@id":"https:\/\/letrame.com\/catalogo\/#website"},"primaryImageOfPage":{"@id":"https:\/\/letrame.com\/catalogo\/producto\/una-aproximacion-a-la-semantica-clinica-para-comprender-la-psicopatologia-pastoral\/#primaryimage"},"image":{"@id":"https:\/\/letrame.com\/catalogo\/producto\/una-aproximacion-a-la-semantica-clinica-para-comprender-la-psicopatologia-pastoral\/#primaryimage"},"thumbnailUrl":"https:\/\/letrame.com\/catalogo\/wp-content\/uploads\/2024\/12\/una-aproximacion-a-la-semantica-clinica.jpg","datePublished":"2024-12-16T12:53:09+00:00","dateModified":"2024-12-16T12:58:59+00:00","breadcrumb":{"@id":"https:\/\/letrame.com\/catalogo\/producto\/una-aproximacion-a-la-semantica-clinica-para-comprender-la-psicopatologia-pastoral\/#breadcrumb"},"inLanguage":"es","potentialAction":[{"@type":"ReadAction","target":["https:\/\/letrame.com\/catalogo\/producto\/una-aproximacion-a-la-semantica-clinica-para-comprender-la-psicopatologia-pastoral\/"]}]},{"@type":"ImageObject","inLanguage":"es","@id":"https:\/\/letrame.com\/catalogo\/producto\/una-aproximacion-a-la-semantica-clinica-para-comprender-la-psicopatologia-pastoral\/#primaryimage","url":"https:\/\/letrame.com\/catalogo\/wp-content\/uploads\/2024\/12\/una-aproximacion-a-la-semantica-clinica.jpg","contentUrl":"https:\/\/letrame.com\/catalogo\/wp-content\/uploads\/2024\/12\/una-aproximacion-a-la-semantica-clinica.jpg","width":450,"height":690},{"@type":"BreadcrumbList","@id":"https:\/\/letrame.com\/catalogo\/producto\/una-aproximacion-a-la-semantica-clinica-para-comprender-la-psicopatologia-pastoral\/#breadcrumb","itemListElement":[{"@type":"ListItem","position":1,"name":"Portada","item":"https:\/\/letrame.com\/catalogo\/"},{"@type":"ListItem","position":2,"name":"Cat\u00e1logo","item":"https:\/\/letrame.com\/catalogo\/"},{"@type":"ListItem","position":3,"name":"Una aproximaci\u00f3n a la sem\u00e1ntica cl\u00ednica para comprender la psicopatolog\u00eda pastoral"}]},{"@type":"WebSite","@id":"https:\/\/letrame.com\/catalogo\/#website","url":"https:\/\/letrame.com\/catalogo\/","name":"Catalogo | Letrame Grupo Editorial","description":"","publisher":{"@id":"https:\/\/letrame.com\/catalogo\/#organization"},"potentialAction":[{"@type":"SearchAction","target":{"@type":"EntryPoint","urlTemplate":"https:\/\/letrame.com\/catalogo\/?s={search_term_string}"},"query-input":{"@type":"PropertyValueSpecification","valueRequired":true,"valueName":"search_term_string"}}],"inLanguage":"es"},{"@type":"Organization","@id":"https:\/\/letrame.com\/catalogo\/#organization","name":"Catalogo | Letrame Grupo Editorial","url":"https:\/\/letrame.com\/catalogo\/","logo":{"@type":"ImageObject","inLanguage":"es","@id":"https:\/\/letrame.com\/catalogo\/#\/schema\/logo\/image\/","url":"https:\/\/letrame.com\/catalogo\/wp-content\/uploads\/2024\/03\/logo2.webp","contentUrl":"https:\/\/letrame.com\/catalogo\/wp-content\/uploads\/2024\/03\/logo2.webp","width":394,"height":128,"caption":"Catalogo | Letrame Grupo Editorial"},"image":{"@id":"https:\/\/letrame.com\/catalogo\/#\/schema\/logo\/image\/"}}]}},"_links":{"self":[{"href":"https:\/\/letrame.com\/catalogo\/wp-json\/wp\/v2\/product\/107569","targetHints":{"allow":["GET"]}}],"collection":[{"href":"https:\/\/letrame.com\/catalogo\/wp-json\/wp\/v2\/product"}],"about":[{"href":"https:\/\/letrame.com\/catalogo\/wp-json\/wp\/v2\/types\/product"}],"replies":[{"embeddable":true,"href":"https:\/\/letrame.com\/catalogo\/wp-json\/wp\/v2\/comments?post=107569"}],"acf:post":[{"embeddable":true,"href":"https:\/\/letrame.com\/catalogo\/wp-json\/wp\/v2\/author_book\/107572"},{"embeddable":true,"href":"https:\/\/letrame.com\/catalogo\/wp-json\/wp\/v2\/author_book\/107568"}],"wp:featuredmedia":[{"embeddable":true,"href":"https:\/\/letrame.com\/catalogo\/wp-json\/wp\/v2\/media\/107575"}],"wp:attachment":[{"href":"https:\/\/letrame.com\/catalogo\/wp-json\/wp\/v2\/media?parent=107569"}],"wp:term":[{"taxonomy":"libro","embeddable":true,"href":"https:\/\/letrame.com\/catalogo\/wp-json\/wp\/v2\/libro?post=107569"},{"taxonomy":"product_brand","embeddable":true,"href":"https:\/\/letrame.com\/catalogo\/wp-json\/wp\/v2\/product_brand?post=107569"},{"taxonomy":"product_cat","embeddable":true,"href":"https:\/\/letrame.com\/catalogo\/wp-json\/wp\/v2\/product_cat?post=107569"},{"taxonomy":"product_tag","embeddable":true,"href":"https:\/\/letrame.com\/catalogo\/wp-json\/wp\/v2\/product_tag?post=107569"}],"curies":[{"name":"wp","href":"https:\/\/api.w.org\/{rel}","templated":true}]}}