{"id":107539,"date":"2024-12-16T12:24:52","date_gmt":"2024-12-16T11:24:52","guid":{"rendered":"https:\/\/letrame.com\/catalogo\/?post_type=product&#038;p=107539"},"modified":"2024-12-16T12:25:13","modified_gmt":"2024-12-16T11:25:13","slug":"archivos-secretos-del-vaticano","status":"publish","type":"product","link":"https:\/\/letrame.com\/catalogo\/producto\/archivos-secretos-del-vaticano\/","title":{"rendered":"Archivos secretos del Vaticano"},"content":{"rendered":"<p class=\"p1\"><b>ISBN:\u00a0 <\/b>978-84-1089-094-7<\/p>\n<p class=\"p1\"><b>T\u00edtulo: <\/b>Archivos secretos\u00a0del Vaticano<\/p>\n<p class=\"p1\"><b>A\u00f1o:\u00a0<\/b>2024<\/p>\n<p class=\"p1\"><b>P\u00e1ginas:<\/b> 342<\/p>\n<p class=\"p1\"><b>SINOPSIS<\/b><\/p>\n<p>Es una unificaci\u00f3n cronol\u00f3gica de todos los evangelios, cartas, manuscritos, libros, textos hist\u00f3ricos, acerca de la vida de Jes\u00fas de Nazaret, de su familia y de su entorno, que han seguido la l\u00ednea de los textos m\u00e1s antiguos de los que tenemos conocimiento.<br \/>\nA lo largo de los siglos se han publicado de forma separada todos los escritos que han ido apareciendo acerca de nuestro personaje, pero no ha existido ni existe una \u00fanica publicaci\u00f3n cronol\u00f3gica, y el motivo principal radica en la dificultad de ensamblar pasajes,<br \/>\nque en ocasiones pueden llegar a ser hasta contradictorios, para lograr una \u00fanica sinton\u00eda de sucesos.<br \/>\nA partir de la segunda mitad del siglo I de nuestra era surgieron los textos de Marcos, Mateo, Lucas y Juan, convirti\u00e9ndose en los escritos m\u00e1s cercanos y antiguos sobre la vida y obra del Maestro de Galilea y siguiendo su tendencia aparecieron posteriormente muchos manuscritos que vinieron a cubrir aquellas \u201clagunas\u201d sobre su vida y obra, que no se tuvieron en cuenta por los primeros textos, ya que para los autores de los llamados Evangelios Can\u00f3nicos lo importante era el mensaje de Jes\u00fas de Nazaret, evitando la redacci\u00f3n<br \/>\nde un texto simplemente hist\u00f3rico. Dichas \u201clagunas\u201d fueron cubiertas precisamente por los Evangelios llamados Ap\u00f3crifos, especialmente en lo referente a su infancia, a lo que ocurri\u00f3 tras su muerte, a los viajes de los ap\u00f3stoles antes de Pentecost\u00e9s, a la Asunci\u00f3n de Mar\u00eda a los cielos; y a much\u00edsimos personajes que tienen un sitio relevante en la historia pero que no aparecieron en los primeros escritos de nuestra era y que en este texto ser\u00e1n revelados.<\/p>\n","protected":false},"excerpt":{"rendered":"<p class=\"p1\"><b>ISBN:\u00a0 <\/b>978-84-1089-094-7<\/p>\n<p class=\"p1\"><b>SINOPSIS<\/b><\/p>\n<p>Es una unificaci\u00f3n cronol\u00f3gica de todos los evangelios, cartas, manuscritos, libros, textos hist\u00f3ricos, acerca de la vida de Jes\u00fas de Nazaret, de su familia y de su entorno, que han seguido la l\u00ednea de los textos m\u00e1s antiguos de los que tenemos conocimiento.<br \/>\nA lo largo de los siglos se han publicado de forma separada todos los escritos que han ido apareciendo acerca de nuestro personaje, pero no ha existido ni existe una \u00fanica publicaci\u00f3n cronol\u00f3gica, y el motivo principal radica en la dificultad de ensamblar pasajes,<br \/>\nque en ocasiones pueden llegar a ser hasta contradictorios, para lograr una \u00fanica sinton\u00eda de sucesos.<br \/>\nA partir de la segunda mitad del siglo I de nuestra era surgieron los textos de Marcos, Mateo, Lucas y Juan, convirti\u00e9ndose en los escritos m\u00e1s cercanos y antiguos sobre la vida y obra del Maestro de Galilea y siguiendo su tendencia aparecieron posteriormente muchos manuscritos que vinieron a cubrir aquellas \u201clagunas\u201d sobre su vida y obra, que no se tuvieron en cuenta por los primeros textos, ya que para los autores de los llamados Evangelios Can\u00f3nicos lo importante era el mensaje de Jes\u00fas de Nazaret, evitando la redacci\u00f3n<br \/>\nde un texto simplemente hist\u00f3rico. Dichas \u201clagunas\u201d fueron cubiertas precisamente por los Evangelios llamados Ap\u00f3crifos, especialmente en lo referente a su infancia, a lo que ocurri\u00f3 tras su muerte, a los viajes de los ap\u00f3stoles antes de Pentecost\u00e9s, a la Asunci\u00f3n de Mar\u00eda a los cielos; y a much\u00edsimos personajes que tienen un sitio relevante en la historia pero que no aparecieron en los primeros escritos de nuestra era y que en este texto ser\u00e1n revelados.<\/p>\n","protected":false},"featured_media":107542,"comment_status":"open","ping_status":"closed","template":"","meta":{"_acf_changed":false},"libro":[],"product_brand":[],"product_cat":[60],"product_tag":[],"class_list":{"0":"post-107539","1":"product","2":"type-product","3":"status-publish","4":"has-post-thumbnail","6":"product_cat-ensayo-cientifico-teologico","8":"first","9":"instock","10":"shipping-taxable","11":"product-type-simple"},"acf":{"autor":[107538],"enlace_de_compra":"https:\/\/amzn.to\/3ZF6msl"},"yoast_head":"<!-- This site is optimized with the Yoast SEO plugin v27.4 - https:\/\/yoast.com\/product\/yoast-seo-wordpress\/ -->\n<title>Archivos secretos del Vaticano - Catalogo | Letrame Grupo Editorial<\/title>\n<meta name=\"robots\" content=\"index, follow, max-snippet:-1, max-image-preview:large, max-video-preview:-1\" \/>\n<link rel=\"canonical\" href=\"https:\/\/letrame.com\/catalogo\/producto\/archivos-secretos-del-vaticano\/\" \/>\n<meta property=\"og:locale\" content=\"es_ES\" \/>\n<meta property=\"og:type\" content=\"article\" \/>\n<meta property=\"og:title\" content=\"Archivos secretos del Vaticano - Catalogo | Letrame Grupo Editorial\" \/>\n<meta property=\"og:description\" content=\"ISBN:\u00a0 978-84-1089-094-7 SINOPSIS Es una unificaci\u00f3n cronol\u00f3gica de todos los evangelios, cartas, manuscritos, libros, textos hist\u00f3ricos, acerca de la vida de Jes\u00fas de Nazaret, de su familia y de su entorno, que han seguido la l\u00ednea de los textos m\u00e1s antiguos de los que tenemos conocimiento. A lo largo de los siglos se han publicado de forma separada todos los escritos que han ido apareciendo acerca de nuestro personaje, pero no ha existido ni existe una \u00fanica publicaci\u00f3n cronol\u00f3gica, y el motivo principal radica en la dificultad de ensamblar pasajes, que en ocasiones pueden llegar a ser hasta contradictorios, para lograr una \u00fanica sinton\u00eda de sucesos. A partir de la segunda mitad del siglo I de nuestra era surgieron los textos de Marcos, Mateo, Lucas y Juan, convirti\u00e9ndose en los escritos m\u00e1s cercanos y antiguos sobre la vida y obra del Maestro de Galilea y siguiendo su tendencia aparecieron posteriormente muchos manuscritos que vinieron a cubrir aquellas \u201clagunas\u201d sobre su vida y obra, que no se tuvieron en cuenta por los primeros textos, ya que para los autores de los llamados Evangelios Can\u00f3nicos lo importante era el mensaje de Jes\u00fas de Nazaret, evitando la redacci\u00f3n de un texto simplemente hist\u00f3rico. Dichas \u201clagunas\u201d fueron cubiertas precisamente por los Evangelios llamados Ap\u00f3crifos, especialmente en lo referente a su infancia, a lo que ocurri\u00f3 tras su muerte, a los viajes de los ap\u00f3stoles antes de Pentecost\u00e9s, a la Asunci\u00f3n de Mar\u00eda a los cielos; y a much\u00edsimos personajes que tienen un sitio relevante en la historia pero que no aparecieron en los primeros escritos de nuestra era y que en este texto ser\u00e1n revelados.\" \/>\n<meta property=\"og:url\" content=\"https:\/\/letrame.com\/catalogo\/producto\/archivos-secretos-del-vaticano\/\" \/>\n<meta property=\"og:site_name\" content=\"Catalogo | Letrame Grupo Editorial\" \/>\n<meta property=\"article:modified_time\" content=\"2024-12-16T11:25:13+00:00\" \/>\n<meta property=\"og:image\" content=\"https:\/\/letrame.com\/catalogo\/wp-content\/uploads\/2024\/12\/archivossecretosdelvaticano.jpg\" \/>\n\t<meta property=\"og:image:width\" content=\"425\" \/>\n\t<meta property=\"og:image:height\" content=\"600\" \/>\n\t<meta property=\"og:image:type\" content=\"image\/jpeg\" \/>\n<meta name=\"twitter:card\" content=\"summary_large_image\" \/>\n<meta name=\"twitter:label1\" content=\"Tiempo de lectura\" \/>\n\t<meta name=\"twitter:data1\" content=\"2 minutos\" \/>\n<script type=\"application\/ld+json\" class=\"yoast-schema-graph\">{\"@context\":\"https:\\\/\\\/schema.org\",\"@graph\":[{\"@type\":\"WebPage\",\"@id\":\"https:\\\/\\\/letrame.com\\\/catalogo\\\/producto\\\/archivos-secretos-del-vaticano\\\/\",\"url\":\"https:\\\/\\\/letrame.com\\\/catalogo\\\/producto\\\/archivos-secretos-del-vaticano\\\/\",\"name\":\"Archivos secretos del Vaticano - Catalogo | Letrame Grupo Editorial\",\"isPartOf\":{\"@id\":\"https:\\\/\\\/letrame.com\\\/catalogo\\\/#website\"},\"primaryImageOfPage\":{\"@id\":\"https:\\\/\\\/letrame.com\\\/catalogo\\\/producto\\\/archivos-secretos-del-vaticano\\\/#primaryimage\"},\"image\":{\"@id\":\"https:\\\/\\\/letrame.com\\\/catalogo\\\/producto\\\/archivos-secretos-del-vaticano\\\/#primaryimage\"},\"thumbnailUrl\":\"https:\\\/\\\/letrame.com\\\/catalogo\\\/wp-content\\\/uploads\\\/2024\\\/12\\\/archivossecretosdelvaticano.jpg\",\"datePublished\":\"2024-12-16T11:24:52+00:00\",\"dateModified\":\"2024-12-16T11:25:13+00:00\",\"breadcrumb\":{\"@id\":\"https:\\\/\\\/letrame.com\\\/catalogo\\\/producto\\\/archivos-secretos-del-vaticano\\\/#breadcrumb\"},\"inLanguage\":\"es\",\"potentialAction\":[{\"@type\":\"ReadAction\",\"target\":[\"https:\\\/\\\/letrame.com\\\/catalogo\\\/producto\\\/archivos-secretos-del-vaticano\\\/\"]}]},{\"@type\":\"ImageObject\",\"inLanguage\":\"es\",\"@id\":\"https:\\\/\\\/letrame.com\\\/catalogo\\\/producto\\\/archivos-secretos-del-vaticano\\\/#primaryimage\",\"url\":\"https:\\\/\\\/letrame.com\\\/catalogo\\\/wp-content\\\/uploads\\\/2024\\\/12\\\/archivossecretosdelvaticano.jpg\",\"contentUrl\":\"https:\\\/\\\/letrame.com\\\/catalogo\\\/wp-content\\\/uploads\\\/2024\\\/12\\\/archivossecretosdelvaticano.jpg\",\"width\":425,\"height\":600},{\"@type\":\"BreadcrumbList\",\"@id\":\"https:\\\/\\\/letrame.com\\\/catalogo\\\/producto\\\/archivos-secretos-del-vaticano\\\/#breadcrumb\",\"itemListElement\":[{\"@type\":\"ListItem\",\"position\":1,\"name\":\"Portada\",\"item\":\"https:\\\/\\\/letrame.com\\\/catalogo\\\/\"},{\"@type\":\"ListItem\",\"position\":2,\"name\":\"Cat\u00e1logo\",\"item\":\"https:\\\/\\\/letrame.com\\\/catalogo\\\/\"},{\"@type\":\"ListItem\",\"position\":3,\"name\":\"Archivos secretos del Vaticano\"}]},{\"@type\":\"WebSite\",\"@id\":\"https:\\\/\\\/letrame.com\\\/catalogo\\\/#website\",\"url\":\"https:\\\/\\\/letrame.com\\\/catalogo\\\/\",\"name\":\"Catalogo | Letrame Grupo Editorial\",\"description\":\"\",\"publisher\":{\"@id\":\"https:\\\/\\\/letrame.com\\\/catalogo\\\/#organization\"},\"potentialAction\":[{\"@type\":\"SearchAction\",\"target\":{\"@type\":\"EntryPoint\",\"urlTemplate\":\"https:\\\/\\\/letrame.com\\\/catalogo\\\/?s={search_term_string}\"},\"query-input\":{\"@type\":\"PropertyValueSpecification\",\"valueRequired\":true,\"valueName\":\"search_term_string\"}}],\"inLanguage\":\"es\"},{\"@type\":\"Organization\",\"@id\":\"https:\\\/\\\/letrame.com\\\/catalogo\\\/#organization\",\"name\":\"Catalogo | Letrame Grupo Editorial\",\"url\":\"https:\\\/\\\/letrame.com\\\/catalogo\\\/\",\"logo\":{\"@type\":\"ImageObject\",\"inLanguage\":\"es\",\"@id\":\"https:\\\/\\\/letrame.com\\\/catalogo\\\/#\\\/schema\\\/logo\\\/image\\\/\",\"url\":\"https:\\\/\\\/letrame.com\\\/catalogo\\\/wp-content\\\/uploads\\\/2024\\\/03\\\/logo2.webp\",\"contentUrl\":\"https:\\\/\\\/letrame.com\\\/catalogo\\\/wp-content\\\/uploads\\\/2024\\\/03\\\/logo2.webp\",\"width\":394,\"height\":128,\"caption\":\"Catalogo | Letrame Grupo Editorial\"},\"image\":{\"@id\":\"https:\\\/\\\/letrame.com\\\/catalogo\\\/#\\\/schema\\\/logo\\\/image\\\/\"}}]}<\/script>\n<!-- \/ Yoast SEO plugin. -->","yoast_head_json":{"title":"Archivos secretos del Vaticano - Catalogo | Letrame Grupo Editorial","robots":{"index":"index","follow":"follow","max-snippet":"max-snippet:-1","max-image-preview":"max-image-preview:large","max-video-preview":"max-video-preview:-1"},"canonical":"https:\/\/letrame.com\/catalogo\/producto\/archivos-secretos-del-vaticano\/","og_locale":"es_ES","og_type":"article","og_title":"Archivos secretos del Vaticano - Catalogo | Letrame Grupo Editorial","og_description":"ISBN:\u00a0 978-84-1089-094-7 SINOPSIS Es una unificaci\u00f3n cronol\u00f3gica de todos los evangelios, cartas, manuscritos, libros, textos hist\u00f3ricos, acerca de la vida de Jes\u00fas de Nazaret, de su familia y de su entorno, que han seguido la l\u00ednea de los textos m\u00e1s antiguos de los que tenemos conocimiento. A lo largo de los siglos se han publicado de forma separada todos los escritos que han ido apareciendo acerca de nuestro personaje, pero no ha existido ni existe una \u00fanica publicaci\u00f3n cronol\u00f3gica, y el motivo principal radica en la dificultad de ensamblar pasajes, que en ocasiones pueden llegar a ser hasta contradictorios, para lograr una \u00fanica sinton\u00eda de sucesos. A partir de la segunda mitad del siglo I de nuestra era surgieron los textos de Marcos, Mateo, Lucas y Juan, convirti\u00e9ndose en los escritos m\u00e1s cercanos y antiguos sobre la vida y obra del Maestro de Galilea y siguiendo su tendencia aparecieron posteriormente muchos manuscritos que vinieron a cubrir aquellas \u201clagunas\u201d sobre su vida y obra, que no se tuvieron en cuenta por los primeros textos, ya que para los autores de los llamados Evangelios Can\u00f3nicos lo importante era el mensaje de Jes\u00fas de Nazaret, evitando la redacci\u00f3n de un texto simplemente hist\u00f3rico. Dichas \u201clagunas\u201d fueron cubiertas precisamente por los Evangelios llamados Ap\u00f3crifos, especialmente en lo referente a su infancia, a lo que ocurri\u00f3 tras su muerte, a los viajes de los ap\u00f3stoles antes de Pentecost\u00e9s, a la Asunci\u00f3n de Mar\u00eda a los cielos; y a much\u00edsimos personajes que tienen un sitio relevante en la historia pero que no aparecieron en los primeros escritos de nuestra era y que en este texto ser\u00e1n revelados.","og_url":"https:\/\/letrame.com\/catalogo\/producto\/archivos-secretos-del-vaticano\/","og_site_name":"Catalogo | Letrame Grupo Editorial","article_modified_time":"2024-12-16T11:25:13+00:00","og_image":[{"width":425,"height":600,"url":"https:\/\/letrame.com\/catalogo\/wp-content\/uploads\/2024\/12\/archivossecretosdelvaticano.jpg","type":"image\/jpeg"}],"twitter_card":"summary_large_image","twitter_misc":{"Tiempo de lectura":"2 minutos"},"schema":{"@context":"https:\/\/schema.org","@graph":[{"@type":"WebPage","@id":"https:\/\/letrame.com\/catalogo\/producto\/archivos-secretos-del-vaticano\/","url":"https:\/\/letrame.com\/catalogo\/producto\/archivos-secretos-del-vaticano\/","name":"Archivos secretos del Vaticano - Catalogo | Letrame Grupo Editorial","isPartOf":{"@id":"https:\/\/letrame.com\/catalogo\/#website"},"primaryImageOfPage":{"@id":"https:\/\/letrame.com\/catalogo\/producto\/archivos-secretos-del-vaticano\/#primaryimage"},"image":{"@id":"https:\/\/letrame.com\/catalogo\/producto\/archivos-secretos-del-vaticano\/#primaryimage"},"thumbnailUrl":"https:\/\/letrame.com\/catalogo\/wp-content\/uploads\/2024\/12\/archivossecretosdelvaticano.jpg","datePublished":"2024-12-16T11:24:52+00:00","dateModified":"2024-12-16T11:25:13+00:00","breadcrumb":{"@id":"https:\/\/letrame.com\/catalogo\/producto\/archivos-secretos-del-vaticano\/#breadcrumb"},"inLanguage":"es","potentialAction":[{"@type":"ReadAction","target":["https:\/\/letrame.com\/catalogo\/producto\/archivos-secretos-del-vaticano\/"]}]},{"@type":"ImageObject","inLanguage":"es","@id":"https:\/\/letrame.com\/catalogo\/producto\/archivos-secretos-del-vaticano\/#primaryimage","url":"https:\/\/letrame.com\/catalogo\/wp-content\/uploads\/2024\/12\/archivossecretosdelvaticano.jpg","contentUrl":"https:\/\/letrame.com\/catalogo\/wp-content\/uploads\/2024\/12\/archivossecretosdelvaticano.jpg","width":425,"height":600},{"@type":"BreadcrumbList","@id":"https:\/\/letrame.com\/catalogo\/producto\/archivos-secretos-del-vaticano\/#breadcrumb","itemListElement":[{"@type":"ListItem","position":1,"name":"Portada","item":"https:\/\/letrame.com\/catalogo\/"},{"@type":"ListItem","position":2,"name":"Cat\u00e1logo","item":"https:\/\/letrame.com\/catalogo\/"},{"@type":"ListItem","position":3,"name":"Archivos secretos del Vaticano"}]},{"@type":"WebSite","@id":"https:\/\/letrame.com\/catalogo\/#website","url":"https:\/\/letrame.com\/catalogo\/","name":"Catalogo | Letrame Grupo Editorial","description":"","publisher":{"@id":"https:\/\/letrame.com\/catalogo\/#organization"},"potentialAction":[{"@type":"SearchAction","target":{"@type":"EntryPoint","urlTemplate":"https:\/\/letrame.com\/catalogo\/?s={search_term_string}"},"query-input":{"@type":"PropertyValueSpecification","valueRequired":true,"valueName":"search_term_string"}}],"inLanguage":"es"},{"@type":"Organization","@id":"https:\/\/letrame.com\/catalogo\/#organization","name":"Catalogo | Letrame Grupo Editorial","url":"https:\/\/letrame.com\/catalogo\/","logo":{"@type":"ImageObject","inLanguage":"es","@id":"https:\/\/letrame.com\/catalogo\/#\/schema\/logo\/image\/","url":"https:\/\/letrame.com\/catalogo\/wp-content\/uploads\/2024\/03\/logo2.webp","contentUrl":"https:\/\/letrame.com\/catalogo\/wp-content\/uploads\/2024\/03\/logo2.webp","width":394,"height":128,"caption":"Catalogo | Letrame Grupo Editorial"},"image":{"@id":"https:\/\/letrame.com\/catalogo\/#\/schema\/logo\/image\/"}}]}},"_links":{"self":[{"href":"https:\/\/letrame.com\/catalogo\/wp-json\/wp\/v2\/product\/107539","targetHints":{"allow":["GET"]}}],"collection":[{"href":"https:\/\/letrame.com\/catalogo\/wp-json\/wp\/v2\/product"}],"about":[{"href":"https:\/\/letrame.com\/catalogo\/wp-json\/wp\/v2\/types\/product"}],"replies":[{"embeddable":true,"href":"https:\/\/letrame.com\/catalogo\/wp-json\/wp\/v2\/comments?post=107539"}],"acf:post":[{"embeddable":true,"href":"https:\/\/letrame.com\/catalogo\/wp-json\/wp\/v2\/author_book\/107538"}],"wp:featuredmedia":[{"embeddable":true,"href":"https:\/\/letrame.com\/catalogo\/wp-json\/wp\/v2\/media\/107542"}],"wp:attachment":[{"href":"https:\/\/letrame.com\/catalogo\/wp-json\/wp\/v2\/media?parent=107539"}],"wp:term":[{"taxonomy":"libro","embeddable":true,"href":"https:\/\/letrame.com\/catalogo\/wp-json\/wp\/v2\/libro?post=107539"},{"taxonomy":"product_brand","embeddable":true,"href":"https:\/\/letrame.com\/catalogo\/wp-json\/wp\/v2\/product_brand?post=107539"},{"taxonomy":"product_cat","embeddable":true,"href":"https:\/\/letrame.com\/catalogo\/wp-json\/wp\/v2\/product_cat?post=107539"},{"taxonomy":"product_tag","embeddable":true,"href":"https:\/\/letrame.com\/catalogo\/wp-json\/wp\/v2\/product_tag?post=107539"}],"curies":[{"name":"wp","href":"https:\/\/api.w.org\/{rel}","templated":true}]}}