{"id":107404,"date":"2024-12-03T16:09:06","date_gmt":"2024-12-03T15:09:06","guid":{"rendered":"https:\/\/letrame.com\/catalogo\/?post_type=product&#038;p=107404"},"modified":"2024-12-03T16:09:06","modified_gmt":"2024-12-03T15:09:06","slug":"apologia-del-gobierno-justo","status":"publish","type":"product","link":"https:\/\/letrame.com\/catalogo\/producto\/apologia-del-gobierno-justo\/","title":{"rendered":"Apolog\u00eda del gobierno justo"},"content":{"rendered":"<p class=\"p1\"><b>ISBN: <\/b>978-84-1068-350-1<\/p>\n<p class=\"p1\"><b>T\u00edtulo:\u00a0<\/b>Apolog\u00eda del gobierno justo<\/p>\n<p class=\"p1\"><b>A\u00f1o:\u00a0<\/b>2024<\/p>\n<p class=\"p1\"><b>P\u00e1ginas:<\/b> 198<\/p>\n<p class=\"p1\"><b>SINOPSIS<\/b><\/p>\n<p>En palabras de Bob Dylan, los tiempos est\u00e1n cambiando. Esta es una m\u00e1xima inamovible, como se puede comprobar con el mero hecho de consultar la historia de la humanidad. A la vez que los tiempos cambian, nosotros, como individuos, pero sobre todo como sociedad, hemos de adaptarnos.<\/p>\n<p><em>Apolog\u00eda del gobierno justo<\/em> trata, precisamente, de este aspecto fundacional del ser humano, el cual debe evolucionar junto con su entorno. La figura del Estado no puede estar petrificada, sino que debe seguir el ritmo de avance de las sociedades que lo conforman. As\u00ed pues, en este libro podr\u00e1 encontrar una serie de recomendaciones para que todos podamos seguir hacia delante con ilusi\u00f3n y firmeza.<\/p>\n","protected":false},"excerpt":{"rendered":"<p class=\"p1\"><b>ISBN: <\/b>978-84-1068-350-1<\/p>\n<p class=\"p1\"><b>T\u00edtulo:\u00a0<\/b>Apolog\u00eda del gobierno justo<\/p>\n<p class=\"p1\"><b>A\u00f1o:\u00a0<\/b>2024<\/p>\n<p class=\"p1\"><b>P\u00e1ginas:<\/b> 198<\/p>\n<p class=\"p1\"><b>SINOPSIS<\/b><\/p>\n<p>En palabras de Bob Dylan, los tiempos est\u00e1n cambiando. Esta es una m\u00e1xima inamovible, como se puede comprobar con el mero hecho de consultar la historia de la humanidad. A la vez que los tiempos cambian, nosotros, como individuos, pero sobre todo como sociedad, hemos de adaptarnos.<\/p>\n<p><em>Apolog\u00eda del gobierno justo<\/em> trata, precisamente, de este aspecto fundacional del ser humano, el cual debe evolucionar junto con su entorno. La figura del Estado no puede estar petrificada, sino que debe seguir el ritmo de avance de las sociedades que lo conforman. As\u00ed pues, en este libro podr\u00e1 encontrar una serie de recomendaciones para que todos podamos seguir hacia delante con ilusi\u00f3n y firmeza.<\/p>\n","protected":false},"featured_media":107407,"comment_status":"open","ping_status":"closed","template":"","meta":{"_acf_changed":false},"libro":[],"product_brand":[],"product_cat":[129],"product_tag":[],"class_list":{"0":"post-107404","1":"product","2":"type-product","3":"status-publish","4":"has-post-thumbnail","6":"product_cat-leyes","8":"first","9":"instock","10":"shipping-taxable","11":"product-type-simple"},"acf":{"autor":[107403],"enlace_de_compra":""},"yoast_head":"<!-- This site is optimized with the Yoast SEO plugin v27.4 - https:\/\/yoast.com\/product\/yoast-seo-wordpress\/ -->\n<title>Apolog\u00eda del gobierno justo - Catalogo | Letrame Grupo Editorial<\/title>\n<meta name=\"robots\" content=\"index, follow, max-snippet:-1, max-image-preview:large, max-video-preview:-1\" \/>\n<link rel=\"canonical\" href=\"https:\/\/letrame.com\/catalogo\/producto\/apologia-del-gobierno-justo\/\" \/>\n<meta property=\"og:locale\" content=\"es_ES\" \/>\n<meta property=\"og:type\" content=\"article\" \/>\n<meta property=\"og:title\" content=\"Apolog\u00eda del gobierno justo - Catalogo | Letrame Grupo Editorial\" \/>\n<meta property=\"og:description\" content=\"ISBN: 978-84-1068-350-1 T\u00edtulo:\u00a0Apolog\u00eda del gobierno justo A\u00f1o:\u00a02024 P\u00e1ginas: 198 SINOPSIS En palabras de Bob Dylan, los tiempos est\u00e1n cambiando. Esta es una m\u00e1xima inamovible, como se puede comprobar con el mero hecho de consultar la historia de la humanidad. A la vez que los tiempos cambian, nosotros, como individuos, pero sobre todo como sociedad, hemos de adaptarnos.  Apolog\u00eda del gobierno justo trata, precisamente, de este aspecto fundacional del ser humano, el cual debe evolucionar junto con su entorno. La figura del Estado no puede estar petrificada, sino que debe seguir el ritmo de avance de las sociedades que lo conforman. As\u00ed pues, en este libro podr\u00e1 encontrar una serie de recomendaciones para que todos podamos seguir hacia delante con ilusi\u00f3n y firmeza.\" \/>\n<meta property=\"og:url\" content=\"https:\/\/letrame.com\/catalogo\/producto\/apologia-del-gobierno-justo\/\" \/>\n<meta property=\"og:site_name\" content=\"Catalogo | Letrame Grupo Editorial\" \/>\n<meta property=\"og:image\" content=\"https:\/\/letrame.com\/catalogo\/wp-content\/uploads\/2024\/12\/zwebp_apologiadel_102mm.jpg\" \/>\n\t<meta property=\"og:image:width\" content=\"790\" \/>\n\t<meta property=\"og:image:height\" content=\"1158\" \/>\n\t<meta property=\"og:image:type\" content=\"image\/jpeg\" \/>\n<meta name=\"twitter:card\" content=\"summary_large_image\" \/>\n<meta name=\"twitter:label1\" content=\"Tiempo de lectura\" \/>\n\t<meta name=\"twitter:data1\" content=\"1 minuto\" \/>\n<script type=\"application\/ld+json\" class=\"yoast-schema-graph\">{\"@context\":\"https:\\\/\\\/schema.org\",\"@graph\":[{\"@type\":\"WebPage\",\"@id\":\"https:\\\/\\\/letrame.com\\\/catalogo\\\/producto\\\/apologia-del-gobierno-justo\\\/\",\"url\":\"https:\\\/\\\/letrame.com\\\/catalogo\\\/producto\\\/apologia-del-gobierno-justo\\\/\",\"name\":\"Apolog\u00eda del gobierno justo - Catalogo | Letrame Grupo Editorial\",\"isPartOf\":{\"@id\":\"https:\\\/\\\/letrame.com\\\/catalogo\\\/#website\"},\"primaryImageOfPage\":{\"@id\":\"https:\\\/\\\/letrame.com\\\/catalogo\\\/producto\\\/apologia-del-gobierno-justo\\\/#primaryimage\"},\"image\":{\"@id\":\"https:\\\/\\\/letrame.com\\\/catalogo\\\/producto\\\/apologia-del-gobierno-justo\\\/#primaryimage\"},\"thumbnailUrl\":\"https:\\\/\\\/letrame.com\\\/catalogo\\\/wp-content\\\/uploads\\\/2024\\\/12\\\/zwebp_apologiadel_102mm.jpg\",\"datePublished\":\"2024-12-03T15:09:06+00:00\",\"breadcrumb\":{\"@id\":\"https:\\\/\\\/letrame.com\\\/catalogo\\\/producto\\\/apologia-del-gobierno-justo\\\/#breadcrumb\"},\"inLanguage\":\"es\",\"potentialAction\":[{\"@type\":\"ReadAction\",\"target\":[\"https:\\\/\\\/letrame.com\\\/catalogo\\\/producto\\\/apologia-del-gobierno-justo\\\/\"]}]},{\"@type\":\"ImageObject\",\"inLanguage\":\"es\",\"@id\":\"https:\\\/\\\/letrame.com\\\/catalogo\\\/producto\\\/apologia-del-gobierno-justo\\\/#primaryimage\",\"url\":\"https:\\\/\\\/letrame.com\\\/catalogo\\\/wp-content\\\/uploads\\\/2024\\\/12\\\/zwebp_apologiadel_102mm.jpg\",\"contentUrl\":\"https:\\\/\\\/letrame.com\\\/catalogo\\\/wp-content\\\/uploads\\\/2024\\\/12\\\/zwebp_apologiadel_102mm.jpg\",\"width\":790,\"height\":1158},{\"@type\":\"BreadcrumbList\",\"@id\":\"https:\\\/\\\/letrame.com\\\/catalogo\\\/producto\\\/apologia-del-gobierno-justo\\\/#breadcrumb\",\"itemListElement\":[{\"@type\":\"ListItem\",\"position\":1,\"name\":\"Portada\",\"item\":\"https:\\\/\\\/letrame.com\\\/catalogo\\\/\"},{\"@type\":\"ListItem\",\"position\":2,\"name\":\"Cat\u00e1logo\",\"item\":\"https:\\\/\\\/letrame.com\\\/catalogo\\\/\"},{\"@type\":\"ListItem\",\"position\":3,\"name\":\"Apolog\u00eda del gobierno justo\"}]},{\"@type\":\"WebSite\",\"@id\":\"https:\\\/\\\/letrame.com\\\/catalogo\\\/#website\",\"url\":\"https:\\\/\\\/letrame.com\\\/catalogo\\\/\",\"name\":\"Catalogo | Letrame Grupo Editorial\",\"description\":\"\",\"publisher\":{\"@id\":\"https:\\\/\\\/letrame.com\\\/catalogo\\\/#organization\"},\"potentialAction\":[{\"@type\":\"SearchAction\",\"target\":{\"@type\":\"EntryPoint\",\"urlTemplate\":\"https:\\\/\\\/letrame.com\\\/catalogo\\\/?s={search_term_string}\"},\"query-input\":{\"@type\":\"PropertyValueSpecification\",\"valueRequired\":true,\"valueName\":\"search_term_string\"}}],\"inLanguage\":\"es\"},{\"@type\":\"Organization\",\"@id\":\"https:\\\/\\\/letrame.com\\\/catalogo\\\/#organization\",\"name\":\"Catalogo | Letrame Grupo Editorial\",\"url\":\"https:\\\/\\\/letrame.com\\\/catalogo\\\/\",\"logo\":{\"@type\":\"ImageObject\",\"inLanguage\":\"es\",\"@id\":\"https:\\\/\\\/letrame.com\\\/catalogo\\\/#\\\/schema\\\/logo\\\/image\\\/\",\"url\":\"https:\\\/\\\/letrame.com\\\/catalogo\\\/wp-content\\\/uploads\\\/2024\\\/03\\\/logo2.webp\",\"contentUrl\":\"https:\\\/\\\/letrame.com\\\/catalogo\\\/wp-content\\\/uploads\\\/2024\\\/03\\\/logo2.webp\",\"width\":394,\"height\":128,\"caption\":\"Catalogo | Letrame Grupo Editorial\"},\"image\":{\"@id\":\"https:\\\/\\\/letrame.com\\\/catalogo\\\/#\\\/schema\\\/logo\\\/image\\\/\"}}]}<\/script>\n<!-- \/ Yoast SEO plugin. -->","yoast_head_json":{"title":"Apolog\u00eda del gobierno justo - Catalogo | Letrame Grupo Editorial","robots":{"index":"index","follow":"follow","max-snippet":"max-snippet:-1","max-image-preview":"max-image-preview:large","max-video-preview":"max-video-preview:-1"},"canonical":"https:\/\/letrame.com\/catalogo\/producto\/apologia-del-gobierno-justo\/","og_locale":"es_ES","og_type":"article","og_title":"Apolog\u00eda del gobierno justo - Catalogo | Letrame Grupo Editorial","og_description":"ISBN: 978-84-1068-350-1 T\u00edtulo:\u00a0Apolog\u00eda del gobierno justo A\u00f1o:\u00a02024 P\u00e1ginas: 198 SINOPSIS En palabras de Bob Dylan, los tiempos est\u00e1n cambiando. Esta es una m\u00e1xima inamovible, como se puede comprobar con el mero hecho de consultar la historia de la humanidad. A la vez que los tiempos cambian, nosotros, como individuos, pero sobre todo como sociedad, hemos de adaptarnos.  Apolog\u00eda del gobierno justo trata, precisamente, de este aspecto fundacional del ser humano, el cual debe evolucionar junto con su entorno. La figura del Estado no puede estar petrificada, sino que debe seguir el ritmo de avance de las sociedades que lo conforman. As\u00ed pues, en este libro podr\u00e1 encontrar una serie de recomendaciones para que todos podamos seguir hacia delante con ilusi\u00f3n y firmeza.","og_url":"https:\/\/letrame.com\/catalogo\/producto\/apologia-del-gobierno-justo\/","og_site_name":"Catalogo | Letrame Grupo Editorial","og_image":[{"width":790,"height":1158,"url":"https:\/\/letrame.com\/catalogo\/wp-content\/uploads\/2024\/12\/zwebp_apologiadel_102mm.jpg","type":"image\/jpeg"}],"twitter_card":"summary_large_image","twitter_misc":{"Tiempo de lectura":"1 minuto"},"schema":{"@context":"https:\/\/schema.org","@graph":[{"@type":"WebPage","@id":"https:\/\/letrame.com\/catalogo\/producto\/apologia-del-gobierno-justo\/","url":"https:\/\/letrame.com\/catalogo\/producto\/apologia-del-gobierno-justo\/","name":"Apolog\u00eda del gobierno justo - Catalogo | Letrame Grupo Editorial","isPartOf":{"@id":"https:\/\/letrame.com\/catalogo\/#website"},"primaryImageOfPage":{"@id":"https:\/\/letrame.com\/catalogo\/producto\/apologia-del-gobierno-justo\/#primaryimage"},"image":{"@id":"https:\/\/letrame.com\/catalogo\/producto\/apologia-del-gobierno-justo\/#primaryimage"},"thumbnailUrl":"https:\/\/letrame.com\/catalogo\/wp-content\/uploads\/2024\/12\/zwebp_apologiadel_102mm.jpg","datePublished":"2024-12-03T15:09:06+00:00","breadcrumb":{"@id":"https:\/\/letrame.com\/catalogo\/producto\/apologia-del-gobierno-justo\/#breadcrumb"},"inLanguage":"es","potentialAction":[{"@type":"ReadAction","target":["https:\/\/letrame.com\/catalogo\/producto\/apologia-del-gobierno-justo\/"]}]},{"@type":"ImageObject","inLanguage":"es","@id":"https:\/\/letrame.com\/catalogo\/producto\/apologia-del-gobierno-justo\/#primaryimage","url":"https:\/\/letrame.com\/catalogo\/wp-content\/uploads\/2024\/12\/zwebp_apologiadel_102mm.jpg","contentUrl":"https:\/\/letrame.com\/catalogo\/wp-content\/uploads\/2024\/12\/zwebp_apologiadel_102mm.jpg","width":790,"height":1158},{"@type":"BreadcrumbList","@id":"https:\/\/letrame.com\/catalogo\/producto\/apologia-del-gobierno-justo\/#breadcrumb","itemListElement":[{"@type":"ListItem","position":1,"name":"Portada","item":"https:\/\/letrame.com\/catalogo\/"},{"@type":"ListItem","position":2,"name":"Cat\u00e1logo","item":"https:\/\/letrame.com\/catalogo\/"},{"@type":"ListItem","position":3,"name":"Apolog\u00eda del gobierno justo"}]},{"@type":"WebSite","@id":"https:\/\/letrame.com\/catalogo\/#website","url":"https:\/\/letrame.com\/catalogo\/","name":"Catalogo | Letrame Grupo Editorial","description":"","publisher":{"@id":"https:\/\/letrame.com\/catalogo\/#organization"},"potentialAction":[{"@type":"SearchAction","target":{"@type":"EntryPoint","urlTemplate":"https:\/\/letrame.com\/catalogo\/?s={search_term_string}"},"query-input":{"@type":"PropertyValueSpecification","valueRequired":true,"valueName":"search_term_string"}}],"inLanguage":"es"},{"@type":"Organization","@id":"https:\/\/letrame.com\/catalogo\/#organization","name":"Catalogo | Letrame Grupo Editorial","url":"https:\/\/letrame.com\/catalogo\/","logo":{"@type":"ImageObject","inLanguage":"es","@id":"https:\/\/letrame.com\/catalogo\/#\/schema\/logo\/image\/","url":"https:\/\/letrame.com\/catalogo\/wp-content\/uploads\/2024\/03\/logo2.webp","contentUrl":"https:\/\/letrame.com\/catalogo\/wp-content\/uploads\/2024\/03\/logo2.webp","width":394,"height":128,"caption":"Catalogo | Letrame Grupo Editorial"},"image":{"@id":"https:\/\/letrame.com\/catalogo\/#\/schema\/logo\/image\/"}}]}},"_links":{"self":[{"href":"https:\/\/letrame.com\/catalogo\/wp-json\/wp\/v2\/product\/107404","targetHints":{"allow":["GET"]}}],"collection":[{"href":"https:\/\/letrame.com\/catalogo\/wp-json\/wp\/v2\/product"}],"about":[{"href":"https:\/\/letrame.com\/catalogo\/wp-json\/wp\/v2\/types\/product"}],"replies":[{"embeddable":true,"href":"https:\/\/letrame.com\/catalogo\/wp-json\/wp\/v2\/comments?post=107404"}],"acf:post":[{"embeddable":true,"href":"https:\/\/letrame.com\/catalogo\/wp-json\/wp\/v2\/author_book\/107403"}],"wp:featuredmedia":[{"embeddable":true,"href":"https:\/\/letrame.com\/catalogo\/wp-json\/wp\/v2\/media\/107407"}],"wp:attachment":[{"href":"https:\/\/letrame.com\/catalogo\/wp-json\/wp\/v2\/media?parent=107404"}],"wp:term":[{"taxonomy":"libro","embeddable":true,"href":"https:\/\/letrame.com\/catalogo\/wp-json\/wp\/v2\/libro?post=107404"},{"taxonomy":"product_brand","embeddable":true,"href":"https:\/\/letrame.com\/catalogo\/wp-json\/wp\/v2\/product_brand?post=107404"},{"taxonomy":"product_cat","embeddable":true,"href":"https:\/\/letrame.com\/catalogo\/wp-json\/wp\/v2\/product_cat?post=107404"},{"taxonomy":"product_tag","embeddable":true,"href":"https:\/\/letrame.com\/catalogo\/wp-json\/wp\/v2\/product_tag?post=107404"}],"curies":[{"name":"wp","href":"https:\/\/api.w.org\/{rel}","templated":true}]}}