{"id":107358,"date":"2024-12-03T15:06:49","date_gmt":"2024-12-03T14:06:49","guid":{"rendered":"https:\/\/letrame.com\/catalogo\/?post_type=product&#038;p=107358"},"modified":"2024-12-03T15:07:50","modified_gmt":"2024-12-03T14:07:50","slug":"la-balada-del-guadiana","status":"publish","type":"product","link":"https:\/\/letrame.com\/catalogo\/producto\/la-balada-del-guadiana\/","title":{"rendered":"La balada del Guadiana"},"content":{"rendered":"<p class=\"p1\"><b>ISBN: <\/b>978-84-1089-152-4<\/p>\n<p class=\"p1\"><b>T\u00edtulo: <\/b>La balada del Guadiana<\/p>\n<p class=\"p1\"><b>A\u00f1o:\u00a0<\/b>2024<\/p>\n<p class=\"p1\"><b>P\u00e1ginas:<\/b> 586<\/p>\n<p class=\"p1\"><b>SINOPSIS<\/b><\/p>\n<p>La historia de Mar\u00eda la portuguesa, la protagonista de la hermosa canci\u00f3n que popularizara Carlos Cano, centra esta novela llena de pasi\u00f3n y dolor \u00e9picos. El retrato de una \u00e9poca dura, cuando muchos hombres y mujeres debieron recurrir al contrabando y a la prostituci\u00f3n para subsistir. Lo cuenta Carlos, un periodista desencantado con el amor que llega a Portugal detr\u00e1s de historias sobre la raya, pero que se encontrar\u00e1 de frente con una realidad desconocida para \u00e9l, y con gentes que le llegar\u00e1n al coraz\u00f3n, lo que cambiar\u00e1 su vida para siempre&#8230;<\/p>\n<p>Son solo los dos personajes centrales, que comienzan su andadura en la Espa\u00f1a de la postguerra, con sus lacras de represi\u00f3n, caciquismo y pobreza, similares a las de su vecino portugu\u00e9s; entre los que se mueven otros muchos de identidad arrolladora, que luchan con valent\u00eda y sue\u00f1os de superaci\u00f3n, componiendo esta obra de un romanticismo extremo. No es una novela hist\u00f3rica, por m\u00e1s que el texto se instale en las dictaduras de ambos pa\u00edses, en unas claves de iron\u00eda que tratan de quitar hierro a los tremendos acontecimientos que forjaron su negra leyenda y que la autora se encuentra obligada a narrar, al considerar que condicionaron la vida de sus personajes y porque son la esencia de su escritura. Esa transversalidad intrahist\u00f3rica a la que la mayor\u00eda aportamos nuestra parte subversiva para poder sobrevivir\u2026 Y ser\u00eda absurdo tratarla de biogr\u00e1fica, cuando apenas se sabe nada de la vida de la protagonista, que existi\u00f3 y dejo unos pocos deslumbrantes datos, con los que ha intentado construir un personaje literario por el \u00fanico truco de ampliar esa peque\u00f1a, verdadera semblanza. \u201cMe qued\u00e9 prendada de su transgresora voluntad de supervivencia, que mantuvo hasta el final de su vida, y no a\u00f1ado nada m\u00e1s porque es el lector quien debe descubrir su incre\u00edble trayectoria\u201d<\/p>\n","protected":false},"excerpt":{"rendered":"<p class=\"p1\"><b>ISBN: <\/b>978-84-1089-152-4<\/p>\n<p class=\"p1\"><b>SINOPSIS<\/b><\/p>\n<p>La historia de Mar\u00eda la portuguesa, la protagonista de la hermosa canci\u00f3n que popularizara Carlos Cano, centra esta novela llena de pasi\u00f3n y dolor \u00e9picos. El retrato de una \u00e9poca dura, cuando muchos hombres y mujeres debieron recurrir al contrabando y a la prostituci\u00f3n para subsistir. Lo cuenta Carlos, un periodista desencantado con el amor que llega a Portugal detr\u00e1s de historias sobre la raya, pero que se encontrar\u00e1 de frente con una realidad desconocida para \u00e9l, y con gentes que le llegar\u00e1n al coraz\u00f3n, lo que cambiar\u00e1 su vida para siempre&#8230;<\/p>\n<p>Son solo los dos personajes centrales, que comienzan su andadura en la Espa\u00f1a de la postguerra, con sus lacras de represi\u00f3n, caciquismo y pobreza, similares a las de su vecino portugu\u00e9s; entre los que se mueven otros muchos de identidad arrolladora, que luchan con valent\u00eda y sue\u00f1os de superaci\u00f3n, componiendo esta obra de un romanticismo extremo. No es una novela hist\u00f3rica, por m\u00e1s que el texto se instale en las dictaduras de ambos pa\u00edses, en unas claves de iron\u00eda que tratan de quitar hierro a los tremendos acontecimientos que forjaron su negra leyenda y que la autora se encuentra obligada a narrar, al considerar que condicionaron la vida de sus personajes y porque son la esencia de su escritura. Esa transversalidad intrahist\u00f3rica a la que la mayor\u00eda aportamos nuestra parte subversiva para poder sobrevivir\u2026 Y ser\u00eda absurdo tratarla de biogr\u00e1fica, cuando apenas se sabe nada de la vida de la protagonista, que existi\u00f3 y dejo unos pocos deslumbrantes datos, con los que ha intentado construir un personaje literario por el \u00fanico truco de ampliar esa peque\u00f1a, verdadera semblanza. \u201cMe qued\u00e9 prendada de su transgresora voluntad de supervivencia, que mantuvo hasta el final de su vida, y no a\u00f1ado nada m\u00e1s porque es el lector quien debe descubrir su incre\u00edble trayectoria\u201d<\/p>\n","protected":false},"featured_media":107360,"comment_status":"open","ping_status":"closed","template":"","meta":{"_acf_changed":false},"libro":[],"product_brand":[],"product_cat":[29],"product_tag":[],"class_list":{"0":"post-107358","1":"product","2":"type-product","3":"status-publish","4":"has-post-thumbnail","6":"product_cat-novela-historica","8":"first","9":"instock","10":"shipping-taxable","11":"product-type-simple"},"acf":{"autor":[107357],"enlace_de_compra":"https:\/\/amzn.to\/3OCHEUv"},"yoast_head":"<!-- This site is optimized with the Yoast SEO plugin v27.4 - https:\/\/yoast.com\/product\/yoast-seo-wordpress\/ -->\n<title>La balada del Guadiana - Catalogo | Letrame Grupo Editorial<\/title>\n<meta name=\"robots\" content=\"index, follow, max-snippet:-1, max-image-preview:large, max-video-preview:-1\" \/>\n<link rel=\"canonical\" href=\"https:\/\/letrame.com\/catalogo\/producto\/la-balada-del-guadiana\/\" \/>\n<meta property=\"og:locale\" content=\"es_ES\" \/>\n<meta property=\"og:type\" content=\"article\" \/>\n<meta property=\"og:title\" content=\"La balada del Guadiana - Catalogo | Letrame Grupo Editorial\" \/>\n<meta property=\"og:description\" content=\"ISBN: 978-84-1089-152-4 SINOPSIS La historia de Mar\u00eda la portuguesa, la protagonista de la hermosa canci\u00f3n que popularizara Carlos Cano, centra esta novela llena de pasi\u00f3n y dolor \u00e9picos. El retrato de una \u00e9poca dura, cuando muchos hombres y mujeres debieron recurrir al contrabando y a la prostituci\u00f3n para subsistir. Lo cuenta Carlos, un periodista desencantado con el amor que llega a Portugal detr\u00e1s de historias sobre la raya, pero que se encontrar\u00e1 de frente con una realidad desconocida para \u00e9l, y con gentes que le llegar\u00e1n al coraz\u00f3n, lo que cambiar\u00e1 su vida para siempre...  Son solo los dos personajes centrales, que comienzan su andadura en la Espa\u00f1a de la postguerra, con sus lacras de represi\u00f3n, caciquismo y pobreza, similares a las de su vecino portugu\u00e9s; entre los que se mueven otros muchos de identidad arrolladora, que luchan con valent\u00eda y sue\u00f1os de superaci\u00f3n, componiendo esta obra de un romanticismo extremo. No es una novela hist\u00f3rica, por m\u00e1s que el texto se instale en las dictaduras de ambos pa\u00edses, en unas claves de iron\u00eda que tratan de quitar hierro a los tremendos acontecimientos que forjaron su negra leyenda y que la autora se encuentra obligada a narrar, al considerar que condicionaron la vida de sus personajes y porque son la esencia de su escritura. Esa transversalidad intrahist\u00f3rica a la que la mayor\u00eda aportamos nuestra parte subversiva para poder sobrevivir\u2026 Y ser\u00eda absurdo tratarla de biogr\u00e1fica, cuando apenas se sabe nada de la vida de la protagonista, que existi\u00f3 y dejo unos pocos deslumbrantes datos, con los que ha intentado construir un personaje literario por el \u00fanico truco de ampliar esa peque\u00f1a, verdadera semblanza. \u201cMe qued\u00e9 prendada de su transgresora voluntad de supervivencia, que mantuvo hasta el final de su vida, y no a\u00f1ado nada m\u00e1s porque es el lector quien debe descubrir su incre\u00edble trayectoria\u201d\" \/>\n<meta property=\"og:url\" content=\"https:\/\/letrame.com\/catalogo\/producto\/la-balada-del-guadiana\/\" \/>\n<meta property=\"og:site_name\" content=\"Catalogo | Letrame Grupo Editorial\" \/>\n<meta property=\"article:modified_time\" content=\"2024-12-03T14:07:50+00:00\" \/>\n<meta property=\"og:image\" content=\"https:\/\/letrame.com\/catalogo\/wp-content\/uploads\/2024\/12\/zlabaladadelguadiana_281mmv34.jpg\" \/>\n\t<meta property=\"og:image:width\" content=\"575\" \/>\n\t<meta property=\"og:image:height\" content=\"843\" \/>\n\t<meta property=\"og:image:type\" content=\"image\/jpeg\" \/>\n<meta name=\"twitter:card\" content=\"summary_large_image\" \/>\n<meta name=\"twitter:label1\" content=\"Tiempo de lectura\" \/>\n\t<meta name=\"twitter:data1\" content=\"2 minutos\" \/>\n<script type=\"application\/ld+json\" class=\"yoast-schema-graph\">{\"@context\":\"https:\\\/\\\/schema.org\",\"@graph\":[{\"@type\":\"WebPage\",\"@id\":\"https:\\\/\\\/letrame.com\\\/catalogo\\\/producto\\\/la-balada-del-guadiana\\\/\",\"url\":\"https:\\\/\\\/letrame.com\\\/catalogo\\\/producto\\\/la-balada-del-guadiana\\\/\",\"name\":\"La balada del Guadiana - Catalogo | Letrame Grupo Editorial\",\"isPartOf\":{\"@id\":\"https:\\\/\\\/letrame.com\\\/catalogo\\\/#website\"},\"primaryImageOfPage\":{\"@id\":\"https:\\\/\\\/letrame.com\\\/catalogo\\\/producto\\\/la-balada-del-guadiana\\\/#primaryimage\"},\"image\":{\"@id\":\"https:\\\/\\\/letrame.com\\\/catalogo\\\/producto\\\/la-balada-del-guadiana\\\/#primaryimage\"},\"thumbnailUrl\":\"https:\\\/\\\/letrame.com\\\/catalogo\\\/wp-content\\\/uploads\\\/2024\\\/12\\\/zlabaladadelguadiana_281mmv34.jpg\",\"datePublished\":\"2024-12-03T14:06:49+00:00\",\"dateModified\":\"2024-12-03T14:07:50+00:00\",\"breadcrumb\":{\"@id\":\"https:\\\/\\\/letrame.com\\\/catalogo\\\/producto\\\/la-balada-del-guadiana\\\/#breadcrumb\"},\"inLanguage\":\"es\",\"potentialAction\":[{\"@type\":\"ReadAction\",\"target\":[\"https:\\\/\\\/letrame.com\\\/catalogo\\\/producto\\\/la-balada-del-guadiana\\\/\"]}]},{\"@type\":\"ImageObject\",\"inLanguage\":\"es\",\"@id\":\"https:\\\/\\\/letrame.com\\\/catalogo\\\/producto\\\/la-balada-del-guadiana\\\/#primaryimage\",\"url\":\"https:\\\/\\\/letrame.com\\\/catalogo\\\/wp-content\\\/uploads\\\/2024\\\/12\\\/zlabaladadelguadiana_281mmv34.jpg\",\"contentUrl\":\"https:\\\/\\\/letrame.com\\\/catalogo\\\/wp-content\\\/uploads\\\/2024\\\/12\\\/zlabaladadelguadiana_281mmv34.jpg\",\"width\":575,\"height\":843},{\"@type\":\"BreadcrumbList\",\"@id\":\"https:\\\/\\\/letrame.com\\\/catalogo\\\/producto\\\/la-balada-del-guadiana\\\/#breadcrumb\",\"itemListElement\":[{\"@type\":\"ListItem\",\"position\":1,\"name\":\"Portada\",\"item\":\"https:\\\/\\\/letrame.com\\\/catalogo\\\/\"},{\"@type\":\"ListItem\",\"position\":2,\"name\":\"Cat\u00e1logo\",\"item\":\"https:\\\/\\\/letrame.com\\\/catalogo\\\/\"},{\"@type\":\"ListItem\",\"position\":3,\"name\":\"La balada del Guadiana\"}]},{\"@type\":\"WebSite\",\"@id\":\"https:\\\/\\\/letrame.com\\\/catalogo\\\/#website\",\"url\":\"https:\\\/\\\/letrame.com\\\/catalogo\\\/\",\"name\":\"Catalogo | Letrame Grupo Editorial\",\"description\":\"\",\"publisher\":{\"@id\":\"https:\\\/\\\/letrame.com\\\/catalogo\\\/#organization\"},\"potentialAction\":[{\"@type\":\"SearchAction\",\"target\":{\"@type\":\"EntryPoint\",\"urlTemplate\":\"https:\\\/\\\/letrame.com\\\/catalogo\\\/?s={search_term_string}\"},\"query-input\":{\"@type\":\"PropertyValueSpecification\",\"valueRequired\":true,\"valueName\":\"search_term_string\"}}],\"inLanguage\":\"es\"},{\"@type\":\"Organization\",\"@id\":\"https:\\\/\\\/letrame.com\\\/catalogo\\\/#organization\",\"name\":\"Catalogo | Letrame Grupo Editorial\",\"url\":\"https:\\\/\\\/letrame.com\\\/catalogo\\\/\",\"logo\":{\"@type\":\"ImageObject\",\"inLanguage\":\"es\",\"@id\":\"https:\\\/\\\/letrame.com\\\/catalogo\\\/#\\\/schema\\\/logo\\\/image\\\/\",\"url\":\"https:\\\/\\\/letrame.com\\\/catalogo\\\/wp-content\\\/uploads\\\/2024\\\/03\\\/logo2.webp\",\"contentUrl\":\"https:\\\/\\\/letrame.com\\\/catalogo\\\/wp-content\\\/uploads\\\/2024\\\/03\\\/logo2.webp\",\"width\":394,\"height\":128,\"caption\":\"Catalogo | Letrame Grupo Editorial\"},\"image\":{\"@id\":\"https:\\\/\\\/letrame.com\\\/catalogo\\\/#\\\/schema\\\/logo\\\/image\\\/\"}}]}<\/script>\n<!-- \/ Yoast SEO plugin. -->","yoast_head_json":{"title":"La balada del Guadiana - Catalogo | Letrame Grupo Editorial","robots":{"index":"index","follow":"follow","max-snippet":"max-snippet:-1","max-image-preview":"max-image-preview:large","max-video-preview":"max-video-preview:-1"},"canonical":"https:\/\/letrame.com\/catalogo\/producto\/la-balada-del-guadiana\/","og_locale":"es_ES","og_type":"article","og_title":"La balada del Guadiana - Catalogo | Letrame Grupo Editorial","og_description":"ISBN: 978-84-1089-152-4 SINOPSIS La historia de Mar\u00eda la portuguesa, la protagonista de la hermosa canci\u00f3n que popularizara Carlos Cano, centra esta novela llena de pasi\u00f3n y dolor \u00e9picos. El retrato de una \u00e9poca dura, cuando muchos hombres y mujeres debieron recurrir al contrabando y a la prostituci\u00f3n para subsistir. Lo cuenta Carlos, un periodista desencantado con el amor que llega a Portugal detr\u00e1s de historias sobre la raya, pero que se encontrar\u00e1 de frente con una realidad desconocida para \u00e9l, y con gentes que le llegar\u00e1n al coraz\u00f3n, lo que cambiar\u00e1 su vida para siempre...  Son solo los dos personajes centrales, que comienzan su andadura en la Espa\u00f1a de la postguerra, con sus lacras de represi\u00f3n, caciquismo y pobreza, similares a las de su vecino portugu\u00e9s; entre los que se mueven otros muchos de identidad arrolladora, que luchan con valent\u00eda y sue\u00f1os de superaci\u00f3n, componiendo esta obra de un romanticismo extremo. No es una novela hist\u00f3rica, por m\u00e1s que el texto se instale en las dictaduras de ambos pa\u00edses, en unas claves de iron\u00eda que tratan de quitar hierro a los tremendos acontecimientos que forjaron su negra leyenda y que la autora se encuentra obligada a narrar, al considerar que condicionaron la vida de sus personajes y porque son la esencia de su escritura. Esa transversalidad intrahist\u00f3rica a la que la mayor\u00eda aportamos nuestra parte subversiva para poder sobrevivir\u2026 Y ser\u00eda absurdo tratarla de biogr\u00e1fica, cuando apenas se sabe nada de la vida de la protagonista, que existi\u00f3 y dejo unos pocos deslumbrantes datos, con los que ha intentado construir un personaje literario por el \u00fanico truco de ampliar esa peque\u00f1a, verdadera semblanza. \u201cMe qued\u00e9 prendada de su transgresora voluntad de supervivencia, que mantuvo hasta el final de su vida, y no a\u00f1ado nada m\u00e1s porque es el lector quien debe descubrir su incre\u00edble trayectoria\u201d","og_url":"https:\/\/letrame.com\/catalogo\/producto\/la-balada-del-guadiana\/","og_site_name":"Catalogo | Letrame Grupo Editorial","article_modified_time":"2024-12-03T14:07:50+00:00","og_image":[{"width":575,"height":843,"url":"https:\/\/letrame.com\/catalogo\/wp-content\/uploads\/2024\/12\/zlabaladadelguadiana_281mmv34.jpg","type":"image\/jpeg"}],"twitter_card":"summary_large_image","twitter_misc":{"Tiempo de lectura":"2 minutos"},"schema":{"@context":"https:\/\/schema.org","@graph":[{"@type":"WebPage","@id":"https:\/\/letrame.com\/catalogo\/producto\/la-balada-del-guadiana\/","url":"https:\/\/letrame.com\/catalogo\/producto\/la-balada-del-guadiana\/","name":"La balada del Guadiana - Catalogo | Letrame Grupo Editorial","isPartOf":{"@id":"https:\/\/letrame.com\/catalogo\/#website"},"primaryImageOfPage":{"@id":"https:\/\/letrame.com\/catalogo\/producto\/la-balada-del-guadiana\/#primaryimage"},"image":{"@id":"https:\/\/letrame.com\/catalogo\/producto\/la-balada-del-guadiana\/#primaryimage"},"thumbnailUrl":"https:\/\/letrame.com\/catalogo\/wp-content\/uploads\/2024\/12\/zlabaladadelguadiana_281mmv34.jpg","datePublished":"2024-12-03T14:06:49+00:00","dateModified":"2024-12-03T14:07:50+00:00","breadcrumb":{"@id":"https:\/\/letrame.com\/catalogo\/producto\/la-balada-del-guadiana\/#breadcrumb"},"inLanguage":"es","potentialAction":[{"@type":"ReadAction","target":["https:\/\/letrame.com\/catalogo\/producto\/la-balada-del-guadiana\/"]}]},{"@type":"ImageObject","inLanguage":"es","@id":"https:\/\/letrame.com\/catalogo\/producto\/la-balada-del-guadiana\/#primaryimage","url":"https:\/\/letrame.com\/catalogo\/wp-content\/uploads\/2024\/12\/zlabaladadelguadiana_281mmv34.jpg","contentUrl":"https:\/\/letrame.com\/catalogo\/wp-content\/uploads\/2024\/12\/zlabaladadelguadiana_281mmv34.jpg","width":575,"height":843},{"@type":"BreadcrumbList","@id":"https:\/\/letrame.com\/catalogo\/producto\/la-balada-del-guadiana\/#breadcrumb","itemListElement":[{"@type":"ListItem","position":1,"name":"Portada","item":"https:\/\/letrame.com\/catalogo\/"},{"@type":"ListItem","position":2,"name":"Cat\u00e1logo","item":"https:\/\/letrame.com\/catalogo\/"},{"@type":"ListItem","position":3,"name":"La balada del Guadiana"}]},{"@type":"WebSite","@id":"https:\/\/letrame.com\/catalogo\/#website","url":"https:\/\/letrame.com\/catalogo\/","name":"Catalogo | Letrame Grupo Editorial","description":"","publisher":{"@id":"https:\/\/letrame.com\/catalogo\/#organization"},"potentialAction":[{"@type":"SearchAction","target":{"@type":"EntryPoint","urlTemplate":"https:\/\/letrame.com\/catalogo\/?s={search_term_string}"},"query-input":{"@type":"PropertyValueSpecification","valueRequired":true,"valueName":"search_term_string"}}],"inLanguage":"es"},{"@type":"Organization","@id":"https:\/\/letrame.com\/catalogo\/#organization","name":"Catalogo | Letrame Grupo Editorial","url":"https:\/\/letrame.com\/catalogo\/","logo":{"@type":"ImageObject","inLanguage":"es","@id":"https:\/\/letrame.com\/catalogo\/#\/schema\/logo\/image\/","url":"https:\/\/letrame.com\/catalogo\/wp-content\/uploads\/2024\/03\/logo2.webp","contentUrl":"https:\/\/letrame.com\/catalogo\/wp-content\/uploads\/2024\/03\/logo2.webp","width":394,"height":128,"caption":"Catalogo | Letrame Grupo Editorial"},"image":{"@id":"https:\/\/letrame.com\/catalogo\/#\/schema\/logo\/image\/"}}]}},"_links":{"self":[{"href":"https:\/\/letrame.com\/catalogo\/wp-json\/wp\/v2\/product\/107358","targetHints":{"allow":["GET"]}}],"collection":[{"href":"https:\/\/letrame.com\/catalogo\/wp-json\/wp\/v2\/product"}],"about":[{"href":"https:\/\/letrame.com\/catalogo\/wp-json\/wp\/v2\/types\/product"}],"replies":[{"embeddable":true,"href":"https:\/\/letrame.com\/catalogo\/wp-json\/wp\/v2\/comments?post=107358"}],"acf:post":[{"embeddable":true,"href":"https:\/\/letrame.com\/catalogo\/wp-json\/wp\/v2\/author_book\/107357"}],"wp:featuredmedia":[{"embeddable":true,"href":"https:\/\/letrame.com\/catalogo\/wp-json\/wp\/v2\/media\/107360"}],"wp:attachment":[{"href":"https:\/\/letrame.com\/catalogo\/wp-json\/wp\/v2\/media?parent=107358"}],"wp:term":[{"taxonomy":"libro","embeddable":true,"href":"https:\/\/letrame.com\/catalogo\/wp-json\/wp\/v2\/libro?post=107358"},{"taxonomy":"product_brand","embeddable":true,"href":"https:\/\/letrame.com\/catalogo\/wp-json\/wp\/v2\/product_brand?post=107358"},{"taxonomy":"product_cat","embeddable":true,"href":"https:\/\/letrame.com\/catalogo\/wp-json\/wp\/v2\/product_cat?post=107358"},{"taxonomy":"product_tag","embeddable":true,"href":"https:\/\/letrame.com\/catalogo\/wp-json\/wp\/v2\/product_tag?post=107358"}],"curies":[{"name":"wp","href":"https:\/\/api.w.org\/{rel}","templated":true}]}}