{"id":107299,"date":"2024-12-03T12:18:37","date_gmt":"2024-12-03T11:18:37","guid":{"rendered":"https:\/\/letrame.com\/catalogo\/?post_type=product&#038;p=107299"},"modified":"2024-12-03T12:18:37","modified_gmt":"2024-12-03T11:18:37","slug":"tejiendo-retales-de-una-infancia-rota","status":"publish","type":"product","link":"https:\/\/letrame.com\/catalogo\/producto\/tejiendo-retales-de-una-infancia-rota\/","title":{"rendered":"Tejiendo retales de una infancia rota"},"content":{"rendered":"<p class=\"p1\"><b>ISBN: <\/b>978-84-1089-060-2<\/p>\n<p class=\"p1\"><b>T\u00edtulo:\u00a0<\/b>Tejiendo retales de una infancia rota<\/p>\n<p class=\"p1\"><b>A\u00f1o:\u00a0<\/b>2024<\/p>\n<p class=\"p1\"><b>P\u00e1ginas: <\/b>118<\/p>\n<p class=\"p1\"><b>SINOPSIS<\/b><\/p>\n<p>El trauma de la p\u00e9rdida de mi madre, unido a las habilidades sensitivas con las que nac\u00ed, agrav\u00f3 las falsas ideas que ten\u00eda sobre m\u00ed y sobre quienes me rodeaban. Su muerte me ocasion\u00f3 creer que no era merecedora de cari\u00f1o, que no era una buena hija y que se fue para no estar conmigo. Jam\u00e1s imagin\u00e9 que, a d\u00eda de hoy, mi coraz\u00f3n y mi alma estar\u00edan en paz al recordar a mi padre. He llorado y he sufrido. Me he sentido perdida, sola, rechazada, no querida, incomprendida\u2026 He pasado situaciones de mucho dolor, momentos en los que no encontraba sentido a mi vida. S\u00ed, me he juzgado, culpado y sentenciado por tantos y tantos motivos\u2026 Hoy quiero compartir contigo ese proceso.<\/p>\n<p>Este camino comienza en un callej\u00f3n sin salida que, con el tiempo, toma forma y luz para convertirse en comprensi\u00f3n y perd\u00f3n. Desear\u00eda que mi experiencia fuese \u00fatil en tu lucha para que nunca desfallezcas y no pierdas la esperanza. Me gustar\u00eda mostrarte la certeza de que, comprendi\u00e9ndote a ti misma, conoci\u00e9ndote, perdon\u00e1ndote y perdonando a los dem\u00e1s, se consigue la sanaci\u00f3n y la liberaci\u00f3n. Mi aprendizaje, el contacto con seres de luz y mi adiestramiento con la metaf\u00edsica tambi\u00e9n me han permitido aprender de las experiencias de vidas pasadas. Con estas conexiones he podido acceder a informaci\u00f3n que ha ayudado a mi alma a crecer espiritualmente y a comprender el porqu\u00e9 de mi historia de vida.<\/p>\n","protected":false},"excerpt":{"rendered":"<p class=\"p1\"><b>ISBN: <\/b>978-84-1089-060-2<\/p>\n<p class=\"p1\">\n<p class=\"p1\"><b>SINOPSIS<\/b><\/p>\n<p>El trauma de la p\u00e9rdida de mi madre, unido a las habilidades sensitivas con las que nac\u00ed, agrav\u00f3 las falsas ideas que ten\u00eda sobre m\u00ed y sobre quienes me rodeaban. Su muerte me ocasion\u00f3 creer que no era merecedora de cari\u00f1o, que no era una buena hija y que se fue para no estar conmigo. Jam\u00e1s imagin\u00e9 que, a d\u00eda de hoy, mi coraz\u00f3n y mi alma estar\u00edan en paz al recordar a mi padre. He llorado y he sufrido. Me he sentido perdida, sola, rechazada, no querida, incomprendida\u2026 He pasado situaciones de mucho dolor, momentos en los que no encontraba sentido a mi vida. S\u00ed, me he juzgado, culpado y sentenciado por tantos y tantos motivos\u2026 Hoy quiero compartir contigo ese proceso.<\/p>\n<p>Este camino comienza en un callej\u00f3n sin salida que, con el tiempo, toma forma y luz para convertirse en comprensi\u00f3n y perd\u00f3n. Desear\u00eda que mi experiencia fuese \u00fatil en tu lucha para que nunca desfallezcas y no pierdas la esperanza. Me gustar\u00eda mostrarte la certeza de que, comprendi\u00e9ndote a ti misma, conoci\u00e9ndote, perdon\u00e1ndote y perdonando a los dem\u00e1s, se consigue la sanaci\u00f3n y la liberaci\u00f3n. Mi aprendizaje, el contacto con seres de luz y mi adiestramiento con la metaf\u00edsica tambi\u00e9n me han permitido aprender de las experiencias de vidas pasadas. Con estas conexiones he podido acceder a informaci\u00f3n que ha ayudado a mi alma a crecer espiritualmente y a comprender el porqu\u00e9 de mi historia de vida.<\/p>\n","protected":false},"featured_media":107301,"comment_status":"open","ping_status":"closed","template":"","meta":{"_acf_changed":false},"libro":[],"product_brand":[],"product_cat":[102],"product_tag":[],"class_list":{"0":"post-107299","1":"product","2":"type-product","3":"status-publish","4":"has-post-thumbnail","6":"product_cat-biografia","8":"first","9":"instock","10":"shipping-taxable","11":"product-type-simple"},"acf":{"autor":[107294],"enlace_de_compra":"https:\/\/www.agapea.com\/Maryan-Granados-Ramirez\/Tejiendo-retales-de-una-infancia-rota-9788410890602-i.htm?srsltid=AfmBOoofNSyfI9QeFdZi93U7ZgTsFE7liS9YIQZs9QYLsQaPpC1dNG4K"},"yoast_head":"<!-- This site is optimized with the Yoast SEO plugin v27.4 - https:\/\/yoast.com\/product\/yoast-seo-wordpress\/ -->\n<title>Tejiendo retales de una infancia rota - Catalogo | Letrame Grupo Editorial<\/title>\n<meta name=\"robots\" content=\"index, follow, max-snippet:-1, max-image-preview:large, max-video-preview:-1\" \/>\n<link rel=\"canonical\" href=\"https:\/\/letrame.com\/catalogo\/producto\/tejiendo-retales-de-una-infancia-rota\/\" \/>\n<meta property=\"og:locale\" content=\"es_ES\" \/>\n<meta property=\"og:type\" content=\"article\" \/>\n<meta property=\"og:title\" content=\"Tejiendo retales de una infancia rota - Catalogo | Letrame Grupo Editorial\" \/>\n<meta property=\"og:description\" content=\"ISBN: 978-84-1089-060-2  SINOPSIS El trauma de la p\u00e9rdida de mi madre, unido a las habilidades sensitivas con las que nac\u00ed, agrav\u00f3 las falsas ideas que ten\u00eda sobre m\u00ed y sobre quienes me rodeaban. Su muerte me ocasion\u00f3 creer que no era merecedora de cari\u00f1o, que no era una buena hija y que se fue para no estar conmigo. Jam\u00e1s imagin\u00e9 que, a d\u00eda de hoy, mi coraz\u00f3n y mi alma estar\u00edan en paz al recordar a mi padre. He llorado y he sufrido. Me he sentido perdida, sola, rechazada, no querida, incomprendida\u2026 He pasado situaciones de mucho dolor, momentos en los que no encontraba sentido a mi vida. S\u00ed, me he juzgado, culpado y sentenciado por tantos y tantos motivos\u2026 Hoy quiero compartir contigo ese proceso.  Este camino comienza en un callej\u00f3n sin salida que, con el tiempo, toma forma y luz para convertirse en comprensi\u00f3n y perd\u00f3n. Desear\u00eda que mi experiencia fuese \u00fatil en tu lucha para que nunca desfallezcas y no pierdas la esperanza. Me gustar\u00eda mostrarte la certeza de que, comprendi\u00e9ndote a ti misma, conoci\u00e9ndote, perdon\u00e1ndote y perdonando a los dem\u00e1s, se consigue la sanaci\u00f3n y la liberaci\u00f3n. Mi aprendizaje, el contacto con seres de luz y mi adiestramiento con la metaf\u00edsica tambi\u00e9n me han permitido aprender de las experiencias de vidas pasadas. Con estas conexiones he podido acceder a informaci\u00f3n que ha ayudado a mi alma a crecer espiritualmente y a comprender el porqu\u00e9 de mi historia de vida.\" \/>\n<meta property=\"og:url\" content=\"https:\/\/letrame.com\/catalogo\/producto\/tejiendo-retales-de-una-infancia-rota\/\" \/>\n<meta property=\"og:site_name\" content=\"Catalogo | Letrame Grupo Editorial\" \/>\n<meta property=\"og:image\" content=\"https:\/\/letrame.com\/catalogo\/wp-content\/uploads\/2024\/12\/tejiendoretales_568mm4.jpg\" \/>\n\t<meta property=\"og:image:width\" content=\"1654\" \/>\n\t<meta property=\"og:image:height\" content=\"2362\" \/>\n\t<meta property=\"og:image:type\" content=\"image\/jpeg\" \/>\n<meta name=\"twitter:card\" content=\"summary_large_image\" \/>\n<meta name=\"twitter:label1\" content=\"Tiempo de lectura\" \/>\n\t<meta name=\"twitter:data1\" content=\"2 minutos\" \/>\n<script type=\"application\/ld+json\" class=\"yoast-schema-graph\">{\"@context\":\"https:\\\/\\\/schema.org\",\"@graph\":[{\"@type\":\"WebPage\",\"@id\":\"https:\\\/\\\/letrame.com\\\/catalogo\\\/producto\\\/tejiendo-retales-de-una-infancia-rota\\\/\",\"url\":\"https:\\\/\\\/letrame.com\\\/catalogo\\\/producto\\\/tejiendo-retales-de-una-infancia-rota\\\/\",\"name\":\"Tejiendo retales de una infancia rota - Catalogo | Letrame Grupo Editorial\",\"isPartOf\":{\"@id\":\"https:\\\/\\\/letrame.com\\\/catalogo\\\/#website\"},\"primaryImageOfPage\":{\"@id\":\"https:\\\/\\\/letrame.com\\\/catalogo\\\/producto\\\/tejiendo-retales-de-una-infancia-rota\\\/#primaryimage\"},\"image\":{\"@id\":\"https:\\\/\\\/letrame.com\\\/catalogo\\\/producto\\\/tejiendo-retales-de-una-infancia-rota\\\/#primaryimage\"},\"thumbnailUrl\":\"https:\\\/\\\/letrame.com\\\/catalogo\\\/wp-content\\\/uploads\\\/2024\\\/12\\\/tejiendoretales_568mm4.jpg\",\"datePublished\":\"2024-12-03T11:18:37+00:00\",\"breadcrumb\":{\"@id\":\"https:\\\/\\\/letrame.com\\\/catalogo\\\/producto\\\/tejiendo-retales-de-una-infancia-rota\\\/#breadcrumb\"},\"inLanguage\":\"es\",\"potentialAction\":[{\"@type\":\"ReadAction\",\"target\":[\"https:\\\/\\\/letrame.com\\\/catalogo\\\/producto\\\/tejiendo-retales-de-una-infancia-rota\\\/\"]}]},{\"@type\":\"ImageObject\",\"inLanguage\":\"es\",\"@id\":\"https:\\\/\\\/letrame.com\\\/catalogo\\\/producto\\\/tejiendo-retales-de-una-infancia-rota\\\/#primaryimage\",\"url\":\"https:\\\/\\\/letrame.com\\\/catalogo\\\/wp-content\\\/uploads\\\/2024\\\/12\\\/tejiendoretales_568mm4.jpg\",\"contentUrl\":\"https:\\\/\\\/letrame.com\\\/catalogo\\\/wp-content\\\/uploads\\\/2024\\\/12\\\/tejiendoretales_568mm4.jpg\",\"width\":1654,\"height\":2362},{\"@type\":\"BreadcrumbList\",\"@id\":\"https:\\\/\\\/letrame.com\\\/catalogo\\\/producto\\\/tejiendo-retales-de-una-infancia-rota\\\/#breadcrumb\",\"itemListElement\":[{\"@type\":\"ListItem\",\"position\":1,\"name\":\"Portada\",\"item\":\"https:\\\/\\\/letrame.com\\\/catalogo\\\/\"},{\"@type\":\"ListItem\",\"position\":2,\"name\":\"Cat\u00e1logo\",\"item\":\"https:\\\/\\\/letrame.com\\\/catalogo\\\/\"},{\"@type\":\"ListItem\",\"position\":3,\"name\":\"Tejiendo retales de una infancia rota\"}]},{\"@type\":\"WebSite\",\"@id\":\"https:\\\/\\\/letrame.com\\\/catalogo\\\/#website\",\"url\":\"https:\\\/\\\/letrame.com\\\/catalogo\\\/\",\"name\":\"Catalogo | Letrame Grupo Editorial\",\"description\":\"\",\"publisher\":{\"@id\":\"https:\\\/\\\/letrame.com\\\/catalogo\\\/#organization\"},\"potentialAction\":[{\"@type\":\"SearchAction\",\"target\":{\"@type\":\"EntryPoint\",\"urlTemplate\":\"https:\\\/\\\/letrame.com\\\/catalogo\\\/?s={search_term_string}\"},\"query-input\":{\"@type\":\"PropertyValueSpecification\",\"valueRequired\":true,\"valueName\":\"search_term_string\"}}],\"inLanguage\":\"es\"},{\"@type\":\"Organization\",\"@id\":\"https:\\\/\\\/letrame.com\\\/catalogo\\\/#organization\",\"name\":\"Catalogo | Letrame Grupo Editorial\",\"url\":\"https:\\\/\\\/letrame.com\\\/catalogo\\\/\",\"logo\":{\"@type\":\"ImageObject\",\"inLanguage\":\"es\",\"@id\":\"https:\\\/\\\/letrame.com\\\/catalogo\\\/#\\\/schema\\\/logo\\\/image\\\/\",\"url\":\"https:\\\/\\\/letrame.com\\\/catalogo\\\/wp-content\\\/uploads\\\/2024\\\/03\\\/logo2.webp\",\"contentUrl\":\"https:\\\/\\\/letrame.com\\\/catalogo\\\/wp-content\\\/uploads\\\/2024\\\/03\\\/logo2.webp\",\"width\":394,\"height\":128,\"caption\":\"Catalogo | Letrame Grupo Editorial\"},\"image\":{\"@id\":\"https:\\\/\\\/letrame.com\\\/catalogo\\\/#\\\/schema\\\/logo\\\/image\\\/\"}}]}<\/script>\n<!-- \/ Yoast SEO plugin. -->","yoast_head_json":{"title":"Tejiendo retales de una infancia rota - Catalogo | Letrame Grupo Editorial","robots":{"index":"index","follow":"follow","max-snippet":"max-snippet:-1","max-image-preview":"max-image-preview:large","max-video-preview":"max-video-preview:-1"},"canonical":"https:\/\/letrame.com\/catalogo\/producto\/tejiendo-retales-de-una-infancia-rota\/","og_locale":"es_ES","og_type":"article","og_title":"Tejiendo retales de una infancia rota - Catalogo | Letrame Grupo Editorial","og_description":"ISBN: 978-84-1089-060-2  SINOPSIS El trauma de la p\u00e9rdida de mi madre, unido a las habilidades sensitivas con las que nac\u00ed, agrav\u00f3 las falsas ideas que ten\u00eda sobre m\u00ed y sobre quienes me rodeaban. Su muerte me ocasion\u00f3 creer que no era merecedora de cari\u00f1o, que no era una buena hija y que se fue para no estar conmigo. Jam\u00e1s imagin\u00e9 que, a d\u00eda de hoy, mi coraz\u00f3n y mi alma estar\u00edan en paz al recordar a mi padre. He llorado y he sufrido. Me he sentido perdida, sola, rechazada, no querida, incomprendida\u2026 He pasado situaciones de mucho dolor, momentos en los que no encontraba sentido a mi vida. S\u00ed, me he juzgado, culpado y sentenciado por tantos y tantos motivos\u2026 Hoy quiero compartir contigo ese proceso.  Este camino comienza en un callej\u00f3n sin salida que, con el tiempo, toma forma y luz para convertirse en comprensi\u00f3n y perd\u00f3n. Desear\u00eda que mi experiencia fuese \u00fatil en tu lucha para que nunca desfallezcas y no pierdas la esperanza. Me gustar\u00eda mostrarte la certeza de que, comprendi\u00e9ndote a ti misma, conoci\u00e9ndote, perdon\u00e1ndote y perdonando a los dem\u00e1s, se consigue la sanaci\u00f3n y la liberaci\u00f3n. Mi aprendizaje, el contacto con seres de luz y mi adiestramiento con la metaf\u00edsica tambi\u00e9n me han permitido aprender de las experiencias de vidas pasadas. Con estas conexiones he podido acceder a informaci\u00f3n que ha ayudado a mi alma a crecer espiritualmente y a comprender el porqu\u00e9 de mi historia de vida.","og_url":"https:\/\/letrame.com\/catalogo\/producto\/tejiendo-retales-de-una-infancia-rota\/","og_site_name":"Catalogo | Letrame Grupo Editorial","og_image":[{"width":1654,"height":2362,"url":"https:\/\/letrame.com\/catalogo\/wp-content\/uploads\/2024\/12\/tejiendoretales_568mm4.jpg","type":"image\/jpeg"}],"twitter_card":"summary_large_image","twitter_misc":{"Tiempo de lectura":"2 minutos"},"schema":{"@context":"https:\/\/schema.org","@graph":[{"@type":"WebPage","@id":"https:\/\/letrame.com\/catalogo\/producto\/tejiendo-retales-de-una-infancia-rota\/","url":"https:\/\/letrame.com\/catalogo\/producto\/tejiendo-retales-de-una-infancia-rota\/","name":"Tejiendo retales de una infancia rota - Catalogo | Letrame Grupo Editorial","isPartOf":{"@id":"https:\/\/letrame.com\/catalogo\/#website"},"primaryImageOfPage":{"@id":"https:\/\/letrame.com\/catalogo\/producto\/tejiendo-retales-de-una-infancia-rota\/#primaryimage"},"image":{"@id":"https:\/\/letrame.com\/catalogo\/producto\/tejiendo-retales-de-una-infancia-rota\/#primaryimage"},"thumbnailUrl":"https:\/\/letrame.com\/catalogo\/wp-content\/uploads\/2024\/12\/tejiendoretales_568mm4.jpg","datePublished":"2024-12-03T11:18:37+00:00","breadcrumb":{"@id":"https:\/\/letrame.com\/catalogo\/producto\/tejiendo-retales-de-una-infancia-rota\/#breadcrumb"},"inLanguage":"es","potentialAction":[{"@type":"ReadAction","target":["https:\/\/letrame.com\/catalogo\/producto\/tejiendo-retales-de-una-infancia-rota\/"]}]},{"@type":"ImageObject","inLanguage":"es","@id":"https:\/\/letrame.com\/catalogo\/producto\/tejiendo-retales-de-una-infancia-rota\/#primaryimage","url":"https:\/\/letrame.com\/catalogo\/wp-content\/uploads\/2024\/12\/tejiendoretales_568mm4.jpg","contentUrl":"https:\/\/letrame.com\/catalogo\/wp-content\/uploads\/2024\/12\/tejiendoretales_568mm4.jpg","width":1654,"height":2362},{"@type":"BreadcrumbList","@id":"https:\/\/letrame.com\/catalogo\/producto\/tejiendo-retales-de-una-infancia-rota\/#breadcrumb","itemListElement":[{"@type":"ListItem","position":1,"name":"Portada","item":"https:\/\/letrame.com\/catalogo\/"},{"@type":"ListItem","position":2,"name":"Cat\u00e1logo","item":"https:\/\/letrame.com\/catalogo\/"},{"@type":"ListItem","position":3,"name":"Tejiendo retales de una infancia rota"}]},{"@type":"WebSite","@id":"https:\/\/letrame.com\/catalogo\/#website","url":"https:\/\/letrame.com\/catalogo\/","name":"Catalogo | Letrame Grupo Editorial","description":"","publisher":{"@id":"https:\/\/letrame.com\/catalogo\/#organization"},"potentialAction":[{"@type":"SearchAction","target":{"@type":"EntryPoint","urlTemplate":"https:\/\/letrame.com\/catalogo\/?s={search_term_string}"},"query-input":{"@type":"PropertyValueSpecification","valueRequired":true,"valueName":"search_term_string"}}],"inLanguage":"es"},{"@type":"Organization","@id":"https:\/\/letrame.com\/catalogo\/#organization","name":"Catalogo | Letrame Grupo Editorial","url":"https:\/\/letrame.com\/catalogo\/","logo":{"@type":"ImageObject","inLanguage":"es","@id":"https:\/\/letrame.com\/catalogo\/#\/schema\/logo\/image\/","url":"https:\/\/letrame.com\/catalogo\/wp-content\/uploads\/2024\/03\/logo2.webp","contentUrl":"https:\/\/letrame.com\/catalogo\/wp-content\/uploads\/2024\/03\/logo2.webp","width":394,"height":128,"caption":"Catalogo | Letrame Grupo Editorial"},"image":{"@id":"https:\/\/letrame.com\/catalogo\/#\/schema\/logo\/image\/"}}]}},"_links":{"self":[{"href":"https:\/\/letrame.com\/catalogo\/wp-json\/wp\/v2\/product\/107299","targetHints":{"allow":["GET"]}}],"collection":[{"href":"https:\/\/letrame.com\/catalogo\/wp-json\/wp\/v2\/product"}],"about":[{"href":"https:\/\/letrame.com\/catalogo\/wp-json\/wp\/v2\/types\/product"}],"replies":[{"embeddable":true,"href":"https:\/\/letrame.com\/catalogo\/wp-json\/wp\/v2\/comments?post=107299"}],"acf:post":[{"embeddable":true,"href":"https:\/\/letrame.com\/catalogo\/wp-json\/wp\/v2\/author_book\/107294"}],"wp:featuredmedia":[{"embeddable":true,"href":"https:\/\/letrame.com\/catalogo\/wp-json\/wp\/v2\/media\/107301"}],"wp:attachment":[{"href":"https:\/\/letrame.com\/catalogo\/wp-json\/wp\/v2\/media?parent=107299"}],"wp:term":[{"taxonomy":"libro","embeddable":true,"href":"https:\/\/letrame.com\/catalogo\/wp-json\/wp\/v2\/libro?post=107299"},{"taxonomy":"product_brand","embeddable":true,"href":"https:\/\/letrame.com\/catalogo\/wp-json\/wp\/v2\/product_brand?post=107299"},{"taxonomy":"product_cat","embeddable":true,"href":"https:\/\/letrame.com\/catalogo\/wp-json\/wp\/v2\/product_cat?post=107299"},{"taxonomy":"product_tag","embeddable":true,"href":"https:\/\/letrame.com\/catalogo\/wp-json\/wp\/v2\/product_tag?post=107299"}],"curies":[{"name":"wp","href":"https:\/\/api.w.org\/{rel}","templated":true}]}}