{"id":107264,"date":"2024-11-06T12:14:10","date_gmt":"2024-11-06T11:14:10","guid":{"rendered":"https:\/\/letrame.com\/catalogo\/?post_type=product&#038;p=107264"},"modified":"2024-11-06T12:14:10","modified_gmt":"2024-11-06T11:14:10","slug":"la-casa-de-las-amapolas-rojas","status":"publish","type":"product","link":"https:\/\/letrame.com\/catalogo\/producto\/la-casa-de-las-amapolas-rojas\/","title":{"rendered":"La Casa de las Amapolas Rojas"},"content":{"rendered":"<p class=\"p1\"><b>ISBN: <\/b>978-84-1089-098-5<\/p>\n<p class=\"p1\"><b>T\u00edtulo: <\/b>La Casa de las Amapolas Rojas<\/p>\n<p class=\"p1\"><b>A\u00f1o:\u00a0<\/b>2024<\/p>\n<p class=\"p1\"><b>P\u00e1ginas: <\/b>454<\/p>\n<p class=\"p1\"><b>SINOPSIS<\/b><\/p>\n<p>A mediados de siglo XX, durante la posguerra civil espa\u00f1ola, en el arrecife de los Corales del Campo de V\u00e9jard, una ni\u00f1a es considerada ahogada. Rafael el <em>Mulero<\/em> sale dispuesto a encontrarla, traerla\u2026<\/p>\n<p>D\u00e9cadas m\u00e1s tarde, Salma Arroyo Soler, una modista en su juventud y reciente viuda, que ha dedicado su vida a un despegado esposo, a sus hijas y a un duro trabajo de vaquera, se despide de la aldea de Castel de Ponfer en Tarragona para regresar a su tierra natal de Almer\u00eda. Dejar\u00e1 atr\u00e1s un matrimonio de mal avenencias con un hombre que le hab\u00eda sido introducido en su vida, ajena al motivo por el que todo eso hab\u00eda sido infundado.<\/p>\n<p>Un tiempo despu\u00e9s de su regreso, se encontrar\u00e1 con un oc\u00e9ano de falsas verdades de personas que, habi\u00e9ndola criado y adorado, son ajenas a su sangre, y despu\u00e9s de salir la amarga verdad a la luz y de darles sepultura a todos, decide desprenderse de lo que la un\u00eda a ellos, cerrar la herida de la mentira, el desenga\u00f1o. Y mientras pone en marcha su plan se reencuentra con una historia de amor inacabada de su juventud, adem\u00e1s de los recuerdos guardados y olvidados en la m\u00e1s rec\u00f3ndita y dolida memoria de una chiquilla.<\/p>\n","protected":false},"excerpt":{"rendered":"<p class=\"p1\"><b>ISBN: <\/b>978-84-1089-098-5<\/p>\n<p class=\"p1\"><b>SINOPSIS<\/b><\/p>\n<p>A mediados de siglo XX, durante la posguerra civil espa\u00f1ola, en el arrecife de los Corales del Campo de V\u00e9jard, una ni\u00f1a es considerada ahogada. Rafael el <em>Mulero<\/em> sale dispuesto a encontrarla, traerla\u2026<\/p>\n<p>D\u00e9cadas m\u00e1s tarde, Salma Arroyo Soler, una modista en su juventud y reciente viuda, que ha dedicado su vida a un despegado esposo, a sus hijas y a un duro trabajo de vaquera, se despide de la aldea de Castel de Ponfer en Tarragona para regresar a su tierra natal de Almer\u00eda. Dejar\u00e1 atr\u00e1s un matrimonio de mal avenencias con un hombre que le hab\u00eda sido introducido en su vida, ajena al motivo por el que todo eso hab\u00eda sido infundado.<\/p>\n<p>Un tiempo despu\u00e9s de su regreso, se encontrar\u00e1 con un oc\u00e9ano de falsas verdades de personas que, habi\u00e9ndola criado y adorado, son ajenas a su sangre, y despu\u00e9s de salir la amarga verdad a la luz y de darles sepultura a todos, decide desprenderse de lo que la un\u00eda a ellos, cerrar la herida de la mentira, el desenga\u00f1o. Y mientras pone en marcha su plan se reencuentra con una historia de amor inacabada de su juventud, adem\u00e1s de los recuerdos guardados y olvidados en la m\u00e1s rec\u00f3ndita y dolida memoria de una chiquilla.<\/p>\n","protected":false},"featured_media":107268,"comment_status":"open","ping_status":"closed","template":"","meta":{"_acf_changed":false},"libro":[],"product_brand":[],"product_cat":[29],"product_tag":[],"class_list":{"0":"post-107264","1":"product","2":"type-product","3":"status-publish","4":"has-post-thumbnail","6":"product_cat-novela-historica","8":"first","9":"instock","10":"shipping-taxable","11":"product-type-simple"},"acf":{"autor":[107265],"enlace_de_compra":"https:\/\/amzn.to\/4frfh7m"},"yoast_head":"<!-- This site is optimized with the Yoast SEO plugin v27.4 - https:\/\/yoast.com\/product\/yoast-seo-wordpress\/ -->\n<title>La Casa de las Amapolas Rojas - Catalogo | Letrame Grupo Editorial<\/title>\n<meta name=\"robots\" content=\"index, follow, max-snippet:-1, max-image-preview:large, max-video-preview:-1\" \/>\n<link rel=\"canonical\" href=\"https:\/\/letrame.com\/catalogo\/producto\/la-casa-de-las-amapolas-rojas\/\" \/>\n<meta property=\"og:locale\" content=\"es_ES\" \/>\n<meta property=\"og:type\" content=\"article\" \/>\n<meta property=\"og:title\" content=\"La Casa de las Amapolas Rojas - Catalogo | Letrame Grupo Editorial\" \/>\n<meta property=\"og:description\" content=\"ISBN: 978-84-1089-098-5 SINOPSIS A mediados de siglo XX, durante la posguerra civil espa\u00f1ola, en el arrecife de los Corales del Campo de V\u00e9jard, una ni\u00f1a es considerada ahogada. Rafael el Mulero sale dispuesto a encontrarla, traerla\u2026  D\u00e9cadas m\u00e1s tarde, Salma Arroyo Soler, una modista en su juventud y reciente viuda, que ha dedicado su vida a un despegado esposo, a sus hijas y a un duro trabajo de vaquera, se despide de la aldea de Castel de Ponfer en Tarragona para regresar a su tierra natal de Almer\u00eda. Dejar\u00e1 atr\u00e1s un matrimonio de mal avenencias con un hombre que le hab\u00eda sido introducido en su vida, ajena al motivo por el que todo eso hab\u00eda sido infundado.  Un tiempo despu\u00e9s de su regreso, se encontrar\u00e1 con un oc\u00e9ano de falsas verdades de personas que, habi\u00e9ndola criado y adorado, son ajenas a su sangre, y despu\u00e9s de salir la amarga verdad a la luz y de darles sepultura a todos, decide desprenderse de lo que la un\u00eda a ellos, cerrar la herida de la mentira, el desenga\u00f1o. Y mientras pone en marcha su plan se reencuentra con una historia de amor inacabada de su juventud, adem\u00e1s de los recuerdos guardados y olvidados en la m\u00e1s rec\u00f3ndita y dolida memoria de una chiquilla.\" \/>\n<meta property=\"og:url\" content=\"https:\/\/letrame.com\/catalogo\/producto\/la-casa-de-las-amapolas-rojas\/\" \/>\n<meta property=\"og:site_name\" content=\"Catalogo | Letrame Grupo Editorial\" \/>\n<meta property=\"og:image\" content=\"https:\/\/letrame.com\/catalogo\/wp-content\/uploads\/2024\/11\/zlacasadelasamapolas_22mm4.jpg\" \/>\n\t<meta property=\"og:image:width\" content=\"425\" \/>\n\t<meta property=\"og:image:height\" content=\"611\" \/>\n\t<meta property=\"og:image:type\" content=\"image\/jpeg\" \/>\n<meta name=\"twitter:card\" content=\"summary_large_image\" \/>\n<meta name=\"twitter:label1\" content=\"Tiempo de lectura\" \/>\n\t<meta name=\"twitter:data1\" content=\"2 minutos\" \/>\n<script type=\"application\/ld+json\" class=\"yoast-schema-graph\">{\"@context\":\"https:\\\/\\\/schema.org\",\"@graph\":[{\"@type\":\"WebPage\",\"@id\":\"https:\\\/\\\/letrame.com\\\/catalogo\\\/producto\\\/la-casa-de-las-amapolas-rojas\\\/\",\"url\":\"https:\\\/\\\/letrame.com\\\/catalogo\\\/producto\\\/la-casa-de-las-amapolas-rojas\\\/\",\"name\":\"La Casa de las Amapolas Rojas - Catalogo | Letrame Grupo Editorial\",\"isPartOf\":{\"@id\":\"https:\\\/\\\/letrame.com\\\/catalogo\\\/#website\"},\"primaryImageOfPage\":{\"@id\":\"https:\\\/\\\/letrame.com\\\/catalogo\\\/producto\\\/la-casa-de-las-amapolas-rojas\\\/#primaryimage\"},\"image\":{\"@id\":\"https:\\\/\\\/letrame.com\\\/catalogo\\\/producto\\\/la-casa-de-las-amapolas-rojas\\\/#primaryimage\"},\"thumbnailUrl\":\"https:\\\/\\\/letrame.com\\\/catalogo\\\/wp-content\\\/uploads\\\/2024\\\/11\\\/zlacasadelasamapolas_22mm4.jpg\",\"datePublished\":\"2024-11-06T11:14:10+00:00\",\"breadcrumb\":{\"@id\":\"https:\\\/\\\/letrame.com\\\/catalogo\\\/producto\\\/la-casa-de-las-amapolas-rojas\\\/#breadcrumb\"},\"inLanguage\":\"es\",\"potentialAction\":[{\"@type\":\"ReadAction\",\"target\":[\"https:\\\/\\\/letrame.com\\\/catalogo\\\/producto\\\/la-casa-de-las-amapolas-rojas\\\/\"]}]},{\"@type\":\"ImageObject\",\"inLanguage\":\"es\",\"@id\":\"https:\\\/\\\/letrame.com\\\/catalogo\\\/producto\\\/la-casa-de-las-amapolas-rojas\\\/#primaryimage\",\"url\":\"https:\\\/\\\/letrame.com\\\/catalogo\\\/wp-content\\\/uploads\\\/2024\\\/11\\\/zlacasadelasamapolas_22mm4.jpg\",\"contentUrl\":\"https:\\\/\\\/letrame.com\\\/catalogo\\\/wp-content\\\/uploads\\\/2024\\\/11\\\/zlacasadelasamapolas_22mm4.jpg\",\"width\":425,\"height\":611},{\"@type\":\"BreadcrumbList\",\"@id\":\"https:\\\/\\\/letrame.com\\\/catalogo\\\/producto\\\/la-casa-de-las-amapolas-rojas\\\/#breadcrumb\",\"itemListElement\":[{\"@type\":\"ListItem\",\"position\":1,\"name\":\"Portada\",\"item\":\"https:\\\/\\\/letrame.com\\\/catalogo\\\/\"},{\"@type\":\"ListItem\",\"position\":2,\"name\":\"Cat\u00e1logo\",\"item\":\"https:\\\/\\\/letrame.com\\\/catalogo\\\/\"},{\"@type\":\"ListItem\",\"position\":3,\"name\":\"La Casa de las Amapolas Rojas\"}]},{\"@type\":\"WebSite\",\"@id\":\"https:\\\/\\\/letrame.com\\\/catalogo\\\/#website\",\"url\":\"https:\\\/\\\/letrame.com\\\/catalogo\\\/\",\"name\":\"Catalogo | Letrame Grupo Editorial\",\"description\":\"\",\"publisher\":{\"@id\":\"https:\\\/\\\/letrame.com\\\/catalogo\\\/#organization\"},\"potentialAction\":[{\"@type\":\"SearchAction\",\"target\":{\"@type\":\"EntryPoint\",\"urlTemplate\":\"https:\\\/\\\/letrame.com\\\/catalogo\\\/?s={search_term_string}\"},\"query-input\":{\"@type\":\"PropertyValueSpecification\",\"valueRequired\":true,\"valueName\":\"search_term_string\"}}],\"inLanguage\":\"es\"},{\"@type\":\"Organization\",\"@id\":\"https:\\\/\\\/letrame.com\\\/catalogo\\\/#organization\",\"name\":\"Catalogo | Letrame Grupo Editorial\",\"url\":\"https:\\\/\\\/letrame.com\\\/catalogo\\\/\",\"logo\":{\"@type\":\"ImageObject\",\"inLanguage\":\"es\",\"@id\":\"https:\\\/\\\/letrame.com\\\/catalogo\\\/#\\\/schema\\\/logo\\\/image\\\/\",\"url\":\"https:\\\/\\\/letrame.com\\\/catalogo\\\/wp-content\\\/uploads\\\/2024\\\/03\\\/logo2.webp\",\"contentUrl\":\"https:\\\/\\\/letrame.com\\\/catalogo\\\/wp-content\\\/uploads\\\/2024\\\/03\\\/logo2.webp\",\"width\":394,\"height\":128,\"caption\":\"Catalogo | Letrame Grupo Editorial\"},\"image\":{\"@id\":\"https:\\\/\\\/letrame.com\\\/catalogo\\\/#\\\/schema\\\/logo\\\/image\\\/\"}}]}<\/script>\n<!-- \/ Yoast SEO plugin. -->","yoast_head_json":{"title":"La Casa de las Amapolas Rojas - Catalogo | Letrame Grupo Editorial","robots":{"index":"index","follow":"follow","max-snippet":"max-snippet:-1","max-image-preview":"max-image-preview:large","max-video-preview":"max-video-preview:-1"},"canonical":"https:\/\/letrame.com\/catalogo\/producto\/la-casa-de-las-amapolas-rojas\/","og_locale":"es_ES","og_type":"article","og_title":"La Casa de las Amapolas Rojas - Catalogo | Letrame Grupo Editorial","og_description":"ISBN: 978-84-1089-098-5 SINOPSIS A mediados de siglo XX, durante la posguerra civil espa\u00f1ola, en el arrecife de los Corales del Campo de V\u00e9jard, una ni\u00f1a es considerada ahogada. Rafael el Mulero sale dispuesto a encontrarla, traerla\u2026  D\u00e9cadas m\u00e1s tarde, Salma Arroyo Soler, una modista en su juventud y reciente viuda, que ha dedicado su vida a un despegado esposo, a sus hijas y a un duro trabajo de vaquera, se despide de la aldea de Castel de Ponfer en Tarragona para regresar a su tierra natal de Almer\u00eda. Dejar\u00e1 atr\u00e1s un matrimonio de mal avenencias con un hombre que le hab\u00eda sido introducido en su vida, ajena al motivo por el que todo eso hab\u00eda sido infundado.  Un tiempo despu\u00e9s de su regreso, se encontrar\u00e1 con un oc\u00e9ano de falsas verdades de personas que, habi\u00e9ndola criado y adorado, son ajenas a su sangre, y despu\u00e9s de salir la amarga verdad a la luz y de darles sepultura a todos, decide desprenderse de lo que la un\u00eda a ellos, cerrar la herida de la mentira, el desenga\u00f1o. Y mientras pone en marcha su plan se reencuentra con una historia de amor inacabada de su juventud, adem\u00e1s de los recuerdos guardados y olvidados en la m\u00e1s rec\u00f3ndita y dolida memoria de una chiquilla.","og_url":"https:\/\/letrame.com\/catalogo\/producto\/la-casa-de-las-amapolas-rojas\/","og_site_name":"Catalogo | Letrame Grupo Editorial","og_image":[{"width":425,"height":611,"url":"https:\/\/letrame.com\/catalogo\/wp-content\/uploads\/2024\/11\/zlacasadelasamapolas_22mm4.jpg","type":"image\/jpeg"}],"twitter_card":"summary_large_image","twitter_misc":{"Tiempo de lectura":"2 minutos"},"schema":{"@context":"https:\/\/schema.org","@graph":[{"@type":"WebPage","@id":"https:\/\/letrame.com\/catalogo\/producto\/la-casa-de-las-amapolas-rojas\/","url":"https:\/\/letrame.com\/catalogo\/producto\/la-casa-de-las-amapolas-rojas\/","name":"La Casa de las Amapolas Rojas - Catalogo | Letrame Grupo Editorial","isPartOf":{"@id":"https:\/\/letrame.com\/catalogo\/#website"},"primaryImageOfPage":{"@id":"https:\/\/letrame.com\/catalogo\/producto\/la-casa-de-las-amapolas-rojas\/#primaryimage"},"image":{"@id":"https:\/\/letrame.com\/catalogo\/producto\/la-casa-de-las-amapolas-rojas\/#primaryimage"},"thumbnailUrl":"https:\/\/letrame.com\/catalogo\/wp-content\/uploads\/2024\/11\/zlacasadelasamapolas_22mm4.jpg","datePublished":"2024-11-06T11:14:10+00:00","breadcrumb":{"@id":"https:\/\/letrame.com\/catalogo\/producto\/la-casa-de-las-amapolas-rojas\/#breadcrumb"},"inLanguage":"es","potentialAction":[{"@type":"ReadAction","target":["https:\/\/letrame.com\/catalogo\/producto\/la-casa-de-las-amapolas-rojas\/"]}]},{"@type":"ImageObject","inLanguage":"es","@id":"https:\/\/letrame.com\/catalogo\/producto\/la-casa-de-las-amapolas-rojas\/#primaryimage","url":"https:\/\/letrame.com\/catalogo\/wp-content\/uploads\/2024\/11\/zlacasadelasamapolas_22mm4.jpg","contentUrl":"https:\/\/letrame.com\/catalogo\/wp-content\/uploads\/2024\/11\/zlacasadelasamapolas_22mm4.jpg","width":425,"height":611},{"@type":"BreadcrumbList","@id":"https:\/\/letrame.com\/catalogo\/producto\/la-casa-de-las-amapolas-rojas\/#breadcrumb","itemListElement":[{"@type":"ListItem","position":1,"name":"Portada","item":"https:\/\/letrame.com\/catalogo\/"},{"@type":"ListItem","position":2,"name":"Cat\u00e1logo","item":"https:\/\/letrame.com\/catalogo\/"},{"@type":"ListItem","position":3,"name":"La Casa de las Amapolas Rojas"}]},{"@type":"WebSite","@id":"https:\/\/letrame.com\/catalogo\/#website","url":"https:\/\/letrame.com\/catalogo\/","name":"Catalogo | Letrame Grupo Editorial","description":"","publisher":{"@id":"https:\/\/letrame.com\/catalogo\/#organization"},"potentialAction":[{"@type":"SearchAction","target":{"@type":"EntryPoint","urlTemplate":"https:\/\/letrame.com\/catalogo\/?s={search_term_string}"},"query-input":{"@type":"PropertyValueSpecification","valueRequired":true,"valueName":"search_term_string"}}],"inLanguage":"es"},{"@type":"Organization","@id":"https:\/\/letrame.com\/catalogo\/#organization","name":"Catalogo | Letrame Grupo Editorial","url":"https:\/\/letrame.com\/catalogo\/","logo":{"@type":"ImageObject","inLanguage":"es","@id":"https:\/\/letrame.com\/catalogo\/#\/schema\/logo\/image\/","url":"https:\/\/letrame.com\/catalogo\/wp-content\/uploads\/2024\/03\/logo2.webp","contentUrl":"https:\/\/letrame.com\/catalogo\/wp-content\/uploads\/2024\/03\/logo2.webp","width":394,"height":128,"caption":"Catalogo | Letrame Grupo Editorial"},"image":{"@id":"https:\/\/letrame.com\/catalogo\/#\/schema\/logo\/image\/"}}]}},"_links":{"self":[{"href":"https:\/\/letrame.com\/catalogo\/wp-json\/wp\/v2\/product\/107264","targetHints":{"allow":["GET"]}}],"collection":[{"href":"https:\/\/letrame.com\/catalogo\/wp-json\/wp\/v2\/product"}],"about":[{"href":"https:\/\/letrame.com\/catalogo\/wp-json\/wp\/v2\/types\/product"}],"replies":[{"embeddable":true,"href":"https:\/\/letrame.com\/catalogo\/wp-json\/wp\/v2\/comments?post=107264"}],"acf:post":[{"embeddable":true,"href":"https:\/\/letrame.com\/catalogo\/wp-json\/wp\/v2\/author_book\/107265"}],"wp:featuredmedia":[{"embeddable":true,"href":"https:\/\/letrame.com\/catalogo\/wp-json\/wp\/v2\/media\/107268"}],"wp:attachment":[{"href":"https:\/\/letrame.com\/catalogo\/wp-json\/wp\/v2\/media?parent=107264"}],"wp:term":[{"taxonomy":"libro","embeddable":true,"href":"https:\/\/letrame.com\/catalogo\/wp-json\/wp\/v2\/libro?post=107264"},{"taxonomy":"product_brand","embeddable":true,"href":"https:\/\/letrame.com\/catalogo\/wp-json\/wp\/v2\/product_brand?post=107264"},{"taxonomy":"product_cat","embeddable":true,"href":"https:\/\/letrame.com\/catalogo\/wp-json\/wp\/v2\/product_cat?post=107264"},{"taxonomy":"product_tag","embeddable":true,"href":"https:\/\/letrame.com\/catalogo\/wp-json\/wp\/v2\/product_tag?post=107264"}],"curies":[{"name":"wp","href":"https:\/\/api.w.org\/{rel}","templated":true}]}}