{"id":107204,"date":"2024-10-25T13:05:09","date_gmt":"2024-10-25T11:05:09","guid":{"rendered":"https:\/\/letrame.com\/catalogo\/?post_type=product&#038;p=107204"},"modified":"2024-10-25T13:06:19","modified_gmt":"2024-10-25T11:06:19","slug":"como-vivir-la-vida-con-depresion","status":"publish","type":"product","link":"https:\/\/letrame.com\/catalogo\/producto\/como-vivir-la-vida-con-depresion\/","title":{"rendered":"\u00bfC\u00f3mo vivir la vida con depresi\u00f3n?"},"content":{"rendered":"<p class=\"p1\">ISBN: 9788410890893<\/p>\n<p class=\"p1\">T\u00edtulo: \u00bfC\u00f3mo vivir la vida con depresi\u00f3n?<br \/>\nFecha: 2024<br \/>\nP\u00e1ginas: 164<\/p>\n<p class=\"p1\">SINOPSIS<\/p>\n<p>Esto esta vivido por m\u00ed, es la realidad, de Ricardo Prieto Miguez<br \/>\n\u00bfC\u00f3mo vivir la vida con depresi\u00f3n?<br \/>\nEsto no es un libro de autoayuda, es la pura realidad de los que sufren alg\u00fan mal.<br \/>\n\u00bfC\u00f3mo nos destruyen las redes sociales, y por qu\u00e9 hay tantos suicidios?<br \/>\nEspa\u00f1a es uno de los pa\u00edses con m\u00e1s suicidios;<br \/>\nno quiero meter la pata, pero creo que ocupa el n\u00famero 1 en el mundo por la poblaci\u00f3n que tiene.<br \/>\nAs\u00ed es la vida, en realidad. Por lo menos, la m\u00eda propia.<\/p>\n<p>&nbsp;<\/p>\n","protected":false},"excerpt":{"rendered":"<p class=\"p1\">ISBN: 9788410890893<\/p>\n<p class=\"p1\">SINOPSIS<\/p>\n<p>Esto esta vivido por m\u00ed, es la realidad, de Ricardo Prieto Miguez<br \/>\n\u00bfC\u00f3mo vivir la vida con depresi\u00f3n?<br \/>\nEsto no es un libro de autoayuda, es la pura realidad de los que sufren alg\u00fan mal.<br \/>\n\u00bfC\u00f3mo nos destruyen las redes sociales, y por qu\u00e9 hay tantos suicidios?<br \/>\nEspa\u00f1a es uno de los pa\u00edses con m\u00e1s suicidios;<br \/>\nno quiero meter la pata, pero creo que ocupa el n\u00famero 1 en el mundo por la poblaci\u00f3n que tiene.<br \/>\nAs\u00ed es la vida, en realidad. Por lo menos, la m\u00eda propia.<\/p>\n<p>&nbsp;<\/p>\n","protected":false},"featured_media":107206,"comment_status":"open","ping_status":"closed","template":"","meta":{"_acf_changed":false},"libro":[],"product_brand":[],"product_cat":[59],"product_tag":[],"class_list":{"0":"post-107204","1":"product","2":"type-product","3":"status-publish","4":"has-post-thumbnail","6":"product_cat-memorias","8":"first","9":"instock","10":"shipping-taxable","11":"product-type-simple"},"acf":{"autor":[107205],"enlace_de_compra":"https:\/\/amzn.to\/4fkMdOO"},"yoast_head":"<!-- This site is optimized with the Yoast SEO plugin v27.4 - https:\/\/yoast.com\/product\/yoast-seo-wordpress\/ -->\n<title>\u00bfC\u00f3mo vivir la vida con depresi\u00f3n? - Catalogo | Letrame Grupo Editorial<\/title>\n<meta name=\"robots\" content=\"index, follow, max-snippet:-1, max-image-preview:large, max-video-preview:-1\" \/>\n<link rel=\"canonical\" href=\"https:\/\/letrame.com\/catalogo\/producto\/como-vivir-la-vida-con-depresion\/\" \/>\n<meta property=\"og:locale\" content=\"es_ES\" \/>\n<meta property=\"og:type\" content=\"article\" \/>\n<meta property=\"og:title\" content=\"\u00bfC\u00f3mo vivir la vida con depresi\u00f3n? - Catalogo | Letrame Grupo Editorial\" \/>\n<meta property=\"og:description\" content=\"ISBN: 9788410890893 SINOPSIS Esto esta vivido por m\u00ed, es la realidad, de Ricardo Prieto Miguez \u00bfC\u00f3mo vivir la vida con depresi\u00f3n? Esto no es un libro de autoayuda, es la pura realidad de los que sufren alg\u00fan mal. \u00bfC\u00f3mo nos destruyen las redes sociales, y por qu\u00e9 hay tantos suicidios? Espa\u00f1a es uno de los pa\u00edses con m\u00e1s suicidios; no quiero meter la pata, pero creo que ocupa el n\u00famero 1 en el mundo por la poblaci\u00f3n que tiene. As\u00ed es la vida, en realidad. Por lo menos, la m\u00eda propia.  &nbsp;\" \/>\n<meta property=\"og:url\" content=\"https:\/\/letrame.com\/catalogo\/producto\/como-vivir-la-vida-con-depresion\/\" \/>\n<meta property=\"og:site_name\" content=\"Catalogo | Letrame Grupo Editorial\" \/>\n<meta property=\"article:modified_time\" content=\"2024-10-25T11:06:19+00:00\" \/>\n<meta property=\"og:image\" content=\"https:\/\/letrame.com\/catalogo\/wp-content\/uploads\/2024\/10\/comovivircon_959mm4.jpg\" \/>\n\t<meta property=\"og:image:width\" content=\"1772\" \/>\n\t<meta property=\"og:image:height\" content=\"2480\" \/>\n\t<meta property=\"og:image:type\" content=\"image\/jpeg\" \/>\n<meta name=\"twitter:card\" content=\"summary_large_image\" \/>\n<meta name=\"twitter:label1\" content=\"Tiempo de lectura\" \/>\n\t<meta name=\"twitter:data1\" content=\"1 minuto\" \/>\n<script type=\"application\/ld+json\" class=\"yoast-schema-graph\">{\"@context\":\"https:\\\/\\\/schema.org\",\"@graph\":[{\"@type\":\"WebPage\",\"@id\":\"https:\\\/\\\/letrame.com\\\/catalogo\\\/producto\\\/como-vivir-la-vida-con-depresion\\\/\",\"url\":\"https:\\\/\\\/letrame.com\\\/catalogo\\\/producto\\\/como-vivir-la-vida-con-depresion\\\/\",\"name\":\"\u00bfC\u00f3mo vivir la vida con depresi\u00f3n? - Catalogo | Letrame Grupo Editorial\",\"isPartOf\":{\"@id\":\"https:\\\/\\\/letrame.com\\\/catalogo\\\/#website\"},\"primaryImageOfPage\":{\"@id\":\"https:\\\/\\\/letrame.com\\\/catalogo\\\/producto\\\/como-vivir-la-vida-con-depresion\\\/#primaryimage\"},\"image\":{\"@id\":\"https:\\\/\\\/letrame.com\\\/catalogo\\\/producto\\\/como-vivir-la-vida-con-depresion\\\/#primaryimage\"},\"thumbnailUrl\":\"https:\\\/\\\/letrame.com\\\/catalogo\\\/wp-content\\\/uploads\\\/2024\\\/10\\\/comovivircon_959mm4.jpg\",\"datePublished\":\"2024-10-25T11:05:09+00:00\",\"dateModified\":\"2024-10-25T11:06:19+00:00\",\"breadcrumb\":{\"@id\":\"https:\\\/\\\/letrame.com\\\/catalogo\\\/producto\\\/como-vivir-la-vida-con-depresion\\\/#breadcrumb\"},\"inLanguage\":\"es\",\"potentialAction\":[{\"@type\":\"ReadAction\",\"target\":[\"https:\\\/\\\/letrame.com\\\/catalogo\\\/producto\\\/como-vivir-la-vida-con-depresion\\\/\"]}]},{\"@type\":\"ImageObject\",\"inLanguage\":\"es\",\"@id\":\"https:\\\/\\\/letrame.com\\\/catalogo\\\/producto\\\/como-vivir-la-vida-con-depresion\\\/#primaryimage\",\"url\":\"https:\\\/\\\/letrame.com\\\/catalogo\\\/wp-content\\\/uploads\\\/2024\\\/10\\\/comovivircon_959mm4.jpg\",\"contentUrl\":\"https:\\\/\\\/letrame.com\\\/catalogo\\\/wp-content\\\/uploads\\\/2024\\\/10\\\/comovivircon_959mm4.jpg\",\"width\":1772,\"height\":2480},{\"@type\":\"BreadcrumbList\",\"@id\":\"https:\\\/\\\/letrame.com\\\/catalogo\\\/producto\\\/como-vivir-la-vida-con-depresion\\\/#breadcrumb\",\"itemListElement\":[{\"@type\":\"ListItem\",\"position\":1,\"name\":\"Portada\",\"item\":\"https:\\\/\\\/letrame.com\\\/catalogo\\\/\"},{\"@type\":\"ListItem\",\"position\":2,\"name\":\"Cat\u00e1logo\",\"item\":\"https:\\\/\\\/letrame.com\\\/catalogo\\\/\"},{\"@type\":\"ListItem\",\"position\":3,\"name\":\"\u00bfC\u00f3mo vivir la vida con depresi\u00f3n?\"}]},{\"@type\":\"WebSite\",\"@id\":\"https:\\\/\\\/letrame.com\\\/catalogo\\\/#website\",\"url\":\"https:\\\/\\\/letrame.com\\\/catalogo\\\/\",\"name\":\"Catalogo | Letrame Grupo Editorial\",\"description\":\"\",\"publisher\":{\"@id\":\"https:\\\/\\\/letrame.com\\\/catalogo\\\/#organization\"},\"potentialAction\":[{\"@type\":\"SearchAction\",\"target\":{\"@type\":\"EntryPoint\",\"urlTemplate\":\"https:\\\/\\\/letrame.com\\\/catalogo\\\/?s={search_term_string}\"},\"query-input\":{\"@type\":\"PropertyValueSpecification\",\"valueRequired\":true,\"valueName\":\"search_term_string\"}}],\"inLanguage\":\"es\"},{\"@type\":\"Organization\",\"@id\":\"https:\\\/\\\/letrame.com\\\/catalogo\\\/#organization\",\"name\":\"Catalogo | Letrame Grupo Editorial\",\"url\":\"https:\\\/\\\/letrame.com\\\/catalogo\\\/\",\"logo\":{\"@type\":\"ImageObject\",\"inLanguage\":\"es\",\"@id\":\"https:\\\/\\\/letrame.com\\\/catalogo\\\/#\\\/schema\\\/logo\\\/image\\\/\",\"url\":\"https:\\\/\\\/letrame.com\\\/catalogo\\\/wp-content\\\/uploads\\\/2024\\\/03\\\/logo2.webp\",\"contentUrl\":\"https:\\\/\\\/letrame.com\\\/catalogo\\\/wp-content\\\/uploads\\\/2024\\\/03\\\/logo2.webp\",\"width\":394,\"height\":128,\"caption\":\"Catalogo | Letrame Grupo Editorial\"},\"image\":{\"@id\":\"https:\\\/\\\/letrame.com\\\/catalogo\\\/#\\\/schema\\\/logo\\\/image\\\/\"}}]}<\/script>\n<!-- \/ Yoast SEO plugin. -->","yoast_head_json":{"title":"\u00bfC\u00f3mo vivir la vida con depresi\u00f3n? - Catalogo | Letrame Grupo Editorial","robots":{"index":"index","follow":"follow","max-snippet":"max-snippet:-1","max-image-preview":"max-image-preview:large","max-video-preview":"max-video-preview:-1"},"canonical":"https:\/\/letrame.com\/catalogo\/producto\/como-vivir-la-vida-con-depresion\/","og_locale":"es_ES","og_type":"article","og_title":"\u00bfC\u00f3mo vivir la vida con depresi\u00f3n? - Catalogo | Letrame Grupo Editorial","og_description":"ISBN: 9788410890893 SINOPSIS Esto esta vivido por m\u00ed, es la realidad, de Ricardo Prieto Miguez \u00bfC\u00f3mo vivir la vida con depresi\u00f3n? Esto no es un libro de autoayuda, es la pura realidad de los que sufren alg\u00fan mal. \u00bfC\u00f3mo nos destruyen las redes sociales, y por qu\u00e9 hay tantos suicidios? Espa\u00f1a es uno de los pa\u00edses con m\u00e1s suicidios; no quiero meter la pata, pero creo que ocupa el n\u00famero 1 en el mundo por la poblaci\u00f3n que tiene. As\u00ed es la vida, en realidad. Por lo menos, la m\u00eda propia.  &nbsp;","og_url":"https:\/\/letrame.com\/catalogo\/producto\/como-vivir-la-vida-con-depresion\/","og_site_name":"Catalogo | Letrame Grupo Editorial","article_modified_time":"2024-10-25T11:06:19+00:00","og_image":[{"width":1772,"height":2480,"url":"https:\/\/letrame.com\/catalogo\/wp-content\/uploads\/2024\/10\/comovivircon_959mm4.jpg","type":"image\/jpeg"}],"twitter_card":"summary_large_image","twitter_misc":{"Tiempo de lectura":"1 minuto"},"schema":{"@context":"https:\/\/schema.org","@graph":[{"@type":"WebPage","@id":"https:\/\/letrame.com\/catalogo\/producto\/como-vivir-la-vida-con-depresion\/","url":"https:\/\/letrame.com\/catalogo\/producto\/como-vivir-la-vida-con-depresion\/","name":"\u00bfC\u00f3mo vivir la vida con depresi\u00f3n? - Catalogo | Letrame Grupo Editorial","isPartOf":{"@id":"https:\/\/letrame.com\/catalogo\/#website"},"primaryImageOfPage":{"@id":"https:\/\/letrame.com\/catalogo\/producto\/como-vivir-la-vida-con-depresion\/#primaryimage"},"image":{"@id":"https:\/\/letrame.com\/catalogo\/producto\/como-vivir-la-vida-con-depresion\/#primaryimage"},"thumbnailUrl":"https:\/\/letrame.com\/catalogo\/wp-content\/uploads\/2024\/10\/comovivircon_959mm4.jpg","datePublished":"2024-10-25T11:05:09+00:00","dateModified":"2024-10-25T11:06:19+00:00","breadcrumb":{"@id":"https:\/\/letrame.com\/catalogo\/producto\/como-vivir-la-vida-con-depresion\/#breadcrumb"},"inLanguage":"es","potentialAction":[{"@type":"ReadAction","target":["https:\/\/letrame.com\/catalogo\/producto\/como-vivir-la-vida-con-depresion\/"]}]},{"@type":"ImageObject","inLanguage":"es","@id":"https:\/\/letrame.com\/catalogo\/producto\/como-vivir-la-vida-con-depresion\/#primaryimage","url":"https:\/\/letrame.com\/catalogo\/wp-content\/uploads\/2024\/10\/comovivircon_959mm4.jpg","contentUrl":"https:\/\/letrame.com\/catalogo\/wp-content\/uploads\/2024\/10\/comovivircon_959mm4.jpg","width":1772,"height":2480},{"@type":"BreadcrumbList","@id":"https:\/\/letrame.com\/catalogo\/producto\/como-vivir-la-vida-con-depresion\/#breadcrumb","itemListElement":[{"@type":"ListItem","position":1,"name":"Portada","item":"https:\/\/letrame.com\/catalogo\/"},{"@type":"ListItem","position":2,"name":"Cat\u00e1logo","item":"https:\/\/letrame.com\/catalogo\/"},{"@type":"ListItem","position":3,"name":"\u00bfC\u00f3mo vivir la vida con depresi\u00f3n?"}]},{"@type":"WebSite","@id":"https:\/\/letrame.com\/catalogo\/#website","url":"https:\/\/letrame.com\/catalogo\/","name":"Catalogo | Letrame Grupo Editorial","description":"","publisher":{"@id":"https:\/\/letrame.com\/catalogo\/#organization"},"potentialAction":[{"@type":"SearchAction","target":{"@type":"EntryPoint","urlTemplate":"https:\/\/letrame.com\/catalogo\/?s={search_term_string}"},"query-input":{"@type":"PropertyValueSpecification","valueRequired":true,"valueName":"search_term_string"}}],"inLanguage":"es"},{"@type":"Organization","@id":"https:\/\/letrame.com\/catalogo\/#organization","name":"Catalogo | Letrame Grupo Editorial","url":"https:\/\/letrame.com\/catalogo\/","logo":{"@type":"ImageObject","inLanguage":"es","@id":"https:\/\/letrame.com\/catalogo\/#\/schema\/logo\/image\/","url":"https:\/\/letrame.com\/catalogo\/wp-content\/uploads\/2024\/03\/logo2.webp","contentUrl":"https:\/\/letrame.com\/catalogo\/wp-content\/uploads\/2024\/03\/logo2.webp","width":394,"height":128,"caption":"Catalogo | Letrame Grupo Editorial"},"image":{"@id":"https:\/\/letrame.com\/catalogo\/#\/schema\/logo\/image\/"}}]}},"_links":{"self":[{"href":"https:\/\/letrame.com\/catalogo\/wp-json\/wp\/v2\/product\/107204","targetHints":{"allow":["GET"]}}],"collection":[{"href":"https:\/\/letrame.com\/catalogo\/wp-json\/wp\/v2\/product"}],"about":[{"href":"https:\/\/letrame.com\/catalogo\/wp-json\/wp\/v2\/types\/product"}],"replies":[{"embeddable":true,"href":"https:\/\/letrame.com\/catalogo\/wp-json\/wp\/v2\/comments?post=107204"}],"acf:post":[{"embeddable":true,"href":"https:\/\/letrame.com\/catalogo\/wp-json\/wp\/v2\/author_book\/107205"}],"wp:featuredmedia":[{"embeddable":true,"href":"https:\/\/letrame.com\/catalogo\/wp-json\/wp\/v2\/media\/107206"}],"wp:attachment":[{"href":"https:\/\/letrame.com\/catalogo\/wp-json\/wp\/v2\/media?parent=107204"}],"wp:term":[{"taxonomy":"libro","embeddable":true,"href":"https:\/\/letrame.com\/catalogo\/wp-json\/wp\/v2\/libro?post=107204"},{"taxonomy":"product_brand","embeddable":true,"href":"https:\/\/letrame.com\/catalogo\/wp-json\/wp\/v2\/product_brand?post=107204"},{"taxonomy":"product_cat","embeddable":true,"href":"https:\/\/letrame.com\/catalogo\/wp-json\/wp\/v2\/product_cat?post=107204"},{"taxonomy":"product_tag","embeddable":true,"href":"https:\/\/letrame.com\/catalogo\/wp-json\/wp\/v2\/product_tag?post=107204"}],"curies":[{"name":"wp","href":"https:\/\/api.w.org\/{rel}","templated":true}]}}