{"id":107102,"date":"2024-10-22T14:40:08","date_gmt":"2024-10-22T12:40:08","guid":{"rendered":"https:\/\/letrame.com\/catalogo\/?post_type=product&#038;p=107102"},"modified":"2024-10-22T14:50:31","modified_gmt":"2024-10-22T12:50:31","slug":"la-oscuridad-de-la-existencia","status":"publish","type":"product","link":"https:\/\/letrame.com\/catalogo\/producto\/la-oscuridad-de-la-existencia\/","title":{"rendered":"La Oscuridad de la Existencia"},"content":{"rendered":"<p class=\"p1\">ISBN: 9788410890503<\/p>\n<p class=\"p1\">T\u00edtulo: La Oscuridad de la Existencia<br \/>\nFecha: 2024<br \/>\nP\u00e1ginas: 120<\/p>\n<p class=\"p1\">SINOPSIS<\/p>\n<p>Delf\u00edn, sumido en la incertidumbre de su filiaci\u00f3n, emerge desde su interior para interrogarse sobre el sentido y la finalidad de la vida, de la que se viste toda criatura sobre la que desciende con severas maldiciones existenciales. Parte de las mismas convergen en la suya propia sobre la resoluci\u00f3n \u00faltima de su tiempo futuro. Es entonces cuando se desplaza de la ciudad a la monta\u00f1a para obtener resultados sobre aquel, cuando, por motivaciones an\u00f3nimas, recibe lenta y parca informaci\u00f3n que administra la verdad de su origen.<br \/>\nEn ese \u00e1mbito agreste, un pastor de ovejas ser\u00e1 el encargado de avisar al anciano para un encuentro decisivo. Igual trascendencia tiene un monje camarada de juventud del anciano, el cual vive retirado en el monasterio en calidad de \u00fanico hu\u00e9sped, aunque la orden a la que pertenece resida como comunidad en la ciudad. Es entonces que conoce un principio tr\u00e1gico desvelado por aquel cuando le confiesa su parentesco y la tragedia de su nacimiento, pues sus progenitores fueron hijos suyos pero engendrados de madres de familias geneal\u00f3gicas no encontradas.<br \/>\nDelf\u00edn, impasible, indiferente, sin emoci\u00f3n, escucha la revelaci\u00f3n y empieza a comprender la oscuridad de la existencia. Muere el anciano, no sin antes recibir la calidez de la mano de Delf\u00edn. Es enterrado en la monta\u00f1a, cerca del monasterio luego de la oraci\u00f3n significativa del monje. Ser\u00e1 despu\u00e9s, a trav\u00e9s de un manuscrito, que descubrir\u00e1 partes de sus ra\u00edces.<br \/>\nJ\u00f3venes senderistas, Raquel y otros personajes que se muestran, tendr\u00e1n en la acci\u00f3n tercera protagonismo no similar a c\u00f3mo se presentan en las dos primeras, puesto que dar\u00e1n a conocer la inversi\u00f3n de sus identidades sobre las que actuar\u00e1 el gu\u00eda de monta\u00f1a y otros poderes no humanos.<\/p>\n","protected":false},"excerpt":{"rendered":"<p class=\"p1\">ISBN: 9788410890503<\/p>\n<p class=\"p1\">SINOPSIS<\/p>\n<p>Delf\u00edn, sumido en la incertidumbre de su filiaci\u00f3n, emerge desde su interior para interrogarse sobre el sentido y la finalidad de la vida, de la que se viste toda criatura sobre la que desciende con severas maldiciones existenciales. Parte de las mismas convergen en la suya propia sobre la resoluci\u00f3n \u00faltima de su tiempo futuro. Es entonces cuando se desplaza de la ciudad a la monta\u00f1a para obtener resultados sobre aquel, cuando, por motivaciones an\u00f3nimas, recibe lenta y parca informaci\u00f3n que administra la verdad de su origen.<br \/>\nEn ese \u00e1mbito agreste, un pastor de ovejas ser\u00e1 el encargado de avisar al anciano para un encuentro decisivo. Igual trascendencia tiene un monje camarada de juventud del anciano, el cual vive retirado en el monasterio en calidad de \u00fanico hu\u00e9sped, aunque la orden a la que pertenece resida como comunidad en la ciudad. Es entonces que conoce un principio tr\u00e1gico desvelado por aquel cuando le confiesa su parentesco y la tragedia de su nacimiento, pues sus progenitores fueron hijos suyos pero engendrados de madres de familias geneal\u00f3gicas no encontradas.<br \/>\nDelf\u00edn, impasible, indiferente, sin emoci\u00f3n, escucha la revelaci\u00f3n y empieza a comprender la oscuridad de la existencia. Muere el anciano, no sin antes recibir la calidez de la mano de Delf\u00edn. Es enterrado en la monta\u00f1a, cerca del monasterio luego de la oraci\u00f3n significativa del monje. Ser\u00e1 despu\u00e9s, a trav\u00e9s de un manuscrito, que descubrir\u00e1 partes de sus ra\u00edces.<br \/>\nJ\u00f3venes senderistas, Raquel y otros personajes que se muestran, tendr\u00e1n en la acci\u00f3n tercera protagonismo no similar a c\u00f3mo se presentan en las dos primeras, puesto que dar\u00e1n a conocer la inversi\u00f3n de sus identidades sobre las que actuar\u00e1 el gu\u00eda de monta\u00f1a y otros poderes no humanos.<\/p>\n","protected":false},"featured_media":107103,"comment_status":"open","ping_status":"closed","template":"","meta":{"_acf_changed":false},"libro":[],"product_brand":[],"product_cat":[20],"product_tag":[],"class_list":{"0":"post-107102","1":"product","2":"type-product","3":"status-publish","4":"has-post-thumbnail","6":"product_cat-poesia","8":"first","9":"instock","10":"shipping-taxable","11":"product-type-simple"},"acf":{"autor":[74356],"enlace_de_compra":"https:\/\/amzn.to\/3YjvVib"},"yoast_head":"<!-- This site is optimized with the Yoast SEO plugin v27.4 - https:\/\/yoast.com\/product\/yoast-seo-wordpress\/ -->\n<title>La Oscuridad de la Existencia - Catalogo | Letrame Grupo Editorial<\/title>\n<meta name=\"robots\" content=\"index, follow, max-snippet:-1, max-image-preview:large, max-video-preview:-1\" \/>\n<link rel=\"canonical\" href=\"https:\/\/letrame.com\/catalogo\/producto\/la-oscuridad-de-la-existencia\/\" \/>\n<meta property=\"og:locale\" content=\"es_ES\" \/>\n<meta property=\"og:type\" content=\"article\" \/>\n<meta property=\"og:title\" content=\"La Oscuridad de la Existencia - Catalogo | Letrame Grupo Editorial\" \/>\n<meta property=\"og:description\" content=\"ISBN: 9788410890503 SINOPSIS Delf\u00edn, sumido en la incertidumbre de su filiaci\u00f3n, emerge desde su interior para interrogarse sobre el sentido y la finalidad de la vida, de la que se viste toda criatura sobre la que desciende con severas maldiciones existenciales. Parte de las mismas convergen en la suya propia sobre la resoluci\u00f3n \u00faltima de su tiempo futuro. Es entonces cuando se desplaza de la ciudad a la monta\u00f1a para obtener resultados sobre aquel, cuando, por motivaciones an\u00f3nimas, recibe lenta y parca informaci\u00f3n que administra la verdad de su origen. En ese \u00e1mbito agreste, un pastor de ovejas ser\u00e1 el encargado de avisar al anciano para un encuentro decisivo. Igual trascendencia tiene un monje camarada de juventud del anciano, el cual vive retirado en el monasterio en calidad de \u00fanico hu\u00e9sped, aunque la orden a la que pertenece resida como comunidad en la ciudad. Es entonces que conoce un principio tr\u00e1gico desvelado por aquel cuando le confiesa su parentesco y la tragedia de su nacimiento, pues sus progenitores fueron hijos suyos pero engendrados de madres de familias geneal\u00f3gicas no encontradas. Delf\u00edn, impasible, indiferente, sin emoci\u00f3n, escucha la revelaci\u00f3n y empieza a comprender la oscuridad de la existencia. Muere el anciano, no sin antes recibir la calidez de la mano de Delf\u00edn. Es enterrado en la monta\u00f1a, cerca del monasterio luego de la oraci\u00f3n significativa del monje. Ser\u00e1 despu\u00e9s, a trav\u00e9s de un manuscrito, que descubrir\u00e1 partes de sus ra\u00edces. J\u00f3venes senderistas, Raquel y otros personajes que se muestran, tendr\u00e1n en la acci\u00f3n tercera protagonismo no similar a c\u00f3mo se presentan en las dos primeras, puesto que dar\u00e1n a conocer la inversi\u00f3n de sus identidades sobre las que actuar\u00e1 el gu\u00eda de monta\u00f1a y otros poderes no humanos.\" \/>\n<meta property=\"og:url\" content=\"https:\/\/letrame.com\/catalogo\/producto\/la-oscuridad-de-la-existencia\/\" \/>\n<meta property=\"og:site_name\" content=\"Catalogo | Letrame Grupo Editorial\" \/>\n<meta property=\"article:modified_time\" content=\"2024-10-22T12:50:31+00:00\" \/>\n<meta property=\"og:image\" content=\"https:\/\/letrame.com\/catalogo\/wp-content\/uploads\/2024\/10\/laoscuridaddela_688mm4-722x1024.jpg\" \/>\n\t<meta property=\"og:image:width\" content=\"722\" \/>\n\t<meta property=\"og:image:height\" content=\"1024\" \/>\n\t<meta property=\"og:image:type\" content=\"image\/jpeg\" \/>\n<meta name=\"twitter:card\" content=\"summary_large_image\" \/>\n<meta name=\"twitter:label1\" content=\"Tiempo de lectura\" \/>\n\t<meta name=\"twitter:data1\" content=\"2 minutos\" \/>\n<script type=\"application\/ld+json\" class=\"yoast-schema-graph\">{\"@context\":\"https:\\\/\\\/schema.org\",\"@graph\":[{\"@type\":\"WebPage\",\"@id\":\"https:\\\/\\\/letrame.com\\\/catalogo\\\/producto\\\/la-oscuridad-de-la-existencia\\\/\",\"url\":\"https:\\\/\\\/letrame.com\\\/catalogo\\\/producto\\\/la-oscuridad-de-la-existencia\\\/\",\"name\":\"La Oscuridad de la Existencia - Catalogo | Letrame Grupo Editorial\",\"isPartOf\":{\"@id\":\"https:\\\/\\\/letrame.com\\\/catalogo\\\/#website\"},\"primaryImageOfPage\":{\"@id\":\"https:\\\/\\\/letrame.com\\\/catalogo\\\/producto\\\/la-oscuridad-de-la-existencia\\\/#primaryimage\"},\"image\":{\"@id\":\"https:\\\/\\\/letrame.com\\\/catalogo\\\/producto\\\/la-oscuridad-de-la-existencia\\\/#primaryimage\"},\"thumbnailUrl\":\"https:\\\/\\\/letrame.com\\\/catalogo\\\/wp-content\\\/uploads\\\/2024\\\/10\\\/laoscuridaddela_688mm4.jpg\",\"datePublished\":\"2024-10-22T12:40:08+00:00\",\"dateModified\":\"2024-10-22T12:50:31+00:00\",\"breadcrumb\":{\"@id\":\"https:\\\/\\\/letrame.com\\\/catalogo\\\/producto\\\/la-oscuridad-de-la-existencia\\\/#breadcrumb\"},\"inLanguage\":\"es\",\"potentialAction\":[{\"@type\":\"ReadAction\",\"target\":[\"https:\\\/\\\/letrame.com\\\/catalogo\\\/producto\\\/la-oscuridad-de-la-existencia\\\/\"]}]},{\"@type\":\"ImageObject\",\"inLanguage\":\"es\",\"@id\":\"https:\\\/\\\/letrame.com\\\/catalogo\\\/producto\\\/la-oscuridad-de-la-existencia\\\/#primaryimage\",\"url\":\"https:\\\/\\\/letrame.com\\\/catalogo\\\/wp-content\\\/uploads\\\/2024\\\/10\\\/laoscuridaddela_688mm4.jpg\",\"contentUrl\":\"https:\\\/\\\/letrame.com\\\/catalogo\\\/wp-content\\\/uploads\\\/2024\\\/10\\\/laoscuridaddela_688mm4.jpg\",\"width\":1748,\"height\":2480},{\"@type\":\"BreadcrumbList\",\"@id\":\"https:\\\/\\\/letrame.com\\\/catalogo\\\/producto\\\/la-oscuridad-de-la-existencia\\\/#breadcrumb\",\"itemListElement\":[{\"@type\":\"ListItem\",\"position\":1,\"name\":\"Portada\",\"item\":\"https:\\\/\\\/letrame.com\\\/catalogo\\\/\"},{\"@type\":\"ListItem\",\"position\":2,\"name\":\"Cat\u00e1logo\",\"item\":\"https:\\\/\\\/letrame.com\\\/catalogo\\\/\"},{\"@type\":\"ListItem\",\"position\":3,\"name\":\"La Oscuridad de la Existencia\"}]},{\"@type\":\"WebSite\",\"@id\":\"https:\\\/\\\/letrame.com\\\/catalogo\\\/#website\",\"url\":\"https:\\\/\\\/letrame.com\\\/catalogo\\\/\",\"name\":\"Catalogo | Letrame Grupo Editorial\",\"description\":\"\",\"publisher\":{\"@id\":\"https:\\\/\\\/letrame.com\\\/catalogo\\\/#organization\"},\"potentialAction\":[{\"@type\":\"SearchAction\",\"target\":{\"@type\":\"EntryPoint\",\"urlTemplate\":\"https:\\\/\\\/letrame.com\\\/catalogo\\\/?s={search_term_string}\"},\"query-input\":{\"@type\":\"PropertyValueSpecification\",\"valueRequired\":true,\"valueName\":\"search_term_string\"}}],\"inLanguage\":\"es\"},{\"@type\":\"Organization\",\"@id\":\"https:\\\/\\\/letrame.com\\\/catalogo\\\/#organization\",\"name\":\"Catalogo | Letrame Grupo Editorial\",\"url\":\"https:\\\/\\\/letrame.com\\\/catalogo\\\/\",\"logo\":{\"@type\":\"ImageObject\",\"inLanguage\":\"es\",\"@id\":\"https:\\\/\\\/letrame.com\\\/catalogo\\\/#\\\/schema\\\/logo\\\/image\\\/\",\"url\":\"https:\\\/\\\/letrame.com\\\/catalogo\\\/wp-content\\\/uploads\\\/2024\\\/03\\\/logo2.webp\",\"contentUrl\":\"https:\\\/\\\/letrame.com\\\/catalogo\\\/wp-content\\\/uploads\\\/2024\\\/03\\\/logo2.webp\",\"width\":394,\"height\":128,\"caption\":\"Catalogo | Letrame Grupo Editorial\"},\"image\":{\"@id\":\"https:\\\/\\\/letrame.com\\\/catalogo\\\/#\\\/schema\\\/logo\\\/image\\\/\"}}]}<\/script>\n<!-- \/ Yoast SEO plugin. -->","yoast_head_json":{"title":"La Oscuridad de la Existencia - Catalogo | Letrame Grupo Editorial","robots":{"index":"index","follow":"follow","max-snippet":"max-snippet:-1","max-image-preview":"max-image-preview:large","max-video-preview":"max-video-preview:-1"},"canonical":"https:\/\/letrame.com\/catalogo\/producto\/la-oscuridad-de-la-existencia\/","og_locale":"es_ES","og_type":"article","og_title":"La Oscuridad de la Existencia - Catalogo | Letrame Grupo Editorial","og_description":"ISBN: 9788410890503 SINOPSIS Delf\u00edn, sumido en la incertidumbre de su filiaci\u00f3n, emerge desde su interior para interrogarse sobre el sentido y la finalidad de la vida, de la que se viste toda criatura sobre la que desciende con severas maldiciones existenciales. Parte de las mismas convergen en la suya propia sobre la resoluci\u00f3n \u00faltima de su tiempo futuro. Es entonces cuando se desplaza de la ciudad a la monta\u00f1a para obtener resultados sobre aquel, cuando, por motivaciones an\u00f3nimas, recibe lenta y parca informaci\u00f3n que administra la verdad de su origen. En ese \u00e1mbito agreste, un pastor de ovejas ser\u00e1 el encargado de avisar al anciano para un encuentro decisivo. Igual trascendencia tiene un monje camarada de juventud del anciano, el cual vive retirado en el monasterio en calidad de \u00fanico hu\u00e9sped, aunque la orden a la que pertenece resida como comunidad en la ciudad. Es entonces que conoce un principio tr\u00e1gico desvelado por aquel cuando le confiesa su parentesco y la tragedia de su nacimiento, pues sus progenitores fueron hijos suyos pero engendrados de madres de familias geneal\u00f3gicas no encontradas. Delf\u00edn, impasible, indiferente, sin emoci\u00f3n, escucha la revelaci\u00f3n y empieza a comprender la oscuridad de la existencia. Muere el anciano, no sin antes recibir la calidez de la mano de Delf\u00edn. Es enterrado en la monta\u00f1a, cerca del monasterio luego de la oraci\u00f3n significativa del monje. Ser\u00e1 despu\u00e9s, a trav\u00e9s de un manuscrito, que descubrir\u00e1 partes de sus ra\u00edces. J\u00f3venes senderistas, Raquel y otros personajes que se muestran, tendr\u00e1n en la acci\u00f3n tercera protagonismo no similar a c\u00f3mo se presentan en las dos primeras, puesto que dar\u00e1n a conocer la inversi\u00f3n de sus identidades sobre las que actuar\u00e1 el gu\u00eda de monta\u00f1a y otros poderes no humanos.","og_url":"https:\/\/letrame.com\/catalogo\/producto\/la-oscuridad-de-la-existencia\/","og_site_name":"Catalogo | Letrame Grupo Editorial","article_modified_time":"2024-10-22T12:50:31+00:00","og_image":[{"width":722,"height":1024,"url":"https:\/\/letrame.com\/catalogo\/wp-content\/uploads\/2024\/10\/laoscuridaddela_688mm4-722x1024.jpg","type":"image\/jpeg"}],"twitter_card":"summary_large_image","twitter_misc":{"Tiempo de lectura":"2 minutos"},"schema":{"@context":"https:\/\/schema.org","@graph":[{"@type":"WebPage","@id":"https:\/\/letrame.com\/catalogo\/producto\/la-oscuridad-de-la-existencia\/","url":"https:\/\/letrame.com\/catalogo\/producto\/la-oscuridad-de-la-existencia\/","name":"La Oscuridad de la Existencia - Catalogo | Letrame Grupo Editorial","isPartOf":{"@id":"https:\/\/letrame.com\/catalogo\/#website"},"primaryImageOfPage":{"@id":"https:\/\/letrame.com\/catalogo\/producto\/la-oscuridad-de-la-existencia\/#primaryimage"},"image":{"@id":"https:\/\/letrame.com\/catalogo\/producto\/la-oscuridad-de-la-existencia\/#primaryimage"},"thumbnailUrl":"https:\/\/letrame.com\/catalogo\/wp-content\/uploads\/2024\/10\/laoscuridaddela_688mm4.jpg","datePublished":"2024-10-22T12:40:08+00:00","dateModified":"2024-10-22T12:50:31+00:00","breadcrumb":{"@id":"https:\/\/letrame.com\/catalogo\/producto\/la-oscuridad-de-la-existencia\/#breadcrumb"},"inLanguage":"es","potentialAction":[{"@type":"ReadAction","target":["https:\/\/letrame.com\/catalogo\/producto\/la-oscuridad-de-la-existencia\/"]}]},{"@type":"ImageObject","inLanguage":"es","@id":"https:\/\/letrame.com\/catalogo\/producto\/la-oscuridad-de-la-existencia\/#primaryimage","url":"https:\/\/letrame.com\/catalogo\/wp-content\/uploads\/2024\/10\/laoscuridaddela_688mm4.jpg","contentUrl":"https:\/\/letrame.com\/catalogo\/wp-content\/uploads\/2024\/10\/laoscuridaddela_688mm4.jpg","width":1748,"height":2480},{"@type":"BreadcrumbList","@id":"https:\/\/letrame.com\/catalogo\/producto\/la-oscuridad-de-la-existencia\/#breadcrumb","itemListElement":[{"@type":"ListItem","position":1,"name":"Portada","item":"https:\/\/letrame.com\/catalogo\/"},{"@type":"ListItem","position":2,"name":"Cat\u00e1logo","item":"https:\/\/letrame.com\/catalogo\/"},{"@type":"ListItem","position":3,"name":"La Oscuridad de la Existencia"}]},{"@type":"WebSite","@id":"https:\/\/letrame.com\/catalogo\/#website","url":"https:\/\/letrame.com\/catalogo\/","name":"Catalogo | Letrame Grupo Editorial","description":"","publisher":{"@id":"https:\/\/letrame.com\/catalogo\/#organization"},"potentialAction":[{"@type":"SearchAction","target":{"@type":"EntryPoint","urlTemplate":"https:\/\/letrame.com\/catalogo\/?s={search_term_string}"},"query-input":{"@type":"PropertyValueSpecification","valueRequired":true,"valueName":"search_term_string"}}],"inLanguage":"es"},{"@type":"Organization","@id":"https:\/\/letrame.com\/catalogo\/#organization","name":"Catalogo | Letrame Grupo Editorial","url":"https:\/\/letrame.com\/catalogo\/","logo":{"@type":"ImageObject","inLanguage":"es","@id":"https:\/\/letrame.com\/catalogo\/#\/schema\/logo\/image\/","url":"https:\/\/letrame.com\/catalogo\/wp-content\/uploads\/2024\/03\/logo2.webp","contentUrl":"https:\/\/letrame.com\/catalogo\/wp-content\/uploads\/2024\/03\/logo2.webp","width":394,"height":128,"caption":"Catalogo | Letrame Grupo Editorial"},"image":{"@id":"https:\/\/letrame.com\/catalogo\/#\/schema\/logo\/image\/"}}]}},"_links":{"self":[{"href":"https:\/\/letrame.com\/catalogo\/wp-json\/wp\/v2\/product\/107102","targetHints":{"allow":["GET"]}}],"collection":[{"href":"https:\/\/letrame.com\/catalogo\/wp-json\/wp\/v2\/product"}],"about":[{"href":"https:\/\/letrame.com\/catalogo\/wp-json\/wp\/v2\/types\/product"}],"replies":[{"embeddable":true,"href":"https:\/\/letrame.com\/catalogo\/wp-json\/wp\/v2\/comments?post=107102"}],"acf:post":[{"embeddable":true,"href":"https:\/\/letrame.com\/catalogo\/wp-json\/wp\/v2\/author_book\/74356"}],"wp:featuredmedia":[{"embeddable":true,"href":"https:\/\/letrame.com\/catalogo\/wp-json\/wp\/v2\/media\/107103"}],"wp:attachment":[{"href":"https:\/\/letrame.com\/catalogo\/wp-json\/wp\/v2\/media?parent=107102"}],"wp:term":[{"taxonomy":"libro","embeddable":true,"href":"https:\/\/letrame.com\/catalogo\/wp-json\/wp\/v2\/libro?post=107102"},{"taxonomy":"product_brand","embeddable":true,"href":"https:\/\/letrame.com\/catalogo\/wp-json\/wp\/v2\/product_brand?post=107102"},{"taxonomy":"product_cat","embeddable":true,"href":"https:\/\/letrame.com\/catalogo\/wp-json\/wp\/v2\/product_cat?post=107102"},{"taxonomy":"product_tag","embeddable":true,"href":"https:\/\/letrame.com\/catalogo\/wp-json\/wp\/v2\/product_tag?post=107102"}],"curies":[{"name":"wp","href":"https:\/\/api.w.org\/{rel}","templated":true}]}}