{"id":106750,"date":"2024-09-30T12:39:34","date_gmt":"2024-09-30T10:39:34","guid":{"rendered":"https:\/\/letrame.com\/catalogo\/?post_type=product&#038;p=106750"},"modified":"2024-09-30T12:39:34","modified_gmt":"2024-09-30T10:39:34","slug":"la-globalizacion-y-la-proteccion-internacional-de-los-derechos-sociales-de-las-personas-trabajadoras-domesticas-en-un-derecho-comparado-entre-colombia-y-espana","status":"publish","type":"product","link":"https:\/\/letrame.com\/catalogo\/producto\/la-globalizacion-y-la-proteccion-internacional-de-los-derechos-sociales-de-las-personas-trabajadoras-domesticas-en-un-derecho-comparado-entre-colombia-y-espana\/","title":{"rendered":"La globalizacio\u0301n y la proteccio\u0301n internacional de los derechos sociales de las personas trabajadoras dome\u0301sticas en un derecho comparado entre Colombia y Espan\u0303a"},"content":{"rendered":"<p class=\"p1\"><b>ISBN: <\/b>978-84-1068-701-1<\/p>\n<p class=\"p1\"><b>T\u00edtulo:\u00a0<\/b>La globalizacio\u0301n y la proteccio\u0301n internacional de los derechos sociales de las personas trabajadoras dome\u0301sticas en un derecho comparado entre Colombia y Espan\u0303a<\/p>\n<p class=\"p1\"><b>A\u00f1o:\u00a0<\/b>2024<\/p>\n<p class=\"p1\"><b>P\u00e1ginas:<\/b> 280<\/p>\n<p class=\"p1\"><b>SINOPSIS<\/b><\/p>\n<p>El texto expone una realidad actual cr\u00edtica que viven las personas que trabajan al interior de un hogar desempe\u00f1ando las labores asignadas por el empleador.<\/p>\n<p>El libro precisa que tanto en Espa\u00f1a como en Colombia existen normas laborales que benefician a este gremio de personas trabajadoras dom\u00e9sticas en el campo formal, pero aquellos que no son contratados a la luz del derecho enfrentan situaciones de precariedad, discriminaci\u00f3n, desvalorizaci\u00f3n, invisibilizaci\u00f3n y atropellos a la dignidad humana por su condici\u00f3n de informalidad o trabajo por cuenta propia o aut\u00f3nomo.<\/p>\n<p>Son a estas personas, LOS PROTAGONISTAS SOCIALES, que el autor toma de la mano para que el lector los acompa\u00f1e, no solo en hacer una lectura comprensiva y emotiva acerca de una situaci\u00f3n desconocida por muchos, sino que tambi\u00e9n reconozca las circunstancias de un sector olvidado que necesita de su reflexi\u00f3n razonada y solidaria para salir adelante, \u00abLas Personas Trabajadoras Dom\u00e9sticas Informale\u00bb.<\/p>\n","protected":false},"excerpt":{"rendered":"<p class=\"p1\"><b>ISBN: <\/b>978-84-1068-701-1<\/p>\n<p class=\"p1\"><b>SINOPSIS<\/b><\/p>\n<p>El texto expone una realidad actual cr\u00edtica que viven las personas que trabajan al interior de un hogar desempe\u00f1ando las labores asignadas por el empleador.<\/p>\n<p>El libro precisa que tanto en Espa\u00f1a como en Colombia existen normas laborales que benefician a este gremio de personas trabajadoras dom\u00e9sticas en el campo formal, pero aquellos que no son contratados a la luz del derecho enfrentan situaciones de precariedad, discriminaci\u00f3n, desvalorizaci\u00f3n, invisibilizaci\u00f3n y atropellos a la dignidad humana por su condici\u00f3n de informalidad o trabajo por cuenta propia o aut\u00f3nomo.<\/p>\n<p>Son a estas personas, LOS PROTAGONISTAS SOCIALES, que el autor toma de la mano para que el lector los acompa\u00f1e, no solo en hacer una lectura comprensiva y emotiva acerca de una situaci\u00f3n desconocida por muchos, sino que tambi\u00e9n reconozca las circunstancias de un sector olvidado que necesita de su reflexi\u00f3n razonada y solidaria para salir adelante, \u00abLas Personas Trabajadoras Dom\u00e9sticas Informale\u00bb.<\/p>\n","protected":false},"featured_media":106753,"comment_status":"open","ping_status":"closed","template":"","meta":{"_acf_changed":false},"libro":[],"product_brand":[],"product_cat":[129],"product_tag":[],"class_list":{"0":"post-106750","1":"product","2":"type-product","3":"status-publish","4":"has-post-thumbnail","6":"product_cat-leyes","8":"first","9":"instock","10":"shipping-taxable","11":"product-type-simple"},"acf":{"autor":[106475],"enlace_de_compra":"https:\/\/amzn.to\/3Byz8T6"},"yoast_head":"<!-- This site is optimized with the Yoast SEO plugin v27.4 - https:\/\/yoast.com\/product\/yoast-seo-wordpress\/ -->\n<title>La globalizacio\u0301n y la proteccio\u0301n internacional de los derechos sociales de las personas trabajadoras dome\u0301sticas en un derecho comparado entre Colombia y Espan\u0303a - Catalogo | Letrame Grupo Editorial<\/title>\n<meta name=\"robots\" content=\"index, follow, max-snippet:-1, max-image-preview:large, max-video-preview:-1\" \/>\n<link rel=\"canonical\" href=\"https:\/\/letrame.com\/catalogo\/producto\/la-globalizacion-y-la-proteccion-internacional-de-los-derechos-sociales-de-las-personas-trabajadoras-domesticas-en-un-derecho-comparado-entre-colombia-y-espana\/\" \/>\n<meta property=\"og:locale\" content=\"es_ES\" \/>\n<meta property=\"og:type\" content=\"article\" \/>\n<meta property=\"og:title\" content=\"La globalizacio\u0301n y la proteccio\u0301n internacional de los derechos sociales de las personas trabajadoras dome\u0301sticas en un derecho comparado entre Colombia y Espan\u0303a - Catalogo | Letrame Grupo Editorial\" \/>\n<meta property=\"og:description\" content=\"ISBN: 978-84-1068-701-1 SINOPSIS El texto expone una realidad actual cr\u00edtica que viven las personas que trabajan al interior de un hogar desempe\u00f1ando las labores asignadas por el empleador.  El libro precisa que tanto en Espa\u00f1a como en Colombia existen normas laborales que benefician a este gremio de personas trabajadoras dom\u00e9sticas en el campo formal, pero aquellos que no son contratados a la luz del derecho enfrentan situaciones de precariedad, discriminaci\u00f3n, desvalorizaci\u00f3n, invisibilizaci\u00f3n y atropellos a la dignidad humana por su condici\u00f3n de informalidad o trabajo por cuenta propia o aut\u00f3nomo.  Son a estas personas, LOS PROTAGONISTAS SOCIALES, que el autor toma de la mano para que el lector los acompa\u00f1e, no solo en hacer una lectura comprensiva y emotiva acerca de una situaci\u00f3n desconocida por muchos, sino que tambi\u00e9n reconozca las circunstancias de un sector olvidado que necesita de su reflexi\u00f3n razonada y solidaria para salir adelante, \u00abLas Personas Trabajadoras Dom\u00e9sticas Informale\u00bb.\" \/>\n<meta property=\"og:url\" content=\"https:\/\/letrame.com\/catalogo\/producto\/la-globalizacion-y-la-proteccion-internacional-de-los-derechos-sociales-de-las-personas-trabajadoras-domesticas-en-un-derecho-comparado-entre-colombia-y-espana\/\" \/>\n<meta property=\"og:site_name\" content=\"Catalogo | Letrame Grupo Editorial\" \/>\n<meta property=\"og:image\" content=\"https:\/\/letrame.com\/catalogo\/wp-content\/uploads\/2024\/09\/zlaglobalizacion_186mm4.jpg\" \/>\n\t<meta property=\"og:image:width\" content=\"400\" \/>\n\t<meta property=\"og:image:height\" content=\"586\" \/>\n\t<meta property=\"og:image:type\" content=\"image\/jpeg\" \/>\n<meta name=\"twitter:card\" content=\"summary_large_image\" \/>\n<meta name=\"twitter:label1\" content=\"Tiempo de lectura\" \/>\n\t<meta name=\"twitter:data1\" content=\"1 minuto\" \/>\n<script type=\"application\/ld+json\" class=\"yoast-schema-graph\">{\"@context\":\"https:\\\/\\\/schema.org\",\"@graph\":[{\"@type\":\"WebPage\",\"@id\":\"https:\\\/\\\/letrame.com\\\/catalogo\\\/producto\\\/la-globalizacion-y-la-proteccion-internacional-de-los-derechos-sociales-de-las-personas-trabajadoras-domesticas-en-un-derecho-comparado-entre-colombia-y-espana\\\/\",\"url\":\"https:\\\/\\\/letrame.com\\\/catalogo\\\/producto\\\/la-globalizacion-y-la-proteccion-internacional-de-los-derechos-sociales-de-las-personas-trabajadoras-domesticas-en-un-derecho-comparado-entre-colombia-y-espana\\\/\",\"name\":\"La globalizacio\u0301n y la proteccio\u0301n internacional de los derechos sociales de las personas trabajadoras dome\u0301sticas en un derecho comparado entre Colombia y Espan\u0303a - Catalogo | Letrame Grupo Editorial\",\"isPartOf\":{\"@id\":\"https:\\\/\\\/letrame.com\\\/catalogo\\\/#website\"},\"primaryImageOfPage\":{\"@id\":\"https:\\\/\\\/letrame.com\\\/catalogo\\\/producto\\\/la-globalizacion-y-la-proteccion-internacional-de-los-derechos-sociales-de-las-personas-trabajadoras-domesticas-en-un-derecho-comparado-entre-colombia-y-espana\\\/#primaryimage\"},\"image\":{\"@id\":\"https:\\\/\\\/letrame.com\\\/catalogo\\\/producto\\\/la-globalizacion-y-la-proteccion-internacional-de-los-derechos-sociales-de-las-personas-trabajadoras-domesticas-en-un-derecho-comparado-entre-colombia-y-espana\\\/#primaryimage\"},\"thumbnailUrl\":\"https:\\\/\\\/letrame.com\\\/catalogo\\\/wp-content\\\/uploads\\\/2024\\\/09\\\/zlaglobalizacion_186mm4.jpg\",\"datePublished\":\"2024-09-30T10:39:34+00:00\",\"breadcrumb\":{\"@id\":\"https:\\\/\\\/letrame.com\\\/catalogo\\\/producto\\\/la-globalizacion-y-la-proteccion-internacional-de-los-derechos-sociales-de-las-personas-trabajadoras-domesticas-en-un-derecho-comparado-entre-colombia-y-espana\\\/#breadcrumb\"},\"inLanguage\":\"es\",\"potentialAction\":[{\"@type\":\"ReadAction\",\"target\":[\"https:\\\/\\\/letrame.com\\\/catalogo\\\/producto\\\/la-globalizacion-y-la-proteccion-internacional-de-los-derechos-sociales-de-las-personas-trabajadoras-domesticas-en-un-derecho-comparado-entre-colombia-y-espana\\\/\"]}]},{\"@type\":\"ImageObject\",\"inLanguage\":\"es\",\"@id\":\"https:\\\/\\\/letrame.com\\\/catalogo\\\/producto\\\/la-globalizacion-y-la-proteccion-internacional-de-los-derechos-sociales-de-las-personas-trabajadoras-domesticas-en-un-derecho-comparado-entre-colombia-y-espana\\\/#primaryimage\",\"url\":\"https:\\\/\\\/letrame.com\\\/catalogo\\\/wp-content\\\/uploads\\\/2024\\\/09\\\/zlaglobalizacion_186mm4.jpg\",\"contentUrl\":\"https:\\\/\\\/letrame.com\\\/catalogo\\\/wp-content\\\/uploads\\\/2024\\\/09\\\/zlaglobalizacion_186mm4.jpg\",\"width\":400,\"height\":586},{\"@type\":\"BreadcrumbList\",\"@id\":\"https:\\\/\\\/letrame.com\\\/catalogo\\\/producto\\\/la-globalizacion-y-la-proteccion-internacional-de-los-derechos-sociales-de-las-personas-trabajadoras-domesticas-en-un-derecho-comparado-entre-colombia-y-espana\\\/#breadcrumb\",\"itemListElement\":[{\"@type\":\"ListItem\",\"position\":1,\"name\":\"Portada\",\"item\":\"https:\\\/\\\/letrame.com\\\/catalogo\\\/\"},{\"@type\":\"ListItem\",\"position\":2,\"name\":\"Cat\u00e1logo\",\"item\":\"https:\\\/\\\/letrame.com\\\/catalogo\\\/\"},{\"@type\":\"ListItem\",\"position\":3,\"name\":\"La globalizacio\u0301n y la proteccio\u0301n internacional de los derechos sociales de las personas trabajadoras dome\u0301sticas en un derecho comparado entre Colombia y Espan\u0303a\"}]},{\"@type\":\"WebSite\",\"@id\":\"https:\\\/\\\/letrame.com\\\/catalogo\\\/#website\",\"url\":\"https:\\\/\\\/letrame.com\\\/catalogo\\\/\",\"name\":\"Catalogo | Letrame Grupo Editorial\",\"description\":\"\",\"publisher\":{\"@id\":\"https:\\\/\\\/letrame.com\\\/catalogo\\\/#organization\"},\"potentialAction\":[{\"@type\":\"SearchAction\",\"target\":{\"@type\":\"EntryPoint\",\"urlTemplate\":\"https:\\\/\\\/letrame.com\\\/catalogo\\\/?s={search_term_string}\"},\"query-input\":{\"@type\":\"PropertyValueSpecification\",\"valueRequired\":true,\"valueName\":\"search_term_string\"}}],\"inLanguage\":\"es\"},{\"@type\":\"Organization\",\"@id\":\"https:\\\/\\\/letrame.com\\\/catalogo\\\/#organization\",\"name\":\"Catalogo | Letrame Grupo Editorial\",\"url\":\"https:\\\/\\\/letrame.com\\\/catalogo\\\/\",\"logo\":{\"@type\":\"ImageObject\",\"inLanguage\":\"es\",\"@id\":\"https:\\\/\\\/letrame.com\\\/catalogo\\\/#\\\/schema\\\/logo\\\/image\\\/\",\"url\":\"https:\\\/\\\/letrame.com\\\/catalogo\\\/wp-content\\\/uploads\\\/2024\\\/03\\\/logo2.webp\",\"contentUrl\":\"https:\\\/\\\/letrame.com\\\/catalogo\\\/wp-content\\\/uploads\\\/2024\\\/03\\\/logo2.webp\",\"width\":394,\"height\":128,\"caption\":\"Catalogo | Letrame Grupo Editorial\"},\"image\":{\"@id\":\"https:\\\/\\\/letrame.com\\\/catalogo\\\/#\\\/schema\\\/logo\\\/image\\\/\"}}]}<\/script>\n<!-- \/ Yoast SEO plugin. -->","yoast_head_json":{"title":"La globalizacio\u0301n y la proteccio\u0301n internacional de los derechos sociales de las personas trabajadoras dome\u0301sticas en un derecho comparado entre Colombia y Espan\u0303a - Catalogo | Letrame Grupo Editorial","robots":{"index":"index","follow":"follow","max-snippet":"max-snippet:-1","max-image-preview":"max-image-preview:large","max-video-preview":"max-video-preview:-1"},"canonical":"https:\/\/letrame.com\/catalogo\/producto\/la-globalizacion-y-la-proteccion-internacional-de-los-derechos-sociales-de-las-personas-trabajadoras-domesticas-en-un-derecho-comparado-entre-colombia-y-espana\/","og_locale":"es_ES","og_type":"article","og_title":"La globalizacio\u0301n y la proteccio\u0301n internacional de los derechos sociales de las personas trabajadoras dome\u0301sticas en un derecho comparado entre Colombia y Espan\u0303a - Catalogo | Letrame Grupo Editorial","og_description":"ISBN: 978-84-1068-701-1 SINOPSIS El texto expone una realidad actual cr\u00edtica que viven las personas que trabajan al interior de un hogar desempe\u00f1ando las labores asignadas por el empleador.  El libro precisa que tanto en Espa\u00f1a como en Colombia existen normas laborales que benefician a este gremio de personas trabajadoras dom\u00e9sticas en el campo formal, pero aquellos que no son contratados a la luz del derecho enfrentan situaciones de precariedad, discriminaci\u00f3n, desvalorizaci\u00f3n, invisibilizaci\u00f3n y atropellos a la dignidad humana por su condici\u00f3n de informalidad o trabajo por cuenta propia o aut\u00f3nomo.  Son a estas personas, LOS PROTAGONISTAS SOCIALES, que el autor toma de la mano para que el lector los acompa\u00f1e, no solo en hacer una lectura comprensiva y emotiva acerca de una situaci\u00f3n desconocida por muchos, sino que tambi\u00e9n reconozca las circunstancias de un sector olvidado que necesita de su reflexi\u00f3n razonada y solidaria para salir adelante, \u00abLas Personas Trabajadoras Dom\u00e9sticas Informale\u00bb.","og_url":"https:\/\/letrame.com\/catalogo\/producto\/la-globalizacion-y-la-proteccion-internacional-de-los-derechos-sociales-de-las-personas-trabajadoras-domesticas-en-un-derecho-comparado-entre-colombia-y-espana\/","og_site_name":"Catalogo | Letrame Grupo Editorial","og_image":[{"width":400,"height":586,"url":"https:\/\/letrame.com\/catalogo\/wp-content\/uploads\/2024\/09\/zlaglobalizacion_186mm4.jpg","type":"image\/jpeg"}],"twitter_card":"summary_large_image","twitter_misc":{"Tiempo de lectura":"1 minuto"},"schema":{"@context":"https:\/\/schema.org","@graph":[{"@type":"WebPage","@id":"https:\/\/letrame.com\/catalogo\/producto\/la-globalizacion-y-la-proteccion-internacional-de-los-derechos-sociales-de-las-personas-trabajadoras-domesticas-en-un-derecho-comparado-entre-colombia-y-espana\/","url":"https:\/\/letrame.com\/catalogo\/producto\/la-globalizacion-y-la-proteccion-internacional-de-los-derechos-sociales-de-las-personas-trabajadoras-domesticas-en-un-derecho-comparado-entre-colombia-y-espana\/","name":"La globalizacio\u0301n y la proteccio\u0301n internacional de los derechos sociales de las personas trabajadoras dome\u0301sticas en un derecho comparado entre Colombia y Espan\u0303a - Catalogo | Letrame Grupo Editorial","isPartOf":{"@id":"https:\/\/letrame.com\/catalogo\/#website"},"primaryImageOfPage":{"@id":"https:\/\/letrame.com\/catalogo\/producto\/la-globalizacion-y-la-proteccion-internacional-de-los-derechos-sociales-de-las-personas-trabajadoras-domesticas-en-un-derecho-comparado-entre-colombia-y-espana\/#primaryimage"},"image":{"@id":"https:\/\/letrame.com\/catalogo\/producto\/la-globalizacion-y-la-proteccion-internacional-de-los-derechos-sociales-de-las-personas-trabajadoras-domesticas-en-un-derecho-comparado-entre-colombia-y-espana\/#primaryimage"},"thumbnailUrl":"https:\/\/letrame.com\/catalogo\/wp-content\/uploads\/2024\/09\/zlaglobalizacion_186mm4.jpg","datePublished":"2024-09-30T10:39:34+00:00","breadcrumb":{"@id":"https:\/\/letrame.com\/catalogo\/producto\/la-globalizacion-y-la-proteccion-internacional-de-los-derechos-sociales-de-las-personas-trabajadoras-domesticas-en-un-derecho-comparado-entre-colombia-y-espana\/#breadcrumb"},"inLanguage":"es","potentialAction":[{"@type":"ReadAction","target":["https:\/\/letrame.com\/catalogo\/producto\/la-globalizacion-y-la-proteccion-internacional-de-los-derechos-sociales-de-las-personas-trabajadoras-domesticas-en-un-derecho-comparado-entre-colombia-y-espana\/"]}]},{"@type":"ImageObject","inLanguage":"es","@id":"https:\/\/letrame.com\/catalogo\/producto\/la-globalizacion-y-la-proteccion-internacional-de-los-derechos-sociales-de-las-personas-trabajadoras-domesticas-en-un-derecho-comparado-entre-colombia-y-espana\/#primaryimage","url":"https:\/\/letrame.com\/catalogo\/wp-content\/uploads\/2024\/09\/zlaglobalizacion_186mm4.jpg","contentUrl":"https:\/\/letrame.com\/catalogo\/wp-content\/uploads\/2024\/09\/zlaglobalizacion_186mm4.jpg","width":400,"height":586},{"@type":"BreadcrumbList","@id":"https:\/\/letrame.com\/catalogo\/producto\/la-globalizacion-y-la-proteccion-internacional-de-los-derechos-sociales-de-las-personas-trabajadoras-domesticas-en-un-derecho-comparado-entre-colombia-y-espana\/#breadcrumb","itemListElement":[{"@type":"ListItem","position":1,"name":"Portada","item":"https:\/\/letrame.com\/catalogo\/"},{"@type":"ListItem","position":2,"name":"Cat\u00e1logo","item":"https:\/\/letrame.com\/catalogo\/"},{"@type":"ListItem","position":3,"name":"La globalizacio\u0301n y la proteccio\u0301n internacional de los derechos sociales de las personas trabajadoras dome\u0301sticas en un derecho comparado entre Colombia y Espan\u0303a"}]},{"@type":"WebSite","@id":"https:\/\/letrame.com\/catalogo\/#website","url":"https:\/\/letrame.com\/catalogo\/","name":"Catalogo | Letrame Grupo Editorial","description":"","publisher":{"@id":"https:\/\/letrame.com\/catalogo\/#organization"},"potentialAction":[{"@type":"SearchAction","target":{"@type":"EntryPoint","urlTemplate":"https:\/\/letrame.com\/catalogo\/?s={search_term_string}"},"query-input":{"@type":"PropertyValueSpecification","valueRequired":true,"valueName":"search_term_string"}}],"inLanguage":"es"},{"@type":"Organization","@id":"https:\/\/letrame.com\/catalogo\/#organization","name":"Catalogo | Letrame Grupo Editorial","url":"https:\/\/letrame.com\/catalogo\/","logo":{"@type":"ImageObject","inLanguage":"es","@id":"https:\/\/letrame.com\/catalogo\/#\/schema\/logo\/image\/","url":"https:\/\/letrame.com\/catalogo\/wp-content\/uploads\/2024\/03\/logo2.webp","contentUrl":"https:\/\/letrame.com\/catalogo\/wp-content\/uploads\/2024\/03\/logo2.webp","width":394,"height":128,"caption":"Catalogo | Letrame Grupo Editorial"},"image":{"@id":"https:\/\/letrame.com\/catalogo\/#\/schema\/logo\/image\/"}}]}},"_links":{"self":[{"href":"https:\/\/letrame.com\/catalogo\/wp-json\/wp\/v2\/product\/106750","targetHints":{"allow":["GET"]}}],"collection":[{"href":"https:\/\/letrame.com\/catalogo\/wp-json\/wp\/v2\/product"}],"about":[{"href":"https:\/\/letrame.com\/catalogo\/wp-json\/wp\/v2\/types\/product"}],"replies":[{"embeddable":true,"href":"https:\/\/letrame.com\/catalogo\/wp-json\/wp\/v2\/comments?post=106750"}],"acf:post":[{"embeddable":true,"href":"https:\/\/letrame.com\/catalogo\/wp-json\/wp\/v2\/author_book\/106475"}],"wp:featuredmedia":[{"embeddable":true,"href":"https:\/\/letrame.com\/catalogo\/wp-json\/wp\/v2\/media\/106753"}],"wp:attachment":[{"href":"https:\/\/letrame.com\/catalogo\/wp-json\/wp\/v2\/media?parent=106750"}],"wp:term":[{"taxonomy":"libro","embeddable":true,"href":"https:\/\/letrame.com\/catalogo\/wp-json\/wp\/v2\/libro?post=106750"},{"taxonomy":"product_brand","embeddable":true,"href":"https:\/\/letrame.com\/catalogo\/wp-json\/wp\/v2\/product_brand?post=106750"},{"taxonomy":"product_cat","embeddable":true,"href":"https:\/\/letrame.com\/catalogo\/wp-json\/wp\/v2\/product_cat?post=106750"},{"taxonomy":"product_tag","embeddable":true,"href":"https:\/\/letrame.com\/catalogo\/wp-json\/wp\/v2\/product_tag?post=106750"}],"curies":[{"name":"wp","href":"https:\/\/api.w.org\/{rel}","templated":true}]}}