{"id":106487,"date":"2024-09-19T16:27:53","date_gmt":"2024-09-19T14:27:53","guid":{"rendered":"https:\/\/letrame.com\/catalogo\/?post_type=product&#038;p=106487"},"modified":"2024-09-19T16:27:54","modified_gmt":"2024-09-19T14:27:54","slug":"sonar-con-francisco","status":"publish","type":"product","link":"https:\/\/letrame.com\/catalogo\/producto\/sonar-con-francisco\/","title":{"rendered":"So\u00f1ar con Francisco"},"content":{"rendered":"<p class=\"p1\">ISBN: 978-84-1068-738-7<\/p>\n<p class=\"p1\">T\u00edtulo:\u00a0<em>So\u00f1ar con Francisco<\/em><\/p>\n<p class=\"p1\">A\u00f1o: 2024<\/p>\n<p class=\"p1\">P\u00e1ginas: 272<\/p>\n<p class=\"p1\">SINOPSIS<\/p>\n<p>&nbsp;<\/p>\n<p>El S\u00ednodo especial para la Amazon\u00eda tuvo lugar en Roma, entre el 6 y el 27 de octubre de 2019, y concluy\u00f3 con un documento final. Posteriormente, el Papa Francisco public\u00f3 la Exhorta\u00adci\u00f3n Apost\u00f3lica <em>Querida Amazon\u00eda<\/em> que le hab\u00eda inspirado el S\u00ednodo. El Papa invita a leer \u00edntegramente el documento final, por\u00adque \u00e9l no lo va a citar en su exhortaci\u00f3n apost\u00f3\u00adlica.<\/p>\n<p>El t\u00edtulo <em>So\u00f1ar con Francisco<\/em> est\u00e1 tomado de los cuatro sue\u00ad\u00f1os que la Amazon\u00eda inspira al Papa y que \u00e9l desarrolla en la exhortaci\u00f3n apost\u00f3lica <em>Querida Amazon\u00eda. <\/em><\/p>\n<p>O\u00edr hablar de la Amazon\u00eda a mucha gente le sonar\u00e1 algo lejano, ajeno, que no nos ata\u00f1e a los que vivimos a miles de kil\u00f3metros de distancia. Sin embargo, no es as\u00ed. Tenemos que despertar para la realidad: la Amazon\u00eda tambi\u00e9n es \u00abnuestra\u00bb, depende de nosotros y nosotros nos beneficiamos o perjudicamos seg\u00fan cuidemos el \u00abbioma amaz\u00f3nico\u00bb o \u00abcoraz\u00f3n biol\u00f3gico\u00bb del planeta.<\/p>\n<p>Creyentes y no creyentes podemos estar de acuerdo en un reto: llevar a la COP 30, en la ciudad de Bel\u00e9m do Par\u00e1 (Brasil), entre el 10 y el 21 de noviembre de 2025, un fundamento y un est\u00edmulo espec\u00edfi\u00adco y distinto, pero imprescindible y complementario para el cuidado de la Casa com\u00fan: el desaf\u00edo de la espiritua\u00adlidad de la ecolog\u00eda integral.<\/p>\n<p>El documento final y la Exhortaci\u00f3n est\u00e1n elaborados sobre grandes l\u00edneas. Mi propuesta pone el inter\u00e9s en hacer una lectura conjunta de ambos con un objetivo: identificar los grandes sue\u00f1os en los cuales todos, all\u00e1 y ac\u00e1, nos sintamos pro\u00adtagonistas.<\/p>\n<p>Mi propuesta metodol\u00f3gica de lectura tiene el objetivo de aprender a conocer y a hacer nuestro el pen\u00adsamiento de una Iglesia con rostro amaz\u00f3nico: sobre el proceso de una iglesia de comunidades encarnadas, el desarrollo sostenible y el desaf\u00edo de la conversi\u00f3n a la ecolog\u00eda integral en \u00abnuestra\u00bb Amazon\u00eda y en todo el planeta.<\/p>\n","protected":false},"excerpt":{"rendered":"<p class=\"p1\">ISBN: 978-84-1068-738-7<\/p>\n<p class=\"p1\">\n<p class=\"p1\">SINOPSIS<\/p>\n<p>&nbsp;<\/p>\n<p>El S\u00ednodo especial para la Amazon\u00eda tuvo lugar en Roma, entre el 6 y el 27 de octubre de 2019, y concluy\u00f3 con un documento final. Posteriormente, el Papa Francisco public\u00f3 la Exhorta\u00adci\u00f3n Apost\u00f3lica <em>Querida Amazon\u00eda<\/em> que le hab\u00eda inspirado el S\u00ednodo. El Papa invita a leer \u00edntegramente el documento final, por\u00adque \u00e9l no lo va a citar en su exhortaci\u00f3n apost\u00f3\u00adlica.<\/p>\n<p>El t\u00edtulo <em>So\u00f1ar con Francisco<\/em> est\u00e1 tomado de los cuatro sue\u00ad\u00f1os que la Amazon\u00eda inspira al Papa y que \u00e9l desarrolla en la exhortaci\u00f3n apost\u00f3lica <em>Querida Amazon\u00eda. <\/em><\/p>\n<p>O\u00edr hablar de la Amazon\u00eda a mucha gente le sonar\u00e1 algo lejano, ajeno, que no nos ata\u00f1e a los que vivimos a miles de kil\u00f3metros de distancia. Sin embargo, no es as\u00ed. Tenemos que despertar para la realidad: la Amazon\u00eda tambi\u00e9n es \u00abnuestra\u00bb, depende de nosotros y nosotros nos beneficiamos o perjudicamos seg\u00fan cuidemos el \u00abbioma amaz\u00f3nico\u00bb o \u00abcoraz\u00f3n biol\u00f3gico\u00bb del planeta.<\/p>\n<p>Creyentes y no creyentes podemos estar de acuerdo en un reto: llevar a la COP 30, en la ciudad de Bel\u00e9m do Par\u00e1 (Brasil), entre el 10 y el 21 de noviembre de 2025, un fundamento y un est\u00edmulo espec\u00edfi\u00adco y distinto, pero imprescindible y complementario para el cuidado de la Casa com\u00fan: el desaf\u00edo de la espiritua\u00adlidad de la ecolog\u00eda integral.<\/p>\n<p>El documento final y la Exhortaci\u00f3n est\u00e1n elaborados sobre grandes l\u00edneas. Mi propuesta pone el inter\u00e9s en hacer una lectura conjunta de ambos con un objetivo: identificar los grandes sue\u00f1os en los cuales todos, all\u00e1 y ac\u00e1, nos sintamos pro\u00adtagonistas.<\/p>\n<p>Mi propuesta metodol\u00f3gica de lectura tiene el objetivo de aprender a conocer y a hacer nuestro el pen\u00adsamiento de una Iglesia con rostro amaz\u00f3nico: sobre el proceso de una iglesia de comunidades encarnadas, el desarrollo sostenible y el desaf\u00edo de la conversi\u00f3n a la ecolog\u00eda integral en \u00abnuestra\u00bb Amazon\u00eda y en todo el planeta.<\/p>\n","protected":false},"featured_media":106490,"comment_status":"open","ping_status":"closed","template":"","meta":{"_acf_changed":false},"libro":[],"product_brand":[],"product_cat":[25],"product_tag":[],"class_list":{"0":"post-106487","1":"product","2":"type-product","3":"status-publish","4":"has-post-thumbnail","6":"product_cat-religion-y-espiritualidad","8":"first","9":"instock","10":"shipping-taxable","11":"product-type-simple"},"acf":{"autor":[106486],"enlace_de_compra":""},"yoast_head":"<!-- This site is optimized with the Yoast SEO plugin v27.4 - https:\/\/yoast.com\/product\/yoast-seo-wordpress\/ -->\n<title>So\u00f1ar con Francisco - Catalogo | Letrame Grupo Editorial<\/title>\n<meta name=\"robots\" content=\"index, follow, max-snippet:-1, max-image-preview:large, max-video-preview:-1\" \/>\n<link rel=\"canonical\" href=\"https:\/\/letrame.com\/catalogo\/producto\/sonar-con-francisco\/\" \/>\n<meta property=\"og:locale\" content=\"es_ES\" \/>\n<meta property=\"og:type\" content=\"article\" \/>\n<meta property=\"og:title\" content=\"So\u00f1ar con Francisco - Catalogo | Letrame Grupo Editorial\" \/>\n<meta property=\"og:description\" content=\"ISBN: 978-84-1068-738-7  SINOPSIS &nbsp;  El S\u00ednodo especial para la Amazon\u00eda tuvo lugar en Roma, entre el 6 y el 27 de octubre de 2019, y concluy\u00f3 con un documento final. Posteriormente, el Papa Francisco public\u00f3 la Exhorta\u00adci\u00f3n Apost\u00f3lica Querida Amazon\u00eda que le hab\u00eda inspirado el S\u00ednodo. El Papa invita a leer \u00edntegramente el documento final, por\u00adque \u00e9l no lo va a citar en su exhortaci\u00f3n apost\u00f3\u00adlica.  El t\u00edtulo So\u00f1ar con Francisco est\u00e1 tomado de los cuatro sue\u00ad\u00f1os que la Amazon\u00eda inspira al Papa y que \u00e9l desarrolla en la exhortaci\u00f3n apost\u00f3lica Querida Amazon\u00eda.   O\u00edr hablar de la Amazon\u00eda a mucha gente le sonar\u00e1 algo lejano, ajeno, que no nos ata\u00f1e a los que vivimos a miles de kil\u00f3metros de distancia. Sin embargo, no es as\u00ed. Tenemos que despertar para la realidad: la Amazon\u00eda tambi\u00e9n es \u00abnuestra\u00bb, depende de nosotros y nosotros nos beneficiamos o perjudicamos seg\u00fan cuidemos el \u00abbioma amaz\u00f3nico\u00bb o \u00abcoraz\u00f3n biol\u00f3gico\u00bb del planeta.  Creyentes y no creyentes podemos estar de acuerdo en un reto: llevar a la COP 30, en la ciudad de Bel\u00e9m do Par\u00e1 (Brasil), entre el 10 y el 21 de noviembre de 2025, un fundamento y un est\u00edmulo espec\u00edfi\u00adco y distinto, pero imprescindible y complementario para el cuidado de la Casa com\u00fan: el desaf\u00edo de la espiritua\u00adlidad de la ecolog\u00eda integral.  El documento final y la Exhortaci\u00f3n est\u00e1n elaborados sobre grandes l\u00edneas. Mi propuesta pone el inter\u00e9s en hacer una lectura conjunta de ambos con un objetivo: identificar los grandes sue\u00f1os en los cuales todos, all\u00e1 y ac\u00e1, nos sintamos pro\u00adtagonistas.  Mi propuesta metodol\u00f3gica de lectura tiene el objetivo de aprender a conocer y a hacer nuestro el pen\u00adsamiento de una Iglesia con rostro amaz\u00f3nico: sobre el proceso de una iglesia de comunidades encarnadas, el desarrollo sostenible y el desaf\u00edo de la conversi\u00f3n a la ecolog\u00eda integral en \u00abnuestra\u00bb Amazon\u00eda y en todo el planeta.\" \/>\n<meta property=\"og:url\" content=\"https:\/\/letrame.com\/catalogo\/producto\/sonar-con-francisco\/\" \/>\n<meta property=\"og:site_name\" content=\"Catalogo | Letrame Grupo Editorial\" \/>\n<meta property=\"article:modified_time\" content=\"2024-09-19T14:27:54+00:00\" \/>\n<meta property=\"og:image\" content=\"https:\/\/letrame.com\/catalogo\/wp-content\/uploads\/2024\/09\/zsonarconfrancisco_1371mm4.jpg\" \/>\n\t<meta property=\"og:image:width\" content=\"800\" \/>\n\t<meta property=\"og:image:height\" content=\"1120\" \/>\n\t<meta property=\"og:image:type\" content=\"image\/jpeg\" \/>\n<meta name=\"twitter:card\" content=\"summary_large_image\" \/>\n<meta name=\"twitter:label1\" content=\"Tiempo de lectura\" \/>\n\t<meta name=\"twitter:data1\" content=\"2 minutos\" \/>\n<script type=\"application\/ld+json\" class=\"yoast-schema-graph\">{\"@context\":\"https:\\\/\\\/schema.org\",\"@graph\":[{\"@type\":\"WebPage\",\"@id\":\"https:\\\/\\\/letrame.com\\\/catalogo\\\/producto\\\/sonar-con-francisco\\\/\",\"url\":\"https:\\\/\\\/letrame.com\\\/catalogo\\\/producto\\\/sonar-con-francisco\\\/\",\"name\":\"So\u00f1ar con Francisco - Catalogo | Letrame Grupo Editorial\",\"isPartOf\":{\"@id\":\"https:\\\/\\\/letrame.com\\\/catalogo\\\/#website\"},\"primaryImageOfPage\":{\"@id\":\"https:\\\/\\\/letrame.com\\\/catalogo\\\/producto\\\/sonar-con-francisco\\\/#primaryimage\"},\"image\":{\"@id\":\"https:\\\/\\\/letrame.com\\\/catalogo\\\/producto\\\/sonar-con-francisco\\\/#primaryimage\"},\"thumbnailUrl\":\"https:\\\/\\\/letrame.com\\\/catalogo\\\/wp-content\\\/uploads\\\/2024\\\/09\\\/zsonarconfrancisco_1371mm4.jpg\",\"datePublished\":\"2024-09-19T14:27:53+00:00\",\"dateModified\":\"2024-09-19T14:27:54+00:00\",\"breadcrumb\":{\"@id\":\"https:\\\/\\\/letrame.com\\\/catalogo\\\/producto\\\/sonar-con-francisco\\\/#breadcrumb\"},\"inLanguage\":\"es\",\"potentialAction\":[{\"@type\":\"ReadAction\",\"target\":[\"https:\\\/\\\/letrame.com\\\/catalogo\\\/producto\\\/sonar-con-francisco\\\/\"]}]},{\"@type\":\"ImageObject\",\"inLanguage\":\"es\",\"@id\":\"https:\\\/\\\/letrame.com\\\/catalogo\\\/producto\\\/sonar-con-francisco\\\/#primaryimage\",\"url\":\"https:\\\/\\\/letrame.com\\\/catalogo\\\/wp-content\\\/uploads\\\/2024\\\/09\\\/zsonarconfrancisco_1371mm4.jpg\",\"contentUrl\":\"https:\\\/\\\/letrame.com\\\/catalogo\\\/wp-content\\\/uploads\\\/2024\\\/09\\\/zsonarconfrancisco_1371mm4.jpg\",\"width\":800,\"height\":1120},{\"@type\":\"BreadcrumbList\",\"@id\":\"https:\\\/\\\/letrame.com\\\/catalogo\\\/producto\\\/sonar-con-francisco\\\/#breadcrumb\",\"itemListElement\":[{\"@type\":\"ListItem\",\"position\":1,\"name\":\"Portada\",\"item\":\"https:\\\/\\\/letrame.com\\\/catalogo\\\/\"},{\"@type\":\"ListItem\",\"position\":2,\"name\":\"Cat\u00e1logo\",\"item\":\"https:\\\/\\\/letrame.com\\\/catalogo\\\/\"},{\"@type\":\"ListItem\",\"position\":3,\"name\":\"So\u00f1ar con Francisco\"}]},{\"@type\":\"WebSite\",\"@id\":\"https:\\\/\\\/letrame.com\\\/catalogo\\\/#website\",\"url\":\"https:\\\/\\\/letrame.com\\\/catalogo\\\/\",\"name\":\"Catalogo | Letrame Grupo Editorial\",\"description\":\"\",\"publisher\":{\"@id\":\"https:\\\/\\\/letrame.com\\\/catalogo\\\/#organization\"},\"potentialAction\":[{\"@type\":\"SearchAction\",\"target\":{\"@type\":\"EntryPoint\",\"urlTemplate\":\"https:\\\/\\\/letrame.com\\\/catalogo\\\/?s={search_term_string}\"},\"query-input\":{\"@type\":\"PropertyValueSpecification\",\"valueRequired\":true,\"valueName\":\"search_term_string\"}}],\"inLanguage\":\"es\"},{\"@type\":\"Organization\",\"@id\":\"https:\\\/\\\/letrame.com\\\/catalogo\\\/#organization\",\"name\":\"Catalogo | Letrame Grupo Editorial\",\"url\":\"https:\\\/\\\/letrame.com\\\/catalogo\\\/\",\"logo\":{\"@type\":\"ImageObject\",\"inLanguage\":\"es\",\"@id\":\"https:\\\/\\\/letrame.com\\\/catalogo\\\/#\\\/schema\\\/logo\\\/image\\\/\",\"url\":\"https:\\\/\\\/letrame.com\\\/catalogo\\\/wp-content\\\/uploads\\\/2024\\\/03\\\/logo2.webp\",\"contentUrl\":\"https:\\\/\\\/letrame.com\\\/catalogo\\\/wp-content\\\/uploads\\\/2024\\\/03\\\/logo2.webp\",\"width\":394,\"height\":128,\"caption\":\"Catalogo | Letrame Grupo Editorial\"},\"image\":{\"@id\":\"https:\\\/\\\/letrame.com\\\/catalogo\\\/#\\\/schema\\\/logo\\\/image\\\/\"}}]}<\/script>\n<!-- \/ Yoast SEO plugin. -->","yoast_head_json":{"title":"So\u00f1ar con Francisco - Catalogo | Letrame Grupo Editorial","robots":{"index":"index","follow":"follow","max-snippet":"max-snippet:-1","max-image-preview":"max-image-preview:large","max-video-preview":"max-video-preview:-1"},"canonical":"https:\/\/letrame.com\/catalogo\/producto\/sonar-con-francisco\/","og_locale":"es_ES","og_type":"article","og_title":"So\u00f1ar con Francisco - Catalogo | Letrame Grupo Editorial","og_description":"ISBN: 978-84-1068-738-7  SINOPSIS &nbsp;  El S\u00ednodo especial para la Amazon\u00eda tuvo lugar en Roma, entre el 6 y el 27 de octubre de 2019, y concluy\u00f3 con un documento final. Posteriormente, el Papa Francisco public\u00f3 la Exhorta\u00adci\u00f3n Apost\u00f3lica Querida Amazon\u00eda que le hab\u00eda inspirado el S\u00ednodo. El Papa invita a leer \u00edntegramente el documento final, por\u00adque \u00e9l no lo va a citar en su exhortaci\u00f3n apost\u00f3\u00adlica.  El t\u00edtulo So\u00f1ar con Francisco est\u00e1 tomado de los cuatro sue\u00ad\u00f1os que la Amazon\u00eda inspira al Papa y que \u00e9l desarrolla en la exhortaci\u00f3n apost\u00f3lica Querida Amazon\u00eda.   O\u00edr hablar de la Amazon\u00eda a mucha gente le sonar\u00e1 algo lejano, ajeno, que no nos ata\u00f1e a los que vivimos a miles de kil\u00f3metros de distancia. Sin embargo, no es as\u00ed. Tenemos que despertar para la realidad: la Amazon\u00eda tambi\u00e9n es \u00abnuestra\u00bb, depende de nosotros y nosotros nos beneficiamos o perjudicamos seg\u00fan cuidemos el \u00abbioma amaz\u00f3nico\u00bb o \u00abcoraz\u00f3n biol\u00f3gico\u00bb del planeta.  Creyentes y no creyentes podemos estar de acuerdo en un reto: llevar a la COP 30, en la ciudad de Bel\u00e9m do Par\u00e1 (Brasil), entre el 10 y el 21 de noviembre de 2025, un fundamento y un est\u00edmulo espec\u00edfi\u00adco y distinto, pero imprescindible y complementario para el cuidado de la Casa com\u00fan: el desaf\u00edo de la espiritua\u00adlidad de la ecolog\u00eda integral.  El documento final y la Exhortaci\u00f3n est\u00e1n elaborados sobre grandes l\u00edneas. Mi propuesta pone el inter\u00e9s en hacer una lectura conjunta de ambos con un objetivo: identificar los grandes sue\u00f1os en los cuales todos, all\u00e1 y ac\u00e1, nos sintamos pro\u00adtagonistas.  Mi propuesta metodol\u00f3gica de lectura tiene el objetivo de aprender a conocer y a hacer nuestro el pen\u00adsamiento de una Iglesia con rostro amaz\u00f3nico: sobre el proceso de una iglesia de comunidades encarnadas, el desarrollo sostenible y el desaf\u00edo de la conversi\u00f3n a la ecolog\u00eda integral en \u00abnuestra\u00bb Amazon\u00eda y en todo el planeta.","og_url":"https:\/\/letrame.com\/catalogo\/producto\/sonar-con-francisco\/","og_site_name":"Catalogo | Letrame Grupo Editorial","article_modified_time":"2024-09-19T14:27:54+00:00","og_image":[{"width":800,"height":1120,"url":"https:\/\/letrame.com\/catalogo\/wp-content\/uploads\/2024\/09\/zsonarconfrancisco_1371mm4.jpg","type":"image\/jpeg"}],"twitter_card":"summary_large_image","twitter_misc":{"Tiempo de lectura":"2 minutos"},"schema":{"@context":"https:\/\/schema.org","@graph":[{"@type":"WebPage","@id":"https:\/\/letrame.com\/catalogo\/producto\/sonar-con-francisco\/","url":"https:\/\/letrame.com\/catalogo\/producto\/sonar-con-francisco\/","name":"So\u00f1ar con Francisco - Catalogo | Letrame Grupo Editorial","isPartOf":{"@id":"https:\/\/letrame.com\/catalogo\/#website"},"primaryImageOfPage":{"@id":"https:\/\/letrame.com\/catalogo\/producto\/sonar-con-francisco\/#primaryimage"},"image":{"@id":"https:\/\/letrame.com\/catalogo\/producto\/sonar-con-francisco\/#primaryimage"},"thumbnailUrl":"https:\/\/letrame.com\/catalogo\/wp-content\/uploads\/2024\/09\/zsonarconfrancisco_1371mm4.jpg","datePublished":"2024-09-19T14:27:53+00:00","dateModified":"2024-09-19T14:27:54+00:00","breadcrumb":{"@id":"https:\/\/letrame.com\/catalogo\/producto\/sonar-con-francisco\/#breadcrumb"},"inLanguage":"es","potentialAction":[{"@type":"ReadAction","target":["https:\/\/letrame.com\/catalogo\/producto\/sonar-con-francisco\/"]}]},{"@type":"ImageObject","inLanguage":"es","@id":"https:\/\/letrame.com\/catalogo\/producto\/sonar-con-francisco\/#primaryimage","url":"https:\/\/letrame.com\/catalogo\/wp-content\/uploads\/2024\/09\/zsonarconfrancisco_1371mm4.jpg","contentUrl":"https:\/\/letrame.com\/catalogo\/wp-content\/uploads\/2024\/09\/zsonarconfrancisco_1371mm4.jpg","width":800,"height":1120},{"@type":"BreadcrumbList","@id":"https:\/\/letrame.com\/catalogo\/producto\/sonar-con-francisco\/#breadcrumb","itemListElement":[{"@type":"ListItem","position":1,"name":"Portada","item":"https:\/\/letrame.com\/catalogo\/"},{"@type":"ListItem","position":2,"name":"Cat\u00e1logo","item":"https:\/\/letrame.com\/catalogo\/"},{"@type":"ListItem","position":3,"name":"So\u00f1ar con Francisco"}]},{"@type":"WebSite","@id":"https:\/\/letrame.com\/catalogo\/#website","url":"https:\/\/letrame.com\/catalogo\/","name":"Catalogo | Letrame Grupo Editorial","description":"","publisher":{"@id":"https:\/\/letrame.com\/catalogo\/#organization"},"potentialAction":[{"@type":"SearchAction","target":{"@type":"EntryPoint","urlTemplate":"https:\/\/letrame.com\/catalogo\/?s={search_term_string}"},"query-input":{"@type":"PropertyValueSpecification","valueRequired":true,"valueName":"search_term_string"}}],"inLanguage":"es"},{"@type":"Organization","@id":"https:\/\/letrame.com\/catalogo\/#organization","name":"Catalogo | Letrame Grupo Editorial","url":"https:\/\/letrame.com\/catalogo\/","logo":{"@type":"ImageObject","inLanguage":"es","@id":"https:\/\/letrame.com\/catalogo\/#\/schema\/logo\/image\/","url":"https:\/\/letrame.com\/catalogo\/wp-content\/uploads\/2024\/03\/logo2.webp","contentUrl":"https:\/\/letrame.com\/catalogo\/wp-content\/uploads\/2024\/03\/logo2.webp","width":394,"height":128,"caption":"Catalogo | Letrame Grupo Editorial"},"image":{"@id":"https:\/\/letrame.com\/catalogo\/#\/schema\/logo\/image\/"}}]}},"_links":{"self":[{"href":"https:\/\/letrame.com\/catalogo\/wp-json\/wp\/v2\/product\/106487","targetHints":{"allow":["GET"]}}],"collection":[{"href":"https:\/\/letrame.com\/catalogo\/wp-json\/wp\/v2\/product"}],"about":[{"href":"https:\/\/letrame.com\/catalogo\/wp-json\/wp\/v2\/types\/product"}],"replies":[{"embeddable":true,"href":"https:\/\/letrame.com\/catalogo\/wp-json\/wp\/v2\/comments?post=106487"}],"acf:post":[{"embeddable":true,"href":"https:\/\/letrame.com\/catalogo\/wp-json\/wp\/v2\/author_book\/106486"}],"wp:featuredmedia":[{"embeddable":true,"href":"https:\/\/letrame.com\/catalogo\/wp-json\/wp\/v2\/media\/106490"}],"wp:attachment":[{"href":"https:\/\/letrame.com\/catalogo\/wp-json\/wp\/v2\/media?parent=106487"}],"wp:term":[{"taxonomy":"libro","embeddable":true,"href":"https:\/\/letrame.com\/catalogo\/wp-json\/wp\/v2\/libro?post=106487"},{"taxonomy":"product_brand","embeddable":true,"href":"https:\/\/letrame.com\/catalogo\/wp-json\/wp\/v2\/product_brand?post=106487"},{"taxonomy":"product_cat","embeddable":true,"href":"https:\/\/letrame.com\/catalogo\/wp-json\/wp\/v2\/product_cat?post=106487"},{"taxonomy":"product_tag","embeddable":true,"href":"https:\/\/letrame.com\/catalogo\/wp-json\/wp\/v2\/product_tag?post=106487"}],"curies":[{"name":"wp","href":"https:\/\/api.w.org\/{rel}","templated":true}]}}