{"id":106330,"date":"2024-09-12T09:31:38","date_gmt":"2024-09-12T07:31:38","guid":{"rendered":"https:\/\/letrame.com\/catalogo\/?post_type=product&#038;p=106330"},"modified":"2024-09-12T09:31:38","modified_gmt":"2024-09-12T07:31:38","slug":"una-trencadissa-politica","status":"publish","type":"product","link":"https:\/\/letrame.com\/catalogo\/producto\/una-trencadissa-politica\/","title":{"rendered":"Una trencadissa pol\u00edtica"},"content":{"rendered":"<p class=\"p1\">ISBN:\u00a0978-84-1068-668-7<\/p>\n<p class=\"p1\">T\u00edtulo:\u00a0 Una trencadissa pol\u00edtica<\/p>\n<p class=\"p1\">A\u00f1o: 2024<\/p>\n<p class=\"p1\">P\u00e1ginas: 356<\/p>\n<p class=\"p1\">SINOPSIS<\/p>\n<p>Cal recon\u00e8ixer que la mem\u00f2ria es va adaptant als esdeveniments, tot i que no sempre de manera conscient. Actua segons l\u2019evoluci\u00f3 del nostre entorn, suavitzant alguns aspectes, endurint-ne d\u2019altres i, en qualsevol cas, generant una certa distorsi\u00f3 dels fets, records, experi\u00e8ncies o fins i tot de les not\u00edcies rebudes o viscudes.<\/p>\n<p>&nbsp;<\/p>\n<p>La presentaci\u00f3 d\u2019aquest recull d\u2019articles sense cap modificaci\u00f3 ni alteraci\u00f3, i de manera cronol\u00f2gica, ens permet veure, i alhora analitzar, com es percebien en aquell moment alguns dels molts fets i esdeveniments viscuts en aquests darrers anys.<\/p>\n<p>&nbsp;<\/p>\n<p>Es tracta, en el fons, d\u2019un proc\u00e9s de revisi\u00f3 i actualitzaci\u00f3 de la mem\u00f2ria a trav\u00e9s de la lectura dels articles. Sense establir directament una relaci\u00f3 entre els dos fets que marquen els l\u00edmits del treball escollit (l\u2019inici del judici del proc\u00e9s i l\u2019aprovaci\u00f3 de l\u2019amnistia), ens permet veure com, en funci\u00f3 de l\u2019entorn, anava evolucionant el nostre escenari pol\u00edtic i com s\u2019han reinterpretat posteriorment els fets.<\/p>\n","protected":false},"excerpt":{"rendered":"<p class=\"p1\">ISBN:\u00a0978-84-1068-668-7<\/p>\n<p class=\"p1\">SINOPSIS<\/p>\n<p>Cal recon\u00e8ixer que la mem\u00f2ria es va adaptant als esdeveniments, tot i que no sempre de manera conscient. Actua segons l\u2019evoluci\u00f3 del nostre entorn, suavitzant alguns aspectes, endurint-ne d\u2019altres i, en qualsevol cas, generant una certa distorsi\u00f3 dels fets, records, experi\u00e8ncies o fins i tot de les not\u00edcies rebudes o viscudes.<\/p>\n<p>&nbsp;<\/p>\n<p>La presentaci\u00f3 d\u2019aquest recull d\u2019articles sense cap modificaci\u00f3 ni alteraci\u00f3, i de manera cronol\u00f2gica, ens permet veure, i alhora analitzar, com es percebien en aquell moment alguns dels molts fets i esdeveniments viscuts en aquests darrers anys.<\/p>\n<p>&nbsp;<\/p>\n<p>Es tracta, en el fons, d\u2019un proc\u00e9s de revisi\u00f3 i actualitzaci\u00f3 de la mem\u00f2ria a trav\u00e9s de la lectura dels articles. Sense establir directament una relaci\u00f3 entre els dos fets que marquen els l\u00edmits del treball escollit (l\u2019inici del judici del proc\u00e9s i l\u2019aprovaci\u00f3 de l\u2019amnistia), ens permet veure com, en funci\u00f3 de l\u2019entorn, anava evolucionant el nostre escenari pol\u00edtic i com s\u2019han reinterpretat posteriorment els fets.<\/p>\n","protected":false},"featured_media":106333,"comment_status":"open","ping_status":"closed","template":"","meta":{"_acf_changed":false},"libro":[],"product_brand":[],"product_cat":[128],"product_tag":[],"class_list":{"0":"post-106330","1":"product","2":"type-product","3":"status-publish","4":"has-post-thumbnail","6":"product_cat-politica","8":"first","9":"instock","10":"shipping-taxable","11":"product-type-simple"},"acf":{"autor":[106329],"enlace_de_compra":"https:\/\/amzn.to\/47sszO6"},"yoast_head":"<!-- This site is optimized with the Yoast SEO plugin v27.4 - https:\/\/yoast.com\/product\/yoast-seo-wordpress\/ -->\n<title>Una trencadissa pol\u00edtica - Catalogo | Letrame Grupo Editorial<\/title>\n<meta name=\"robots\" content=\"index, follow, max-snippet:-1, max-image-preview:large, max-video-preview:-1\" \/>\n<link rel=\"canonical\" href=\"https:\/\/letrame.com\/catalogo\/producto\/una-trencadissa-politica\/\" \/>\n<meta property=\"og:locale\" content=\"es_ES\" \/>\n<meta property=\"og:type\" content=\"article\" \/>\n<meta property=\"og:title\" content=\"Una trencadissa pol\u00edtica - Catalogo | Letrame Grupo Editorial\" \/>\n<meta property=\"og:description\" content=\"ISBN:\u00a0978-84-1068-668-7 SINOPSIS Cal recon\u00e8ixer que la mem\u00f2ria es va adaptant als esdeveniments, tot i que no sempre de manera conscient. Actua segons l\u2019evoluci\u00f3 del nostre entorn, suavitzant alguns aspectes, endurint-ne d\u2019altres i, en qualsevol cas, generant una certa distorsi\u00f3 dels fets, records, experi\u00e8ncies o fins i tot de les not\u00edcies rebudes o viscudes.  &nbsp;  La presentaci\u00f3 d\u2019aquest recull d\u2019articles sense cap modificaci\u00f3 ni alteraci\u00f3, i de manera cronol\u00f2gica, ens permet veure, i alhora analitzar, com es percebien en aquell moment alguns dels molts fets i esdeveniments viscuts en aquests darrers anys.  &nbsp;  Es tracta, en el fons, d\u2019un proc\u00e9s de revisi\u00f3 i actualitzaci\u00f3 de la mem\u00f2ria a trav\u00e9s de la lectura dels articles. Sense establir directament una relaci\u00f3 entre els dos fets que marquen els l\u00edmits del treball escollit (l\u2019inici del judici del proc\u00e9s i l\u2019aprovaci\u00f3 de l\u2019amnistia), ens permet veure com, en funci\u00f3 de l\u2019entorn, anava evolucionant el nostre escenari pol\u00edtic i com s\u2019han reinterpretat posteriorment els fets.\" \/>\n<meta property=\"og:url\" content=\"https:\/\/letrame.com\/catalogo\/producto\/una-trencadissa-politica\/\" \/>\n<meta property=\"og:site_name\" content=\"Catalogo | Letrame Grupo Editorial\" \/>\n<meta property=\"og:image\" content=\"https:\/\/letrame.com\/catalogo\/wp-content\/uploads\/2024\/09\/zunatrencadis_1936mm4.jpg\" \/>\n\t<meta property=\"og:image:width\" content=\"600\" \/>\n\t<meta property=\"og:image:height\" content=\"880\" \/>\n\t<meta property=\"og:image:type\" content=\"image\/jpeg\" \/>\n<meta name=\"twitter:card\" content=\"summary_large_image\" \/>\n<meta name=\"twitter:label1\" content=\"Tiempo de lectura\" \/>\n\t<meta name=\"twitter:data1\" content=\"1 minuto\" \/>\n<script type=\"application\/ld+json\" class=\"yoast-schema-graph\">{\"@context\":\"https:\\\/\\\/schema.org\",\"@graph\":[{\"@type\":\"WebPage\",\"@id\":\"https:\\\/\\\/letrame.com\\\/catalogo\\\/producto\\\/una-trencadissa-politica\\\/\",\"url\":\"https:\\\/\\\/letrame.com\\\/catalogo\\\/producto\\\/una-trencadissa-politica\\\/\",\"name\":\"Una trencadissa pol\u00edtica - Catalogo | Letrame Grupo Editorial\",\"isPartOf\":{\"@id\":\"https:\\\/\\\/letrame.com\\\/catalogo\\\/#website\"},\"primaryImageOfPage\":{\"@id\":\"https:\\\/\\\/letrame.com\\\/catalogo\\\/producto\\\/una-trencadissa-politica\\\/#primaryimage\"},\"image\":{\"@id\":\"https:\\\/\\\/letrame.com\\\/catalogo\\\/producto\\\/una-trencadissa-politica\\\/#primaryimage\"},\"thumbnailUrl\":\"https:\\\/\\\/letrame.com\\\/catalogo\\\/wp-content\\\/uploads\\\/2024\\\/09\\\/zunatrencadis_1936mm4.jpg\",\"datePublished\":\"2024-09-12T07:31:38+00:00\",\"breadcrumb\":{\"@id\":\"https:\\\/\\\/letrame.com\\\/catalogo\\\/producto\\\/una-trencadissa-politica\\\/#breadcrumb\"},\"inLanguage\":\"es\",\"potentialAction\":[{\"@type\":\"ReadAction\",\"target\":[\"https:\\\/\\\/letrame.com\\\/catalogo\\\/producto\\\/una-trencadissa-politica\\\/\"]}]},{\"@type\":\"ImageObject\",\"inLanguage\":\"es\",\"@id\":\"https:\\\/\\\/letrame.com\\\/catalogo\\\/producto\\\/una-trencadissa-politica\\\/#primaryimage\",\"url\":\"https:\\\/\\\/letrame.com\\\/catalogo\\\/wp-content\\\/uploads\\\/2024\\\/09\\\/zunatrencadis_1936mm4.jpg\",\"contentUrl\":\"https:\\\/\\\/letrame.com\\\/catalogo\\\/wp-content\\\/uploads\\\/2024\\\/09\\\/zunatrencadis_1936mm4.jpg\",\"width\":600,\"height\":880},{\"@type\":\"BreadcrumbList\",\"@id\":\"https:\\\/\\\/letrame.com\\\/catalogo\\\/producto\\\/una-trencadissa-politica\\\/#breadcrumb\",\"itemListElement\":[{\"@type\":\"ListItem\",\"position\":1,\"name\":\"Portada\",\"item\":\"https:\\\/\\\/letrame.com\\\/catalogo\\\/\"},{\"@type\":\"ListItem\",\"position\":2,\"name\":\"Cat\u00e1logo\",\"item\":\"https:\\\/\\\/letrame.com\\\/catalogo\\\/\"},{\"@type\":\"ListItem\",\"position\":3,\"name\":\"Una trencadissa pol\u00edtica\"}]},{\"@type\":\"WebSite\",\"@id\":\"https:\\\/\\\/letrame.com\\\/catalogo\\\/#website\",\"url\":\"https:\\\/\\\/letrame.com\\\/catalogo\\\/\",\"name\":\"Catalogo | Letrame Grupo Editorial\",\"description\":\"\",\"publisher\":{\"@id\":\"https:\\\/\\\/letrame.com\\\/catalogo\\\/#organization\"},\"potentialAction\":[{\"@type\":\"SearchAction\",\"target\":{\"@type\":\"EntryPoint\",\"urlTemplate\":\"https:\\\/\\\/letrame.com\\\/catalogo\\\/?s={search_term_string}\"},\"query-input\":{\"@type\":\"PropertyValueSpecification\",\"valueRequired\":true,\"valueName\":\"search_term_string\"}}],\"inLanguage\":\"es\"},{\"@type\":\"Organization\",\"@id\":\"https:\\\/\\\/letrame.com\\\/catalogo\\\/#organization\",\"name\":\"Catalogo | Letrame Grupo Editorial\",\"url\":\"https:\\\/\\\/letrame.com\\\/catalogo\\\/\",\"logo\":{\"@type\":\"ImageObject\",\"inLanguage\":\"es\",\"@id\":\"https:\\\/\\\/letrame.com\\\/catalogo\\\/#\\\/schema\\\/logo\\\/image\\\/\",\"url\":\"https:\\\/\\\/letrame.com\\\/catalogo\\\/wp-content\\\/uploads\\\/2024\\\/03\\\/logo2.webp\",\"contentUrl\":\"https:\\\/\\\/letrame.com\\\/catalogo\\\/wp-content\\\/uploads\\\/2024\\\/03\\\/logo2.webp\",\"width\":394,\"height\":128,\"caption\":\"Catalogo | Letrame Grupo Editorial\"},\"image\":{\"@id\":\"https:\\\/\\\/letrame.com\\\/catalogo\\\/#\\\/schema\\\/logo\\\/image\\\/\"}}]}<\/script>\n<!-- \/ Yoast SEO plugin. -->","yoast_head_json":{"title":"Una trencadissa pol\u00edtica - Catalogo | Letrame Grupo Editorial","robots":{"index":"index","follow":"follow","max-snippet":"max-snippet:-1","max-image-preview":"max-image-preview:large","max-video-preview":"max-video-preview:-1"},"canonical":"https:\/\/letrame.com\/catalogo\/producto\/una-trencadissa-politica\/","og_locale":"es_ES","og_type":"article","og_title":"Una trencadissa pol\u00edtica - Catalogo | Letrame Grupo Editorial","og_description":"ISBN:\u00a0978-84-1068-668-7 SINOPSIS Cal recon\u00e8ixer que la mem\u00f2ria es va adaptant als esdeveniments, tot i que no sempre de manera conscient. Actua segons l\u2019evoluci\u00f3 del nostre entorn, suavitzant alguns aspectes, endurint-ne d\u2019altres i, en qualsevol cas, generant una certa distorsi\u00f3 dels fets, records, experi\u00e8ncies o fins i tot de les not\u00edcies rebudes o viscudes.  &nbsp;  La presentaci\u00f3 d\u2019aquest recull d\u2019articles sense cap modificaci\u00f3 ni alteraci\u00f3, i de manera cronol\u00f2gica, ens permet veure, i alhora analitzar, com es percebien en aquell moment alguns dels molts fets i esdeveniments viscuts en aquests darrers anys.  &nbsp;  Es tracta, en el fons, d\u2019un proc\u00e9s de revisi\u00f3 i actualitzaci\u00f3 de la mem\u00f2ria a trav\u00e9s de la lectura dels articles. Sense establir directament una relaci\u00f3 entre els dos fets que marquen els l\u00edmits del treball escollit (l\u2019inici del judici del proc\u00e9s i l\u2019aprovaci\u00f3 de l\u2019amnistia), ens permet veure com, en funci\u00f3 de l\u2019entorn, anava evolucionant el nostre escenari pol\u00edtic i com s\u2019han reinterpretat posteriorment els fets.","og_url":"https:\/\/letrame.com\/catalogo\/producto\/una-trencadissa-politica\/","og_site_name":"Catalogo | Letrame Grupo Editorial","og_image":[{"width":600,"height":880,"url":"https:\/\/letrame.com\/catalogo\/wp-content\/uploads\/2024\/09\/zunatrencadis_1936mm4.jpg","type":"image\/jpeg"}],"twitter_card":"summary_large_image","twitter_misc":{"Tiempo de lectura":"1 minuto"},"schema":{"@context":"https:\/\/schema.org","@graph":[{"@type":"WebPage","@id":"https:\/\/letrame.com\/catalogo\/producto\/una-trencadissa-politica\/","url":"https:\/\/letrame.com\/catalogo\/producto\/una-trencadissa-politica\/","name":"Una trencadissa pol\u00edtica - Catalogo | Letrame Grupo Editorial","isPartOf":{"@id":"https:\/\/letrame.com\/catalogo\/#website"},"primaryImageOfPage":{"@id":"https:\/\/letrame.com\/catalogo\/producto\/una-trencadissa-politica\/#primaryimage"},"image":{"@id":"https:\/\/letrame.com\/catalogo\/producto\/una-trencadissa-politica\/#primaryimage"},"thumbnailUrl":"https:\/\/letrame.com\/catalogo\/wp-content\/uploads\/2024\/09\/zunatrencadis_1936mm4.jpg","datePublished":"2024-09-12T07:31:38+00:00","breadcrumb":{"@id":"https:\/\/letrame.com\/catalogo\/producto\/una-trencadissa-politica\/#breadcrumb"},"inLanguage":"es","potentialAction":[{"@type":"ReadAction","target":["https:\/\/letrame.com\/catalogo\/producto\/una-trencadissa-politica\/"]}]},{"@type":"ImageObject","inLanguage":"es","@id":"https:\/\/letrame.com\/catalogo\/producto\/una-trencadissa-politica\/#primaryimage","url":"https:\/\/letrame.com\/catalogo\/wp-content\/uploads\/2024\/09\/zunatrencadis_1936mm4.jpg","contentUrl":"https:\/\/letrame.com\/catalogo\/wp-content\/uploads\/2024\/09\/zunatrencadis_1936mm4.jpg","width":600,"height":880},{"@type":"BreadcrumbList","@id":"https:\/\/letrame.com\/catalogo\/producto\/una-trencadissa-politica\/#breadcrumb","itemListElement":[{"@type":"ListItem","position":1,"name":"Portada","item":"https:\/\/letrame.com\/catalogo\/"},{"@type":"ListItem","position":2,"name":"Cat\u00e1logo","item":"https:\/\/letrame.com\/catalogo\/"},{"@type":"ListItem","position":3,"name":"Una trencadissa pol\u00edtica"}]},{"@type":"WebSite","@id":"https:\/\/letrame.com\/catalogo\/#website","url":"https:\/\/letrame.com\/catalogo\/","name":"Catalogo | Letrame Grupo Editorial","description":"","publisher":{"@id":"https:\/\/letrame.com\/catalogo\/#organization"},"potentialAction":[{"@type":"SearchAction","target":{"@type":"EntryPoint","urlTemplate":"https:\/\/letrame.com\/catalogo\/?s={search_term_string}"},"query-input":{"@type":"PropertyValueSpecification","valueRequired":true,"valueName":"search_term_string"}}],"inLanguage":"es"},{"@type":"Organization","@id":"https:\/\/letrame.com\/catalogo\/#organization","name":"Catalogo | Letrame Grupo Editorial","url":"https:\/\/letrame.com\/catalogo\/","logo":{"@type":"ImageObject","inLanguage":"es","@id":"https:\/\/letrame.com\/catalogo\/#\/schema\/logo\/image\/","url":"https:\/\/letrame.com\/catalogo\/wp-content\/uploads\/2024\/03\/logo2.webp","contentUrl":"https:\/\/letrame.com\/catalogo\/wp-content\/uploads\/2024\/03\/logo2.webp","width":394,"height":128,"caption":"Catalogo | Letrame Grupo Editorial"},"image":{"@id":"https:\/\/letrame.com\/catalogo\/#\/schema\/logo\/image\/"}}]}},"_links":{"self":[{"href":"https:\/\/letrame.com\/catalogo\/wp-json\/wp\/v2\/product\/106330","targetHints":{"allow":["GET"]}}],"collection":[{"href":"https:\/\/letrame.com\/catalogo\/wp-json\/wp\/v2\/product"}],"about":[{"href":"https:\/\/letrame.com\/catalogo\/wp-json\/wp\/v2\/types\/product"}],"replies":[{"embeddable":true,"href":"https:\/\/letrame.com\/catalogo\/wp-json\/wp\/v2\/comments?post=106330"}],"acf:post":[{"embeddable":true,"href":"https:\/\/letrame.com\/catalogo\/wp-json\/wp\/v2\/author_book\/106329"}],"wp:featuredmedia":[{"embeddable":true,"href":"https:\/\/letrame.com\/catalogo\/wp-json\/wp\/v2\/media\/106333"}],"wp:attachment":[{"href":"https:\/\/letrame.com\/catalogo\/wp-json\/wp\/v2\/media?parent=106330"}],"wp:term":[{"taxonomy":"libro","embeddable":true,"href":"https:\/\/letrame.com\/catalogo\/wp-json\/wp\/v2\/libro?post=106330"},{"taxonomy":"product_brand","embeddable":true,"href":"https:\/\/letrame.com\/catalogo\/wp-json\/wp\/v2\/product_brand?post=106330"},{"taxonomy":"product_cat","embeddable":true,"href":"https:\/\/letrame.com\/catalogo\/wp-json\/wp\/v2\/product_cat?post=106330"},{"taxonomy":"product_tag","embeddable":true,"href":"https:\/\/letrame.com\/catalogo\/wp-json\/wp\/v2\/product_tag?post=106330"}],"curies":[{"name":"wp","href":"https:\/\/api.w.org\/{rel}","templated":true}]}}