{"id":106022,"date":"2024-08-23T09:41:35","date_gmt":"2024-08-23T07:41:35","guid":{"rendered":"https:\/\/letrame.com\/catalogo\/?post_type=product&#038;p=106022"},"modified":"2024-08-23T09:41:36","modified_gmt":"2024-08-23T07:41:36","slug":"villa-de-el-arenal-1752","status":"publish","type":"product","link":"https:\/\/letrame.com\/catalogo\/producto\/villa-de-el-arenal-1752\/","title":{"rendered":"Villa de el Arenal 1752"},"content":{"rendered":"<p class=\"p1\">ISBN:\u00a0\u00a0978-84-1181-791-2<\/p>\n<p class=\"p1\">T\u00edtulo: Villa de el Arenal 1752<\/p>\n<p class=\"p1\">Fecha: 2023<\/p>\n<p class=\"p1\">P\u00e1ginas: 452<\/p>\n<p class=\"p1\">SINOPSIS<\/p>\n<p>Gracias a Miguel Salgado Chinarro, Juez de Paz de El Arenal, encargado de transcribir el manuscrito Catastro de Ensenada de 1752, encontrado en los archivos municipales de este Ayuntamiento. Una ardua labor de varios meses de trabajo para descifrar y editar las 1372 p\u00e1ginas de las que consta el legajo original.<\/p>\n<p>El censo del Catastro de Ensenada nos ofrece una visi\u00f3n descriptiva del municipio de El Arenal de 1752 en todas sus vertientes. De un plumazo podemos sumergirnos en c\u00f3mo era la realidad cotidiana de los arenalos a mediados del siglo XVIII y c\u00f3mo estaba estructurada la sociedad rural de aquella \u00e9poca. Destaca de este censo lo pormenorizado de todos los detalles: composici\u00f3n de la estructura organizativa del Ayuntamiento, nombres y apellidos de los vecinos, caracter\u00edsticas de las viviendas, profesiones, medidas de extensi\u00f3n, capacidad y peso, tipos de cultivos, propiedades, impuestos, etc. Menci\u00f3n especial a los top\u00f3nimos del t\u00e9rmino municipal para poder compararlos con los actuales:<\/p>\n<p><em>\u00ab<\/em>Pedro Garc\u00eda Pulido (jornalero): tiene una casa con vivienda alta y baja en el barrio del Cerrillo, tiene de frontal diez pies y de fondo treinta y seis pies (32 m\u00b2). Tiene un casta\u00f1ar al sitio del Cansino que dista del pueblo un cuarto de legua, tiene cuatro casta\u00f1os de tercera calidad, tiene un borrico<em>\u00bb.<\/em><\/p>\n<p>Tambi\u00e9n resaltar lo referente a medidas de capacidad y superficie de aquella \u00e9poca:\u00a0<em>\u00abLa medida es com\u00fan en todo el t\u00e9rmino, en cuanto a tierras son fanegas, que es lo que corresponde a la cavidad que ocupa una fanega de trigo sembrada a pu\u00f1o\u00bb.<\/em><\/p>\n<p>Se trata de un documento \u00fanico que es fiel reflejo de la historia de los habitantes de El Arenal de aquellos a\u00f1os. Para el lector va a ser un sorprendente viaje al pasado, en el que inevitablemente va a analizar y recrear las diferencias y similitudes entre la \u00e9poca descrita en el censo y la sociedad que vivimos actualmente.<\/p>\n<p>&nbsp;<\/p>\n<p>\u00c1ngel Gonz\u00e1lez Cort\u00e1zar. Alcalde-presidente.<\/p>\n<p>Exmo. Ayuntamiento de El Arenal (\u00c1vila)<\/p>\n<p>&nbsp;<\/p>\n","protected":false},"excerpt":{"rendered":"<p class=\"p1\">ISBN:\u00a0\u00a0978-84-1181-791-2<\/p>\n<p class=\"p1\">SINOPSIS<\/p>\n<p>Gracias a Miguel Salgado Chinarro, Juez de Paz de El Arenal, encargado de transcribir el manuscrito Catastro de Ensenada de 1752, encontrado en los archivos municipales de este Ayuntamiento. Una ardua labor de varios meses de trabajo para descifrar y editar las 1372 p\u00e1ginas de las que consta el legajo original.<\/p>\n<p>El censo del Catastro de Ensenada nos ofrece una visi\u00f3n descriptiva del municipio de El Arenal de 1752 en todas sus vertientes. De un plumazo podemos sumergirnos en c\u00f3mo era la realidad cotidiana de los arenalos a mediados del siglo XVIII y c\u00f3mo estaba estructurada la sociedad rural de aquella \u00e9poca. Destaca de este censo lo pormenorizado de todos los detalles: composici\u00f3n de la estructura organizativa del Ayuntamiento, nombres y apellidos de los vecinos, caracter\u00edsticas de las viviendas, profesiones, medidas de extensi\u00f3n, capacidad y peso, tipos de cultivos, propiedades, impuestos, etc. Menci\u00f3n especial a los top\u00f3nimos del t\u00e9rmino municipal para poder compararlos con los actuales:<\/p>\n<p><em>\u00ab<\/em>Pedro Garc\u00eda Pulido (jornalero): tiene una casa con vivienda alta y baja en el barrio del Cerrillo, tiene de frontal diez pies y de fondo treinta y seis pies (32 m\u00b2). Tiene un casta\u00f1ar al sitio del Cansino que dista del pueblo un cuarto de legua, tiene cuatro casta\u00f1os de tercera calidad, tiene un borrico<em>\u00bb.<\/em><\/p>\n<p>Tambi\u00e9n resaltar lo referente a medidas de capacidad y superficie de aquella \u00e9poca:\u00a0<em>\u00abLa medida es com\u00fan en todo el t\u00e9rmino, en cuanto a tierras son fanegas, que es lo que corresponde a la cavidad que ocupa una fanega de trigo sembrada a pu\u00f1o\u00bb.<\/em><\/p>\n<p>Se trata de un documento \u00fanico que es fiel reflejo de la historia de los habitantes de El Arenal de aquellos a\u00f1os. Para el lector va a ser un sorprendente viaje al pasado, en el que inevitablemente va a analizar y recrear las diferencias y similitudes entre la \u00e9poca descrita en el censo y la sociedad que vivimos actualmente.<\/p>\n<p>&nbsp;<\/p>\n<p>\u00c1ngel Gonz\u00e1lez Cort\u00e1zar. Alcalde-presidente.<\/p>\n<p>Exmo. Ayuntamiento de El Arenal (\u00c1vila)<\/p>\n<p>&nbsp;<\/p>\n","protected":false},"featured_media":106025,"comment_status":"open","ping_status":"closed","template":"","meta":{"_acf_changed":false},"libro":[],"product_brand":[],"product_cat":[62],"product_tag":[],"class_list":{"0":"post-106022","1":"product","2":"type-product","3":"status-publish","4":"has-post-thumbnail","6":"product_cat-historico","8":"first","9":"instock","10":"shipping-taxable","11":"product-type-simple"},"acf":{"autor":[106021],"enlace_de_compra":"https:\/\/amzn.to\/3T2Ps4t"},"yoast_head":"<!-- This site is optimized with the Yoast SEO plugin v27.4 - https:\/\/yoast.com\/product\/yoast-seo-wordpress\/ -->\n<title>Villa de el Arenal 1752 - Catalogo | Letrame Grupo Editorial<\/title>\n<meta name=\"robots\" content=\"index, follow, max-snippet:-1, max-image-preview:large, max-video-preview:-1\" \/>\n<link rel=\"canonical\" href=\"https:\/\/letrame.com\/catalogo\/producto\/villa-de-el-arenal-1752\/\" \/>\n<meta property=\"og:locale\" content=\"es_ES\" \/>\n<meta property=\"og:type\" content=\"article\" \/>\n<meta property=\"og:title\" content=\"Villa de el Arenal 1752 - Catalogo | Letrame Grupo Editorial\" \/>\n<meta property=\"og:description\" content=\"ISBN:\u00a0\u00a0978-84-1181-791-2 SINOPSIS Gracias a Miguel Salgado Chinarro, Juez de Paz de El Arenal, encargado de transcribir el manuscrito Catastro de Ensenada de 1752, encontrado en los archivos municipales de este Ayuntamiento. Una ardua labor de varios meses de trabajo para descifrar y editar las 1372 p\u00e1ginas de las que consta el legajo original.  El censo del Catastro de Ensenada nos ofrece una visi\u00f3n descriptiva del municipio de El Arenal de 1752 en todas sus vertientes. De un plumazo podemos sumergirnos en c\u00f3mo era la realidad cotidiana de los arenalos a mediados del siglo XVIII y c\u00f3mo estaba estructurada la sociedad rural de aquella \u00e9poca. Destaca de este censo lo pormenorizado de todos los detalles: composici\u00f3n de la estructura organizativa del Ayuntamiento, nombres y apellidos de los vecinos, caracter\u00edsticas de las viviendas, profesiones, medidas de extensi\u00f3n, capacidad y peso, tipos de cultivos, propiedades, impuestos, etc. Menci\u00f3n especial a los top\u00f3nimos del t\u00e9rmino municipal para poder compararlos con los actuales:  \u00abPedro Garc\u00eda Pulido (jornalero): tiene una casa con vivienda alta y baja en el barrio del Cerrillo, tiene de frontal diez pies y de fondo treinta y seis pies (32 m\u00b2). Tiene un casta\u00f1ar al sitio del Cansino que dista del pueblo un cuarto de legua, tiene cuatro casta\u00f1os de tercera calidad, tiene un borrico\u00bb.  Tambi\u00e9n resaltar lo referente a medidas de capacidad y superficie de aquella \u00e9poca:\u00a0\u00abLa medida es com\u00fan en todo el t\u00e9rmino, en cuanto a tierras son fanegas, que es lo que corresponde a la cavidad que ocupa una fanega de trigo sembrada a pu\u00f1o\u00bb.  Se trata de un documento \u00fanico que es fiel reflejo de la historia de los habitantes de El Arenal de aquellos a\u00f1os. Para el lector va a ser un sorprendente viaje al pasado, en el que inevitablemente va a analizar y recrear las diferencias y similitudes entre la \u00e9poca descrita en el censo y la sociedad que vivimos actualmente.  &nbsp;  \u00c1ngel Gonz\u00e1lez Cort\u00e1zar. Alcalde-presidente.  Exmo. Ayuntamiento de El Arenal (\u00c1vila)  &nbsp;\" \/>\n<meta property=\"og:url\" content=\"https:\/\/letrame.com\/catalogo\/producto\/villa-de-el-arenal-1752\/\" \/>\n<meta property=\"og:site_name\" content=\"Catalogo | Letrame Grupo Editorial\" \/>\n<meta property=\"article:modified_time\" content=\"2024-08-23T07:41:36+00:00\" \/>\n<meta property=\"og:image\" content=\"https:\/\/letrame.com\/catalogo\/wp-content\/uploads\/2024\/08\/zwebp_villadeelarenal_2238mm.jpg\" \/>\n\t<meta property=\"og:image:width\" content=\"850\" \/>\n\t<meta property=\"og:image:height\" content=\"1200\" \/>\n\t<meta property=\"og:image:type\" content=\"image\/jpeg\" \/>\n<meta name=\"twitter:card\" content=\"summary_large_image\" \/>\n<meta name=\"twitter:label1\" content=\"Tiempo de lectura\" \/>\n\t<meta name=\"twitter:data1\" content=\"2 minutos\" \/>\n<script type=\"application\/ld+json\" class=\"yoast-schema-graph\">{\"@context\":\"https:\\\/\\\/schema.org\",\"@graph\":[{\"@type\":\"WebPage\",\"@id\":\"https:\\\/\\\/letrame.com\\\/catalogo\\\/producto\\\/villa-de-el-arenal-1752\\\/\",\"url\":\"https:\\\/\\\/letrame.com\\\/catalogo\\\/producto\\\/villa-de-el-arenal-1752\\\/\",\"name\":\"Villa de el Arenal 1752 - Catalogo | Letrame Grupo Editorial\",\"isPartOf\":{\"@id\":\"https:\\\/\\\/letrame.com\\\/catalogo\\\/#website\"},\"primaryImageOfPage\":{\"@id\":\"https:\\\/\\\/letrame.com\\\/catalogo\\\/producto\\\/villa-de-el-arenal-1752\\\/#primaryimage\"},\"image\":{\"@id\":\"https:\\\/\\\/letrame.com\\\/catalogo\\\/producto\\\/villa-de-el-arenal-1752\\\/#primaryimage\"},\"thumbnailUrl\":\"https:\\\/\\\/letrame.com\\\/catalogo\\\/wp-content\\\/uploads\\\/2024\\\/08\\\/zwebp_villadeelarenal_2238mm.jpg\",\"datePublished\":\"2024-08-23T07:41:35+00:00\",\"dateModified\":\"2024-08-23T07:41:36+00:00\",\"breadcrumb\":{\"@id\":\"https:\\\/\\\/letrame.com\\\/catalogo\\\/producto\\\/villa-de-el-arenal-1752\\\/#breadcrumb\"},\"inLanguage\":\"es\",\"potentialAction\":[{\"@type\":\"ReadAction\",\"target\":[\"https:\\\/\\\/letrame.com\\\/catalogo\\\/producto\\\/villa-de-el-arenal-1752\\\/\"]}]},{\"@type\":\"ImageObject\",\"inLanguage\":\"es\",\"@id\":\"https:\\\/\\\/letrame.com\\\/catalogo\\\/producto\\\/villa-de-el-arenal-1752\\\/#primaryimage\",\"url\":\"https:\\\/\\\/letrame.com\\\/catalogo\\\/wp-content\\\/uploads\\\/2024\\\/08\\\/zwebp_villadeelarenal_2238mm.jpg\",\"contentUrl\":\"https:\\\/\\\/letrame.com\\\/catalogo\\\/wp-content\\\/uploads\\\/2024\\\/08\\\/zwebp_villadeelarenal_2238mm.jpg\",\"width\":850,\"height\":1200},{\"@type\":\"BreadcrumbList\",\"@id\":\"https:\\\/\\\/letrame.com\\\/catalogo\\\/producto\\\/villa-de-el-arenal-1752\\\/#breadcrumb\",\"itemListElement\":[{\"@type\":\"ListItem\",\"position\":1,\"name\":\"Portada\",\"item\":\"https:\\\/\\\/letrame.com\\\/catalogo\\\/\"},{\"@type\":\"ListItem\",\"position\":2,\"name\":\"Cat\u00e1logo\",\"item\":\"https:\\\/\\\/letrame.com\\\/catalogo\\\/\"},{\"@type\":\"ListItem\",\"position\":3,\"name\":\"Villa de el Arenal 1752\"}]},{\"@type\":\"WebSite\",\"@id\":\"https:\\\/\\\/letrame.com\\\/catalogo\\\/#website\",\"url\":\"https:\\\/\\\/letrame.com\\\/catalogo\\\/\",\"name\":\"Catalogo | Letrame Grupo Editorial\",\"description\":\"\",\"publisher\":{\"@id\":\"https:\\\/\\\/letrame.com\\\/catalogo\\\/#organization\"},\"potentialAction\":[{\"@type\":\"SearchAction\",\"target\":{\"@type\":\"EntryPoint\",\"urlTemplate\":\"https:\\\/\\\/letrame.com\\\/catalogo\\\/?s={search_term_string}\"},\"query-input\":{\"@type\":\"PropertyValueSpecification\",\"valueRequired\":true,\"valueName\":\"search_term_string\"}}],\"inLanguage\":\"es\"},{\"@type\":\"Organization\",\"@id\":\"https:\\\/\\\/letrame.com\\\/catalogo\\\/#organization\",\"name\":\"Catalogo | Letrame Grupo Editorial\",\"url\":\"https:\\\/\\\/letrame.com\\\/catalogo\\\/\",\"logo\":{\"@type\":\"ImageObject\",\"inLanguage\":\"es\",\"@id\":\"https:\\\/\\\/letrame.com\\\/catalogo\\\/#\\\/schema\\\/logo\\\/image\\\/\",\"url\":\"https:\\\/\\\/letrame.com\\\/catalogo\\\/wp-content\\\/uploads\\\/2024\\\/03\\\/logo2.webp\",\"contentUrl\":\"https:\\\/\\\/letrame.com\\\/catalogo\\\/wp-content\\\/uploads\\\/2024\\\/03\\\/logo2.webp\",\"width\":394,\"height\":128,\"caption\":\"Catalogo | Letrame Grupo Editorial\"},\"image\":{\"@id\":\"https:\\\/\\\/letrame.com\\\/catalogo\\\/#\\\/schema\\\/logo\\\/image\\\/\"}}]}<\/script>\n<!-- \/ Yoast SEO plugin. -->","yoast_head_json":{"title":"Villa de el Arenal 1752 - Catalogo | Letrame Grupo Editorial","robots":{"index":"index","follow":"follow","max-snippet":"max-snippet:-1","max-image-preview":"max-image-preview:large","max-video-preview":"max-video-preview:-1"},"canonical":"https:\/\/letrame.com\/catalogo\/producto\/villa-de-el-arenal-1752\/","og_locale":"es_ES","og_type":"article","og_title":"Villa de el Arenal 1752 - Catalogo | Letrame Grupo Editorial","og_description":"ISBN:\u00a0\u00a0978-84-1181-791-2 SINOPSIS Gracias a Miguel Salgado Chinarro, Juez de Paz de El Arenal, encargado de transcribir el manuscrito Catastro de Ensenada de 1752, encontrado en los archivos municipales de este Ayuntamiento. Una ardua labor de varios meses de trabajo para descifrar y editar las 1372 p\u00e1ginas de las que consta el legajo original.  El censo del Catastro de Ensenada nos ofrece una visi\u00f3n descriptiva del municipio de El Arenal de 1752 en todas sus vertientes. De un plumazo podemos sumergirnos en c\u00f3mo era la realidad cotidiana de los arenalos a mediados del siglo XVIII y c\u00f3mo estaba estructurada la sociedad rural de aquella \u00e9poca. Destaca de este censo lo pormenorizado de todos los detalles: composici\u00f3n de la estructura organizativa del Ayuntamiento, nombres y apellidos de los vecinos, caracter\u00edsticas de las viviendas, profesiones, medidas de extensi\u00f3n, capacidad y peso, tipos de cultivos, propiedades, impuestos, etc. Menci\u00f3n especial a los top\u00f3nimos del t\u00e9rmino municipal para poder compararlos con los actuales:  \u00abPedro Garc\u00eda Pulido (jornalero): tiene una casa con vivienda alta y baja en el barrio del Cerrillo, tiene de frontal diez pies y de fondo treinta y seis pies (32 m\u00b2). Tiene un casta\u00f1ar al sitio del Cansino que dista del pueblo un cuarto de legua, tiene cuatro casta\u00f1os de tercera calidad, tiene un borrico\u00bb.  Tambi\u00e9n resaltar lo referente a medidas de capacidad y superficie de aquella \u00e9poca:\u00a0\u00abLa medida es com\u00fan en todo el t\u00e9rmino, en cuanto a tierras son fanegas, que es lo que corresponde a la cavidad que ocupa una fanega de trigo sembrada a pu\u00f1o\u00bb.  Se trata de un documento \u00fanico que es fiel reflejo de la historia de los habitantes de El Arenal de aquellos a\u00f1os. Para el lector va a ser un sorprendente viaje al pasado, en el que inevitablemente va a analizar y recrear las diferencias y similitudes entre la \u00e9poca descrita en el censo y la sociedad que vivimos actualmente.  &nbsp;  \u00c1ngel Gonz\u00e1lez Cort\u00e1zar. Alcalde-presidente.  Exmo. Ayuntamiento de El Arenal (\u00c1vila)  &nbsp;","og_url":"https:\/\/letrame.com\/catalogo\/producto\/villa-de-el-arenal-1752\/","og_site_name":"Catalogo | Letrame Grupo Editorial","article_modified_time":"2024-08-23T07:41:36+00:00","og_image":[{"width":850,"height":1200,"url":"https:\/\/letrame.com\/catalogo\/wp-content\/uploads\/2024\/08\/zwebp_villadeelarenal_2238mm.jpg","type":"image\/jpeg"}],"twitter_card":"summary_large_image","twitter_misc":{"Tiempo de lectura":"2 minutos"},"schema":{"@context":"https:\/\/schema.org","@graph":[{"@type":"WebPage","@id":"https:\/\/letrame.com\/catalogo\/producto\/villa-de-el-arenal-1752\/","url":"https:\/\/letrame.com\/catalogo\/producto\/villa-de-el-arenal-1752\/","name":"Villa de el Arenal 1752 - Catalogo | Letrame Grupo Editorial","isPartOf":{"@id":"https:\/\/letrame.com\/catalogo\/#website"},"primaryImageOfPage":{"@id":"https:\/\/letrame.com\/catalogo\/producto\/villa-de-el-arenal-1752\/#primaryimage"},"image":{"@id":"https:\/\/letrame.com\/catalogo\/producto\/villa-de-el-arenal-1752\/#primaryimage"},"thumbnailUrl":"https:\/\/letrame.com\/catalogo\/wp-content\/uploads\/2024\/08\/zwebp_villadeelarenal_2238mm.jpg","datePublished":"2024-08-23T07:41:35+00:00","dateModified":"2024-08-23T07:41:36+00:00","breadcrumb":{"@id":"https:\/\/letrame.com\/catalogo\/producto\/villa-de-el-arenal-1752\/#breadcrumb"},"inLanguage":"es","potentialAction":[{"@type":"ReadAction","target":["https:\/\/letrame.com\/catalogo\/producto\/villa-de-el-arenal-1752\/"]}]},{"@type":"ImageObject","inLanguage":"es","@id":"https:\/\/letrame.com\/catalogo\/producto\/villa-de-el-arenal-1752\/#primaryimage","url":"https:\/\/letrame.com\/catalogo\/wp-content\/uploads\/2024\/08\/zwebp_villadeelarenal_2238mm.jpg","contentUrl":"https:\/\/letrame.com\/catalogo\/wp-content\/uploads\/2024\/08\/zwebp_villadeelarenal_2238mm.jpg","width":850,"height":1200},{"@type":"BreadcrumbList","@id":"https:\/\/letrame.com\/catalogo\/producto\/villa-de-el-arenal-1752\/#breadcrumb","itemListElement":[{"@type":"ListItem","position":1,"name":"Portada","item":"https:\/\/letrame.com\/catalogo\/"},{"@type":"ListItem","position":2,"name":"Cat\u00e1logo","item":"https:\/\/letrame.com\/catalogo\/"},{"@type":"ListItem","position":3,"name":"Villa de el Arenal 1752"}]},{"@type":"WebSite","@id":"https:\/\/letrame.com\/catalogo\/#website","url":"https:\/\/letrame.com\/catalogo\/","name":"Catalogo | Letrame Grupo Editorial","description":"","publisher":{"@id":"https:\/\/letrame.com\/catalogo\/#organization"},"potentialAction":[{"@type":"SearchAction","target":{"@type":"EntryPoint","urlTemplate":"https:\/\/letrame.com\/catalogo\/?s={search_term_string}"},"query-input":{"@type":"PropertyValueSpecification","valueRequired":true,"valueName":"search_term_string"}}],"inLanguage":"es"},{"@type":"Organization","@id":"https:\/\/letrame.com\/catalogo\/#organization","name":"Catalogo | Letrame Grupo Editorial","url":"https:\/\/letrame.com\/catalogo\/","logo":{"@type":"ImageObject","inLanguage":"es","@id":"https:\/\/letrame.com\/catalogo\/#\/schema\/logo\/image\/","url":"https:\/\/letrame.com\/catalogo\/wp-content\/uploads\/2024\/03\/logo2.webp","contentUrl":"https:\/\/letrame.com\/catalogo\/wp-content\/uploads\/2024\/03\/logo2.webp","width":394,"height":128,"caption":"Catalogo | Letrame Grupo Editorial"},"image":{"@id":"https:\/\/letrame.com\/catalogo\/#\/schema\/logo\/image\/"}}]}},"_links":{"self":[{"href":"https:\/\/letrame.com\/catalogo\/wp-json\/wp\/v2\/product\/106022","targetHints":{"allow":["GET"]}}],"collection":[{"href":"https:\/\/letrame.com\/catalogo\/wp-json\/wp\/v2\/product"}],"about":[{"href":"https:\/\/letrame.com\/catalogo\/wp-json\/wp\/v2\/types\/product"}],"replies":[{"embeddable":true,"href":"https:\/\/letrame.com\/catalogo\/wp-json\/wp\/v2\/comments?post=106022"}],"acf:post":[{"embeddable":true,"href":"https:\/\/letrame.com\/catalogo\/wp-json\/wp\/v2\/author_book\/106021"}],"wp:featuredmedia":[{"embeddable":true,"href":"https:\/\/letrame.com\/catalogo\/wp-json\/wp\/v2\/media\/106025"}],"wp:attachment":[{"href":"https:\/\/letrame.com\/catalogo\/wp-json\/wp\/v2\/media?parent=106022"}],"wp:term":[{"taxonomy":"libro","embeddable":true,"href":"https:\/\/letrame.com\/catalogo\/wp-json\/wp\/v2\/libro?post=106022"},{"taxonomy":"product_brand","embeddable":true,"href":"https:\/\/letrame.com\/catalogo\/wp-json\/wp\/v2\/product_brand?post=106022"},{"taxonomy":"product_cat","embeddable":true,"href":"https:\/\/letrame.com\/catalogo\/wp-json\/wp\/v2\/product_cat?post=106022"},{"taxonomy":"product_tag","embeddable":true,"href":"https:\/\/letrame.com\/catalogo\/wp-json\/wp\/v2\/product_tag?post=106022"}],"curies":[{"name":"wp","href":"https:\/\/api.w.org\/{rel}","templated":true}]}}