{"id":101002,"date":"2024-05-23T10:21:40","date_gmt":"2024-05-23T08:21:40","guid":{"rendered":"https:\/\/letrame.com\/catalogo\/producto\/la-humanidad-se-esta-condenando-y-no-lo-sabe\/"},"modified":"2024-07-03T13:14:15","modified_gmt":"2024-07-03T11:14:15","slug":"la-humanidad-se-esta-condenando-y-no-lo-sabe","status":"publish","type":"product","link":"https:\/\/letrame.com\/catalogo\/producto\/la-humanidad-se-esta-condenando-y-no-lo-sabe\/","title":{"rendered":"La humanidad se est\u00e1 condenando &#8230;Y no lo sabe"},"content":{"rendered":"<p>ISBN: 978-84-1181-411-9<\/p>\n<p>T\u00edtulo: La humanidad se est\u00e1 condenando &#8230;Y no lo sabe. <span id=\"productTitle\" class=\"a-size-extra-large celwidget\" data-csa-c-id=\"9xw725-axiuns-f2jq07-opfjht\">Una realidad ignorada despu\u00e9s de la muerte<\/span><\/p>\n<p>Fecha: 2023<\/p>\n<p>P\u00e1ginas: 770<\/p>\n<p>SINOPSIS<\/p>\n<p>Cuento en este Libro, c\u00f3mo el Se\u00f1or me hizo ver que iba camino al Infierno sin saberlo, respecto a mis creencias y la vida que llevaba antes, y c\u00f3mo despu\u00e9s me ha ido haciendo ver el gran enga\u00f1o en el que se encuentra la humanidad, la cual est\u00e1 yendo camino al Infierno sin saberlo, viviendo inmersa en el enga\u00f1o, en la confusi\u00f3n, en la ignorancia, en la religiosidad, en la incredulidad de un Dios vivo y verdadero\u2026<\/p>\n<p>Pero no solo la humanidad, tambi\u00e9n hasta las propias iglesias cristianas evang\u00e9licas, las cuales est\u00e1n viviendo en apostas\u00eda en estos tiempos finales de la humanidad.<\/p>\n<p>Y es m\u00e1s, temo por mi propia salvaci\u00f3n, a pesar de todo lo que el Se\u00f1or me ha hecho ver.<\/p>\n<p>No soy consciente de lo que he escrito, transcrito y copiado en este Libro.<\/p>\n","protected":false},"excerpt":{"rendered":"<p>ISBN: 978-84-1181-411-9<\/p>\n<p>SINOPSIS<\/p>\n<p>Cuento en este Libro, c\u00f3mo el Se\u00f1or me hizo ver que iba camino al Infierno sin saberlo, respecto a mis creencias y la vida que llevaba antes, y c\u00f3mo despu\u00e9s me ha ido haciendo ver el gran enga\u00f1o en el que se encuentra la humanidad, la cual est\u00e1 yendo camino al Infierno sin saberlo, viviendo inmersa en el enga\u00f1o, en la confusi\u00f3n, en la ignorancia, en la religiosidad, en la incredulidad de un Dios vivo y verdadero\u2026<\/p>\n<p>Pero no solo la humanidad, tambi\u00e9n hasta las propias iglesias cristianas evang\u00e9licas, las cuales est\u00e1n viviendo en apostas\u00eda en estos tiempos finales de la humanidad.<\/p>\n<p>Y es m\u00e1s, temo por mi propia salvaci\u00f3n, a pesar de todo lo que el Se\u00f1or me ha hecho ver.<\/p>\n<p>No soy consciente de lo que he escrito, transcrito y copiado en este Libro.<\/p>\n<p>&nbsp;<\/p>\n","protected":false},"featured_media":101003,"comment_status":"closed","ping_status":"closed","template":"","meta":{"_acf_changed":false},"libro":[],"product_brand":[],"product_cat":[120],"product_tag":[],"class_list":{"0":"post-101002","1":"product","2":"type-product","3":"status-publish","4":"has-post-thumbnail","6":"product_cat-autoayudacrecimiento-espiritual","8":"first","9":"instock","10":"product-type-simple"},"acf":{"autor":[100755],"enlace_de_compra":"https:\/\/amzn.to\/3VSjhoW"},"yoast_head":"<!-- This site is optimized with the Yoast SEO plugin v27.4 - https:\/\/yoast.com\/product\/yoast-seo-wordpress\/ -->\n<title>La humanidad se est\u00e1 condenando ...Y no lo sabe - Catalogo | Letrame Grupo Editorial<\/title>\n<meta name=\"robots\" content=\"index, follow, max-snippet:-1, max-image-preview:large, max-video-preview:-1\" \/>\n<link rel=\"canonical\" href=\"https:\/\/letrame.com\/catalogo\/producto\/la-humanidad-se-esta-condenando-y-no-lo-sabe\/\" \/>\n<meta property=\"og:locale\" content=\"es_ES\" \/>\n<meta property=\"og:type\" content=\"article\" \/>\n<meta property=\"og:title\" content=\"La humanidad se est\u00e1 condenando ...Y no lo sabe - Catalogo | Letrame Grupo Editorial\" \/>\n<meta property=\"og:description\" content=\"ISBN: 978-84-1181-411-9  SINOPSIS  Cuento en este Libro, c\u00f3mo el Se\u00f1or me hizo ver que iba camino al Infierno sin saberlo, respecto a mis creencias y la vida que llevaba antes, y c\u00f3mo despu\u00e9s me ha ido haciendo ver el gran enga\u00f1o en el que se encuentra la humanidad, la cual est\u00e1 yendo camino al Infierno sin saberlo, viviendo inmersa en el enga\u00f1o, en la confusi\u00f3n, en la ignorancia, en la religiosidad, en la incredulidad de un Dios vivo y verdadero\u2026  Pero no solo la humanidad, tambi\u00e9n hasta las propias iglesias cristianas evang\u00e9licas, las cuales est\u00e1n viviendo en apostas\u00eda en estos tiempos finales de la humanidad.  Y es m\u00e1s, temo por mi propia salvaci\u00f3n, a pesar de todo lo que el Se\u00f1or me ha hecho ver.  No soy consciente de lo que he escrito, transcrito y copiado en este Libro.  &nbsp;\" \/>\n<meta property=\"og:url\" content=\"https:\/\/letrame.com\/catalogo\/producto\/la-humanidad-se-esta-condenando-y-no-lo-sabe\/\" \/>\n<meta property=\"og:site_name\" content=\"Catalogo | Letrame Grupo Editorial\" \/>\n<meta property=\"article:modified_time\" content=\"2024-07-03T11:14:15+00:00\" \/>\n<meta property=\"og:image\" content=\"https:\/\/letrame.com\/catalogo\/wp-content\/uploads\/2024\/05\/webportada_lahumanidad_477mm-compressed-scaled-1.jpg\" \/>\n\t<meta property=\"og:image:width\" content=\"1813\" \/>\n\t<meta property=\"og:image:height\" content=\"2560\" \/>\n\t<meta property=\"og:image:type\" content=\"image\/jpeg\" \/>\n<meta name=\"twitter:card\" content=\"summary_large_image\" \/>\n<meta name=\"twitter:label1\" content=\"Tiempo de lectura\" \/>\n\t<meta name=\"twitter:data1\" content=\"1 minuto\" \/>\n<script type=\"application\/ld+json\" class=\"yoast-schema-graph\">{\"@context\":\"https:\\\/\\\/schema.org\",\"@graph\":[{\"@type\":\"WebPage\",\"@id\":\"https:\\\/\\\/letrame.com\\\/catalogo\\\/producto\\\/la-humanidad-se-esta-condenando-y-no-lo-sabe\\\/\",\"url\":\"https:\\\/\\\/letrame.com\\\/catalogo\\\/producto\\\/la-humanidad-se-esta-condenando-y-no-lo-sabe\\\/\",\"name\":\"La humanidad se est\u00e1 condenando ...Y no lo sabe - Catalogo | Letrame Grupo Editorial\",\"isPartOf\":{\"@id\":\"https:\\\/\\\/letrame.com\\\/catalogo\\\/#website\"},\"primaryImageOfPage\":{\"@id\":\"https:\\\/\\\/letrame.com\\\/catalogo\\\/producto\\\/la-humanidad-se-esta-condenando-y-no-lo-sabe\\\/#primaryimage\"},\"image\":{\"@id\":\"https:\\\/\\\/letrame.com\\\/catalogo\\\/producto\\\/la-humanidad-se-esta-condenando-y-no-lo-sabe\\\/#primaryimage\"},\"thumbnailUrl\":\"https:\\\/\\\/letrame.com\\\/catalogo\\\/wp-content\\\/uploads\\\/2024\\\/05\\\/webportada_lahumanidad_477mm-compressed-scaled-1.jpg\",\"datePublished\":\"2024-05-23T08:21:40+00:00\",\"dateModified\":\"2024-07-03T11:14:15+00:00\",\"breadcrumb\":{\"@id\":\"https:\\\/\\\/letrame.com\\\/catalogo\\\/producto\\\/la-humanidad-se-esta-condenando-y-no-lo-sabe\\\/#breadcrumb\"},\"inLanguage\":\"es\",\"potentialAction\":[{\"@type\":\"ReadAction\",\"target\":[\"https:\\\/\\\/letrame.com\\\/catalogo\\\/producto\\\/la-humanidad-se-esta-condenando-y-no-lo-sabe\\\/\"]}]},{\"@type\":\"ImageObject\",\"inLanguage\":\"es\",\"@id\":\"https:\\\/\\\/letrame.com\\\/catalogo\\\/producto\\\/la-humanidad-se-esta-condenando-y-no-lo-sabe\\\/#primaryimage\",\"url\":\"https:\\\/\\\/letrame.com\\\/catalogo\\\/wp-content\\\/uploads\\\/2024\\\/05\\\/webportada_lahumanidad_477mm-compressed-scaled-1.jpg\",\"contentUrl\":\"https:\\\/\\\/letrame.com\\\/catalogo\\\/wp-content\\\/uploads\\\/2024\\\/05\\\/webportada_lahumanidad_477mm-compressed-scaled-1.jpg\",\"width\":1813,\"height\":2560},{\"@type\":\"BreadcrumbList\",\"@id\":\"https:\\\/\\\/letrame.com\\\/catalogo\\\/producto\\\/la-humanidad-se-esta-condenando-y-no-lo-sabe\\\/#breadcrumb\",\"itemListElement\":[{\"@type\":\"ListItem\",\"position\":1,\"name\":\"Portada\",\"item\":\"https:\\\/\\\/letrame.com\\\/catalogo\\\/\"},{\"@type\":\"ListItem\",\"position\":2,\"name\":\"Cat\u00e1logo\",\"item\":\"https:\\\/\\\/letrame.com\\\/catalogo\\\/\"},{\"@type\":\"ListItem\",\"position\":3,\"name\":\"La humanidad se est\u00e1 condenando &#8230;Y no lo sabe\"}]},{\"@type\":\"WebSite\",\"@id\":\"https:\\\/\\\/letrame.com\\\/catalogo\\\/#website\",\"url\":\"https:\\\/\\\/letrame.com\\\/catalogo\\\/\",\"name\":\"Catalogo | Letrame Grupo Editorial\",\"description\":\"\",\"publisher\":{\"@id\":\"https:\\\/\\\/letrame.com\\\/catalogo\\\/#organization\"},\"potentialAction\":[{\"@type\":\"SearchAction\",\"target\":{\"@type\":\"EntryPoint\",\"urlTemplate\":\"https:\\\/\\\/letrame.com\\\/catalogo\\\/?s={search_term_string}\"},\"query-input\":{\"@type\":\"PropertyValueSpecification\",\"valueRequired\":true,\"valueName\":\"search_term_string\"}}],\"inLanguage\":\"es\"},{\"@type\":\"Organization\",\"@id\":\"https:\\\/\\\/letrame.com\\\/catalogo\\\/#organization\",\"name\":\"Catalogo | Letrame Grupo Editorial\",\"url\":\"https:\\\/\\\/letrame.com\\\/catalogo\\\/\",\"logo\":{\"@type\":\"ImageObject\",\"inLanguage\":\"es\",\"@id\":\"https:\\\/\\\/letrame.com\\\/catalogo\\\/#\\\/schema\\\/logo\\\/image\\\/\",\"url\":\"https:\\\/\\\/letrame.com\\\/catalogo\\\/wp-content\\\/uploads\\\/2024\\\/03\\\/logo2.webp\",\"contentUrl\":\"https:\\\/\\\/letrame.com\\\/catalogo\\\/wp-content\\\/uploads\\\/2024\\\/03\\\/logo2.webp\",\"width\":394,\"height\":128,\"caption\":\"Catalogo | Letrame Grupo Editorial\"},\"image\":{\"@id\":\"https:\\\/\\\/letrame.com\\\/catalogo\\\/#\\\/schema\\\/logo\\\/image\\\/\"}}]}<\/script>\n<!-- \/ Yoast SEO plugin. -->","yoast_head_json":{"title":"La humanidad se est\u00e1 condenando ...Y no lo sabe - Catalogo | Letrame Grupo Editorial","robots":{"index":"index","follow":"follow","max-snippet":"max-snippet:-1","max-image-preview":"max-image-preview:large","max-video-preview":"max-video-preview:-1"},"canonical":"https:\/\/letrame.com\/catalogo\/producto\/la-humanidad-se-esta-condenando-y-no-lo-sabe\/","og_locale":"es_ES","og_type":"article","og_title":"La humanidad se est\u00e1 condenando ...Y no lo sabe - Catalogo | Letrame Grupo Editorial","og_description":"ISBN: 978-84-1181-411-9  SINOPSIS  Cuento en este Libro, c\u00f3mo el Se\u00f1or me hizo ver que iba camino al Infierno sin saberlo, respecto a mis creencias y la vida que llevaba antes, y c\u00f3mo despu\u00e9s me ha ido haciendo ver el gran enga\u00f1o en el que se encuentra la humanidad, la cual est\u00e1 yendo camino al Infierno sin saberlo, viviendo inmersa en el enga\u00f1o, en la confusi\u00f3n, en la ignorancia, en la religiosidad, en la incredulidad de un Dios vivo y verdadero\u2026  Pero no solo la humanidad, tambi\u00e9n hasta las propias iglesias cristianas evang\u00e9licas, las cuales est\u00e1n viviendo en apostas\u00eda en estos tiempos finales de la humanidad.  Y es m\u00e1s, temo por mi propia salvaci\u00f3n, a pesar de todo lo que el Se\u00f1or me ha hecho ver.  No soy consciente de lo que he escrito, transcrito y copiado en este Libro.  &nbsp;","og_url":"https:\/\/letrame.com\/catalogo\/producto\/la-humanidad-se-esta-condenando-y-no-lo-sabe\/","og_site_name":"Catalogo | Letrame Grupo Editorial","article_modified_time":"2024-07-03T11:14:15+00:00","og_image":[{"width":1813,"height":2560,"url":"https:\/\/letrame.com\/catalogo\/wp-content\/uploads\/2024\/05\/webportada_lahumanidad_477mm-compressed-scaled-1.jpg","type":"image\/jpeg"}],"twitter_card":"summary_large_image","twitter_misc":{"Tiempo de lectura":"1 minuto"},"schema":{"@context":"https:\/\/schema.org","@graph":[{"@type":"WebPage","@id":"https:\/\/letrame.com\/catalogo\/producto\/la-humanidad-se-esta-condenando-y-no-lo-sabe\/","url":"https:\/\/letrame.com\/catalogo\/producto\/la-humanidad-se-esta-condenando-y-no-lo-sabe\/","name":"La humanidad se est\u00e1 condenando ...Y no lo sabe - Catalogo | Letrame Grupo Editorial","isPartOf":{"@id":"https:\/\/letrame.com\/catalogo\/#website"},"primaryImageOfPage":{"@id":"https:\/\/letrame.com\/catalogo\/producto\/la-humanidad-se-esta-condenando-y-no-lo-sabe\/#primaryimage"},"image":{"@id":"https:\/\/letrame.com\/catalogo\/producto\/la-humanidad-se-esta-condenando-y-no-lo-sabe\/#primaryimage"},"thumbnailUrl":"https:\/\/letrame.com\/catalogo\/wp-content\/uploads\/2024\/05\/webportada_lahumanidad_477mm-compressed-scaled-1.jpg","datePublished":"2024-05-23T08:21:40+00:00","dateModified":"2024-07-03T11:14:15+00:00","breadcrumb":{"@id":"https:\/\/letrame.com\/catalogo\/producto\/la-humanidad-se-esta-condenando-y-no-lo-sabe\/#breadcrumb"},"inLanguage":"es","potentialAction":[{"@type":"ReadAction","target":["https:\/\/letrame.com\/catalogo\/producto\/la-humanidad-se-esta-condenando-y-no-lo-sabe\/"]}]},{"@type":"ImageObject","inLanguage":"es","@id":"https:\/\/letrame.com\/catalogo\/producto\/la-humanidad-se-esta-condenando-y-no-lo-sabe\/#primaryimage","url":"https:\/\/letrame.com\/catalogo\/wp-content\/uploads\/2024\/05\/webportada_lahumanidad_477mm-compressed-scaled-1.jpg","contentUrl":"https:\/\/letrame.com\/catalogo\/wp-content\/uploads\/2024\/05\/webportada_lahumanidad_477mm-compressed-scaled-1.jpg","width":1813,"height":2560},{"@type":"BreadcrumbList","@id":"https:\/\/letrame.com\/catalogo\/producto\/la-humanidad-se-esta-condenando-y-no-lo-sabe\/#breadcrumb","itemListElement":[{"@type":"ListItem","position":1,"name":"Portada","item":"https:\/\/letrame.com\/catalogo\/"},{"@type":"ListItem","position":2,"name":"Cat\u00e1logo","item":"https:\/\/letrame.com\/catalogo\/"},{"@type":"ListItem","position":3,"name":"La humanidad se est\u00e1 condenando &#8230;Y no lo sabe"}]},{"@type":"WebSite","@id":"https:\/\/letrame.com\/catalogo\/#website","url":"https:\/\/letrame.com\/catalogo\/","name":"Catalogo | Letrame Grupo Editorial","description":"","publisher":{"@id":"https:\/\/letrame.com\/catalogo\/#organization"},"potentialAction":[{"@type":"SearchAction","target":{"@type":"EntryPoint","urlTemplate":"https:\/\/letrame.com\/catalogo\/?s={search_term_string}"},"query-input":{"@type":"PropertyValueSpecification","valueRequired":true,"valueName":"search_term_string"}}],"inLanguage":"es"},{"@type":"Organization","@id":"https:\/\/letrame.com\/catalogo\/#organization","name":"Catalogo | Letrame Grupo Editorial","url":"https:\/\/letrame.com\/catalogo\/","logo":{"@type":"ImageObject","inLanguage":"es","@id":"https:\/\/letrame.com\/catalogo\/#\/schema\/logo\/image\/","url":"https:\/\/letrame.com\/catalogo\/wp-content\/uploads\/2024\/03\/logo2.webp","contentUrl":"https:\/\/letrame.com\/catalogo\/wp-content\/uploads\/2024\/03\/logo2.webp","width":394,"height":128,"caption":"Catalogo | Letrame Grupo Editorial"},"image":{"@id":"https:\/\/letrame.com\/catalogo\/#\/schema\/logo\/image\/"}}]}},"_links":{"self":[{"href":"https:\/\/letrame.com\/catalogo\/wp-json\/wp\/v2\/product\/101002","targetHints":{"allow":["GET"]}}],"collection":[{"href":"https:\/\/letrame.com\/catalogo\/wp-json\/wp\/v2\/product"}],"about":[{"href":"https:\/\/letrame.com\/catalogo\/wp-json\/wp\/v2\/types\/product"}],"replies":[{"embeddable":true,"href":"https:\/\/letrame.com\/catalogo\/wp-json\/wp\/v2\/comments?post=101002"}],"acf:post":[{"embeddable":true,"href":"https:\/\/letrame.com\/catalogo\/wp-json\/wp\/v2\/author_book\/100755"}],"wp:featuredmedia":[{"embeddable":true,"href":"https:\/\/letrame.com\/catalogo\/wp-json\/wp\/v2\/media\/101003"}],"wp:attachment":[{"href":"https:\/\/letrame.com\/catalogo\/wp-json\/wp\/v2\/media?parent=101002"}],"wp:term":[{"taxonomy":"libro","embeddable":true,"href":"https:\/\/letrame.com\/catalogo\/wp-json\/wp\/v2\/libro?post=101002"},{"taxonomy":"product_brand","embeddable":true,"href":"https:\/\/letrame.com\/catalogo\/wp-json\/wp\/v2\/product_brand?post=101002"},{"taxonomy":"product_cat","embeddable":true,"href":"https:\/\/letrame.com\/catalogo\/wp-json\/wp\/v2\/product_cat?post=101002"},{"taxonomy":"product_tag","embeddable":true,"href":"https:\/\/letrame.com\/catalogo\/wp-json\/wp\/v2\/product_tag?post=101002"}],"curies":[{"name":"wp","href":"https:\/\/api.w.org\/{rel}","templated":true}]}}