{"id":100959,"date":"2024-05-23T10:18:24","date_gmt":"2024-05-23T08:18:24","guid":{"rendered":"https:\/\/letrame.com\/catalogo\/producto\/paso-corto-vista-larga-y-mala-leche\/"},"modified":"2024-05-23T11:13:49","modified_gmt":"2024-05-23T09:13:49","slug":"paso-corto-vista-larga-y-mala-leche","status":"publish","type":"product","link":"https:\/\/letrame.com\/catalogo\/producto\/paso-corto-vista-larga-y-mala-leche\/","title":{"rendered":"PASO CORTO, VISTA LARGA Y MALA LECHE"},"content":{"rendered":"<p>ISBN:\u00a0978-84-1068-036-4<br \/>\nT\u00edtulo:\u2028PASO CORTO, VISTA LARGA Y MALA LECHE<br \/>\nFecha:\u20282024<br \/>\nP\u00e1ginas:\u00a0846<br \/>\nSINOPSIS<br \/>\nCon la llegada del verano, el sargento Sandoval necesita reforzar su unidad, el Equipo de Polic\u00eda Judicial de San Lorenzo de El Escorial, con al menos dos nuevas incorporaciones, debido a las vacaciones estivales. Para ello, elige al experimentado cabo Pastrana y a una novata, la guardia Hornillos. El caso que tendr\u00e1n que resolver, un robo con violencia e intimidaci\u00f3n en una vivienda que termina con una agresi\u00f3n sexual, no deja de ser uno de tantos delitos que se investigan a lo largo del a\u00f1o, salvo por una diferencia que acaba trastoc\u00e1ndolo todo: ambos hechos se han cometido en el domicilio de un relevante miembro del Congreso de los Diputados. Una circunstancia que, como se ver\u00e1, terminar\u00e1 complicando la investigaci\u00f3n.<br \/>\nA pesar de nuestra trayectoria hist\u00f3rica, tras su fundaci\u00f3n a mediados del siglo XIX, la Guardia Civil sigue siendo una gran desconocida para la sociedad y la literatura espa\u00f1olas, m\u00e1s all\u00e1 de los t\u00f3picos y estereotipos que se han vertido sobre ella. Para paliar este desconocimiento, mientras avanza esa investigaci\u00f3n y vemos el d\u00eda a d\u00eda de un Equipo de Polic\u00eda Judicial y su forma de trabajar, se introducen reflexiones sobre la propia instituci\u00f3n y otras relacionadas con la justicia, la judicatura, la milicia, la pol\u00edtica o la propia delincuencia. Y como no pod\u00eda ser de otra forma, tambi\u00e9n vemos las cosas que ocupan y preocupan a los guardias civiles de hoy, tratando de iluminar las interioridades de un Cuerpo que, con sus luces y sus sombras, ha estado a la altura del pa\u00eds al que le toc\u00f3 servir, en tiempos y coyunturas no precisamente f\u00e1ciles.<br \/>\nY todo ello, siguiendo el lema oficioso de esa Guardia Civil caminera \u2014paso corto, vista larga y mala leche\u2014que, con su imagen arquet\u00edpica\u2014capa, tricornio, cartera de caminos y subfusil al hombro\u2014recorriera durante d\u00e9cadas todos los parajes de Espa\u00f1a. Y por supuesto, con el jefe de pareja siempre a doce pasos por delante, para que, como dec\u00eda nuestra vieja cartilla, \u00aben ning\u00fan caso puedan ser sorprendidos y puedan protegerse mutuamente\u00bb.<br \/>\nY as\u00ed, tras haber superado una guerra civil, dos rep\u00fablicas, dos dictaduras y dos restauraciones mon\u00e1rquicas, seguimos 180 a\u00f1os despu\u00e9s: con el mismo af\u00e1n de servicio a Espa\u00f1a que el primer d\u00eda.<\/p>\n","protected":false},"excerpt":{"rendered":"<p>ISBN:\u00a0978-84-1068-036-4<\/p>\n<p>SINOPSIS<br \/>\nCon la llegada del verano, el sargento Sandoval necesita reforzar su unidad, el Equipo de Polic\u00eda Judicial de San Lorenzo de El Escorial, con al menos dos nuevas incorporaciones, debido a las vacaciones estivales. Para ello, elige al experimentado cabo Pastrana y a una novata, la guardia Hornillos. El caso que tendr\u00e1n que resolver, un robo con violencia e intimidaci\u00f3n en una vivienda que termina con una agresi\u00f3n sexual, no deja de ser uno de tantos delitos que se investigan a lo largo del a\u00f1o, salvo por una diferencia que acaba trastoc\u00e1ndolo todo: ambos hechos se han cometido en el domicilio de un relevante miembro del Congreso de los Diputados. Una circunstancia que, como se ver\u00e1, terminar\u00e1 complicando la investigaci\u00f3n.<br \/>\nA pesar de nuestra trayectoria hist\u00f3rica, tras su fundaci\u00f3n a mediados del siglo XIX, la Guardia Civil sigue siendo una gran desconocida para la sociedad y la literatura espa\u00f1olas, m\u00e1s all\u00e1 de los t\u00f3picos y estereotipos que se han vertido sobre ella. Para paliar este desconocimiento, mientras avanza esa investigaci\u00f3n y vemos el d\u00eda a d\u00eda de un Equipo de Polic\u00eda Judicial y su forma de trabajar, se introducen reflexiones sobre la propia instituci\u00f3n y otras relacionadas con la justicia, la judicatura, la milicia, la pol\u00edtica o la propia delincuencia. Y como no pod\u00eda ser de otra forma, tambi\u00e9n vemos las cosas que ocupan y preocupan a los guardias civiles de hoy, tratando de iluminar las interioridades de un Cuerpo que, con sus luces y sus sombras, ha estado a la altura del pa\u00eds al que le toc\u00f3 servir, en tiempos y coyunturas no precisamente f\u00e1ciles.<br \/>\nY todo ello, siguiendo el lema oficioso de esa Guardia Civil caminera \u2014paso corto, vista larga y mala leche\u2014que, con su imagen arquet\u00edpica\u2014capa, tricornio, cartera de caminos y subfusil al hombro\u2014recorriera durante d\u00e9cadas todos los parajes de Espa\u00f1a. Y por supuesto, con el jefe de pareja siempre a doce pasos por delante, para que, como dec\u00eda nuestra vieja cartilla, \u00aben ning\u00fan caso puedan ser sorprendidos y puedan protegerse mutuamente\u00bb.<br \/>\nY as\u00ed, tras haber superado una guerra civil, dos rep\u00fablicas, dos dictaduras y dos restauraciones mon\u00e1rquicas, seguimos 180 a\u00f1os despu\u00e9s: con el mismo af\u00e1n de servicio a Espa\u00f1a que el primer d\u00eda.<\/p>\n","protected":false},"featured_media":100960,"comment_status":"closed","ping_status":"closed","template":"","meta":{"_acf_changed":false},"libro":[],"product_brand":[],"product_cat":[47],"product_tag":[],"class_list":{"0":"post-100959","1":"product","2":"type-product","3":"status-publish","4":"has-post-thumbnail","6":"product_cat-ciencia-ficcion-misterio","8":"first","9":"instock","10":"product-type-simple"},"acf":{"autor":[100733],"enlace_de_compra":"https:\/\/www.casadellibro.com\/libro-paso-corto-vista-larga-y-mala-leche\/9788410680364\/16047519"},"yoast_head":"<!-- This site is optimized with the Yoast SEO plugin v27.4 - https:\/\/yoast.com\/product\/yoast-seo-wordpress\/ -->\n<title>PASO CORTO, VISTA LARGA Y MALA LECHE - Catalogo | Letrame Grupo Editorial<\/title>\n<meta name=\"robots\" content=\"index, follow, max-snippet:-1, max-image-preview:large, max-video-preview:-1\" \/>\n<link rel=\"canonical\" href=\"https:\/\/letrame.com\/catalogo\/producto\/paso-corto-vista-larga-y-mala-leche\/\" \/>\n<meta property=\"og:locale\" content=\"es_ES\" \/>\n<meta property=\"og:type\" content=\"article\" \/>\n<meta property=\"og:title\" content=\"PASO CORTO, VISTA LARGA Y MALA LECHE - Catalogo | Letrame Grupo Editorial\" \/>\n<meta property=\"og:description\" content=\"ISBN:\u00a0978-84-1068-036-4  SINOPSIS Con la llegada del verano, el sargento Sandoval necesita reforzar su unidad, el Equipo de Polic\u00eda Judicial de San Lorenzo de El Escorial, con al menos dos nuevas incorporaciones, debido a las vacaciones estivales. Para ello, elige al experimentado cabo Pastrana y a una novata, la guardia Hornillos. El caso que tendr\u00e1n que resolver, un robo con violencia e intimidaci\u00f3n en una vivienda que termina con una agresi\u00f3n sexual, no deja de ser uno de tantos delitos que se investigan a lo largo del a\u00f1o, salvo por una diferencia que acaba trastoc\u00e1ndolo todo: ambos hechos se han cometido en el domicilio de un relevante miembro del Congreso de los Diputados. Una circunstancia que, como se ver\u00e1, terminar\u00e1 complicando la investigaci\u00f3n. A pesar de nuestra trayectoria hist\u00f3rica, tras su fundaci\u00f3n a mediados del siglo XIX, la Guardia Civil sigue siendo una gran desconocida para la sociedad y la literatura espa\u00f1olas, m\u00e1s all\u00e1 de los t\u00f3picos y estereotipos que se han vertido sobre ella. Para paliar este desconocimiento, mientras avanza esa investigaci\u00f3n y vemos el d\u00eda a d\u00eda de un Equipo de Polic\u00eda Judicial y su forma de trabajar, se introducen reflexiones sobre la propia instituci\u00f3n y otras relacionadas con la justicia, la judicatura, la milicia, la pol\u00edtica o la propia delincuencia. Y como no pod\u00eda ser de otra forma, tambi\u00e9n vemos las cosas que ocupan y preocupan a los guardias civiles de hoy, tratando de iluminar las interioridades de un Cuerpo que, con sus luces y sus sombras, ha estado a la altura del pa\u00eds al que le toc\u00f3 servir, en tiempos y coyunturas no precisamente f\u00e1ciles. Y todo ello, siguiendo el lema oficioso de esa Guardia Civil caminera \u2014paso corto, vista larga y mala leche\u2014que, con su imagen arquet\u00edpica\u2014capa, tricornio, cartera de caminos y subfusil al hombro\u2014recorriera durante d\u00e9cadas todos los parajes de Espa\u00f1a. Y por supuesto, con el jefe de pareja siempre a doce pasos por delante, para que, como dec\u00eda nuestra vieja cartilla, \u00aben ning\u00fan caso puedan ser sorprendidos y puedan protegerse mutuamente\u00bb. Y as\u00ed, tras haber superado una guerra civil, dos rep\u00fablicas, dos dictaduras y dos restauraciones mon\u00e1rquicas, seguimos 180 a\u00f1os despu\u00e9s: con el mismo af\u00e1n de servicio a Espa\u00f1a que el primer d\u00eda.\" \/>\n<meta property=\"og:url\" content=\"https:\/\/letrame.com\/catalogo\/producto\/paso-corto-vista-larga-y-mala-leche\/\" \/>\n<meta property=\"og:site_name\" content=\"Catalogo | Letrame Grupo Editorial\" \/>\n<meta property=\"article:modified_time\" content=\"2024-05-23T09:13:49+00:00\" \/>\n<meta property=\"og:image\" content=\"https:\/\/letrame.com\/catalogo\/wp-content\/uploads\/2024\/05\/webp_pasocorto_45mm-compressed-scaled-1.jpg\" \/>\n\t<meta property=\"og:image:width\" content=\"1813\" \/>\n\t<meta property=\"og:image:height\" content=\"2560\" \/>\n\t<meta property=\"og:image:type\" content=\"image\/jpeg\" \/>\n<meta name=\"twitter:card\" content=\"summary_large_image\" \/>\n<meta name=\"twitter:label1\" content=\"Tiempo de lectura\" \/>\n\t<meta name=\"twitter:data1\" content=\"2 minutos\" \/>\n<script type=\"application\/ld+json\" class=\"yoast-schema-graph\">{\"@context\":\"https:\\\/\\\/schema.org\",\"@graph\":[{\"@type\":\"WebPage\",\"@id\":\"https:\\\/\\\/letrame.com\\\/catalogo\\\/producto\\\/paso-corto-vista-larga-y-mala-leche\\\/\",\"url\":\"https:\\\/\\\/letrame.com\\\/catalogo\\\/producto\\\/paso-corto-vista-larga-y-mala-leche\\\/\",\"name\":\"PASO CORTO, VISTA LARGA Y MALA LECHE - Catalogo | Letrame Grupo Editorial\",\"isPartOf\":{\"@id\":\"https:\\\/\\\/letrame.com\\\/catalogo\\\/#website\"},\"primaryImageOfPage\":{\"@id\":\"https:\\\/\\\/letrame.com\\\/catalogo\\\/producto\\\/paso-corto-vista-larga-y-mala-leche\\\/#primaryimage\"},\"image\":{\"@id\":\"https:\\\/\\\/letrame.com\\\/catalogo\\\/producto\\\/paso-corto-vista-larga-y-mala-leche\\\/#primaryimage\"},\"thumbnailUrl\":\"https:\\\/\\\/letrame.com\\\/catalogo\\\/wp-content\\\/uploads\\\/2024\\\/05\\\/webp_pasocorto_45mm-compressed-scaled-1.jpg\",\"datePublished\":\"2024-05-23T08:18:24+00:00\",\"dateModified\":\"2024-05-23T09:13:49+00:00\",\"breadcrumb\":{\"@id\":\"https:\\\/\\\/letrame.com\\\/catalogo\\\/producto\\\/paso-corto-vista-larga-y-mala-leche\\\/#breadcrumb\"},\"inLanguage\":\"es\",\"potentialAction\":[{\"@type\":\"ReadAction\",\"target\":[\"https:\\\/\\\/letrame.com\\\/catalogo\\\/producto\\\/paso-corto-vista-larga-y-mala-leche\\\/\"]}]},{\"@type\":\"ImageObject\",\"inLanguage\":\"es\",\"@id\":\"https:\\\/\\\/letrame.com\\\/catalogo\\\/producto\\\/paso-corto-vista-larga-y-mala-leche\\\/#primaryimage\",\"url\":\"https:\\\/\\\/letrame.com\\\/catalogo\\\/wp-content\\\/uploads\\\/2024\\\/05\\\/webp_pasocorto_45mm-compressed-scaled-1.jpg\",\"contentUrl\":\"https:\\\/\\\/letrame.com\\\/catalogo\\\/wp-content\\\/uploads\\\/2024\\\/05\\\/webp_pasocorto_45mm-compressed-scaled-1.jpg\",\"width\":1813,\"height\":2560},{\"@type\":\"BreadcrumbList\",\"@id\":\"https:\\\/\\\/letrame.com\\\/catalogo\\\/producto\\\/paso-corto-vista-larga-y-mala-leche\\\/#breadcrumb\",\"itemListElement\":[{\"@type\":\"ListItem\",\"position\":1,\"name\":\"Portada\",\"item\":\"https:\\\/\\\/letrame.com\\\/catalogo\\\/\"},{\"@type\":\"ListItem\",\"position\":2,\"name\":\"Cat\u00e1logo\",\"item\":\"https:\\\/\\\/letrame.com\\\/catalogo\\\/\"},{\"@type\":\"ListItem\",\"position\":3,\"name\":\"PASO CORTO, VISTA LARGA Y MALA LECHE\"}]},{\"@type\":\"WebSite\",\"@id\":\"https:\\\/\\\/letrame.com\\\/catalogo\\\/#website\",\"url\":\"https:\\\/\\\/letrame.com\\\/catalogo\\\/\",\"name\":\"Catalogo | Letrame Grupo Editorial\",\"description\":\"\",\"publisher\":{\"@id\":\"https:\\\/\\\/letrame.com\\\/catalogo\\\/#organization\"},\"potentialAction\":[{\"@type\":\"SearchAction\",\"target\":{\"@type\":\"EntryPoint\",\"urlTemplate\":\"https:\\\/\\\/letrame.com\\\/catalogo\\\/?s={search_term_string}\"},\"query-input\":{\"@type\":\"PropertyValueSpecification\",\"valueRequired\":true,\"valueName\":\"search_term_string\"}}],\"inLanguage\":\"es\"},{\"@type\":\"Organization\",\"@id\":\"https:\\\/\\\/letrame.com\\\/catalogo\\\/#organization\",\"name\":\"Catalogo | Letrame Grupo Editorial\",\"url\":\"https:\\\/\\\/letrame.com\\\/catalogo\\\/\",\"logo\":{\"@type\":\"ImageObject\",\"inLanguage\":\"es\",\"@id\":\"https:\\\/\\\/letrame.com\\\/catalogo\\\/#\\\/schema\\\/logo\\\/image\\\/\",\"url\":\"https:\\\/\\\/letrame.com\\\/catalogo\\\/wp-content\\\/uploads\\\/2024\\\/03\\\/logo2.webp\",\"contentUrl\":\"https:\\\/\\\/letrame.com\\\/catalogo\\\/wp-content\\\/uploads\\\/2024\\\/03\\\/logo2.webp\",\"width\":394,\"height\":128,\"caption\":\"Catalogo | Letrame Grupo Editorial\"},\"image\":{\"@id\":\"https:\\\/\\\/letrame.com\\\/catalogo\\\/#\\\/schema\\\/logo\\\/image\\\/\"}}]}<\/script>\n<!-- \/ Yoast SEO plugin. -->","yoast_head_json":{"title":"PASO CORTO, VISTA LARGA Y MALA LECHE - Catalogo | Letrame Grupo Editorial","robots":{"index":"index","follow":"follow","max-snippet":"max-snippet:-1","max-image-preview":"max-image-preview:large","max-video-preview":"max-video-preview:-1"},"canonical":"https:\/\/letrame.com\/catalogo\/producto\/paso-corto-vista-larga-y-mala-leche\/","og_locale":"es_ES","og_type":"article","og_title":"PASO CORTO, VISTA LARGA Y MALA LECHE - Catalogo | Letrame Grupo Editorial","og_description":"ISBN:\u00a0978-84-1068-036-4  SINOPSIS Con la llegada del verano, el sargento Sandoval necesita reforzar su unidad, el Equipo de Polic\u00eda Judicial de San Lorenzo de El Escorial, con al menos dos nuevas incorporaciones, debido a las vacaciones estivales. Para ello, elige al experimentado cabo Pastrana y a una novata, la guardia Hornillos. El caso que tendr\u00e1n que resolver, un robo con violencia e intimidaci\u00f3n en una vivienda que termina con una agresi\u00f3n sexual, no deja de ser uno de tantos delitos que se investigan a lo largo del a\u00f1o, salvo por una diferencia que acaba trastoc\u00e1ndolo todo: ambos hechos se han cometido en el domicilio de un relevante miembro del Congreso de los Diputados. Una circunstancia que, como se ver\u00e1, terminar\u00e1 complicando la investigaci\u00f3n. A pesar de nuestra trayectoria hist\u00f3rica, tras su fundaci\u00f3n a mediados del siglo XIX, la Guardia Civil sigue siendo una gran desconocida para la sociedad y la literatura espa\u00f1olas, m\u00e1s all\u00e1 de los t\u00f3picos y estereotipos que se han vertido sobre ella. Para paliar este desconocimiento, mientras avanza esa investigaci\u00f3n y vemos el d\u00eda a d\u00eda de un Equipo de Polic\u00eda Judicial y su forma de trabajar, se introducen reflexiones sobre la propia instituci\u00f3n y otras relacionadas con la justicia, la judicatura, la milicia, la pol\u00edtica o la propia delincuencia. Y como no pod\u00eda ser de otra forma, tambi\u00e9n vemos las cosas que ocupan y preocupan a los guardias civiles de hoy, tratando de iluminar las interioridades de un Cuerpo que, con sus luces y sus sombras, ha estado a la altura del pa\u00eds al que le toc\u00f3 servir, en tiempos y coyunturas no precisamente f\u00e1ciles. Y todo ello, siguiendo el lema oficioso de esa Guardia Civil caminera \u2014paso corto, vista larga y mala leche\u2014que, con su imagen arquet\u00edpica\u2014capa, tricornio, cartera de caminos y subfusil al hombro\u2014recorriera durante d\u00e9cadas todos los parajes de Espa\u00f1a. Y por supuesto, con el jefe de pareja siempre a doce pasos por delante, para que, como dec\u00eda nuestra vieja cartilla, \u00aben ning\u00fan caso puedan ser sorprendidos y puedan protegerse mutuamente\u00bb. Y as\u00ed, tras haber superado una guerra civil, dos rep\u00fablicas, dos dictaduras y dos restauraciones mon\u00e1rquicas, seguimos 180 a\u00f1os despu\u00e9s: con el mismo af\u00e1n de servicio a Espa\u00f1a que el primer d\u00eda.","og_url":"https:\/\/letrame.com\/catalogo\/producto\/paso-corto-vista-larga-y-mala-leche\/","og_site_name":"Catalogo | Letrame Grupo Editorial","article_modified_time":"2024-05-23T09:13:49+00:00","og_image":[{"width":1813,"height":2560,"url":"https:\/\/letrame.com\/catalogo\/wp-content\/uploads\/2024\/05\/webp_pasocorto_45mm-compressed-scaled-1.jpg","type":"image\/jpeg"}],"twitter_card":"summary_large_image","twitter_misc":{"Tiempo de lectura":"2 minutos"},"schema":{"@context":"https:\/\/schema.org","@graph":[{"@type":"WebPage","@id":"https:\/\/letrame.com\/catalogo\/producto\/paso-corto-vista-larga-y-mala-leche\/","url":"https:\/\/letrame.com\/catalogo\/producto\/paso-corto-vista-larga-y-mala-leche\/","name":"PASO CORTO, VISTA LARGA Y MALA LECHE - Catalogo | Letrame Grupo Editorial","isPartOf":{"@id":"https:\/\/letrame.com\/catalogo\/#website"},"primaryImageOfPage":{"@id":"https:\/\/letrame.com\/catalogo\/producto\/paso-corto-vista-larga-y-mala-leche\/#primaryimage"},"image":{"@id":"https:\/\/letrame.com\/catalogo\/producto\/paso-corto-vista-larga-y-mala-leche\/#primaryimage"},"thumbnailUrl":"https:\/\/letrame.com\/catalogo\/wp-content\/uploads\/2024\/05\/webp_pasocorto_45mm-compressed-scaled-1.jpg","datePublished":"2024-05-23T08:18:24+00:00","dateModified":"2024-05-23T09:13:49+00:00","breadcrumb":{"@id":"https:\/\/letrame.com\/catalogo\/producto\/paso-corto-vista-larga-y-mala-leche\/#breadcrumb"},"inLanguage":"es","potentialAction":[{"@type":"ReadAction","target":["https:\/\/letrame.com\/catalogo\/producto\/paso-corto-vista-larga-y-mala-leche\/"]}]},{"@type":"ImageObject","inLanguage":"es","@id":"https:\/\/letrame.com\/catalogo\/producto\/paso-corto-vista-larga-y-mala-leche\/#primaryimage","url":"https:\/\/letrame.com\/catalogo\/wp-content\/uploads\/2024\/05\/webp_pasocorto_45mm-compressed-scaled-1.jpg","contentUrl":"https:\/\/letrame.com\/catalogo\/wp-content\/uploads\/2024\/05\/webp_pasocorto_45mm-compressed-scaled-1.jpg","width":1813,"height":2560},{"@type":"BreadcrumbList","@id":"https:\/\/letrame.com\/catalogo\/producto\/paso-corto-vista-larga-y-mala-leche\/#breadcrumb","itemListElement":[{"@type":"ListItem","position":1,"name":"Portada","item":"https:\/\/letrame.com\/catalogo\/"},{"@type":"ListItem","position":2,"name":"Cat\u00e1logo","item":"https:\/\/letrame.com\/catalogo\/"},{"@type":"ListItem","position":3,"name":"PASO CORTO, VISTA LARGA Y MALA LECHE"}]},{"@type":"WebSite","@id":"https:\/\/letrame.com\/catalogo\/#website","url":"https:\/\/letrame.com\/catalogo\/","name":"Catalogo | Letrame Grupo Editorial","description":"","publisher":{"@id":"https:\/\/letrame.com\/catalogo\/#organization"},"potentialAction":[{"@type":"SearchAction","target":{"@type":"EntryPoint","urlTemplate":"https:\/\/letrame.com\/catalogo\/?s={search_term_string}"},"query-input":{"@type":"PropertyValueSpecification","valueRequired":true,"valueName":"search_term_string"}}],"inLanguage":"es"},{"@type":"Organization","@id":"https:\/\/letrame.com\/catalogo\/#organization","name":"Catalogo | Letrame Grupo Editorial","url":"https:\/\/letrame.com\/catalogo\/","logo":{"@type":"ImageObject","inLanguage":"es","@id":"https:\/\/letrame.com\/catalogo\/#\/schema\/logo\/image\/","url":"https:\/\/letrame.com\/catalogo\/wp-content\/uploads\/2024\/03\/logo2.webp","contentUrl":"https:\/\/letrame.com\/catalogo\/wp-content\/uploads\/2024\/03\/logo2.webp","width":394,"height":128,"caption":"Catalogo | Letrame Grupo Editorial"},"image":{"@id":"https:\/\/letrame.com\/catalogo\/#\/schema\/logo\/image\/"}}]}},"_links":{"self":[{"href":"https:\/\/letrame.com\/catalogo\/wp-json\/wp\/v2\/product\/100959","targetHints":{"allow":["GET"]}}],"collection":[{"href":"https:\/\/letrame.com\/catalogo\/wp-json\/wp\/v2\/product"}],"about":[{"href":"https:\/\/letrame.com\/catalogo\/wp-json\/wp\/v2\/types\/product"}],"replies":[{"embeddable":true,"href":"https:\/\/letrame.com\/catalogo\/wp-json\/wp\/v2\/comments?post=100959"}],"acf:post":[{"embeddable":true,"href":"https:\/\/letrame.com\/catalogo\/wp-json\/wp\/v2\/author_book\/100733"}],"wp:featuredmedia":[{"embeddable":true,"href":"https:\/\/letrame.com\/catalogo\/wp-json\/wp\/v2\/media\/100960"}],"wp:attachment":[{"href":"https:\/\/letrame.com\/catalogo\/wp-json\/wp\/v2\/media?parent=100959"}],"wp:term":[{"taxonomy":"libro","embeddable":true,"href":"https:\/\/letrame.com\/catalogo\/wp-json\/wp\/v2\/libro?post=100959"},{"taxonomy":"product_brand","embeddable":true,"href":"https:\/\/letrame.com\/catalogo\/wp-json\/wp\/v2\/product_brand?post=100959"},{"taxonomy":"product_cat","embeddable":true,"href":"https:\/\/letrame.com\/catalogo\/wp-json\/wp\/v2\/product_cat?post=100959"},{"taxonomy":"product_tag","embeddable":true,"href":"https:\/\/letrame.com\/catalogo\/wp-json\/wp\/v2\/product_tag?post=100959"}],"curies":[{"name":"wp","href":"https:\/\/api.w.org\/{rel}","templated":true}]}}