{"id":100890,"date":"2024-05-23T10:11:27","date_gmt":"2024-05-23T08:11:27","guid":{"rendered":"https:\/\/letrame.com\/catalogo\/producto\/amazonia-colombiana-ii\/"},"modified":"2024-06-04T15:38:37","modified_gmt":"2024-06-04T13:38:37","slug":"amazonia-colombiana-ii","status":"publish","type":"product","link":"https:\/\/letrame.com\/catalogo\/producto\/amazonia-colombiana-ii\/","title":{"rendered":"Amazonia colombiana II"},"content":{"rendered":"<p>ISBN:\u00a0978-84-1181-912-1<br \/>\nT\u00edtulo:\u2028AMAZON\u00cdA COLOMBIANA II<br \/>\nFecha:\u20282024<br \/>\nP\u00e1ginas:\u00a056<br \/>\nSINOPSIS<br \/>\nEl relato de una epopeya colomboamaz\u00f3nica en el empalme de los siglos XX y XXI en seis tomos: \u00a1Por la paz, hermanos, por la paz\u00a1, Un viajero con sombra, Con los ojos del alma, Otras costumbres, otras culturas, Acompa\u00f1ando a Dreifus, Anhelos de dignidad, ha sido elaborado durante el exilio de Jorge en M\u00e9xico, pa\u00eds al que concibe como su segunda patria.<\/p>\n<p>El presente narra po\u00e9ticamente c\u00f3mo, en 1994, el autor, en plena campa\u00f1a pol\u00edtica, acude a una cita en la vereda Las Delicias, propuesta por Chepe Lucas, enigm\u00e1tico personaje que busca el favor popular de su regi\u00f3n para lograr la alcald\u00eda municipal de Puerto Legu\u00edzamo, creyendo que, el candidato a gobernador, nadaba en dinero. A su vez Jorge supon\u00eda que aquel era realmente un l\u00edder popular que le aportar\u00eda muchos votos. Pero los dos se equivocan y el viaje se convierte en una aut\u00e9ntica odisea pues, al final de cuentas resulta ser un ingenuo campesino con sue\u00f1os que compiten con la inmensidad de la selva.<\/p>\n","protected":false},"excerpt":{"rendered":"<p>ISBN:\u00a0978-84-1181-912-1<\/p>\n<p>SINOPSIS<br \/>\nEl relato de una epopeya colomboamaz\u00f3nica en el empalme de los siglos XX y XXI en seis tomos: \u00a1Por la paz, hermanos, por la paz\u00a1, Un viajero con sombra, Con los ojos del alma, Otras costumbres, otras culturas, Acompa\u00f1ando a Dreifus, Anhelos de dignidad, ha sido elaborado durante el exilio de Jorge en M\u00e9xico, pa\u00eds al que concibe como su segunda patria.<\/p>\n<p>El presente narra po\u00e9ticamente c\u00f3mo, en 1994, el autor, en plena campa\u00f1a pol\u00edtica, acude a una cita en la vereda Las Delicias, propuesta por Chepe Lucas, enigm\u00e1tico personaje que busca el favor popular de su regi\u00f3n para lograr la alcald\u00eda municipal de Puerto Legu\u00edzamo, creyendo que, el candidato a gobernador, nadaba en dinero. A su vez Jorge supon\u00eda que aquel era realmente un l\u00edder popular que le aportar\u00eda muchos votos. Pero los dos se equivocan y el viaje se convierte en una aut\u00e9ntica odisea pues, al final de cuentas resulta ser un ingenuo campesino con sue\u00f1os que compiten con la inmensidad de la selva.<\/p>\n","protected":false},"featured_media":100891,"comment_status":"closed","ping_status":"closed","template":"","meta":{"_acf_changed":false},"libro":[],"product_brand":[],"product_cat":[115],"product_tag":[],"class_list":{"0":"post-100890","1":"product","2":"type-product","3":"status-publish","4":"has-post-thumbnail","6":"product_cat-aventuraviajes","8":"first","9":"instock","10":"product-type-simple"},"acf":{"autor":[100678],"enlace_de_compra":"https:\/\/www.casadellibro.com\/libro-amazonia-colombiana-ii\/9788411819121\/15964189"},"yoast_head":"<!-- This site is optimized with the Yoast SEO plugin v27.4 - https:\/\/yoast.com\/product\/yoast-seo-wordpress\/ -->\n<title>Amazonia colombiana II - Catalogo | Letrame Grupo Editorial<\/title>\n<meta name=\"robots\" content=\"index, follow, max-snippet:-1, max-image-preview:large, max-video-preview:-1\" \/>\n<link rel=\"canonical\" href=\"https:\/\/letrame.com\/catalogo\/producto\/amazonia-colombiana-ii\/\" \/>\n<meta property=\"og:locale\" content=\"es_ES\" \/>\n<meta property=\"og:type\" content=\"article\" \/>\n<meta property=\"og:title\" content=\"Amazonia colombiana II - Catalogo | Letrame Grupo Editorial\" \/>\n<meta property=\"og:description\" content=\"ISBN:\u00a0978-84-1181-912-1  SINOPSIS El relato de una epopeya colomboamaz\u00f3nica en el empalme de los siglos XX y XXI en seis tomos: \u00a1Por la paz, hermanos, por la paz\u00a1, Un viajero con sombra, Con los ojos del alma, Otras costumbres, otras culturas, Acompa\u00f1ando a Dreifus, Anhelos de dignidad, ha sido elaborado durante el exilio de Jorge en M\u00e9xico, pa\u00eds al que concibe como su segunda patria.  El presente narra po\u00e9ticamente c\u00f3mo, en 1994, el autor, en plena campa\u00f1a pol\u00edtica, acude a una cita en la vereda Las Delicias, propuesta por Chepe Lucas, enigm\u00e1tico personaje que busca el favor popular de su regi\u00f3n para lograr la alcald\u00eda municipal de Puerto Legu\u00edzamo, creyendo que, el candidato a gobernador, nadaba en dinero. A su vez Jorge supon\u00eda que aquel era realmente un l\u00edder popular que le aportar\u00eda muchos votos. Pero los dos se equivocan y el viaje se convierte en una aut\u00e9ntica odisea pues, al final de cuentas resulta ser un ingenuo campesino con sue\u00f1os que compiten con la inmensidad de la selva.\" \/>\n<meta property=\"og:url\" content=\"https:\/\/letrame.com\/catalogo\/producto\/amazonia-colombiana-ii\/\" \/>\n<meta property=\"og:site_name\" content=\"Catalogo | Letrame Grupo Editorial\" \/>\n<meta property=\"article:modified_time\" content=\"2024-06-04T13:38:37+00:00\" \/>\n<meta property=\"og:image\" content=\"https:\/\/letrame.com\/catalogo\/wp-content\/uploads\/2024\/05\/webp_amazoniacolombianaII_366mm-compressed-scaled-1.jpg\" \/>\n\t<meta property=\"og:image:width\" content=\"1746\" \/>\n\t<meta property=\"og:image:height\" content=\"2560\" \/>\n\t<meta property=\"og:image:type\" content=\"image\/jpeg\" \/>\n<meta name=\"twitter:card\" content=\"summary_large_image\" \/>\n<meta name=\"twitter:label1\" content=\"Tiempo de lectura\" \/>\n\t<meta name=\"twitter:data1\" content=\"2 minutos\" \/>\n<script type=\"application\/ld+json\" class=\"yoast-schema-graph\">{\"@context\":\"https:\\\/\\\/schema.org\",\"@graph\":[{\"@type\":\"WebPage\",\"@id\":\"https:\\\/\\\/letrame.com\\\/catalogo\\\/producto\\\/amazonia-colombiana-ii\\\/\",\"url\":\"https:\\\/\\\/letrame.com\\\/catalogo\\\/producto\\\/amazonia-colombiana-ii\\\/\",\"name\":\"Amazonia colombiana II - Catalogo | Letrame Grupo Editorial\",\"isPartOf\":{\"@id\":\"https:\\\/\\\/letrame.com\\\/catalogo\\\/#website\"},\"primaryImageOfPage\":{\"@id\":\"https:\\\/\\\/letrame.com\\\/catalogo\\\/producto\\\/amazonia-colombiana-ii\\\/#primaryimage\"},\"image\":{\"@id\":\"https:\\\/\\\/letrame.com\\\/catalogo\\\/producto\\\/amazonia-colombiana-ii\\\/#primaryimage\"},\"thumbnailUrl\":\"https:\\\/\\\/letrame.com\\\/catalogo\\\/wp-content\\\/uploads\\\/2024\\\/05\\\/webp_amazoniacolombianaII_366mm-compressed-scaled-1.jpg\",\"datePublished\":\"2024-05-23T08:11:27+00:00\",\"dateModified\":\"2024-06-04T13:38:37+00:00\",\"breadcrumb\":{\"@id\":\"https:\\\/\\\/letrame.com\\\/catalogo\\\/producto\\\/amazonia-colombiana-ii\\\/#breadcrumb\"},\"inLanguage\":\"es\",\"potentialAction\":[{\"@type\":\"ReadAction\",\"target\":[\"https:\\\/\\\/letrame.com\\\/catalogo\\\/producto\\\/amazonia-colombiana-ii\\\/\"]}]},{\"@type\":\"ImageObject\",\"inLanguage\":\"es\",\"@id\":\"https:\\\/\\\/letrame.com\\\/catalogo\\\/producto\\\/amazonia-colombiana-ii\\\/#primaryimage\",\"url\":\"https:\\\/\\\/letrame.com\\\/catalogo\\\/wp-content\\\/uploads\\\/2024\\\/05\\\/webp_amazoniacolombianaII_366mm-compressed-scaled-1.jpg\",\"contentUrl\":\"https:\\\/\\\/letrame.com\\\/catalogo\\\/wp-content\\\/uploads\\\/2024\\\/05\\\/webp_amazoniacolombianaII_366mm-compressed-scaled-1.jpg\",\"width\":1746,\"height\":2560},{\"@type\":\"BreadcrumbList\",\"@id\":\"https:\\\/\\\/letrame.com\\\/catalogo\\\/producto\\\/amazonia-colombiana-ii\\\/#breadcrumb\",\"itemListElement\":[{\"@type\":\"ListItem\",\"position\":1,\"name\":\"Portada\",\"item\":\"https:\\\/\\\/letrame.com\\\/catalogo\\\/\"},{\"@type\":\"ListItem\",\"position\":2,\"name\":\"Cat\u00e1logo\",\"item\":\"https:\\\/\\\/letrame.com\\\/catalogo\\\/\"},{\"@type\":\"ListItem\",\"position\":3,\"name\":\"Amazonia colombiana II\"}]},{\"@type\":\"WebSite\",\"@id\":\"https:\\\/\\\/letrame.com\\\/catalogo\\\/#website\",\"url\":\"https:\\\/\\\/letrame.com\\\/catalogo\\\/\",\"name\":\"Catalogo | Letrame Grupo Editorial\",\"description\":\"\",\"publisher\":{\"@id\":\"https:\\\/\\\/letrame.com\\\/catalogo\\\/#organization\"},\"potentialAction\":[{\"@type\":\"SearchAction\",\"target\":{\"@type\":\"EntryPoint\",\"urlTemplate\":\"https:\\\/\\\/letrame.com\\\/catalogo\\\/?s={search_term_string}\"},\"query-input\":{\"@type\":\"PropertyValueSpecification\",\"valueRequired\":true,\"valueName\":\"search_term_string\"}}],\"inLanguage\":\"es\"},{\"@type\":\"Organization\",\"@id\":\"https:\\\/\\\/letrame.com\\\/catalogo\\\/#organization\",\"name\":\"Catalogo | Letrame Grupo Editorial\",\"url\":\"https:\\\/\\\/letrame.com\\\/catalogo\\\/\",\"logo\":{\"@type\":\"ImageObject\",\"inLanguage\":\"es\",\"@id\":\"https:\\\/\\\/letrame.com\\\/catalogo\\\/#\\\/schema\\\/logo\\\/image\\\/\",\"url\":\"https:\\\/\\\/letrame.com\\\/catalogo\\\/wp-content\\\/uploads\\\/2024\\\/03\\\/logo2.webp\",\"contentUrl\":\"https:\\\/\\\/letrame.com\\\/catalogo\\\/wp-content\\\/uploads\\\/2024\\\/03\\\/logo2.webp\",\"width\":394,\"height\":128,\"caption\":\"Catalogo | Letrame Grupo Editorial\"},\"image\":{\"@id\":\"https:\\\/\\\/letrame.com\\\/catalogo\\\/#\\\/schema\\\/logo\\\/image\\\/\"}}]}<\/script>\n<!-- \/ Yoast SEO plugin. -->","yoast_head_json":{"title":"Amazonia colombiana II - Catalogo | Letrame Grupo Editorial","robots":{"index":"index","follow":"follow","max-snippet":"max-snippet:-1","max-image-preview":"max-image-preview:large","max-video-preview":"max-video-preview:-1"},"canonical":"https:\/\/letrame.com\/catalogo\/producto\/amazonia-colombiana-ii\/","og_locale":"es_ES","og_type":"article","og_title":"Amazonia colombiana II - Catalogo | Letrame Grupo Editorial","og_description":"ISBN:\u00a0978-84-1181-912-1  SINOPSIS El relato de una epopeya colomboamaz\u00f3nica en el empalme de los siglos XX y XXI en seis tomos: \u00a1Por la paz, hermanos, por la paz\u00a1, Un viajero con sombra, Con los ojos del alma, Otras costumbres, otras culturas, Acompa\u00f1ando a Dreifus, Anhelos de dignidad, ha sido elaborado durante el exilio de Jorge en M\u00e9xico, pa\u00eds al que concibe como su segunda patria.  El presente narra po\u00e9ticamente c\u00f3mo, en 1994, el autor, en plena campa\u00f1a pol\u00edtica, acude a una cita en la vereda Las Delicias, propuesta por Chepe Lucas, enigm\u00e1tico personaje que busca el favor popular de su regi\u00f3n para lograr la alcald\u00eda municipal de Puerto Legu\u00edzamo, creyendo que, el candidato a gobernador, nadaba en dinero. A su vez Jorge supon\u00eda que aquel era realmente un l\u00edder popular que le aportar\u00eda muchos votos. Pero los dos se equivocan y el viaje se convierte en una aut\u00e9ntica odisea pues, al final de cuentas resulta ser un ingenuo campesino con sue\u00f1os que compiten con la inmensidad de la selva.","og_url":"https:\/\/letrame.com\/catalogo\/producto\/amazonia-colombiana-ii\/","og_site_name":"Catalogo | Letrame Grupo Editorial","article_modified_time":"2024-06-04T13:38:37+00:00","og_image":[{"width":1746,"height":2560,"url":"https:\/\/letrame.com\/catalogo\/wp-content\/uploads\/2024\/05\/webp_amazoniacolombianaII_366mm-compressed-scaled-1.jpg","type":"image\/jpeg"}],"twitter_card":"summary_large_image","twitter_misc":{"Tiempo de lectura":"2 minutos"},"schema":{"@context":"https:\/\/schema.org","@graph":[{"@type":"WebPage","@id":"https:\/\/letrame.com\/catalogo\/producto\/amazonia-colombiana-ii\/","url":"https:\/\/letrame.com\/catalogo\/producto\/amazonia-colombiana-ii\/","name":"Amazonia colombiana II - Catalogo | Letrame Grupo Editorial","isPartOf":{"@id":"https:\/\/letrame.com\/catalogo\/#website"},"primaryImageOfPage":{"@id":"https:\/\/letrame.com\/catalogo\/producto\/amazonia-colombiana-ii\/#primaryimage"},"image":{"@id":"https:\/\/letrame.com\/catalogo\/producto\/amazonia-colombiana-ii\/#primaryimage"},"thumbnailUrl":"https:\/\/letrame.com\/catalogo\/wp-content\/uploads\/2024\/05\/webp_amazoniacolombianaII_366mm-compressed-scaled-1.jpg","datePublished":"2024-05-23T08:11:27+00:00","dateModified":"2024-06-04T13:38:37+00:00","breadcrumb":{"@id":"https:\/\/letrame.com\/catalogo\/producto\/amazonia-colombiana-ii\/#breadcrumb"},"inLanguage":"es","potentialAction":[{"@type":"ReadAction","target":["https:\/\/letrame.com\/catalogo\/producto\/amazonia-colombiana-ii\/"]}]},{"@type":"ImageObject","inLanguage":"es","@id":"https:\/\/letrame.com\/catalogo\/producto\/amazonia-colombiana-ii\/#primaryimage","url":"https:\/\/letrame.com\/catalogo\/wp-content\/uploads\/2024\/05\/webp_amazoniacolombianaII_366mm-compressed-scaled-1.jpg","contentUrl":"https:\/\/letrame.com\/catalogo\/wp-content\/uploads\/2024\/05\/webp_amazoniacolombianaII_366mm-compressed-scaled-1.jpg","width":1746,"height":2560},{"@type":"BreadcrumbList","@id":"https:\/\/letrame.com\/catalogo\/producto\/amazonia-colombiana-ii\/#breadcrumb","itemListElement":[{"@type":"ListItem","position":1,"name":"Portada","item":"https:\/\/letrame.com\/catalogo\/"},{"@type":"ListItem","position":2,"name":"Cat\u00e1logo","item":"https:\/\/letrame.com\/catalogo\/"},{"@type":"ListItem","position":3,"name":"Amazonia colombiana II"}]},{"@type":"WebSite","@id":"https:\/\/letrame.com\/catalogo\/#website","url":"https:\/\/letrame.com\/catalogo\/","name":"Catalogo | Letrame Grupo Editorial","description":"","publisher":{"@id":"https:\/\/letrame.com\/catalogo\/#organization"},"potentialAction":[{"@type":"SearchAction","target":{"@type":"EntryPoint","urlTemplate":"https:\/\/letrame.com\/catalogo\/?s={search_term_string}"},"query-input":{"@type":"PropertyValueSpecification","valueRequired":true,"valueName":"search_term_string"}}],"inLanguage":"es"},{"@type":"Organization","@id":"https:\/\/letrame.com\/catalogo\/#organization","name":"Catalogo | Letrame Grupo Editorial","url":"https:\/\/letrame.com\/catalogo\/","logo":{"@type":"ImageObject","inLanguage":"es","@id":"https:\/\/letrame.com\/catalogo\/#\/schema\/logo\/image\/","url":"https:\/\/letrame.com\/catalogo\/wp-content\/uploads\/2024\/03\/logo2.webp","contentUrl":"https:\/\/letrame.com\/catalogo\/wp-content\/uploads\/2024\/03\/logo2.webp","width":394,"height":128,"caption":"Catalogo | Letrame Grupo Editorial"},"image":{"@id":"https:\/\/letrame.com\/catalogo\/#\/schema\/logo\/image\/"}}]}},"_links":{"self":[{"href":"https:\/\/letrame.com\/catalogo\/wp-json\/wp\/v2\/product\/100890","targetHints":{"allow":["GET"]}}],"collection":[{"href":"https:\/\/letrame.com\/catalogo\/wp-json\/wp\/v2\/product"}],"about":[{"href":"https:\/\/letrame.com\/catalogo\/wp-json\/wp\/v2\/types\/product"}],"replies":[{"embeddable":true,"href":"https:\/\/letrame.com\/catalogo\/wp-json\/wp\/v2\/comments?post=100890"}],"acf:post":[{"embeddable":true,"href":"https:\/\/letrame.com\/catalogo\/wp-json\/wp\/v2\/author_book\/100678"}],"wp:featuredmedia":[{"embeddable":true,"href":"https:\/\/letrame.com\/catalogo\/wp-json\/wp\/v2\/media\/100891"}],"wp:attachment":[{"href":"https:\/\/letrame.com\/catalogo\/wp-json\/wp\/v2\/media?parent=100890"}],"wp:term":[{"taxonomy":"libro","embeddable":true,"href":"https:\/\/letrame.com\/catalogo\/wp-json\/wp\/v2\/libro?post=100890"},{"taxonomy":"product_brand","embeddable":true,"href":"https:\/\/letrame.com\/catalogo\/wp-json\/wp\/v2\/product_brand?post=100890"},{"taxonomy":"product_cat","embeddable":true,"href":"https:\/\/letrame.com\/catalogo\/wp-json\/wp\/v2\/product_cat?post=100890"},{"taxonomy":"product_tag","embeddable":true,"href":"https:\/\/letrame.com\/catalogo\/wp-json\/wp\/v2\/product_tag?post=100890"}],"curies":[{"name":"wp","href":"https:\/\/api.w.org\/{rel}","templated":true}]}}