{"version":"1.0","provider_name":"Catalogo | Letrame Grupo Editorial","provider_url":"https:\/\/letrame.com\/catalogo","title":"Pablo D\u00edaz Garc\u00eda - Catalogo | Letrame Grupo Editorial","type":"rich","width":600,"height":338,"html":"<blockquote class=\"wp-embedded-content\" data-secret=\"5dW3Z2T16t\"><a href=\"https:\/\/letrame.com\/catalogo\/author_book\/pablo-diaz-garcia\/\">Pablo D\u00edaz Garc\u00eda<\/a><\/blockquote><iframe sandbox=\"allow-scripts\" security=\"restricted\" src=\"https:\/\/letrame.com\/catalogo\/author_book\/pablo-diaz-garcia\/embed\/#?secret=5dW3Z2T16t\" width=\"600\" height=\"338\" title=\"\u00abPablo D\u00edaz Garc\u00eda\u00bb \u2014 Catalogo | Letrame Grupo Editorial\" data-secret=\"5dW3Z2T16t\" frameborder=\"0\" marginwidth=\"0\" marginheight=\"0\" scrolling=\"no\" class=\"wp-embedded-content\"><\/iframe><script>\n\/*! This file is auto-generated *\/\n!function(d,l){\"use strict\";l.querySelector&&d.addEventListener&&\"undefined\"!=typeof URL&&(d.wp=d.wp||{},d.wp.receiveEmbedMessage||(d.wp.receiveEmbedMessage=function(e){var t=e.data;if((t||t.secret||t.message||t.value)&&!\/[^a-zA-Z0-9]\/.test(t.secret)){for(var s,r,n,a=l.querySelectorAll('iframe[data-secret=\"'+t.secret+'\"]'),o=l.querySelectorAll('blockquote[data-secret=\"'+t.secret+'\"]'),c=new RegExp(\"^https?:$\",\"i\"),i=0;i<o.length;i++)o[i].style.display=\"none\";for(i=0;i<a.length;i++)s=a[i],e.source===s.contentWindow&&(s.removeAttribute(\"style\"),\"height\"===t.message?(1e3<(r=parseInt(t.value,10))?r=1e3:~~r<200&&(r=200),s.height=r):\"link\"===t.message&&(r=new URL(s.getAttribute(\"src\")),n=new URL(t.value),c.test(n.protocol))&&n.host===r.host&&l.activeElement===s&&(d.top.location.href=t.value))}},d.addEventListener(\"message\",d.wp.receiveEmbedMessage,!1),l.addEventListener(\"DOMContentLoaded\",function(){for(var e,t,s=l.querySelectorAll(\"iframe.wp-embedded-content\"),r=0;r<s.length;r++)(t=(e=s[r]).getAttribute(\"data-secret\"))||(t=Math.random().toString(36).substring(2,12),e.src+=\"#?secret=\"+t,e.setAttribute(\"data-secret\",t)),e.contentWindow.postMessage({message:\"ready\",secret:t},\"*\")},!1)))}(window,document);\n\/\/# sourceURL=https:\/\/letrame.com\/catalogo\/wp-includes\/js\/wp-embed.min.js\n<\/script>\n","thumbnail_url":"https:\/\/letrame.com\/catalogo\/wp-content\/uploads\/2024\/04\/Hombre-Icono.png","thumbnail_width":300,"thumbnail_height":300,"description":"Nac\u00ed en 1996. Natural de Hoyos (C\u00e1ceres). Estudi\u00e9 Comunicaci\u00f3n Audiovisual en la Universidad Pontificia de Salamanca, cursando,\u00a0adem\u00e1s,\u00a0el m\u00e1ster de guion en la misma facultad. Compagino el mundo de la escritura con mi amor por la radio, siendo locutor y podcaster."}