{"version":"1.0","provider_name":"Catalogo | Letrame Grupo Editorial","provider_url":"https:\/\/letrame.com\/catalogo","title":"Germ\u00e1n Guzm\u00e1n Gil - Catalogo | Letrame Grupo Editorial","type":"rich","width":600,"height":338,"html":"<blockquote class=\"wp-embedded-content\" data-secret=\"Se7Pzfw1gK\"><a href=\"https:\/\/letrame.com\/catalogo\/author_book\/german-guzman-gil\/\">Germ\u00e1n Guzm\u00e1n Gil<\/a><\/blockquote><iframe sandbox=\"allow-scripts\" security=\"restricted\" src=\"https:\/\/letrame.com\/catalogo\/author_book\/german-guzman-gil\/embed\/#?secret=Se7Pzfw1gK\" width=\"600\" height=\"338\" title=\"\u00abGerm\u00e1n Guzm\u00e1n Gil\u00bb \u2014 Catalogo | Letrame Grupo Editorial\" data-secret=\"Se7Pzfw1gK\" frameborder=\"0\" marginwidth=\"0\" marginheight=\"0\" scrolling=\"no\" class=\"wp-embedded-content\"><\/iframe><script>\n\/*! This file is auto-generated *\/\n!function(d,l){\"use strict\";l.querySelector&&d.addEventListener&&\"undefined\"!=typeof URL&&(d.wp=d.wp||{},d.wp.receiveEmbedMessage||(d.wp.receiveEmbedMessage=function(e){var t=e.data;if((t||t.secret||t.message||t.value)&&!\/[^a-zA-Z0-9]\/.test(t.secret)){for(var s,r,n,a=l.querySelectorAll('iframe[data-secret=\"'+t.secret+'\"]'),o=l.querySelectorAll('blockquote[data-secret=\"'+t.secret+'\"]'),c=new RegExp(\"^https?:$\",\"i\"),i=0;i<o.length;i++)o[i].style.display=\"none\";for(i=0;i<a.length;i++)s=a[i],e.source===s.contentWindow&&(s.removeAttribute(\"style\"),\"height\"===t.message?(1e3<(r=parseInt(t.value,10))?r=1e3:~~r<200&&(r=200),s.height=r):\"link\"===t.message&&(r=new URL(s.getAttribute(\"src\")),n=new URL(t.value),c.test(n.protocol))&&n.host===r.host&&l.activeElement===s&&(d.top.location.href=t.value))}},d.addEventListener(\"message\",d.wp.receiveEmbedMessage,!1),l.addEventListener(\"DOMContentLoaded\",function(){for(var e,t,s=l.querySelectorAll(\"iframe.wp-embedded-content\"),r=0;r<s.length;r++)(t=(e=s[r]).getAttribute(\"data-secret\"))||(t=Math.random().toString(36).substring(2,12),e.src+=\"#?secret=\"+t,e.setAttribute(\"data-secret\",t)),e.contentWindow.postMessage({message:\"ready\",secret:t},\"*\")},!1)))}(window,document);\n\/\/# sourceURL=https:\/\/letrame.com\/catalogo\/wp-includes\/js\/wp-embed.min.js\n<\/script>\n","thumbnail_url":"https:\/\/letrame.com\/catalogo\/wp-content\/uploads\/2024\/04\/Icono-Autor-Letrame-1.png","thumbnail_width":470,"thumbnail_height":483,"description":"Escritor colombiano nacido en Ibagu\u00e9 en noviembre de 1973, se vio influenciado por su entorno familiar desde temprana edad. Aunque su ciclo de vida productiva lo alej\u00f3 de la escritura, una llamada interior lo llev\u00f3 a explorar la creatividad y la palabra escrita. Durante a\u00f1os su pasi\u00f3n literaria qued\u00f3 en la sombra mientras segu\u00eda otras [&hellip;]"}