{"version":"1.0","provider_name":"Catalogo | Letrame Grupo Editorial","provider_url":"https:\/\/letrame.com\/catalogo","title":"Esperanza Porras Aguirre - Catalogo | Letrame Grupo Editorial","type":"rich","width":600,"height":338,"html":"<blockquote class=\"wp-embedded-content\" data-secret=\"WjmJcMqnZJ\"><a href=\"https:\/\/letrame.com\/catalogo\/author_book\/esperanza-porras-aguirre\/\">Esperanza Porras Aguirre<\/a><\/blockquote><iframe sandbox=\"allow-scripts\" security=\"restricted\" src=\"https:\/\/letrame.com\/catalogo\/author_book\/esperanza-porras-aguirre\/embed\/#?secret=WjmJcMqnZJ\" width=\"600\" height=\"338\" title=\"\u00abEsperanza Porras Aguirre\u00bb \u2014 Catalogo | Letrame Grupo Editorial\" data-secret=\"WjmJcMqnZJ\" frameborder=\"0\" marginwidth=\"0\" marginheight=\"0\" scrolling=\"no\" class=\"wp-embedded-content\"><\/iframe><script>\n\/*! This file is auto-generated *\/\n!function(d,l){\"use strict\";l.querySelector&&d.addEventListener&&\"undefined\"!=typeof URL&&(d.wp=d.wp||{},d.wp.receiveEmbedMessage||(d.wp.receiveEmbedMessage=function(e){var t=e.data;if((t||t.secret||t.message||t.value)&&!\/[^a-zA-Z0-9]\/.test(t.secret)){for(var s,r,n,a=l.querySelectorAll('iframe[data-secret=\"'+t.secret+'\"]'),o=l.querySelectorAll('blockquote[data-secret=\"'+t.secret+'\"]'),c=new RegExp(\"^https?:$\",\"i\"),i=0;i<o.length;i++)o[i].style.display=\"none\";for(i=0;i<a.length;i++)s=a[i],e.source===s.contentWindow&&(s.removeAttribute(\"style\"),\"height\"===t.message?(1e3<(r=parseInt(t.value,10))?r=1e3:~~r<200&&(r=200),s.height=r):\"link\"===t.message&&(r=new URL(s.getAttribute(\"src\")),n=new URL(t.value),c.test(n.protocol))&&n.host===r.host&&l.activeElement===s&&(d.top.location.href=t.value))}},d.addEventListener(\"message\",d.wp.receiveEmbedMessage,!1),l.addEventListener(\"DOMContentLoaded\",function(){for(var e,t,s=l.querySelectorAll(\"iframe.wp-embedded-content\"),r=0;r<s.length;r++)(t=(e=s[r]).getAttribute(\"data-secret\"))||(t=Math.random().toString(36).substring(2,12),e.src+=\"#?secret=\"+t,e.setAttribute(\"data-secret\",t)),e.contentWindow.postMessage({message:\"ready\",secret:t},\"*\")},!1)))}(window,document);\n\/\/# sourceURL=https:\/\/letrame.com\/catalogo\/wp-includes\/js\/wp-embed.min.js\n<\/script>\n","thumbnail_url":"https:\/\/letrame.com\/catalogo\/wp-content\/uploads\/2024\/04\/esperanza-porras-libro-paradigmas-compressed-scaled-1.jpg","thumbnail_width":1707,"thumbnail_height":2560,"description":"Es docente colombiana vinculada a la Alcald\u00eda de Villavicencio. Doctora en Educaci\u00f3n por el Programa de Doctorado Calidad en la Educaci\u00f3n. Un Enfoque Integral, de la UNED de Espa\u00f1a. Licenciada en Qu\u00edmica de la Universidad Nacional de Colombia. Autora y coordinadora de programas de formaci\u00f3n permanente de docentes. Fue coordinadora de la Unidad de Formaci\u00f3n [&hellip;]"}