{"version":"1.0","provider_name":"Catalogo | Letrame Grupo Editorial","provider_url":"https:\/\/letrame.com\/catalogo","title":"Ana Milena Mercado Vizcai\u0301no - Catalogo | Letrame Grupo Editorial","type":"rich","width":600,"height":338,"html":"<blockquote class=\"wp-embedded-content\" data-secret=\"PMy6vEYdXT\"><a href=\"https:\/\/letrame.com\/catalogo\/author_book\/ana-milena-mercado-vizcaino\/\">Ana Milena Mercado Vizcai\u0301no<\/a><\/blockquote><iframe sandbox=\"allow-scripts\" security=\"restricted\" src=\"https:\/\/letrame.com\/catalogo\/author_book\/ana-milena-mercado-vizcaino\/embed\/#?secret=PMy6vEYdXT\" width=\"600\" height=\"338\" title=\"\u00abAna Milena Mercado Vizcai\u0301no\u00bb \u2014 Catalogo | Letrame Grupo Editorial\" data-secret=\"PMy6vEYdXT\" frameborder=\"0\" marginwidth=\"0\" marginheight=\"0\" scrolling=\"no\" class=\"wp-embedded-content\"><\/iframe><script>\n\/*! This file is auto-generated *\/\n!function(d,l){\"use strict\";l.querySelector&&d.addEventListener&&\"undefined\"!=typeof URL&&(d.wp=d.wp||{},d.wp.receiveEmbedMessage||(d.wp.receiveEmbedMessage=function(e){var t=e.data;if((t||t.secret||t.message||t.value)&&!\/[^a-zA-Z0-9]\/.test(t.secret)){for(var s,r,n,a=l.querySelectorAll('iframe[data-secret=\"'+t.secret+'\"]'),o=l.querySelectorAll('blockquote[data-secret=\"'+t.secret+'\"]'),c=new RegExp(\"^https?:$\",\"i\"),i=0;i<o.length;i++)o[i].style.display=\"none\";for(i=0;i<a.length;i++)s=a[i],e.source===s.contentWindow&&(s.removeAttribute(\"style\"),\"height\"===t.message?(1e3<(r=parseInt(t.value,10))?r=1e3:~~r<200&&(r=200),s.height=r):\"link\"===t.message&&(r=new URL(s.getAttribute(\"src\")),n=new URL(t.value),c.test(n.protocol))&&n.host===r.host&&l.activeElement===s&&(d.top.location.href=t.value))}},d.addEventListener(\"message\",d.wp.receiveEmbedMessage,!1),l.addEventListener(\"DOMContentLoaded\",function(){for(var e,t,s=l.querySelectorAll(\"iframe.wp-embedded-content\"),r=0;r<s.length;r++)(t=(e=s[r]).getAttribute(\"data-secret\"))||(t=Math.random().toString(36).substring(2,12),e.src+=\"#?secret=\"+t,e.setAttribute(\"data-secret\",t)),e.contentWindow.postMessage({message:\"ready\",secret:t},\"*\")},!1)))}(window,document);\n\/\/# sourceURL=https:\/\/letrame.com\/catalogo\/wp-includes\/js\/wp-embed.min.js\n<\/script>\n","thumbnail_url":"https:\/\/letrame.com\/catalogo\/wp-content\/uploads\/2024\/04\/Ana-Milena-Mercado-Vizcaino.jpeg","thumbnail_width":720,"thumbnail_height":720,"description":"Naci\u00f3 en Barranquilla, Colombia, en 1986. Actualmente reside en Bogot\u00e1. Graduada como Ingeniera Industrial. Escritora de relatos cortos desde su adolescencia. \u00abCarretera 60\u00bb, es uno de ellos, publicado en 2021, como parte de la obra antol\u00f3gica: Cr\u00f3nicas de una noche oscura. Lo que no vi tras el lente, tambi\u00e9n publicada en 2021 con la editorial [&hellip;]"}