{"version":"1.0","provider_name":"Catalogo | Letrame Grupo Editorial","provider_url":"https:\/\/letrame.com\/catalogo","title":"Adela Mart\u00ednez Mart\u00ed - Catalogo | Letrame Grupo Editorial","type":"rich","width":600,"height":338,"html":"<blockquote class=\"wp-embedded-content\" data-secret=\"yzpFl96pIn\"><a href=\"https:\/\/letrame.com\/catalogo\/author_book\/adela-martinez-marti\/\">Adela Mart\u00ednez Mart\u00ed<\/a><\/blockquote><iframe sandbox=\"allow-scripts\" security=\"restricted\" src=\"https:\/\/letrame.com\/catalogo\/author_book\/adela-martinez-marti\/embed\/#?secret=yzpFl96pIn\" width=\"600\" height=\"338\" title=\"\u00abAdela Mart\u00ednez Mart\u00ed\u00bb \u2014 Catalogo | Letrame Grupo Editorial\" data-secret=\"yzpFl96pIn\" frameborder=\"0\" marginwidth=\"0\" marginheight=\"0\" scrolling=\"no\" class=\"wp-embedded-content\"><\/iframe><script>\n\/*! This file is auto-generated *\/\n!function(d,l){\"use strict\";l.querySelector&&d.addEventListener&&\"undefined\"!=typeof URL&&(d.wp=d.wp||{},d.wp.receiveEmbedMessage||(d.wp.receiveEmbedMessage=function(e){var t=e.data;if((t||t.secret||t.message||t.value)&&!\/[^a-zA-Z0-9]\/.test(t.secret)){for(var s,r,n,a=l.querySelectorAll('iframe[data-secret=\"'+t.secret+'\"]'),o=l.querySelectorAll('blockquote[data-secret=\"'+t.secret+'\"]'),c=new RegExp(\"^https?:$\",\"i\"),i=0;i<o.length;i++)o[i].style.display=\"none\";for(i=0;i<a.length;i++)s=a[i],e.source===s.contentWindow&&(s.removeAttribute(\"style\"),\"height\"===t.message?(1e3<(r=parseInt(t.value,10))?r=1e3:~~r<200&&(r=200),s.height=r):\"link\"===t.message&&(r=new URL(s.getAttribute(\"src\")),n=new URL(t.value),c.test(n.protocol))&&n.host===r.host&&l.activeElement===s&&(d.top.location.href=t.value))}},d.addEventListener(\"message\",d.wp.receiveEmbedMessage,!1),l.addEventListener(\"DOMContentLoaded\",function(){for(var e,t,s=l.querySelectorAll(\"iframe.wp-embedded-content\"),r=0;r<s.length;r++)(t=(e=s[r]).getAttribute(\"data-secret\"))||(t=Math.random().toString(36).substring(2,12),e.src+=\"#?secret=\"+t,e.setAttribute(\"data-secret\",t)),e.contentWindow.postMessage({message:\"ready\",secret:t},\"*\")},!1)))}(window,document);\n\/\/# sourceURL=https:\/\/letrame.com\/catalogo\/wp-includes\/js\/wp-embed.min.js\n<\/script>\n","thumbnail_url":"https:\/\/letrame.com\/catalogo\/wp-content\/uploads\/2024\/04\/IMG-20170709-WA0002.jpg","thumbnail_width":524,"thumbnail_height":697,"description":"Naci\u00f3 en Pontevedra , en 1961. Debido a su trabajo como maestra vivi\u00f3 en varias ciudades y pueblos de Galicia: La Coru\u00f1a, Santiago de Compostela, Vigo, Padr\u00f3n, Cambados\u2026 Colabor\u00f3 con el peri\u00f3dico \u201cDe Verdad\u201d, con entrevistas a personajes de la cultura como Adolfo Aristar\u00e1in, V\u00e1zquez Montalv\u00e1n o Andr\u00e9s Calamaro. Escribi\u00f3 cr\u00edticas de cine, art\u00edculos sobre [&hellip;]"}